{"id":3239,"date":"2022-11-09T12:38:33","date_gmt":"2022-11-09T11:38:33","guid":{"rendered":"https:\/\/dev.sperrag.bertastrasse1.ch\/sperrag-ag\/"},"modified":"2024-10-28T17:33:35","modified_gmt":"2024-10-28T16:33:35","slug":"sperrag-ag-fr","status":"publish","type":"page","link":"https:\/\/sperrag.ch\/fr\/sperrag-ag-fr\/","title":{"rendered":"sperrag ag"},"content":{"rendered":"\n            <section class=\"header-image-block scrollMagic-block\" data-uid=\"69f282ba1e16a\">\n            <div class=\"header-image\" style=\"background-image: url('https:\/\/sperrag.ch\/wp-content\/uploads\/sperrag-lager.jpg')\"><\/div>\n        <\/section>\n    \n\n\n\n\n\n\n            <section class=\"page-main-title scrollMagic-block\" data-uid=\"69f282ba1e3dd\">\n            \n            <h1 class=\"mb_0\">L&rsquo;entreprise\n<\/h1>\n        <\/section>\n    \n\n\n\n\n\n\n    <section class=\"text-with-sidebar-block white-bg\" id=\"\">\n        <div class=\"main-part-block scrollMagic-block\" data-uid=\"69f282ba2005a\">\n                            <p class=\"lead-medium-weight-paragraph p_super_big_mb\">Mat\u00e9riaux de haute qualit\u00e9 en bois, panneaux composites, ignifuges et assortiment de terrasses WPC<\/p>\n            \n                            \n                <ul class=\"arrows\">\n            <li>\n                            <p class=\"text-bold mb_0\">Fondation<\/p>\n                                        <p class=\"mb_0\">1934<\/p>\n                    <\/li>\n            <li>\n                            <p class=\"text-bold mb_0\">Employ\u00e9s<\/p>\n                                        <p class=\"mb_0\">15<\/p>\n                    <\/li>\n            <li>\n                            <p class=\"text-bold mb_0\">Si\u00e8ge<\/p>\n                                        <p class=\"mb_0\">Pratteln<\/p>\n                    <\/li>\n    <\/ul>\n\n            \n                            <div class=\"description_block_super_big_mb\">\n                    <p><span data-contrast=\"auto\">La soci\u00e9t\u00e9 sperrag ag, dont le si\u00e8ge se trouve \u00e0 Pratteln, dans le canton de B\u00e2le-Campagne, a \u00e9t\u00e9 fond\u00e9e en 1934. Aujourd&rsquo;hui int\u00e9gr\u00e9e dans une holding familiale, elle emploie 15 personnes.<\/span><span data-ccp-props=\"{&quot;201341983&quot;:0,&quot;335559740&quot;:259}\">\u00a0<\/span><\/p>\n<p><span data-contrast=\"auto\">Connue comme LE centre de comp\u00e9tences leader en Suisse pour les panneaux en bois, les panneaux composites et les panneaux ignifuges, cette entreprise ambitieuse d&rsquo;importation et de commerce s&rsquo;est forg\u00e9 une excellente r\u00e9putation gr\u00e2ce \u00e0 ses produits de haute qualit\u00e9 \u2013 principalement en provenance d&rsquo;Europe \u2013 et \u00e0 ses relations de longue date avec ses clients. Elle dispose d&rsquo;un entrep\u00f4t performant \u00e0 hauts rayonnages et \u00e0 blocs ainsi que d&rsquo;un centre de d\u00e9coupe et d&rsquo;usinage moderne. <\/span><span data-ccp-props=\"{&quot;201341983&quot;:0,&quot;335559740&quot;:259}\">\u00a0<\/span><\/p>\n<p><span data-contrast=\"auto\">En tant que sp\u00e9cialiste de l&rsquo;importation et du commerce de mat\u00e9riaux en panneaux de haute qualit\u00e9, sperrag ag dispose d&rsquo;un vaste choix: <\/span><span data-ccp-props=\"{&quot;201341983&quot;:0,&quot;335559740&quot;:259}\">\u00a0<\/span><\/p>\n<ul>\n<li data-leveltext=\"\uf0b7\" data-font=\"Symbol\" data-listid=\"3\" data-list-defn-props=\"{&quot;335552541&quot;:1,&quot;335559684&quot;:-2,&quot;335559685&quot;:720,&quot;335559991&quot;:360,&quot;469769226&quot;:&quot;Symbol&quot;,&quot;469769242&quot;:[8226],&quot;469777803&quot;:&quot;left&quot;,&quot;469777804&quot;:&quot;\uf0b7&quot;,&quot;469777815&quot;:&quot;hybridMultilevel&quot;}\" aria-setsize=\"-1\" data-aria-posinset=\"1\" data-aria-level=\"1\"><span data-contrast=\"auto\">Contreplaqu\u00e9 brut, pour coffrage de b\u00e9ton et pour la construction de v\u00e9hicules\u00a0<\/span><span data-ccp-props=\"{&quot;201341983&quot;:0,&quot;335559740&quot;:259}\">\u00a0<\/span><\/li>\n<li data-leveltext=\"\uf0b7\" data-font=\"Symbol\" data-listid=\"3\" data-list-defn-props=\"{&quot;335552541&quot;:1,&quot;335559684&quot;:-2,&quot;335559685&quot;:720,&quot;335559991&quot;:360,&quot;469769226&quot;:&quot;Symbol&quot;,&quot;469769242&quot;:[8226],&quot;469777803&quot;:&quot;left&quot;,&quot;469777804&quot;:&quot;\uf0b7&quot;,&quot;469777815&quot;:&quot;hybridMultilevel&quot;}\" aria-setsize=\"-1\" data-aria-posinset=\"2\" data-aria-level=\"1\"><span data-contrast=\"auto\">Sperracolor \u2013 la gamme de contreplaqu\u00e9s multicolores <\/span><span data-ccp-props=\"{&quot;201341983&quot;:0,&quot;335559740&quot;:259}\">\u00a0<\/span><\/li>\n<li data-leveltext=\"\uf0b7\" data-font=\"Symbol\" data-listid=\"3\" data-list-defn-props=\"{&quot;335552541&quot;:1,&quot;335559684&quot;:-2,&quot;335559685&quot;:720,&quot;335559991&quot;:360,&quot;469769226&quot;:&quot;Symbol&quot;,&quot;469769242&quot;:[8226],&quot;469777803&quot;:&quot;left&quot;,&quot;469777804&quot;:&quot;\uf0b7&quot;,&quot;469777815&quot;:&quot;hybridMultilevel&quot;}\" aria-setsize=\"-1\" data-aria-posinset=\"3\" data-aria-level=\"1\"><span data-contrast=\"auto\">Panneaux forts bloc\u00a0\u00a0<\/span><span data-ccp-props=\"{&quot;201341983&quot;:0,&quot;335559740&quot;:259}\">\u00a0<\/span><\/li>\n<li data-leveltext=\"\uf0b7\" data-font=\"Symbol\" data-listid=\"3\" data-list-defn-props=\"{&quot;335552541&quot;:1,&quot;335559684&quot;:-2,&quot;335559685&quot;:720,&quot;335559991&quot;:360,&quot;469769226&quot;:&quot;Symbol&quot;,&quot;469769242&quot;:[8226],&quot;469777803&quot;:&quot;left&quot;,&quot;469777804&quot;:&quot;\uf0b7&quot;,&quot;469777815&quot;:&quot;hybridMultilevel&quot;}\" aria-setsize=\"-1\" data-aria-posinset=\"4\" data-aria-level=\"1\"><span data-contrast=\"auto\">Panneaux plaqu\u00e9s d\u2019essences nobles\u00a0<\/span><span data-ccp-props=\"{&quot;201341983&quot;:0,&quot;335559740&quot;:259}\">\u00a0<\/span><\/li>\n<li data-leveltext=\"\uf0b7\" data-font=\"Symbol\" data-listid=\"3\" data-list-defn-props=\"{&quot;335552541&quot;:1,&quot;335559684&quot;:-2,&quot;335559685&quot;:720,&quot;335559991&quot;:360,&quot;469769226&quot;:&quot;Symbol&quot;,&quot;469769242&quot;:[8226],&quot;469777803&quot;:&quot;left&quot;,&quot;469777804&quot;:&quot;\uf0b7&quot;,&quot;469777815&quot;:&quot;hybridMultilevel&quot;}\" aria-setsize=\"-1\" data-aria-posinset=\"5\" data-aria-level=\"1\"><span data-contrast=\"auto\">Lames de terrasse WPC et syst\u00e8me de protection visuelle\u00a0<\/span><span data-ccp-props=\"{&quot;201341983&quot;:0,&quot;335559740&quot;:259}\">\u00a0<\/span><\/li>\n<li data-leveltext=\"\uf0b7\" data-font=\"Symbol\" data-listid=\"3\" data-list-defn-props=\"{&quot;335552541&quot;:1,&quot;335559684&quot;:-2,&quot;335559685&quot;:720,&quot;335559991&quot;:360,&quot;469769226&quot;:&quot;Symbol&quot;,&quot;469769242&quot;:[8226],&quot;469777803&quot;:&quot;left&quot;,&quot;469777804&quot;:&quot;\uf0b7&quot;,&quot;469777815&quot;:&quot;hybridMultilevel&quot;}\" aria-setsize=\"-1\" data-aria-posinset=\"6\" data-aria-level=\"1\"><span data-contrast=\"auto\">Panneaux sp\u00e9ciaux en contreplaqu\u00e9 et composites\u00a0<\/span><span data-ccp-props=\"{&quot;201341983&quot;:0,&quot;335559740&quot;:259}\">\u00a0<\/span><\/li>\n<li data-leveltext=\"\uf0b7\" data-font=\"Symbol\" data-listid=\"3\" data-list-defn-props=\"{&quot;335552541&quot;:1,&quot;335559684&quot;:-2,&quot;335559685&quot;:720,&quot;335559991&quot;:360,&quot;469769226&quot;:&quot;Symbol&quot;,&quot;469769242&quot;:[8226],&quot;469777803&quot;:&quot;left&quot;,&quot;469777804&quot;:&quot;\uf0b7&quot;,&quot;469777815&quot;:&quot;hybridMultilevel&quot;}\" aria-setsize=\"-1\" data-aria-posinset=\"7\" data-aria-level=\"1\"><span data-contrast=\"auto\">Panneaux ignifuges\u00a0<\/span><span data-ccp-props=\"{&quot;201341983&quot;:0,&quot;335559740&quot;:259}\">\u00a0<\/span><\/li>\n<\/ul>\n<p><span data-ccp-props=\"{&quot;201341983&quot;:0,&quot;335559685&quot;:0,&quot;335559740&quot;:259}\">\u00a0<\/span><span data-contrast=\"auto\">Les panneaux sont utilis\u00e9s dans de nombreux domaines cr\u00e9atifs:<\/span><\/p>\n<ul>\n<li data-leveltext=\"\uf0b7\" data-font=\"Symbol\" data-listid=\"4\" data-list-defn-props=\"{&quot;335552541&quot;:1,&quot;335559684&quot;:-2,&quot;335559685&quot;:720,&quot;335559991&quot;:360,&quot;469769226&quot;:&quot;Symbol&quot;,&quot;469769242&quot;:[8226],&quot;469777803&quot;:&quot;left&quot;,&quot;469777804&quot;:&quot;\uf0b7&quot;,&quot;469777815&quot;:&quot;hybridMultilevel&quot;}\" aria-setsize=\"-1\" data-aria-posinset=\"8\" data-aria-level=\"1\"><span data-contrast=\"auto\">Am\u00e9nagement de jardins et de terrasses\u00a0<\/span><span data-ccp-props=\"{&quot;201341983&quot;:0,&quot;335559740&quot;:259}\">\u00a0<\/span><\/li>\n<li data-leveltext=\"\uf0b7\" data-font=\"Symbol\" data-listid=\"4\" data-list-defn-props=\"{&quot;335552541&quot;:1,&quot;335559684&quot;:-2,&quot;335559685&quot;:720,&quot;335559991&quot;:360,&quot;469769226&quot;:&quot;Symbol&quot;,&quot;469769242&quot;:[8226],&quot;469777803&quot;:&quot;left&quot;,&quot;469777804&quot;:&quot;\uf0b7&quot;,&quot;469777815&quot;:&quot;hybridMultilevel&quot;}\" aria-setsize=\"-1\" data-aria-posinset=\"9\" data-aria-level=\"1\"><span data-contrast=\"auto\">Construction de meubles\u00a0<\/span><span data-ccp-props=\"{&quot;201341983&quot;:0,&quot;335559740&quot;:259}\">\u00a0<\/span><\/li>\n<li data-leveltext=\"\uf0b7\" data-font=\"Symbol\" data-listid=\"4\" data-list-defn-props=\"{&quot;335552541&quot;:1,&quot;335559684&quot;:-2,&quot;335559685&quot;:720,&quot;335559991&quot;:360,&quot;469769226&quot;:&quot;Symbol&quot;,&quot;469769242&quot;:[8226],&quot;469777803&quot;:&quot;left&quot;,&quot;469777804&quot;:&quot;\uf0b7&quot;,&quot;469777815&quot;:&quot;hybridMultilevel&quot;}\" aria-setsize=\"-1\" data-aria-posinset=\"10\" data-aria-level=\"1\"><span data-contrast=\"auto\">Coffrages de b\u00e9ton\u00a0<\/span><span data-ccp-props=\"{&quot;201341983&quot;:0,&quot;335559740&quot;:259}\">\u00a0<\/span><\/li>\n<li data-leveltext=\"\uf0b7\" data-font=\"Symbol\" data-listid=\"4\" data-list-defn-props=\"{&quot;335552541&quot;:1,&quot;335559684&quot;:-2,&quot;335559685&quot;:720,&quot;335559991&quot;:360,&quot;469769226&quot;:&quot;Symbol&quot;,&quot;469769242&quot;:[8226],&quot;469777803&quot;:&quot;left&quot;,&quot;469777804&quot;:&quot;\uf0b7&quot;,&quot;469777815&quot;:&quot;hybridMultilevel&quot;}\" aria-setsize=\"-1\" data-aria-posinset=\"11\" data-aria-level=\"1\"><span data-contrast=\"auto\">Am\u00e9nagement de magasins\u00a0<\/span><span data-ccp-props=\"{&quot;201341983&quot;:0,&quot;335559740&quot;:259}\">\u00a0<\/span><\/li>\n<li data-leveltext=\"\uf0b7\" data-font=\"Symbol\" data-listid=\"4\" data-list-defn-props=\"{&quot;335552541&quot;:1,&quot;335559684&quot;:-2,&quot;335559685&quot;:720,&quot;335559991&quot;:360,&quot;469769226&quot;:&quot;Symbol&quot;,&quot;469769242&quot;:[8226],&quot;469777803&quot;:&quot;left&quot;,&quot;469777804&quot;:&quot;\uf0b7&quot;,&quot;469777815&quot;:&quot;hybridMultilevel&quot;}\" aria-setsize=\"-1\" data-aria-posinset=\"12\" data-aria-level=\"1\"><span data-contrast=\"auto\">Am\u00e9nagements et \u00e9quipements int\u00e9rieurs\u00a0<\/span><span data-ccp-props=\"{&quot;201341983&quot;:0,&quot;335559740&quot;:259}\">\u00a0<\/span><\/li>\n<li data-leveltext=\"\uf0b7\" data-font=\"Symbol\" data-listid=\"4\" data-list-defn-props=\"{&quot;335552541&quot;:1,&quot;335559684&quot;:-2,&quot;335559685&quot;:720,&quot;335559991&quot;:360,&quot;469769226&quot;:&quot;Symbol&quot;,&quot;469769242&quot;:[8226],&quot;469777803&quot;:&quot;left&quot;,&quot;469777804&quot;:&quot;\uf0b7&quot;,&quot;469777815&quot;:&quot;hybridMultilevel&quot;}\" aria-setsize=\"-1\" data-aria-posinset=\"13\" data-aria-level=\"1\"><span data-contrast=\"auto\">Jouets et construction de maquettes et de stands d&rsquo;exposition\u00a0<\/span><span data-ccp-props=\"{&quot;201341983&quot;:0,&quot;335559740&quot;:259}\">\u00a0<\/span><\/li>\n<li data-leveltext=\"\uf0b7\" data-font=\"Symbol\" data-listid=\"4\" data-list-defn-props=\"{&quot;335552541&quot;:1,&quot;335559684&quot;:-2,&quot;335559685&quot;:720,&quot;335559991&quot;:360,&quot;469769226&quot;:&quot;Symbol&quot;,&quot;469769242&quot;:[8226],&quot;469777803&quot;:&quot;left&quot;,&quot;469777804&quot;:&quot;\uf0b7&quot;,&quot;469777815&quot;:&quot;hybridMultilevel&quot;}\" aria-setsize=\"-1\" data-aria-posinset=\"14\" data-aria-level=\"1\"><span data-contrast=\"auto\">Emballages\u00a0<\/span><span data-ccp-props=\"{&quot;201341983&quot;:0,&quot;335559740&quot;:259}\">\u00a0<\/span><\/li>\n<li data-leveltext=\"\uf0b7\" data-font=\"Symbol\" data-listid=\"4\" data-list-defn-props=\"{&quot;335552541&quot;:1,&quot;335559684&quot;:-2,&quot;335559685&quot;:720,&quot;335559991&quot;:360,&quot;469769226&quot;:&quot;Symbol&quot;,&quot;469769242&quot;:[8226],&quot;469777803&quot;:&quot;left&quot;,&quot;469777804&quot;:&quot;\uf0b7&quot;,&quot;469777815&quot;:&quot;hybridMultilevel&quot;}\" aria-setsize=\"-1\" data-aria-posinset=\"15\" data-aria-level=\"1\"><span data-contrast=\"auto\">Produits design en bois\u00a0<\/span><span data-ccp-props=\"{&quot;201341983&quot;:0,&quot;335559740&quot;:259}\">\u00a0<\/span><\/li>\n<li data-leveltext=\"\uf0b7\" data-font=\"Symbol\" data-listid=\"4\" data-list-defn-props=\"{&quot;335552541&quot;:1,&quot;335559684&quot;:-2,&quot;335559685&quot;:720,&quot;335559991&quot;:360,&quot;469769226&quot;:&quot;Symbol&quot;,&quot;469769242&quot;:[8226],&quot;469777803&quot;:&quot;left&quot;,&quot;469777804&quot;:&quot;\uf0b7&quot;,&quot;469777815&quot;:&quot;hybridMultilevel&quot;}\" aria-setsize=\"-1\" data-aria-posinset=\"16\" data-aria-level=\"1\"><span data-contrast=\"auto\">Rev\u00eatements anti-incendie\u00a0<\/span><span data-ccp-props=\"{&quot;201341983&quot;:0,&quot;335559740&quot;:259}\">\u00a0<\/span><\/li>\n<li data-leveltext=\"\uf0b7\" data-font=\"Symbol\" data-listid=\"4\" data-list-defn-props=\"{&quot;335552541&quot;:1,&quot;335559684&quot;:-2,&quot;335559685&quot;:720,&quot;335559991&quot;:360,&quot;469769226&quot;:&quot;Symbol&quot;,&quot;469769242&quot;:[8226],&quot;469777803&quot;:&quot;left&quot;,&quot;469777804&quot;:&quot;\uf0b7&quot;,&quot;469777815&quot;:&quot;hybridMultilevel&quot;}\" aria-setsize=\"-1\" data-aria-posinset=\"17\" data-aria-level=\"1\"><span data-contrast=\"auto\">Fa\u00e7ades\u00a0<\/span><span data-ccp-props=\"{&quot;201341983&quot;:0,&quot;335559740&quot;:259}\">\u00a0<\/span><\/li>\n<li data-leveltext=\"\uf0b7\" data-font=\"Symbol\" data-listid=\"4\" data-list-defn-props=\"{&quot;335552541&quot;:1,&quot;335559684&quot;:-2,&quot;335559685&quot;:720,&quot;335559991&quot;:360,&quot;469769226&quot;:&quot;Symbol&quot;,&quot;469769242&quot;:[8226],&quot;469777803&quot;:&quot;left&quot;,&quot;469777804&quot;:&quot;\uf0b7&quot;,&quot;469777815&quot;:&quot;hybridMultilevel&quot;}\" aria-setsize=\"-1\" data-aria-posinset=\"18\" data-aria-level=\"1\"><span data-contrast=\"auto\">&#8230; et bien plus encore<\/span><\/li>\n<\/ul>\n                <\/div>\n            \n                <div class=\"button-block\">\n                    <p class=\"bigger mb_0\"><strong>Vous souhaitez en savoir plus? N&rsquo;h\u00e9sitez pas \u00e0 contacter notre \u00e9quipe de conseillers.<\/strong><\/p>\n        \n\n        <a href=\"https:\/\/sperrag.ch\/fr\/contact\/\"  class=\"btn-primary-bg-auto-width\">\n            <div>Contact<\/div>\n        <\/a>\n    <\/div>\n\n                    <\/div>\n\n                    <div class=\"sidebar-part-block scrollMagic-block delay-animation \" data-uid=\"69f282ba2005a-1\">\n                \n                \n                                    <div class=\"description_block\">\n                        <p><a href=\"https:\/\/sperrag.ch\/wp-content\/uploads\/Flyer_Gesamtuebersicht_FR.pdf\" target=\"_blank\" rel=\"noopener\"><img loading=\"lazy\" decoding=\"async\" class=\"alignnone  wp-image-6766\" src=\"https:\/\/sperrag.ch\/wp-content\/uploads\/titelseite-fr-565x800.jpg\" alt=\"\" width=\"220\" height=\"311\" srcset=\"https:\/\/sperrag.ch\/wp-content\/uploads\/titelseite-fr-565x800.jpg 565w, https:\/\/sperrag.ch\/wp-content\/uploads\/titelseite-fr-768x1087.jpg 768w, https:\/\/sperrag.ch\/wp-content\/uploads\/titelseite-fr.jpg 800w\" sizes=\"auto, (max-width: 220px) 100vw, 220px\" \/><\/a><\/p>\n<p><a href=\"https:\/\/sperrag.ch\/wp-content\/uploads\/Flyer_Gesamtuebersicht_FR.pdf\" target=\"_blank\" rel=\"noopener\">Flyer sperrag ag<\/a><\/p>\n                    <\/div>\n                            <\/div>\n            <\/section>\n\n\n\n\n\n\n\n\n            <section class=\"team-slider white-bg scrollMagic-block\" id=\"\" data-uid=\"69f282ba24db1\">\n            <div class=\"accordion-block team\">\n                <div class=\"accordion-inner-container\">\n                                            <div class=\"accordion-item\" id=\"equipe-de-direction-fr\">\n                            <div class=\"accordion-item-header-container\">\n                                <h2 class=\"accordion-item-header-text mb_0 \" data-number=\"0\">\n                                    Equipe de direction                                <\/h2>\n                            <\/div>\n\n                            <div class=\"accordion-content-block\" >\n                                                                    <div class=\"team-cards\">\n                                        <div class=\"team-card with-meta card-with-mb scrollMagic-block \" data-uid=\"69f282ba2707d-3257\" data-paginationmobilepage=\"\">\n    <div class=\"team-card-inner-container\">\n        <div>\n                        <div class=\"team-card-image\" style=\"background-image: url('https:\/\/sperrag.ch\/wp-content\/uploads\/Esther_FMS5276_BB-bear-800x598.jpg')\"><\/div>\n\n            <div class=\"person-meta-block\">\n                <h3>Esther Wyrsch<\/h3>\n\n                                    <p class=\"bigger\">Responsable achats et vente interne\/dir.adj.<\/p>\n                \n                                    <p class=\"bigger mb_0\">+41 61 826 46 07<\/p>\n                \n                                    <p class=\"bigger mb_0\">esther.wyrsch@sperrag.ch<\/p>\n                            <\/div>\n        <\/div>\n\n                    <div class=\"button-block\">\n                <a href=\"mailto: esther.wyrsch@sperrag.ch\" class=\"btn-primary-bg-full-width persons-slider-card\">\n                    <div>\n                        Contacter \u2026\n                    <\/div>\n                <\/a>\n            <\/div>\n            <\/div>\n<\/div>\n\n<div class=\"team-card with-meta card-with-mb scrollMagic-block \" data-uid=\"69f282ba27745-3256\" data-paginationmobilepage=\"\">\n    <div class=\"team-card-inner-container\">\n        <div>\n                        <div class=\"team-card-image\" style=\"background-image: url('https:\/\/sperrag.ch\/wp-content\/uploads\/Armin_FMS5353_BB-800x533.jpg')\"><\/div>\n\n            <div class=\"person-meta-block\">\n                <h3>Armin Schwegler<\/h3>\n\n                                    <p class=\"bigger\">Directeur<\/p>\n                \n                                    <p class=\"bigger mb_0\">+41 61 826 46 08<\/p>\n                \n                                    <p class=\"bigger mb_0\">armin.schwegler@sperrag.ch<\/p>\n                            <\/div>\n        <\/div>\n\n                    <div class=\"button-block\">\n                <a href=\"mailto: armin.schwegler@sperrag.ch\" class=\"btn-primary-bg-full-width persons-slider-card\">\n                    <div>\n                        Contacter \u2026\n                    <\/div>\n                <\/a>\n            <\/div>\n            <\/div>\n<\/div>\n\n                                    <\/div>\n\n                                                                        <div class=\"product-cards-mobile-wrapper equipe-de-direction-fr\" data-page=\"1\" data-maxnumpages=\"1\">\n                                        <div class=\"loading_fade\"><\/div>\n\n                                        <div class=\"team-cards-mobile\">\n                                            <div class=\"team-card with-meta card-with-mb scrollMagic-block \" data-uid=\"69f282ba28585-3257\" data-paginationmobilepage=\"1\">\n    <div class=\"team-card-inner-container\">\n        <div>\n                        <div class=\"team-card-image\" style=\"background-image: url('https:\/\/sperrag.ch\/wp-content\/uploads\/Esther_FMS5276_BB-bear-800x598.jpg')\"><\/div>\n\n            <div class=\"person-meta-block\">\n                <h3>Esther Wyrsch<\/h3>\n\n                                    <p class=\"bigger\">Responsable achats et vente interne\/dir.adj.<\/p>\n                \n                                    <p class=\"bigger mb_0\">+41 61 826 46 07<\/p>\n                \n                                    <p class=\"bigger mb_0\">esther.wyrsch@sperrag.ch<\/p>\n                            <\/div>\n        <\/div>\n\n                    <div class=\"button-block\">\n                <a href=\"mailto: esther.wyrsch@sperrag.ch\" class=\"btn-primary-bg-full-width persons-slider-card\">\n                    <div>\n                        Contacter \u2026\n                    <\/div>\n                <\/a>\n            <\/div>\n            <\/div>\n<\/div>\n\n<div class=\"team-card with-meta card-with-mb scrollMagic-block \" data-uid=\"69f282ba287cd-3256\" data-paginationmobilepage=\"1\">\n    <div class=\"team-card-inner-container\">\n        <div>\n                        <div class=\"team-card-image\" style=\"background-image: url('https:\/\/sperrag.ch\/wp-content\/uploads\/Armin_FMS5353_BB-800x533.jpg')\"><\/div>\n\n            <div class=\"person-meta-block\">\n                <h3>Armin Schwegler<\/h3>\n\n                                    <p class=\"bigger\">Directeur<\/p>\n                \n                                    <p class=\"bigger mb_0\">+41 61 826 46 08<\/p>\n                \n                                    <p class=\"bigger mb_0\">armin.schwegler@sperrag.ch<\/p>\n                            <\/div>\n        <\/div>\n\n                    <div class=\"button-block\">\n                <a href=\"mailto: armin.schwegler@sperrag.ch\" class=\"btn-primary-bg-full-width persons-slider-card\">\n                    <div>\n                        Contacter \u2026\n                    <\/div>\n                <\/a>\n            <\/div>\n            <\/div>\n<\/div>\n\n                                        <\/div>\n\n                                                                            <\/div>\n                                                            <\/div>\n                        <\/div>\n                                            <div class=\"accordion-item\" id=\"equipe-vente-externe\">\n                            <div class=\"accordion-item-header-container\">\n                                <h2 class=\"accordion-item-header-text mb_0 \" data-number=\"4\">\n                                    Equipe vente externe                                <\/h2>\n                            <\/div>\n\n                            <div class=\"accordion-content-block\" >\n                                                                    <div class=\"team-cards\">\n                                        <div class=\"team-card with-meta card-with-mb scrollMagic-block \" data-uid=\"69f282ba2a4fe-8927\" data-paginationmobilepage=\"\">\n    <div class=\"team-card-inner-container\">\n        <div>\n                        <div class=\"team-card-image\" style=\"background-image: url('https:\/\/sperrag.ch\/wp-content\/uploads\/SIV073221-800x533.jpg')\"><\/div>\n\n            <div class=\"person-meta-block\">\n                <h3>Micka\u00ebl Defregger-Vennink<\/h3>\n\n                                    <p class=\"bigger\">Responsable commercial r\u00e9gion 1 (Suisse Romande\/Valais\/Bienne\/Jura)<\/p>\n                \n                                    <p class=\"bigger mb_0\">+41 79 478 17 30<\/p>\n                \n                                    <p class=\"bigger mb_0\">mickael.defregger@sperrag.ch<\/p>\n                            <\/div>\n        <\/div>\n\n                    <div class=\"button-block\">\n                <a href=\"mailto: mickael.defregger@sperrag.ch\" class=\"btn-primary-bg-full-width persons-slider-card\">\n                    <div>\n                        Contacter \u2026\n                    <\/div>\n                <\/a>\n            <\/div>\n            <\/div>\n<\/div>\n\n<div class=\"team-card with-meta card-with-mb scrollMagic-block \" data-uid=\"69f282ba2adba-8862\" data-paginationmobilepage=\"\">\n    <div class=\"team-card-inner-container\">\n        <div>\n                        <div class=\"team-card-image\" style=\"background-image: url('https:\/\/sperrag.ch\/wp-content\/uploads\/SIV073441-800x533.jpg')\"><\/div>\n\n            <div class=\"person-meta-block\">\n                <h3>Armin Schwegler<\/h3>\n\n                                    <p class=\"bigger\">Responsable commercial r\u00e9gion 2 (Mittelland)<\/p>\n                \n                                    <p class=\"bigger mb_0\">+41 79 250 01 26<\/p>\n                \n                                    <p class=\"bigger mb_0\">armin.schwegler@sperrag.ch<\/p>\n                            <\/div>\n        <\/div>\n\n                    <div class=\"button-block\">\n                <a href=\"mailto: armin.schwegler@sperrag.ch\" class=\"btn-primary-bg-full-width persons-slider-card\">\n                    <div>\n                        Contacter \u2026\n                    <\/div>\n                <\/a>\n            <\/div>\n            <\/div>\n<\/div>\n\n<div class=\"team-card with-meta card-with-mb scrollMagic-block \" data-uid=\"69f282ba2b54c-3254\" data-paginationmobilepage=\"\">\n    <div class=\"team-card-inner-container\">\n        <div>\n                        <div class=\"team-card-image\" style=\"background-image: url('https:\/\/sperrag.ch\/wp-content\/uploads\/sperrag-andreas-sutter-800x598.jpg')\"><\/div>\n\n            <div class=\"person-meta-block\">\n                <h3>Andreas Sutter<\/h3>\n\n                                    <p class=\"bigger\">Responsable commercial r\u00e9gion 3 (Zurich\/Suisse orientale\/Tessin\/les deux B\u00e2le)<\/p>\n                \n                                    <p class=\"bigger mb_0\">+41 79 535 37 54<\/p>\n                \n                                    <p class=\"bigger mb_0\">andreas.sutter@sperrag.ch<\/p>\n                            <\/div>\n        <\/div>\n\n                    <div class=\"button-block\">\n                <a href=\"mailto: andreas.sutter@sperrag.ch\" class=\"btn-primary-bg-full-width persons-slider-card\">\n                    <div>\n                        Contacter \u2026\n                    <\/div>\n                <\/a>\n            <\/div>\n            <\/div>\n<\/div>\n\n                                    <\/div>\n\n                                                                        <div class=\"product-cards-mobile-wrapper equipe-vente-externe\" data-page=\"1\" data-maxnumpages=\"2\">\n                                        <div class=\"loading_fade\"><\/div>\n\n                                        <div class=\"team-cards-mobile\">\n                                            <div class=\"team-card with-meta card-with-mb scrollMagic-block \" data-uid=\"69f282ba2bc17-8927\" data-paginationmobilepage=\"1\">\n    <div class=\"team-card-inner-container\">\n        <div>\n                        <div class=\"team-card-image\" style=\"background-image: url('https:\/\/sperrag.ch\/wp-content\/uploads\/SIV073221-800x533.jpg')\"><\/div>\n\n            <div class=\"person-meta-block\">\n                <h3>Micka\u00ebl Defregger-Vennink<\/h3>\n\n                                    <p class=\"bigger\">Responsable commercial r\u00e9gion 1 (Suisse Romande\/Valais\/Bienne\/Jura)<\/p>\n                \n                                    <p class=\"bigger mb_0\">+41 79 478 17 30<\/p>\n                \n                                    <p class=\"bigger mb_0\">mickael.defregger@sperrag.ch<\/p>\n                            <\/div>\n        <\/div>\n\n                    <div class=\"button-block\">\n                <a href=\"mailto: mickael.defregger@sperrag.ch\" class=\"btn-primary-bg-full-width persons-slider-card\">\n                    <div>\n                        Contacter \u2026\n                    <\/div>\n                <\/a>\n            <\/div>\n            <\/div>\n<\/div>\n\n<div class=\"team-card with-meta card-with-mb scrollMagic-block \" data-uid=\"69f282ba2be6c-8862\" data-paginationmobilepage=\"1\">\n    <div class=\"team-card-inner-container\">\n        <div>\n                        <div class=\"team-card-image\" style=\"background-image: url('https:\/\/sperrag.ch\/wp-content\/uploads\/SIV073441-800x533.jpg')\"><\/div>\n\n            <div class=\"person-meta-block\">\n                <h3>Armin Schwegler<\/h3>\n\n                                    <p class=\"bigger\">Responsable commercial r\u00e9gion 2 (Mittelland)<\/p>\n                \n                                    <p class=\"bigger mb_0\">+41 79 250 01 26<\/p>\n                \n                                    <p class=\"bigger mb_0\">armin.schwegler@sperrag.ch<\/p>\n                            <\/div>\n        <\/div>\n\n                    <div class=\"button-block\">\n                <a href=\"mailto: armin.schwegler@sperrag.ch\" class=\"btn-primary-bg-full-width persons-slider-card\">\n                    <div>\n                        Contacter \u2026\n                    <\/div>\n                <\/a>\n            <\/div>\n            <\/div>\n<\/div>\n\n<div class=\"team-card with-meta card-with-mb scrollMagic-block hidden\" data-uid=\"69f282ba2c0bf-3254\" data-paginationmobilepage=\"2\">\n    <div class=\"team-card-inner-container\">\n        <div>\n                        <div class=\"team-card-image\" style=\"background-image: url('https:\/\/sperrag.ch\/wp-content\/uploads\/sperrag-andreas-sutter-800x598.jpg')\"><\/div>\n\n            <div class=\"person-meta-block\">\n                <h3>Andreas Sutter<\/h3>\n\n                                    <p class=\"bigger\">Responsable commercial r\u00e9gion 3 (Zurich\/Suisse orientale\/Tessin\/les deux B\u00e2le)<\/p>\n                \n                                    <p class=\"bigger mb_0\">+41 79 535 37 54<\/p>\n                \n                                    <p class=\"bigger mb_0\">andreas.sutter@sperrag.ch<\/p>\n                            <\/div>\n        <\/div>\n\n                    <div class=\"button-block\">\n                <a href=\"mailto: andreas.sutter@sperrag.ch\" class=\"btn-primary-bg-full-width persons-slider-card\">\n                    <div>\n                        Contacter \u2026\n                    <\/div>\n                <\/a>\n            <\/div>\n            <\/div>\n<\/div>\n\n                                        <\/div>\n\n                                                                                    <div class=\"pagination_container\">\n                                                <div class=\"pagination_block\">\n                                                    <a href=\"#\" class=\"prev page-numbers disabled\" data-number=\"prev\">\n                <div>\n                    <span class=\"arrow_left\"><i class=\"fa-regular fa-chevron-left\"><\/i><\/span>\n                <\/div>\n            <\/a><div><a href=\"#\" class=\"current page-numbers\" data-number=\"1\">1<\/a><a href=\"#\" class=\"page-numbers\" data-number=\"2\">2<\/a><\/div><a href=\"#\" class=\"next page-numbers\" data-number=\"next\">\n                                <div>\n                                    <span class=\"arrow_right\"><i class=\"fa-regular fa-chevron-right\"><\/i><\/span>\n                                <\/div>\n                            <\/a>                                                <\/div>\n                                            <\/div>\n                                                                            <\/div>\n                                                            <\/div>\n                        <\/div>\n                                            <div class=\"accordion-item\" id=\"equipe-vente-interne\">\n                            <div class=\"accordion-item-header-container\">\n                                <h2 class=\"accordion-item-header-text mb_0 \" data-number=\"5\">\n                                    Equipe vente interne                                <\/h2>\n                            <\/div>\n\n                            <div class=\"accordion-content-block\" >\n                                                                    <div class=\"team-cards\">\n                                        <div class=\"team-card with-meta card-with-mb scrollMagic-block \" data-uid=\"69f282ba2ec24-3249\" data-paginationmobilepage=\"\">\n    <div class=\"team-card-inner-container\">\n        <div>\n                        <div class=\"team-card-image\" style=\"background-image: url('https:\/\/sperrag.ch\/wp-content\/uploads\/sperrag-deborah-desfours-2026-800x598.jpg')\"><\/div>\n\n            <div class=\"person-meta-block\">\n                <h3>D\u00e9borah Desfours<\/h3>\n\n                                    <p class=\"bigger\">Vente<\/p>\n                \n                                    <p class=\"bigger mb_0\">+41 61 826 46 15<\/p>\n                \n                                    <p class=\"bigger mb_0\">deborah.desfours@sperrag.ch<\/p>\n                            <\/div>\n        <\/div>\n\n                    <div class=\"button-block\">\n                <a href=\"mailto: deborah.desfours@sperrag.ch\" class=\"btn-primary-bg-full-width persons-slider-card\">\n                    <div>\n                        Contacter \u2026\n                    <\/div>\n                <\/a>\n            <\/div>\n            <\/div>\n<\/div>\n\n<div class=\"team-card with-meta card-with-mb scrollMagic-block \" data-uid=\"69f282ba2f9b1-3251\" data-paginationmobilepage=\"\">\n    <div class=\"team-card-inner-container\">\n        <div>\n                        <div class=\"team-card-image\" style=\"background-image: url('https:\/\/sperrag.ch\/wp-content\/uploads\/sperrag-mark-chalencon-800x598.jpg')\"><\/div>\n\n            <div class=\"person-meta-block\">\n                <h3>Mark Chalen\u00e7on<\/h3>\n\n                                    <p class=\"bigger\">Vente<\/p>\n                \n                                    <p class=\"bigger mb_0\">+41 61 826 46 24<\/p>\n                \n                                    <p class=\"bigger mb_0\">mark.chalencon@sperrag.ch<\/p>\n                            <\/div>\n        <\/div>\n\n                    <div class=\"button-block\">\n                <a href=\"mailto: mark.chalencon@sperrag.ch\" class=\"btn-primary-bg-full-width persons-slider-card\">\n                    <div>\n                        Contacter \u2026\n                    <\/div>\n                <\/a>\n            <\/div>\n            <\/div>\n<\/div>\n\n<div class=\"team-card with-meta card-with-mb scrollMagic-block \" data-uid=\"69f282ba3069c-3250\" data-paginationmobilepage=\"\">\n    <div class=\"team-card-inner-container\">\n        <div>\n                        <div class=\"team-card-image\" style=\"background-image: url('https:\/\/sperrag.ch\/wp-content\/uploads\/sperrag-salvatore-dai-800x598.jpg')\"><\/div>\n\n            <div class=\"person-meta-block\">\n                <h3>Salvatore Dai<\/h3>\n\n                                    <p class=\"bigger\">Vente<\/p>\n                \n                                    <p class=\"bigger mb_0\">+41 61 826 46 06<\/p>\n                \n                                    <p class=\"bigger mb_0\">salvatore.dai@sperrag.ch<\/p>\n                            <\/div>\n        <\/div>\n\n                    <div class=\"button-block\">\n                <a href=\"mailto: salvatore.dai@sperrag.ch\" class=\"btn-primary-bg-full-width persons-slider-card\">\n                    <div>\n                        Contacter \u2026\n                    <\/div>\n                <\/a>\n            <\/div>\n            <\/div>\n<\/div>\n\n<div class=\"team-card with-meta card-with-mb scrollMagic-block \" data-uid=\"69f282ba31454-10728\" data-paginationmobilepage=\"\">\n    <div class=\"team-card-inner-container\">\n        <div>\n                        <div class=\"team-card-image\" style=\"background-image: url('https:\/\/sperrag.ch\/wp-content\/uploads\/sperrag-lara-feldmann-800x578.jpg')\"><\/div>\n\n            <div class=\"person-meta-block\">\n                <h3>Lara Feldmann<\/h3>\n\n                                    <p class=\"bigger\">Vente<\/p>\n                \n                                    <p class=\"bigger mb_0\">+41 61 826 46 14<\/p>\n                \n                                    <p class=\"bigger mb_0\">lara.feldmann@sperrag.ch<\/p>\n                            <\/div>\n        <\/div>\n\n                    <div class=\"button-block\">\n                <a href=\"mailto: lara.feldmann@sperrag.ch\" class=\"btn-primary-bg-full-width persons-slider-card\">\n                    <div>\n                        Contacter \u2026\n                    <\/div>\n                <\/a>\n            <\/div>\n            <\/div>\n<\/div>\n\n<div class=\"team-card with-meta card-with-mb scrollMagic-block \" data-uid=\"69f282ba31fc9-3248\" data-paginationmobilepage=\"\">\n    <div class=\"team-card-inner-container\">\n        <div>\n                        <div class=\"team-card-image\" style=\"background-image: url('https:\/\/sperrag.ch\/wp-content\/uploads\/miran-bueklue-20250611-800x534.jpg')\"><\/div>\n\n            <div class=\"person-meta-block\">\n                <h3>Miran B\u00fckl\u00fc<\/h3>\n\n                                    <p class=\"bigger\">Apprenti vente<\/p>\n                \n                                    <p class=\"bigger mb_0\">+41 61 826 46 12<\/p>\n                \n                                    <p class=\"bigger mb_0\">info@sperrag.ch<\/p>\n                            <\/div>\n        <\/div>\n\n                    <div class=\"button-block\">\n                <a href=\"mailto: info@sperrag.ch\" class=\"btn-primary-bg-full-width persons-slider-card\">\n                    <div>\n                        Contacter \u2026\n                    <\/div>\n                <\/a>\n            <\/div>\n            <\/div>\n<\/div>\n\n                                    <\/div>\n\n                                                                        <div class=\"product-cards-mobile-wrapper equipe-vente-interne\" data-page=\"1\" data-maxnumpages=\"3\">\n                                        <div class=\"loading_fade\"><\/div>\n\n                                        <div class=\"team-cards-mobile\">\n                                            <div class=\"team-card with-meta card-with-mb scrollMagic-block \" data-uid=\"69f282ba32cd4-3249\" data-paginationmobilepage=\"1\">\n    <div class=\"team-card-inner-container\">\n        <div>\n                        <div class=\"team-card-image\" style=\"background-image: url('https:\/\/sperrag.ch\/wp-content\/uploads\/sperrag-deborah-desfours-2026-800x598.jpg')\"><\/div>\n\n            <div class=\"person-meta-block\">\n                <h3>D\u00e9borah Desfours<\/h3>\n\n                                    <p class=\"bigger\">Vente<\/p>\n                \n                                    <p class=\"bigger mb_0\">+41 61 826 46 15<\/p>\n                \n                                    <p class=\"bigger mb_0\">deborah.desfours@sperrag.ch<\/p>\n                            <\/div>\n        <\/div>\n\n                    <div class=\"button-block\">\n                <a href=\"mailto: deborah.desfours@sperrag.ch\" class=\"btn-primary-bg-full-width persons-slider-card\">\n                    <div>\n                        Contacter \u2026\n                    <\/div>\n                <\/a>\n            <\/div>\n            <\/div>\n<\/div>\n\n<div class=\"team-card with-meta card-with-mb scrollMagic-block \" data-uid=\"69f282ba3319d-3251\" data-paginationmobilepage=\"1\">\n    <div class=\"team-card-inner-container\">\n        <div>\n                        <div class=\"team-card-image\" style=\"background-image: url('https:\/\/sperrag.ch\/wp-content\/uploads\/sperrag-mark-chalencon-800x598.jpg')\"><\/div>\n\n            <div class=\"person-meta-block\">\n                <h3>Mark Chalen\u00e7on<\/h3>\n\n                                    <p class=\"bigger\">Vente<\/p>\n                \n                                    <p class=\"bigger mb_0\">+41 61 826 46 24<\/p>\n                \n                                    <p class=\"bigger mb_0\">mark.chalencon@sperrag.ch<\/p>\n                            <\/div>\n        <\/div>\n\n                    <div class=\"button-block\">\n                <a href=\"mailto: mark.chalencon@sperrag.ch\" class=\"btn-primary-bg-full-width persons-slider-card\">\n                    <div>\n                        Contacter \u2026\n                    <\/div>\n                <\/a>\n            <\/div>\n            <\/div>\n<\/div>\n\n<div class=\"team-card with-meta card-with-mb scrollMagic-block hidden\" data-uid=\"69f282ba33500-3250\" data-paginationmobilepage=\"2\">\n    <div class=\"team-card-inner-container\">\n        <div>\n                        <div class=\"team-card-image\" style=\"background-image: url('https:\/\/sperrag.ch\/wp-content\/uploads\/sperrag-salvatore-dai-800x598.jpg')\"><\/div>\n\n            <div class=\"person-meta-block\">\n                <h3>Salvatore Dai<\/h3>\n\n                                    <p class=\"bigger\">Vente<\/p>\n                \n                                    <p class=\"bigger mb_0\">+41 61 826 46 06<\/p>\n                \n                                    <p class=\"bigger mb_0\">salvatore.dai@sperrag.ch<\/p>\n                            <\/div>\n        <\/div>\n\n                    <div class=\"button-block\">\n                <a href=\"mailto: salvatore.dai@sperrag.ch\" class=\"btn-primary-bg-full-width persons-slider-card\">\n                    <div>\n                        Contacter \u2026\n                    <\/div>\n                <\/a>\n            <\/div>\n            <\/div>\n<\/div>\n\n<div class=\"team-card with-meta card-with-mb scrollMagic-block hidden\" data-uid=\"69f282ba33802-10728\" data-paginationmobilepage=\"2\">\n    <div class=\"team-card-inner-container\">\n        <div>\n                        <div class=\"team-card-image\" style=\"background-image: url('https:\/\/sperrag.ch\/wp-content\/uploads\/sperrag-lara-feldmann-800x578.jpg')\"><\/div>\n\n            <div class=\"person-meta-block\">\n                <h3>Lara Feldmann<\/h3>\n\n                                    <p class=\"bigger\">Vente<\/p>\n                \n                                    <p class=\"bigger mb_0\">+41 61 826 46 14<\/p>\n                \n                                    <p class=\"bigger mb_0\">lara.feldmann@sperrag.ch<\/p>\n                            <\/div>\n        <\/div>\n\n                    <div class=\"button-block\">\n                <a href=\"mailto: lara.feldmann@sperrag.ch\" class=\"btn-primary-bg-full-width persons-slider-card\">\n                    <div>\n                        Contacter \u2026\n                    <\/div>\n                <\/a>\n            <\/div>\n            <\/div>\n<\/div>\n\n<div class=\"team-card with-meta card-with-mb scrollMagic-block hidden\" data-uid=\"69f282ba33b09-3248\" data-paginationmobilepage=\"3\">\n    <div class=\"team-card-inner-container\">\n        <div>\n                        <div class=\"team-card-image\" style=\"background-image: url('https:\/\/sperrag.ch\/wp-content\/uploads\/miran-bueklue-20250611-800x534.jpg')\"><\/div>\n\n            <div class=\"person-meta-block\">\n                <h3>Miran B\u00fckl\u00fc<\/h3>\n\n                                    <p class=\"bigger\">Apprenti vente<\/p>\n                \n                                    <p class=\"bigger mb_0\">+41 61 826 46 12<\/p>\n                \n                                    <p class=\"bigger mb_0\">info@sperrag.ch<\/p>\n                            <\/div>\n        <\/div>\n\n                    <div class=\"button-block\">\n                <a href=\"mailto: info@sperrag.ch\" class=\"btn-primary-bg-full-width persons-slider-card\">\n                    <div>\n                        Contacter \u2026\n                    <\/div>\n                <\/a>\n            <\/div>\n            <\/div>\n<\/div>\n\n                                        <\/div>\n\n                                                                                    <div class=\"pagination_container\">\n                                                <div class=\"pagination_block\">\n                                                    <a href=\"#\" class=\"prev page-numbers disabled\" data-number=\"prev\">\n                <div>\n                    <span class=\"arrow_left\"><i class=\"fa-regular fa-chevron-left\"><\/i><\/span>\n                <\/div>\n            <\/a><div><a href=\"#\" class=\"current page-numbers\" data-number=\"1\">1<\/a><a href=\"#\" class=\"page-numbers\" data-number=\"2\">2<\/a><a href=\"#\" class=\"page-numbers\" data-number=\"3\">3<\/a><\/div><a href=\"#\" class=\"next page-numbers\" data-number=\"next\">\n                                <div>\n                                    <span class=\"arrow_right\"><i class=\"fa-regular fa-chevron-right\"><\/i><\/span>\n                                <\/div>\n                            <\/a>                                                <\/div>\n                                            <\/div>\n                                                                            <\/div>\n                                                            <\/div>\n                        <\/div>\n                                            <div class=\"accordion-item\" id=\"achat-fr\">\n                            <div class=\"accordion-item-header-container\">\n                                <h2 class=\"accordion-item-header-text mb_0 \" data-number=\"7\">\n                                    Achat                                <\/h2>\n                            <\/div>\n\n                            <div class=\"accordion-content-block\" >\n                                                                    <div class=\"team-cards\">\n                                        <div class=\"team-card with-meta card-with-mb scrollMagic-block \" data-uid=\"69f282ba36dc0-3255\" data-paginationmobilepage=\"\">\n    <div class=\"team-card-inner-container\">\n        <div>\n                        <div class=\"team-card-image\" style=\"background-image: url('https:\/\/sperrag.ch\/wp-content\/uploads\/sperrag-stephan-hofmann-800x598.jpg')\"><\/div>\n\n            <div class=\"person-meta-block\">\n                <h3>Stephan Hofmann<\/h3>\n\n                                    <p class=\"bigger\">Achats\/ <br>Key Account Manager<\/p>\n                \n                                    <p class=\"bigger mb_0\">+41 61 826 46 09<\/p>\n                \n                                    <p class=\"bigger mb_0\">stephan.hofmann@sperrag.ch<\/p>\n                            <\/div>\n        <\/div>\n\n                    <div class=\"button-block\">\n                <a href=\"mailto: stephan.hofmann@sperrag.ch\" class=\"btn-primary-bg-full-width persons-slider-card\">\n                    <div>\n                        Contacter \u2026\n                    <\/div>\n                <\/a>\n            <\/div>\n            <\/div>\n<\/div>\n\n<div class=\"team-card with-meta card-with-mb scrollMagic-block \" data-uid=\"69f282ba37944-3257\" data-paginationmobilepage=\"\">\n    <div class=\"team-card-inner-container\">\n        <div>\n                        <div class=\"team-card-image\" style=\"background-image: url('https:\/\/sperrag.ch\/wp-content\/uploads\/Esther_FMS5276_BB-bear-800x598.jpg')\"><\/div>\n\n            <div class=\"person-meta-block\">\n                <h3>Esther Wyrsch<\/h3>\n\n                                    <p class=\"bigger\">Responsable achats et vente interne\/dir.adj.<\/p>\n                \n                                    <p class=\"bigger mb_0\">+41 61 826 46 07<\/p>\n                \n                                    <p class=\"bigger mb_0\">esther.wyrsch@sperrag.ch<\/p>\n                            <\/div>\n        <\/div>\n\n                    <div class=\"button-block\">\n                <a href=\"mailto: esther.wyrsch@sperrag.ch\" class=\"btn-primary-bg-full-width persons-slider-card\">\n                    <div>\n                        Contacter \u2026\n                    <\/div>\n                <\/a>\n            <\/div>\n            <\/div>\n<\/div>\n\n                                    <\/div>\n\n                                                                        <div class=\"product-cards-mobile-wrapper achat-fr\" data-page=\"1\" data-maxnumpages=\"1\">\n                                        <div class=\"loading_fade\"><\/div>\n\n                                        <div class=\"team-cards-mobile\">\n                                            <div class=\"team-card with-meta card-with-mb scrollMagic-block \" data-uid=\"69f282ba37c2f-3255\" data-paginationmobilepage=\"1\">\n    <div class=\"team-card-inner-container\">\n        <div>\n                        <div class=\"team-card-image\" style=\"background-image: url('https:\/\/sperrag.ch\/wp-content\/uploads\/sperrag-stephan-hofmann-800x598.jpg')\"><\/div>\n\n            <div class=\"person-meta-block\">\n                <h3>Stephan Hofmann<\/h3>\n\n                                    <p class=\"bigger\">Achats\/ <br>Key Account Manager<\/p>\n                \n                                    <p class=\"bigger mb_0\">+41 61 826 46 09<\/p>\n                \n                                    <p class=\"bigger mb_0\">stephan.hofmann@sperrag.ch<\/p>\n                            <\/div>\n        <\/div>\n\n                    <div class=\"button-block\">\n                <a href=\"mailto: stephan.hofmann@sperrag.ch\" class=\"btn-primary-bg-full-width persons-slider-card\">\n                    <div>\n                        Contacter \u2026\n                    <\/div>\n                <\/a>\n            <\/div>\n            <\/div>\n<\/div>\n\n<div class=\"team-card with-meta card-with-mb scrollMagic-block \" data-uid=\"69f282ba37eed-3257\" data-paginationmobilepage=\"1\">\n    <div class=\"team-card-inner-container\">\n        <div>\n                        <div class=\"team-card-image\" style=\"background-image: url('https:\/\/sperrag.ch\/wp-content\/uploads\/Esther_FMS5276_BB-bear-800x598.jpg')\"><\/div>\n\n            <div class=\"person-meta-block\">\n                <h3>Esther Wyrsch<\/h3>\n\n                                    <p class=\"bigger\">Responsable achats et vente interne\/dir.adj.<\/p>\n                \n                                    <p class=\"bigger mb_0\">+41 61 826 46 07<\/p>\n                \n                                    <p class=\"bigger mb_0\">esther.wyrsch@sperrag.ch<\/p>\n                            <\/div>\n        <\/div>\n\n                    <div class=\"button-block\">\n                <a href=\"mailto: esther.wyrsch@sperrag.ch\" class=\"btn-primary-bg-full-width persons-slider-card\">\n                    <div>\n                        Contacter \u2026\n                    <\/div>\n                <\/a>\n            <\/div>\n            <\/div>\n<\/div>\n\n                                        <\/div>\n\n                                                                            <\/div>\n                                                            <\/div>\n                        <\/div>\n                                            <div class=\"accordion-item\" id=\"marketing-2\">\n                            <div class=\"accordion-item-header-container\">\n                                <h2 class=\"accordion-item-header-text mb_0 \" data-number=\"4\">\n                                    Marketing                                <\/h2>\n                            <\/div>\n\n                            <div class=\"accordion-content-block\" >\n                                                                    <div class=\"team-cards\">\n                                        <div class=\"team-card with-meta card-with-mb scrollMagic-block \" data-uid=\"69f282ba3aadb-9654\" data-paginationmobilepage=\"\">\n    <div class=\"team-card-inner-container\">\n        <div>\n                        <div class=\"team-card-image\" style=\"background-image: url('https:\/\/sperrag.ch\/wp-content\/uploads\/sperrag-nicole-herzog-1-800x529.jpg')\"><\/div>\n\n            <div class=\"person-meta-block\">\n                <h3>Nicole Herzog<\/h3>\n\n                                    <p class=\"bigger\">Marketing<\/p>\n                \n                                    <p class=\"bigger mb_0\">+41 61 826 46 17<\/p>\n                \n                                    <p class=\"bigger mb_0\">nicole.herzog@sperrag.ch<\/p>\n                            <\/div>\n        <\/div>\n\n                    <div class=\"button-block\">\n                <a href=\"mailto: nicole.herzog@sperrag.ch\" class=\"btn-primary-bg-full-width persons-slider-card\">\n                    <div>\n                        Contacter \u2026\n                    <\/div>\n                <\/a>\n            <\/div>\n            <\/div>\n<\/div>\n\n                                    <\/div>\n\n                                                                        <div class=\"product-cards-mobile-wrapper marketing-2\" data-page=\"1\" data-maxnumpages=\"1\">\n                                        <div class=\"loading_fade\"><\/div>\n\n                                        <div class=\"team-cards-mobile\">\n                                            <div class=\"team-card with-meta card-with-mb scrollMagic-block \" data-uid=\"69f282ba3b261-9654\" data-paginationmobilepage=\"1\">\n    <div class=\"team-card-inner-container\">\n        <div>\n                        <div class=\"team-card-image\" style=\"background-image: url('https:\/\/sperrag.ch\/wp-content\/uploads\/sperrag-nicole-herzog-1-800x529.jpg')\"><\/div>\n\n            <div class=\"person-meta-block\">\n                <h3>Nicole Herzog<\/h3>\n\n                                    <p class=\"bigger\">Marketing<\/p>\n                \n                                    <p class=\"bigger mb_0\">+41 61 826 46 17<\/p>\n                \n                                    <p class=\"bigger mb_0\">nicole.herzog@sperrag.ch<\/p>\n                            <\/div>\n        <\/div>\n\n                    <div class=\"button-block\">\n                <a href=\"mailto: nicole.herzog@sperrag.ch\" class=\"btn-primary-bg-full-width persons-slider-card\">\n                    <div>\n                        Contacter \u2026\n                    <\/div>\n                <\/a>\n            <\/div>\n            <\/div>\n<\/div>\n\n                                        <\/div>\n\n                                                                            <\/div>\n                                                            <\/div>\n                        <\/div>\n                                            <div class=\"accordion-item\" id=\"equipe-logistique\">\n                            <div class=\"accordion-item-header-container\">\n                                <h2 class=\"accordion-item-header-text mb_0 \" data-number=\"3\">\n                                    Equipe logistique                                <\/h2>\n                            <\/div>\n\n                            <div class=\"accordion-content-block\" >\n                                                                    <div class=\"team-cards\">\n                                        <div class=\"team-card with-meta card-with-mb scrollMagic-block \" data-uid=\"69f282ba3d2fa-9731\" data-paginationmobilepage=\"\">\n    <div class=\"team-card-inner-container\">\n        <div>\n                        <div class=\"team-card-image\" style=\"background-image: url('https:\/\/sperrag.ch\/wp-content\/uploads\/sperrag-tobias-Tschudin-800x674.jpg')\"><\/div>\n\n            <div class=\"person-meta-block\">\n                <h3>Tobias Tschudin<\/h3>\n\n                                    <p class=\"bigger\">Logistique et D\u00e9bitage<\/p>\n                \n                                    <p class=\"bigger mb_0\">+41 61 825 40 09<\/p>\n                \n                                    <p class=\"bigger mb_0\">lager@sperrag.ch<\/p>\n                            <\/div>\n        <\/div>\n\n                    <div class=\"button-block\">\n                <a href=\"mailto: lager@sperrag.ch\" class=\"btn-primary-bg-full-width persons-slider-card\">\n                    <div>\n                        Contacter \u2026\n                    <\/div>\n                <\/a>\n            <\/div>\n            <\/div>\n<\/div>\n\n<div class=\"team-card with-meta card-with-mb scrollMagic-block \" data-uid=\"69f282ba3d8eb-3247\" data-paginationmobilepage=\"\">\n    <div class=\"team-card-inner-container\">\n        <div>\n                        <div class=\"team-card-image\" style=\"background-image: url('https:\/\/sperrag.ch\/wp-content\/uploads\/sperrag-vlado-anastasov-800x598.jpg')\"><\/div>\n\n            <div class=\"person-meta-block\">\n                <h3>Vlado <br>Anastasov<\/h3>\n\n                                    <p class=\"bigger\">Logistique<\/p>\n                \n                                    <p class=\"bigger mb_0\">+41 61 826 46 16<\/p>\n                \n                                    <p class=\"bigger mb_0\">lager@sperrag.ch<\/p>\n                            <\/div>\n        <\/div>\n\n                    <div class=\"button-block\">\n                <a href=\"mailto: lager@sperrag.ch\" class=\"btn-primary-bg-full-width persons-slider-card\">\n                    <div>\n                        Contacter \u2026\n                    <\/div>\n                <\/a>\n            <\/div>\n            <\/div>\n<\/div>\n\n<div class=\"team-card with-meta card-with-mb scrollMagic-block \" data-uid=\"69f282ba3df26-3246\" data-paginationmobilepage=\"\">\n    <div class=\"team-card-inner-container\">\n        <div>\n                        <div class=\"team-card-image\" style=\"background-image: url('https:\/\/sperrag.ch\/wp-content\/uploads\/sperrag-andreas-mangold-800x598.jpg')\"><\/div>\n\n            <div class=\"person-meta-block\">\n                <h3>Andreas <br>Mangold<\/h3>\n\n                                    <p class=\"bigger\">Logistique<\/p>\n                \n                                    <p class=\"bigger mb_0\">+41 61 826 46 18<\/p>\n                \n                                    <p class=\"bigger mb_0\">lager@sperrag.ch<\/p>\n                            <\/div>\n        <\/div>\n\n                    <div class=\"button-block\">\n                <a href=\"mailto: lager@sperrag.ch\" class=\"btn-primary-bg-full-width persons-slider-card\">\n                    <div>\n                        Contacter \u2026\n                    <\/div>\n                <\/a>\n            <\/div>\n            <\/div>\n<\/div>\n\n<div class=\"team-card with-meta card-with-mb scrollMagic-block \" data-uid=\"69f282ba3e5a3-3245\" data-paginationmobilepage=\"\">\n    <div class=\"team-card-inner-container\">\n        <div>\n                        <div class=\"team-card-image\" style=\"background-image: url('https:\/\/sperrag.ch\/wp-content\/uploads\/sperrag-matthias-zimmermann-800x598.jpg')\"><\/div>\n\n            <div class=\"person-meta-block\">\n                <h3>Matthias <br>Zimmermann<\/h3>\n\n                                    <p class=\"bigger\">Responsable logistique<\/p>\n                \n                                    <p class=\"bigger mb_0\">+41 61 826 46 13<\/p>\n                \n                                    <p class=\"bigger mb_0\">lager@sperrag.ch<\/p>\n                            <\/div>\n        <\/div>\n\n                    <div class=\"button-block\">\n                <a href=\"mailto: lager@sperrag.ch\" class=\"btn-primary-bg-full-width persons-slider-card\">\n                    <div>\n                        Contacter \u2026\n                    <\/div>\n                <\/a>\n            <\/div>\n            <\/div>\n<\/div>\n\n                                    <\/div>\n\n                                                                        <div class=\"product-cards-mobile-wrapper equipe-logistique\" data-page=\"1\" data-maxnumpages=\"2\">\n                                        <div class=\"loading_fade\"><\/div>\n\n                                        <div class=\"team-cards-mobile\">\n                                            <div class=\"team-card with-meta card-with-mb scrollMagic-block \" data-uid=\"69f282ba3ed80-9731\" data-paginationmobilepage=\"1\">\n    <div class=\"team-card-inner-container\">\n        <div>\n                        <div class=\"team-card-image\" style=\"background-image: url('https:\/\/sperrag.ch\/wp-content\/uploads\/sperrag-tobias-Tschudin-800x674.jpg')\"><\/div>\n\n            <div class=\"person-meta-block\">\n                <h3>Tobias Tschudin<\/h3>\n\n                                    <p class=\"bigger\">Logistique et D\u00e9bitage<\/p>\n                \n                                    <p class=\"bigger mb_0\">+41 61 825 40 09<\/p>\n                \n                                    <p class=\"bigger mb_0\">lager@sperrag.ch<\/p>\n                            <\/div>\n        <\/div>\n\n                    <div class=\"button-block\">\n                <a href=\"mailto: lager@sperrag.ch\" class=\"btn-primary-bg-full-width persons-slider-card\">\n                    <div>\n                        Contacter \u2026\n                    <\/div>\n                <\/a>\n            <\/div>\n            <\/div>\n<\/div>\n\n<div class=\"team-card with-meta card-with-mb scrollMagic-block \" data-uid=\"69f282ba3ef1e-3247\" data-paginationmobilepage=\"1\">\n    <div class=\"team-card-inner-container\">\n        <div>\n                        <div class=\"team-card-image\" style=\"background-image: url('https:\/\/sperrag.ch\/wp-content\/uploads\/sperrag-vlado-anastasov-800x598.jpg')\"><\/div>\n\n            <div class=\"person-meta-block\">\n                <h3>Vlado <br>Anastasov<\/h3>\n\n                                    <p class=\"bigger\">Logistique<\/p>\n                \n                                    <p class=\"bigger mb_0\">+41 61 826 46 16<\/p>\n                \n                                    <p class=\"bigger mb_0\">lager@sperrag.ch<\/p>\n                            <\/div>\n        <\/div>\n\n                    <div class=\"button-block\">\n                <a href=\"mailto: lager@sperrag.ch\" class=\"btn-primary-bg-full-width persons-slider-card\">\n                    <div>\n                        Contacter \u2026\n                    <\/div>\n                <\/a>\n            <\/div>\n            <\/div>\n<\/div>\n\n<div class=\"team-card with-meta card-with-mb scrollMagic-block hidden\" data-uid=\"69f282ba3f092-3246\" data-paginationmobilepage=\"2\">\n    <div class=\"team-card-inner-container\">\n        <div>\n                        <div class=\"team-card-image\" style=\"background-image: url('https:\/\/sperrag.ch\/wp-content\/uploads\/sperrag-andreas-mangold-800x598.jpg')\"><\/div>\n\n            <div class=\"person-meta-block\">\n                <h3>Andreas <br>Mangold<\/h3>\n\n                                    <p class=\"bigger\">Logistique<\/p>\n                \n                                    <p class=\"bigger mb_0\">+41 61 826 46 18<\/p>\n                \n                                    <p class=\"bigger mb_0\">lager@sperrag.ch<\/p>\n                            <\/div>\n        <\/div>\n\n                    <div class=\"button-block\">\n                <a href=\"mailto: lager@sperrag.ch\" class=\"btn-primary-bg-full-width persons-slider-card\">\n                    <div>\n                        Contacter \u2026\n                    <\/div>\n                <\/a>\n            <\/div>\n            <\/div>\n<\/div>\n\n<div class=\"team-card with-meta card-with-mb scrollMagic-block hidden\" data-uid=\"69f282ba3f217-3245\" data-paginationmobilepage=\"2\">\n    <div class=\"team-card-inner-container\">\n        <div>\n                        <div class=\"team-card-image\" style=\"background-image: url('https:\/\/sperrag.ch\/wp-content\/uploads\/sperrag-matthias-zimmermann-800x598.jpg')\"><\/div>\n\n            <div class=\"person-meta-block\">\n                <h3>Matthias <br>Zimmermann<\/h3>\n\n                                    <p class=\"bigger\">Responsable logistique<\/p>\n                \n                                    <p class=\"bigger mb_0\">+41 61 826 46 13<\/p>\n                \n                                    <p class=\"bigger mb_0\">lager@sperrag.ch<\/p>\n                            <\/div>\n        <\/div>\n\n                    <div class=\"button-block\">\n                <a href=\"mailto: lager@sperrag.ch\" class=\"btn-primary-bg-full-width persons-slider-card\">\n                    <div>\n                        Contacter \u2026\n                    <\/div>\n                <\/a>\n            <\/div>\n            <\/div>\n<\/div>\n\n                                        <\/div>\n\n                                                                                    <div class=\"pagination_container\">\n                                                <div class=\"pagination_block\">\n                                                    <a href=\"#\" class=\"prev page-numbers disabled\" data-number=\"prev\">\n                <div>\n                    <span class=\"arrow_left\"><i class=\"fa-regular fa-chevron-left\"><\/i><\/span>\n                <\/div>\n            <\/a><div><a href=\"#\" class=\"current page-numbers\" data-number=\"1\">1<\/a><a href=\"#\" class=\"page-numbers\" data-number=\"2\">2<\/a><\/div><a href=\"#\" class=\"next page-numbers\" data-number=\"next\">\n                                <div>\n                                    <span class=\"arrow_right\"><i class=\"fa-regular fa-chevron-right\"><\/i><\/span>\n                                <\/div>\n                            <\/a>                                                <\/div>\n                                            <\/div>\n                                                                            <\/div>\n                                                            <\/div>\n                        <\/div>\n                                    <\/div>\n            <\/div>\n        <\/section>\n    \n\n\n\n\n\n\n\n\n            <section class=\"paralax-image-block\">\n            <div class=\"paralax-image\" style=\"background-image: url('https:\/\/sperrag.ch\/wp-content\/uploads\/team_FMS5787.jpg')\"><\/div>\n        <\/section>\n    \n","protected":false},"excerpt":{"rendered":"","protected":false},"author":1,"featured_media":0,"parent":0,"menu_order":0,"comment_status":"closed","ping_status":"closed","template":"","meta":{"_acf_changed":false,"inline_featured_image":false,"footnotes":""},"class_list":["post-3239","page","type-page","status-publish","hentry"],"acf":[],"yoast_head":"<!-- This site is optimized with the Yoast SEO plugin v27.5 - https:\/\/yoast.com\/product\/yoast-seo-wordpress\/ -->\n<title>sperrag ag - sperrag<\/title>\n<meta name=\"description\" content=\"sperrag ag avec son si\u00e8ge \u00e0 Pratteln BL a \u00e9t\u00e9 fond\u00e9 en 1934. Aujourd&#039;hui la soci\u00e9t\u00e9 est implant\u00e9e en tant que holding familiale, occupant 24 employ\u00e9s commerciaux.\" \/>\n<meta name=\"robots\" content=\"index, follow, max-snippet:-1, max-image-preview:large, max-video-preview:-1\" \/>\n<link rel=\"canonical\" href=\"https:\/\/sperrag.ch\/fr\/sperrag-ag-fr\/\" \/>\n<meta property=\"og:locale\" content=\"fr_FR\" \/>\n<meta property=\"og:type\" content=\"article\" \/>\n<meta property=\"og:title\" content=\"sperrag ag - sperrag\" \/>\n<meta property=\"og:description\" content=\"sperrag ag avec son si\u00e8ge \u00e0 Pratteln BL a \u00e9t\u00e9 fond\u00e9 en 1934. Aujourd&#039;hui la soci\u00e9t\u00e9 est implant\u00e9e en tant que holding familiale, occupant 24 employ\u00e9s commerciaux.\" \/>\n<meta property=\"og:url\" content=\"https:\/\/sperrag.ch\/fr\/sperrag-ag-fr\/\" \/>\n<meta property=\"og:site_name\" content=\"sperrag\" \/>\n<meta property=\"article:modified_time\" content=\"2024-10-28T16:33:35+00:00\" \/>\n<meta name=\"twitter:card\" content=\"summary_large_image\" \/>\n<script type=\"application\/ld+json\" class=\"yoast-schema-graph\">{\"@context\":\"https:\\\/\\\/schema.org\",\"@graph\":[{\"@type\":\"WebPage\",\"@id\":\"https:\\\/\\\/sperrag.ch\\\/fr\\\/sperrag-ag-fr\\\/\",\"url\":\"https:\\\/\\\/sperrag.ch\\\/fr\\\/sperrag-ag-fr\\\/\",\"name\":\"sperrag ag - sperrag\",\"isPartOf\":{\"@id\":\"https:\\\/\\\/sperrag.ch\\\/#website\"},\"datePublished\":\"2022-11-09T11:38:33+00:00\",\"dateModified\":\"2024-10-28T16:33:35+00:00\",\"description\":\"sperrag ag avec son si\u00e8ge \u00e0 Pratteln BL a \u00e9t\u00e9 fond\u00e9 en 1934. Aujourd'hui la soci\u00e9t\u00e9 est implant\u00e9e en tant que holding familiale, occupant 24 employ\u00e9s commerciaux.\",\"breadcrumb\":{\"@id\":\"https:\\\/\\\/sperrag.ch\\\/fr\\\/sperrag-ag-fr\\\/#breadcrumb\"},\"inLanguage\":\"fr-FR\",\"potentialAction\":[{\"@type\":\"ReadAction\",\"target\":[\"https:\\\/\\\/sperrag.ch\\\/fr\\\/sperrag-ag-fr\\\/\"]}]},{\"@type\":\"BreadcrumbList\",\"@id\":\"https:\\\/\\\/sperrag.ch\\\/fr\\\/sperrag-ag-fr\\\/#breadcrumb\",\"itemListElement\":[{\"@type\":\"ListItem\",\"position\":1,\"name\":\"Home\",\"item\":\"https:\\\/\\\/sperrag.ch\\\/fr\\\/\"},{\"@type\":\"ListItem\",\"position\":2,\"name\":\"sperrag ag\"}]},{\"@type\":\"WebSite\",\"@id\":\"https:\\\/\\\/sperrag.ch\\\/#website\",\"url\":\"https:\\\/\\\/sperrag.ch\\\/\",\"name\":\"sperrag\",\"description\":\"\",\"publisher\":{\"@id\":\"https:\\\/\\\/sperrag.ch\\\/#organization\"},\"potentialAction\":[{\"@type\":\"SearchAction\",\"target\":{\"@type\":\"EntryPoint\",\"urlTemplate\":\"https:\\\/\\\/sperrag.ch\\\/?s={search_term_string}\"},\"query-input\":{\"@type\":\"PropertyValueSpecification\",\"valueRequired\":true,\"valueName\":\"search_term_string\"}}],\"inLanguage\":\"fr-FR\"},{\"@type\":\"Organization\",\"@id\":\"https:\\\/\\\/sperrag.ch\\\/#organization\",\"name\":\"sperrag ag\",\"url\":\"https:\\\/\\\/sperrag.ch\\\/\",\"logo\":{\"@type\":\"ImageObject\",\"inLanguage\":\"fr-FR\",\"@id\":\"https:\\\/\\\/sperrag.ch\\\/#\\\/schema\\\/logo\\\/image\\\/\",\"url\":\"https:\\\/\\\/sperrag.ch\\\/wp-content\\\/uploads\\\/Sperrag_logo.svg\",\"contentUrl\":\"https:\\\/\\\/sperrag.ch\\\/wp-content\\\/uploads\\\/Sperrag_logo.svg\",\"width\":421,\"height\":89,\"caption\":\"sperrag ag\"},\"image\":{\"@id\":\"https:\\\/\\\/sperrag.ch\\\/#\\\/schema\\\/logo\\\/image\\\/\"},\"sameAs\":[\"https:\\\/\\\/www.linkedin.com\\\/company\\\/sperrag-ag\"]}]}<\/script>\n<!-- \/ Yoast SEO plugin. -->","yoast_head_json":{"title":"sperrag ag - sperrag","description":"sperrag ag avec son si\u00e8ge \u00e0 Pratteln BL a \u00e9t\u00e9 fond\u00e9 en 1934. Aujourd'hui la soci\u00e9t\u00e9 est implant\u00e9e en tant que holding familiale, occupant 24 employ\u00e9s commerciaux.","robots":{"index":"index","follow":"follow","max-snippet":"max-snippet:-1","max-image-preview":"max-image-preview:large","max-video-preview":"max-video-preview:-1"},"canonical":"https:\/\/sperrag.ch\/fr\/sperrag-ag-fr\/","og_locale":"fr_FR","og_type":"article","og_title":"sperrag ag - sperrag","og_description":"sperrag ag avec son si\u00e8ge \u00e0 Pratteln BL a \u00e9t\u00e9 fond\u00e9 en 1934. Aujourd'hui la soci\u00e9t\u00e9 est implant\u00e9e en tant que holding familiale, occupant 24 employ\u00e9s commerciaux.","og_url":"https:\/\/sperrag.ch\/fr\/sperrag-ag-fr\/","og_site_name":"sperrag","article_modified_time":"2024-10-28T16:33:35+00:00","twitter_card":"summary_large_image","schema":{"@context":"https:\/\/schema.org","@graph":[{"@type":"WebPage","@id":"https:\/\/sperrag.ch\/fr\/sperrag-ag-fr\/","url":"https:\/\/sperrag.ch\/fr\/sperrag-ag-fr\/","name":"sperrag ag - sperrag","isPartOf":{"@id":"https:\/\/sperrag.ch\/#website"},"datePublished":"2022-11-09T11:38:33+00:00","dateModified":"2024-10-28T16:33:35+00:00","description":"sperrag ag avec son si\u00e8ge \u00e0 Pratteln BL a \u00e9t\u00e9 fond\u00e9 en 1934. Aujourd'hui la soci\u00e9t\u00e9 est implant\u00e9e en tant que holding familiale, occupant 24 employ\u00e9s commerciaux.","breadcrumb":{"@id":"https:\/\/sperrag.ch\/fr\/sperrag-ag-fr\/#breadcrumb"},"inLanguage":"fr-FR","potentialAction":[{"@type":"ReadAction","target":["https:\/\/sperrag.ch\/fr\/sperrag-ag-fr\/"]}]},{"@type":"BreadcrumbList","@id":"https:\/\/sperrag.ch\/fr\/sperrag-ag-fr\/#breadcrumb","itemListElement":[{"@type":"ListItem","position":1,"name":"Home","item":"https:\/\/sperrag.ch\/fr\/"},{"@type":"ListItem","position":2,"name":"sperrag ag"}]},{"@type":"WebSite","@id":"https:\/\/sperrag.ch\/#website","url":"https:\/\/sperrag.ch\/","name":"sperrag","description":"","publisher":{"@id":"https:\/\/sperrag.ch\/#organization"},"potentialAction":[{"@type":"SearchAction","target":{"@type":"EntryPoint","urlTemplate":"https:\/\/sperrag.ch\/?s={search_term_string}"},"query-input":{"@type":"PropertyValueSpecification","valueRequired":true,"valueName":"search_term_string"}}],"inLanguage":"fr-FR"},{"@type":"Organization","@id":"https:\/\/sperrag.ch\/#organization","name":"sperrag ag","url":"https:\/\/sperrag.ch\/","logo":{"@type":"ImageObject","inLanguage":"fr-FR","@id":"https:\/\/sperrag.ch\/#\/schema\/logo\/image\/","url":"https:\/\/sperrag.ch\/wp-content\/uploads\/Sperrag_logo.svg","contentUrl":"https:\/\/sperrag.ch\/wp-content\/uploads\/Sperrag_logo.svg","width":421,"height":89,"caption":"sperrag ag"},"image":{"@id":"https:\/\/sperrag.ch\/#\/schema\/logo\/image\/"},"sameAs":["https:\/\/www.linkedin.com\/company\/sperrag-ag"]}]}},"_links":{"self":[{"href":"https:\/\/sperrag.ch\/fr\/wp-json\/wp\/v2\/pages\/3239","targetHints":{"allow":["GET"]}}],"collection":[{"href":"https:\/\/sperrag.ch\/fr\/wp-json\/wp\/v2\/pages"}],"about":[{"href":"https:\/\/sperrag.ch\/fr\/wp-json\/wp\/v2\/types\/page"}],"author":[{"embeddable":true,"href":"https:\/\/sperrag.ch\/fr\/wp-json\/wp\/v2\/users\/1"}],"replies":[{"embeddable":true,"href":"https:\/\/sperrag.ch\/fr\/wp-json\/wp\/v2\/comments?post=3239"}],"version-history":[{"count":18,"href":"https:\/\/sperrag.ch\/fr\/wp-json\/wp\/v2\/pages\/3239\/revisions"}],"predecessor-version":[{"id":8403,"href":"https:\/\/sperrag.ch\/fr\/wp-json\/wp\/v2\/pages\/3239\/revisions\/8403"}],"wp:attachment":[{"href":"https:\/\/sperrag.ch\/fr\/wp-json\/wp\/v2\/media?parent=3239"}],"curies":[{"name":"wp","href":"https:\/\/api.w.org\/{rel}","templated":true}]}}