{"id":4307,"date":"2023-06-07T15:45:39","date_gmt":"2023-06-07T13:45:39","guid":{"rendered":"https:\/\/dev.sperrag.bertastrasse1.ch\/?page_id=4307"},"modified":"2024-10-28T17:31:40","modified_gmt":"2024-10-28T16:31:40","slug":"protection-des-donnees","status":"publish","type":"page","link":"https:\/\/sperrag.ch\/fr\/protection-des-donnees\/","title":{"rendered":"Protection des donn\u00e9es"},"content":{"rendered":"\n    \n\n\n\n\n\n\n            <section class=\"page-main-title scrollMagic-block\" data-uid=\"69f539402e113\">\n            \n            <h1 class=\"mb_0\">D\u00e9claration de protection des donn\u00e9es\n<\/h1>\n        <\/section>\n    \n\n\n\n\n\n\n<p><strong>1. G\u00e9n\u00e9ralit\u00e9s<\/strong> <\/p>\n\n\n\n<p>sperrag ag respecte la vie priv\u00e9e de ses clients, fournisseurs et utilisateurs du site Internet. Ces dispositions sur la protection des donn\u00e9es constituent la base du traitement des donn\u00e9es personnelles et indiquent quel type de donn\u00e9es est collect\u00e9 par sperrag ag et comment elle les utilise. sperrag ag respecte les droits de protection des donn\u00e9es en vigueur et traite les donn\u00e9es personnelles uniquement dans le but pour lequel elles ont \u00e9t\u00e9 transmises.<\/p>\n\n\n\n<p><\/p>\n\n\n\n<p><strong>2. Responsabilit\u00e9 et contact<\/strong><\/p>\n\n\n\n<p>La responsabilit\u00e9 du traitement des donn\u00e9es incombe \u00e0 :<\/p>\n\n\n\n<p>sperrag ag, Im Wannenoden 4, 4133 Pratteln<\/p>\n\n\n\n<p>En tant qu&rsquo;interlocuteur pour la protection des donn\u00e9es, nous faisons appel \u00e0 un conseiller en protection des donn\u00e9es que vous pouvez contacter comme suit : sperrag ag, Marco Burger, Im Wannenboden 4, 4133 Pratteln, <a href=\"mailto:ds@sperrag.ch\">ds@sperrag.ch<\/a><br><\/p>\n\n\n\n<p><\/p>\n\n\n\n<p><strong>3. Quelles donn\u00e9es personnelles traitons-nous et dans quel but ?<\/strong><\/p>\n\n\n\n<p>Nous collectons des donn\u00e9es personnelles dans les cat\u00e9gories suivantes :<\/p>\n\n\n\n<ul class=\"wp-block-list\">\n<li>Donn\u00e9es de contact (nom, pr\u00e9nom, adresse, num\u00e9ro de t\u00e9l\u00e9phone, e-mail)<\/li>\n\n\n\n<li>Donn\u00e9es clients\/fournisseurs (informations sur la solvabilit\u00e9, donn\u00e9es du registre du commerce, coordonn\u00e9es bancaires)<\/li>\n\n\n\n<li>Donn\u00e9es de sites web (donn\u00e9es d&rsquo;utilisation, informations sur les appareils)<\/li>\n\n\n\n<li>Donn\u00e9es marketing (newsletter, m\u00e9dias sociaux)<\/li>\n\n\n\n<li>Donn\u00e9es de candidature (CV, certificats de travail)<\/li>\n<\/ul>\n\n\n\n<p><\/p>\n\n\n\n<p>Les donn\u00e9es collect\u00e9es sont trait\u00e9es pour les finalit\u00e9s suivantes :<\/p>\n\n\n\n<ul class=\"wp-block-list\">\n<li>Traitement de la relation commerciale (achat \/ vente)<\/li>\n\n\n\n<li>Am\u00e9lioration de notre offre sur internet (conception ou contenu du site web).<\/li>\n\n\n\n<li>Obligations l\u00e9gales ou r\u00e9glementaires<br><br><\/li>\n<\/ul>\n\n\n\n<p><strong>3.1. Coordonn\u00e9es, donn\u00e9es client\/fournisseur<\/strong><a><br><\/a>sperrag ag traite et enregistre les donn\u00e9es de contact pertinentes pour effectuer les achats et les ventes. Pour les renseignements sur la solvabilit\u00e9, nous nous procurons des donn\u00e9es aupr\u00e8s de tiers (fournisseurs d&rsquo;informations \u00e9conomiques num\u00e9riques).<\/p>\n\n\n\n<p><\/p>\n\n\n\n<p><strong>3.2. Donn\u00e9es du site web<br><\/strong>La pr\u00e9sence en ligne de sperrag ag comprend les domaines suivants : <a href=\"http:\/\/www.sperrag.ch\" target=\"_blank\" rel=\"noreferrer noopener\">www.sperrag.ch<\/a><\/p>\n\n\n\n<p><\/p>\n\n\n\n<p>3.2.1. <strong>Type de donn\u00e9es collect\u00e9es<\/strong><a><br><\/a><br>Lors de la visite des pages web de sperrag ag, des donn\u00e9es statistiques sont collect\u00e9es sur les parties de l&rsquo;offre web les plus fr\u00e9quemment visit\u00e9es par l&rsquo;utilisateur. Il peut s&rsquo;agir par exemple de donn\u00e9es concernant le navigateur utilis\u00e9 par l&rsquo;utilisateur, le syst\u00e8me d&rsquo;exploitation, les weblogs et autres donn\u00e9es de connexion, ind\u00e9pendamment du fait que leur saisie soit n\u00e9cessaire \u00e0 nos fins ou \u00e0 d&rsquo;autres fins. Dans ce contexte, il est parfois n\u00e9cessaire d&rsquo;utiliser des cookies. Ces donn\u00e9es collect\u00e9es ne contiennent aucune r\u00e9f\u00e9rence personnelle ou sont suffisamment anonymes pour qu&rsquo;il ne soit pas possible de tirer des conclusions sur votre personne.<\/p>\n\n\n\n<p>sperrag ag ne collecte pas automatiquement les donn\u00e9es personnelles des utilisateurs, comme par exemple leur nom, leur adresse, leur num\u00e9ro de t\u00e9l\u00e9phone ou leur adresse e-mail. Les donn\u00e9es que l&rsquo;utilisateur transmet volontairement \u00e0 sperrag ag en remplissant des formulaires sur le site web ou en contactant sperrag ag d&rsquo;une autre mani\u00e8re via les pages web constituent une exception \u00e0 cette r\u00e8gle.<\/p>\n\n\n\n<p><\/p>\n\n\n\n<p>3.2.2. <strong>Utilisation de cookies<\/strong><br>Afin d&rsquo;am\u00e9liorer en permanence le site Internet pour les utilisateurs, sperrag ag peut utiliser des cookies. Il s&rsquo;agit de petites informations logicielles qui sont enregistr\u00e9es par les navigateurs (p. ex. Microsoft Edge, Google Chrome ou Mozilla Firefox) sur le disque dur de l&rsquo;ordinateur de l&rsquo;utilisateur afin de faciliter l&rsquo;utilisation du site web (p. ex. choix de la langue, panier d&rsquo;achat, etc.). Ces cookies sont enti\u00e8rement anonymes et ne contiennent aucune donn\u00e9e personnelle. \u00c0 aucun moment, un logiciel espion n&rsquo;est install\u00e9 ou utilis\u00e9 pour acc\u00e9der aux donn\u00e9es et informations stock\u00e9es sur l&rsquo;ordinateur. La plupart des navigateurs acceptent automatiquement ces cookies, mais les navigateurs peuvent \u00eatre configur\u00e9s de mani\u00e8re \u00e0 ne pas accepter ou stocker de cookies. Pour plus de d\u00e9tails, veuillez consulter le mode d&#8217;emploi ou la fonction d&rsquo;aide du navigateur.<\/p>\n\n\n\n<p><\/p>\n\n\n\n<p>3.2.3. <strong>Utilisation des donn\u00e9es<\/strong><br>Les donn\u00e9es anonymes qui sont enregistr\u00e9es au moyen de cookies lors de la consultation des pages web de sperrag ag peuvent \u00eatre utilis\u00e9es \u00e0 des fins d&rsquo;analyse, d&rsquo;optimisation des pages web et de mesure des performances. Pour ce faire, sperrag ag peut faire appel \u00e0 des prestataires tiers qui ont parfois leurs propres r\u00e8gles de protection des donn\u00e9es sur lesquelles sperrag ag n&rsquo;a aucune influence.<\/p>\n\n\n\n<p>Les donn\u00e9es que les utilisateurs transmettent de leur propre initiative en tant qu&rsquo;utilisateurs du site Internet peuvent \u00eatre utilis\u00e9es par sperrag ag dans le but d&rsquo;am\u00e9liorer les pages web ainsi que le suivi individuel des utilisateurs. Cela comprend entre autres l&rsquo;envoi d&rsquo;informations, d&rsquo;offres ou de notifications en rapport avec la gamme de produits ou de services.<\/p>\n\n\n\n<p><\/p>\n\n\n\n<p>3.2.4. <strong>Google Analytics<\/strong><br>Pour nos pages web, nous utilisons Google Analytics, un service d&rsquo;analyse web de Google Inc (\u00ab\u00a0Google\u00a0\u00bb). Google Analytics utilise les cookies mentionn\u00e9s ci-dessus. Les informations g\u00e9n\u00e9r\u00e9es par les cookies concernant votre utilisation de ce site web sont transmises \u00e0 un serveur de Google aux \u00c9tats-Unis et y sont enregistr\u00e9es. Google utilisera cette information dans le but d&rsquo;\u00e9valuer votre utilisation du site, de compiler des rapports sur l&rsquo;activit\u00e9 du site \u00e0 destination de son \u00e9diteur et de fournir d&rsquo;autres services relatifs \u00e0 l&rsquo;activit\u00e9 du site et \u00e0 l&rsquo;utilisation d&rsquo;Internet. Le cas \u00e9ch\u00e9ant, Google transmettra \u00e9galement ces informations \u00e0 des tiers, dans la mesure o\u00f9 cela est prescrit par la loi ou si des tiers traitent ces donn\u00e9es pour le compte de Google. Google n&rsquo;associera en aucun cas votre adresse IP \u00e0 d&rsquo;autres donn\u00e9es de Google. Vous pouvez emp\u00eacher l&rsquo;installation des cookies en param\u00e9trant votre navigateur en cons\u00e9quence ; nous attirons toutefois votre attention sur le fait que, dans ce cas, vous ne pourrez peut-\u00eatre pas utiliser toutes les fonctions de ces pages web dans leur int\u00e9gralit\u00e9. En utilisant nos pages web, vous acceptez que les donn\u00e9es collect\u00e9es \u00e0 votre sujet par Google soient trait\u00e9es de la mani\u00e8re et aux fins d\u00e9crites ci-dessus. Vous pouvez \u00e0 tout moment vous opposer \u00e0 la collecte et \u00e0 l&rsquo;utilisation de votre adresse IP par Google Analytics, avec effet pour l&rsquo;avenir.<br><a href=\"https:\/\/www.google.ch\/intl\/fr\/policies\/privacy\/\" target=\"_blank\" rel=\"noreferrer noopener\">https:\/\/www.google.ch\/intl\/fr\/policies\/privacy\/<\/a><\/p>\n\n\n\n<p><\/p>\n\n\n\n<p><strong>3.3. Donn\u00e9es marketing<\/strong><\/p>\n\n\n\n<p><strong>3.3.1. Newsletter<\/strong><\/p>\n\n\n\n<p>Pour l&rsquo;envoi des Newsletter, nous utilisons un logiciel d&rsquo;un fournisseur tiers qui enregistre le taux d&rsquo;ouverture des pages ainsi que le comportement de lecture des clients.<\/p>\n\n\n\n<p><\/p>\n\n\n\n<p><strong>3.3.2. M\u00e9dias sociaux<br><\/strong>sperrag ag peut utiliser sur ses pages web des plugins de m\u00e9dias sociaux, par exemple de Facebook, LinkedIn, etc. Ces plates-formes ont leurs propres r\u00e8gles de protection des donn\u00e9es, sur lesquelles sperrag ag n&rsquo;a aucune influence. Les fournisseurs tiers peuvent utiliser des pixel tags. A des fins statistiques et de marketing, des informations pseudonymes sur les visites de nos pages web peuvent ainsi \u00eatre saisies, \u00e9valu\u00e9es et, le cas \u00e9ch\u00e9ant, \u00e9galement enregistr\u00e9es sur l&rsquo;appareil sous forme de cookies.<\/p>\n\n\n\n<p><\/p>\n\n\n\n<p>3.3.2.1. <strong>LinkedIn<\/strong><br>Pour notre pr\u00e9sence en ligne, nous utilisons des services et des composants du r\u00e9seau social LinkedIn.com, qui est exploit\u00e9 par LinkedIn, Mountain View, USA. Vous reconnaissez le plugin social de LinkedIn au logo (tuile bleue avec texte blanc \u00ab\u00a0in\u00a0\u00bb). Lorsque vous consultez une page web de notre site Internet qui contient un tel plugin, votre navigateur \u00e9tablit une connexion directe avec les serveurs de LinkedIn. Le contenu du plugin est transmis directement par LinkedIn \u00e0 votre navigateur, qui l&rsquo;int\u00e8gre \u00e0 la page web.<\/p>\n\n\n\n<p>Si vous \u00eates connect\u00e9 \u00e0 LinkedIn, LinkedIn peut attribuer la visite \u00e0 votre compte LinkedIn. Si vous interagissez avec les plugins, par exemple en cliquant sur le bouton \u00ab\u00a0J&rsquo;aime\u00a0\u00bb ou en laissant un commentaire, les informations correspondantes sont transmises directement de votre navigateur \u00e0 LinkedIn et y est enregistr\u00e9e. Si vous n&rsquo;\u00eates pas membre de LinkedIn, il est quand m\u00eame possible que LinkedIn puisse conna\u00eetre et enregistrer votre adresse IP.<\/p>\n\n\n\n<p>Pour plus d&rsquo;informations sur l&rsquo;utilisation des donn\u00e9es utilisateur de LinkedIn, cliquez ici : <a href=\"https:\/\/www.linkedin.com\/legal\/privacy-policy?trk=hb_ft_priv\" target=\"_blank\" rel=\"noreferrer noopener\">https:\/\/www.linkedin.com\/legal\/privacy-policy?trk=hb_ft_priv<\/a> <br><br>Si l&rsquo;utilisateur souhaite qu&rsquo;aucun de ces plugins ne soit charg\u00e9, il est recommand\u00e9 de se d\u00e9connecter du service des m\u00e9dias sociaux correspondant. En outre, diff\u00e9rents navigateurs peuvent \u00eatre configur\u00e9s ou compl\u00e9t\u00e9s par des modules compl\u00e9mentaires (par ex. bloqueur de Facebook) de mani\u00e8re \u00e0 ce que les plugins de m\u00e9dias sociaux ne soient pas charg\u00e9s.<\/p>\n\n\n\n<p><\/p>\n\n\n\n<p><strong>3.4. Donn\u00e9es de candidature<br><\/strong>sperrag ag traite toutes les donn\u00e9es fournies par les personnes qui r\u00e9pondent \u00e0 une offre d&#8217;emploi ou qui d\u00e9posent une candidature spontan\u00e9e. De plus amples informations sur le traitement des donn\u00e9es vous seront communiqu\u00e9es lors du processus de candidature.<br><br><\/p>\n\n\n\n<p><strong>4. Transmission de vos donn\u00e9es<\/strong><\/p>\n\n\n\n<p>sperrag ag peut utiliser les donn\u00e9es personnelles conform\u00e9ment aux pr\u00e9sentes dispositions sur la protection des donn\u00e9es. En outre, les donn\u00e9es personnelles ne sont pas divulgu\u00e9es \u00e0 des tiers. <br><br>Cette r\u00e8gle ne s&rsquo;applique pas si l&rsquo;utilisateur a donn\u00e9 son accord pour que ses donn\u00e9es soient transmises \u00e0 des entreprises qui ne sont pas li\u00e9es \u00e0 sperrag ag, ou si sperrag ag y est contrainte par la loi, les autorit\u00e9s ou les tribunaux. Et aussi, lorsque sperrag ag fait appel \u00e0 des prestataires de services qui l&rsquo;assistent dans le traitement des donn\u00e9es, la gestion des pages web ou d&rsquo;une autre mani\u00e8re, ainsi que dans la fourniture des produits et services demand\u00e9s par l&rsquo;utilisateur. Ces tiers sont tenus de respecter le m\u00eame niveau de s\u00e9curit\u00e9 et de protection des donn\u00e9es que sperrag ag.<\/p>\n\n\n\n<p><\/p>\n\n\n\n<p><\/p>\n\n\n\n<p><strong>5. Combien de temps nous conservons les donn\u00e9es<\/strong> <\/p>\n\n\n\n<p>sperrag ag conserve les donn\u00e9es personnelles aussi longtemps que cela est n\u00e9cessaire pour atteindre le but pour lequel nous les avons collect\u00e9es. S&rsquo;il existe des obligations l\u00e9gales ou r\u00e9glementaires ou des int\u00e9r\u00eats pr\u00e9pond\u00e9rants \u00e0 une conservation plus longue, nous conservons les donn\u00e9es personnelles. Cette dur\u00e9e est r\u00e9guli\u00e8rement d&rsquo;au moins dix ans, par exemple pour remplir les obligations d&rsquo;archivage conform\u00e9ment \u00e0 la loi fiscale et aux r\u00e8gles comptables ou pour garantir l&rsquo;application des droits. Les donn\u00e9es des personnes en cours de recrutement ne sont conserv\u00e9es que pendant la dur\u00e9e du processus de recrutement. Les donn\u00e9es d&rsquo;analyse web ne sont conserv\u00e9es que pour une courte dur\u00e9e (14 mois maximum). Une fois la dur\u00e9e de conservation \u00e9coul\u00e9e, les donn\u00e9es personnelles sont supprim\u00e9es ou rendues anonymes.<br><\/p>\n\n\n\n<p><\/p>\n\n\n\n<p><strong>6. S\u00e9curit\u00e9 des donn\u00e9es<\/strong> sperrag ag a pris des mesures appropri\u00e9es et conformes \u00e0 l&rsquo;\u00e9tat de la technologie actuelle pour garantir la s\u00e9curit\u00e9 des donn\u00e9es et la confidentialit\u00e9 des donn\u00e9es personnelles. Ces mesures comprennent par exemple le cryptage de la transmission des donn\u00e9es et la limitation des droits d&rsquo;acc\u00e8s. Nous contr\u00f4lons r\u00e9guli\u00e8rement ces mesures et les adaptons si n\u00e9cessaire. Les collaborateurs et les prestataires de services sont en outre tenus de respecter \u00e0 tout moment la protection des donn\u00e9es et la confidentialit\u00e9.<em><br><br><\/em><\/p>\n\n\n\n<p><strong>7. Vos droits<\/strong><\/p>\n\n\n\n<p>Vous disposez des droits suivants en relation avec notre traitement de donn\u00e9es personnelles :<\/p>\n\n\n\n<ul class=\"wp-block-list\">\n<li>Droit \u00e0 l\u2019information sur vos donn\u00e9es personnelles que nous stockons, l\u2019origine et les destinataires ou cat\u00e9gories de destinataires auxquels les donn\u00e9es personnelles sont transmises.<\/li>\n\n\n\n<li>Droit de rectification si vos donn\u00e9es sont incorrectes ou incompl\u00e8tes.<\/li>\n\n\n\n<li>Droit de limiter le traitement de vos donn\u00e9es personnelles.<\/li>\n\n\n\n<li>Droit de demander la suppression \/ l&rsquo;anonymisation des donn\u00e9es personnelles trait\u00e9es.<\/li>\n\n\n\n<li>Droit \u00e0 la portabilit\u00e9 des donn\u00e9es.<\/li>\n\n\n\n<li>Droit de s&rsquo;opposer \u00e0 un traitement de donn\u00e9es ou de r\u00e9voquer \u00e0 tout moment un consentement au traitement de donn\u00e9es personnelles sans avoir \u00e0 se justifier.<\/li>\n\n\n\n<li>Droit de d\u00e9poser une plainte aupr\u00e8s d&rsquo;une autorit\u00e9 de contr\u00f4le comp\u00e9tente, si la loi le pr\u00e9voit.<\/li>\n<\/ul>\n\n\n\n<p>Pour faire valoir ces droits, veuillez vous adresser \u00e0 l&rsquo;adresse indiqu\u00e9e au point 2.<\/p>\n\n\n\n<p><\/p>\n\n\n\n<p><strong>8. Modification de la d\u00e9claration de confidentialit\u00e9<\/strong><\/p>\n\n\n\n<p>Nous nous r\u00e9servons express\u00e9ment le droit de modifier \u00e0 tout moment la pr\u00e9sente d\u00e9claration de protection des donn\u00e9es. Derni\u00e8re modification : ao\u00fbt 2023<\/p>\n","protected":false},"excerpt":{"rendered":"<p>1. G\u00e9n\u00e9ralit\u00e9s sperrag ag respecte la vie priv\u00e9e de ses clients, fournisseurs et utilisateurs du site Internet. Ces dispositions sur la protection des donn\u00e9es constituent la base du traitement des donn\u00e9es personnelles et indiquent quel type de donn\u00e9es est collect\u00e9 par sperrag ag et comment elle les utilise. sperrag ag respecte les droits de protection [&hellip;]<\/p>\n","protected":false},"author":9,"featured_media":0,"parent":0,"menu_order":0,"comment_status":"closed","ping_status":"closed","template":"","meta":{"_acf_changed":false,"inline_featured_image":false,"footnotes":""},"class_list":["post-4307","page","type-page","status-publish","hentry"],"acf":[],"yoast_head":"<!-- This site is optimized with the Yoast SEO plugin v27.5 - https:\/\/yoast.com\/product\/yoast-seo-wordpress\/ -->\n<title>Protection des donn\u00e9es - sperrag<\/title>\n<meta name=\"description\" content=\"sperrag ag - Vous trouverez ici notre d\u00e9claration de protection des donn\u00e9es.\" \/>\n<meta name=\"robots\" content=\"index, follow, max-snippet:-1, max-image-preview:large, max-video-preview:-1\" \/>\n<link rel=\"canonical\" href=\"https:\/\/sperrag.ch\/fr\/protection-des-donnees\/\" \/>\n<meta property=\"og:locale\" content=\"fr_FR\" \/>\n<meta property=\"og:type\" content=\"article\" \/>\n<meta property=\"og:title\" content=\"Protection des donn\u00e9es - sperrag\" \/>\n<meta property=\"og:description\" content=\"sperrag ag - Vous trouverez ici notre d\u00e9claration de protection des donn\u00e9es.\" \/>\n<meta property=\"og:url\" content=\"https:\/\/sperrag.ch\/fr\/protection-des-donnees\/\" \/>\n<meta property=\"og:site_name\" content=\"sperrag\" \/>\n<meta property=\"article:modified_time\" content=\"2024-10-28T16:31:40+00:00\" \/>\n<meta name=\"twitter:card\" content=\"summary_large_image\" \/>\n<meta name=\"twitter:label1\" content=\"Est. reading time\" \/>\n\t<meta name=\"twitter:data1\" content=\"11 minutes\" \/>\n<script type=\"application\/ld+json\" class=\"yoast-schema-graph\">{\"@context\":\"https:\\\/\\\/schema.org\",\"@graph\":[{\"@type\":\"WebPage\",\"@id\":\"https:\\\/\\\/sperrag.ch\\\/fr\\\/protection-des-donnees\\\/\",\"url\":\"https:\\\/\\\/sperrag.ch\\\/fr\\\/protection-des-donnees\\\/\",\"name\":\"Protection des donn\u00e9es - sperrag\",\"isPartOf\":{\"@id\":\"https:\\\/\\\/sperrag.ch\\\/#website\"},\"datePublished\":\"2023-06-07T13:45:39+00:00\",\"dateModified\":\"2024-10-28T16:31:40+00:00\",\"description\":\"sperrag ag - Vous trouverez ici notre d\u00e9claration de protection des donn\u00e9es.\",\"breadcrumb\":{\"@id\":\"https:\\\/\\\/sperrag.ch\\\/fr\\\/protection-des-donnees\\\/#breadcrumb\"},\"inLanguage\":\"fr-FR\",\"potentialAction\":[{\"@type\":\"ReadAction\",\"target\":[\"https:\\\/\\\/sperrag.ch\\\/fr\\\/protection-des-donnees\\\/\"]}]},{\"@type\":\"BreadcrumbList\",\"@id\":\"https:\\\/\\\/sperrag.ch\\\/fr\\\/protection-des-donnees\\\/#breadcrumb\",\"itemListElement\":[{\"@type\":\"ListItem\",\"position\":1,\"name\":\"Home\",\"item\":\"https:\\\/\\\/sperrag.ch\\\/fr\\\/\"},{\"@type\":\"ListItem\",\"position\":2,\"name\":\"Protection des donn\u00e9es\"}]},{\"@type\":\"WebSite\",\"@id\":\"https:\\\/\\\/sperrag.ch\\\/#website\",\"url\":\"https:\\\/\\\/sperrag.ch\\\/\",\"name\":\"sperrag\",\"description\":\"\",\"publisher\":{\"@id\":\"https:\\\/\\\/sperrag.ch\\\/#organization\"},\"potentialAction\":[{\"@type\":\"SearchAction\",\"target\":{\"@type\":\"EntryPoint\",\"urlTemplate\":\"https:\\\/\\\/sperrag.ch\\\/?s={search_term_string}\"},\"query-input\":{\"@type\":\"PropertyValueSpecification\",\"valueRequired\":true,\"valueName\":\"search_term_string\"}}],\"inLanguage\":\"fr-FR\"},{\"@type\":\"Organization\",\"@id\":\"https:\\\/\\\/sperrag.ch\\\/#organization\",\"name\":\"sperrag ag\",\"url\":\"https:\\\/\\\/sperrag.ch\\\/\",\"logo\":{\"@type\":\"ImageObject\",\"inLanguage\":\"fr-FR\",\"@id\":\"https:\\\/\\\/sperrag.ch\\\/#\\\/schema\\\/logo\\\/image\\\/\",\"url\":\"https:\\\/\\\/sperrag.ch\\\/wp-content\\\/uploads\\\/Sperrag_logo.svg\",\"contentUrl\":\"https:\\\/\\\/sperrag.ch\\\/wp-content\\\/uploads\\\/Sperrag_logo.svg\",\"width\":421,\"height\":89,\"caption\":\"sperrag ag\"},\"image\":{\"@id\":\"https:\\\/\\\/sperrag.ch\\\/#\\\/schema\\\/logo\\\/image\\\/\"},\"sameAs\":[\"https:\\\/\\\/www.linkedin.com\\\/company\\\/sperrag-ag\"]}]}<\/script>\n<!-- \/ Yoast SEO plugin. -->","yoast_head_json":{"title":"Protection des donn\u00e9es - sperrag","description":"sperrag ag - Vous trouverez ici notre d\u00e9claration de protection des donn\u00e9es.","robots":{"index":"index","follow":"follow","max-snippet":"max-snippet:-1","max-image-preview":"max-image-preview:large","max-video-preview":"max-video-preview:-1"},"canonical":"https:\/\/sperrag.ch\/fr\/protection-des-donnees\/","og_locale":"fr_FR","og_type":"article","og_title":"Protection des donn\u00e9es - sperrag","og_description":"sperrag ag - Vous trouverez ici notre d\u00e9claration de protection des donn\u00e9es.","og_url":"https:\/\/sperrag.ch\/fr\/protection-des-donnees\/","og_site_name":"sperrag","article_modified_time":"2024-10-28T16:31:40+00:00","twitter_card":"summary_large_image","twitter_misc":{"Est. reading time":"11 minutes"},"schema":{"@context":"https:\/\/schema.org","@graph":[{"@type":"WebPage","@id":"https:\/\/sperrag.ch\/fr\/protection-des-donnees\/","url":"https:\/\/sperrag.ch\/fr\/protection-des-donnees\/","name":"Protection des donn\u00e9es - sperrag","isPartOf":{"@id":"https:\/\/sperrag.ch\/#website"},"datePublished":"2023-06-07T13:45:39+00:00","dateModified":"2024-10-28T16:31:40+00:00","description":"sperrag ag - Vous trouverez ici notre d\u00e9claration de protection des donn\u00e9es.","breadcrumb":{"@id":"https:\/\/sperrag.ch\/fr\/protection-des-donnees\/#breadcrumb"},"inLanguage":"fr-FR","potentialAction":[{"@type":"ReadAction","target":["https:\/\/sperrag.ch\/fr\/protection-des-donnees\/"]}]},{"@type":"BreadcrumbList","@id":"https:\/\/sperrag.ch\/fr\/protection-des-donnees\/#breadcrumb","itemListElement":[{"@type":"ListItem","position":1,"name":"Home","item":"https:\/\/sperrag.ch\/fr\/"},{"@type":"ListItem","position":2,"name":"Protection des donn\u00e9es"}]},{"@type":"WebSite","@id":"https:\/\/sperrag.ch\/#website","url":"https:\/\/sperrag.ch\/","name":"sperrag","description":"","publisher":{"@id":"https:\/\/sperrag.ch\/#organization"},"potentialAction":[{"@type":"SearchAction","target":{"@type":"EntryPoint","urlTemplate":"https:\/\/sperrag.ch\/?s={search_term_string}"},"query-input":{"@type":"PropertyValueSpecification","valueRequired":true,"valueName":"search_term_string"}}],"inLanguage":"fr-FR"},{"@type":"Organization","@id":"https:\/\/sperrag.ch\/#organization","name":"sperrag ag","url":"https:\/\/sperrag.ch\/","logo":{"@type":"ImageObject","inLanguage":"fr-FR","@id":"https:\/\/sperrag.ch\/#\/schema\/logo\/image\/","url":"https:\/\/sperrag.ch\/wp-content\/uploads\/Sperrag_logo.svg","contentUrl":"https:\/\/sperrag.ch\/wp-content\/uploads\/Sperrag_logo.svg","width":421,"height":89,"caption":"sperrag ag"},"image":{"@id":"https:\/\/sperrag.ch\/#\/schema\/logo\/image\/"},"sameAs":["https:\/\/www.linkedin.com\/company\/sperrag-ag"]}]}},"_links":{"self":[{"href":"https:\/\/sperrag.ch\/fr\/wp-json\/wp\/v2\/pages\/4307","targetHints":{"allow":["GET"]}}],"collection":[{"href":"https:\/\/sperrag.ch\/fr\/wp-json\/wp\/v2\/pages"}],"about":[{"href":"https:\/\/sperrag.ch\/fr\/wp-json\/wp\/v2\/types\/page"}],"author":[{"embeddable":true,"href":"https:\/\/sperrag.ch\/fr\/wp-json\/wp\/v2\/users\/9"}],"replies":[{"embeddable":true,"href":"https:\/\/sperrag.ch\/fr\/wp-json\/wp\/v2\/comments?post=4307"}],"version-history":[{"count":12,"href":"https:\/\/sperrag.ch\/fr\/wp-json\/wp\/v2\/pages\/4307\/revisions"}],"predecessor-version":[{"id":8387,"href":"https:\/\/sperrag.ch\/fr\/wp-json\/wp\/v2\/pages\/4307\/revisions\/8387"}],"wp:attachment":[{"href":"https:\/\/sperrag.ch\/fr\/wp-json\/wp\/v2\/media?parent=4307"}],"curies":[{"name":"wp","href":"https:\/\/api.w.org\/{rel}","templated":true}]}}