{"id":10621,"date":"2026-01-21T13:15:59","date_gmt":"2026-01-21T12:15:59","guid":{"rendered":"https:\/\/sperrag.ch\/?post_type=produkt&#038;p=10621"},"modified":"2026-02-11T14:36:08","modified_gmt":"2026-02-11T13:36:08","slug":"silvadec-forexia-atmosphere","status":"publish","type":"produkt","link":"https:\/\/sperrag.ch\/fr\/produit\/silvadec-forexia-atmosphere\/","title":{"rendered":"Silvadec Forexia\u00ae Nuances"},"content":{"rendered":"\n    <section class=\"header-modal-block scrollMagic-block\" data-uid=\"69f40c8d6171c\">\n                    <p class=\"subtitle-modal\"> <a href=\"https:\/\/sperrag.ch\/fr\/gammes-de-produits\/\" class=\"\">Gammes de produits<\/a><span> > <\/span><a href=\"https:\/\/sperrag.ch\/fr\/gammes-de-produits\/?el=assortiment-pour-terrasses\" class=\"\">Assortiment pour terrasses<\/a> <\/p>\n        \n        <h1 class=\"mb_0\">Silvadec Forexia\u00ae Nuances\n<\/h1>\n    <\/section>\n\n\n\n\n\n\n\n    <section class=\"product-with-info-block white-bg\" id=\"\">\n        <div class=\"cols-block\">\n            <div class=\"left-part-block scrollMagic-block\" data-uid=\"69f40c8d658be\">\n                                    <img decoding=\"async\" src=\"https:\/\/sperrag.ch\/wp-content\/uploads\/Forexia_Atmosphere_Eiche-hell_ProdBild.png\" alt=\"Plus qu'une lame de terrasse\">\n                            <\/div>\n\n            <div class=\"right-part-block scrollMagic-block delay-animation\" data-uid=\"69f40c8d658be-1\">\n                                    <h4>Plus qu&rsquo;une lame de terrasse<\/h4>\n                \n                                    <div class=\"description_block\">\n                        <p>Les lames de terrasse Nuances sont une nouvelle innovation de Silvadec, qui associe \u00e9l\u00e9gance naturelle et performance technique. Les nouvelles lames sont fabriqu\u00e9es selon un proc\u00e9d\u00e9 de production reproduisant fid\u00e8lement l\u2019aspect du bois v\u00e9ritable. Les couleurs restent stables pendant de nombreuses ann\u00e9es, sans traitement sp\u00e9cifique. Elles sont id\u00e9ales pour une utilisation pieds nus\u200a: sans \u00e9chardes et avec une temp\u00e9rature au soleil inf\u00e9rieure \u00e0 celle d\u2019une terrasse en bois exotique.<\/p>\n<p><span class=\"TextRun SCXW182874995 BCX0\" lang=\"FR-FR\" xml:lang=\"FR-FR\" data-contrast=\"auto\"><span class=\"NormalTextRun SCXW182874995 BCX0\">Les propri\u00e9t\u00e9s de <\/span><span class=\"NormalTextRun SpellingErrorV2Themed SCXW182874995 BCX0\">Forexia<\/span><span class=\"NormalTextRun SCXW182874995 BCX0\">\u00ae Atmosph\u00e8re sont le r\u00e9sultat d&rsquo;une innovation technologique. Les profil\u00e9s bross\u00e9s sont imperm\u00e9ables, r\u00e9sistants aux taches et extr\u00eamement antid\u00e9rapants. Le bois composite brevet\u00e9, avec sa couleur vive, assure une \u00e9l\u00e9gance ext\u00e9rieure facile \u00e0 entretenir. <\/span><span class=\"NormalTextRun SpellingErrorV2Themed SCXW182874995 BCX0\">Forexia<\/span><span class=\"NormalTextRun SCXW182874995 BCX0\">\u00ae est un mat\u00e9riau composite imputrescible, avec une teneur en bois de 70%. Les profil\u00e9s de la s\u00e9rie Atmosph\u00e8re sont en outre rev\u00eatus d&rsquo;une couche de protection en polym\u00e8re extr\u00eamement efficace. Les images peuvent diff\u00e9rer de l&rsquo;original.<\/span><\/span><\/p>\n<ul>\n<li><a href=\"https:\/\/fr-ch.silvadec.com\/mon-projet\" target=\"_blank\" rel=\"noopener\">Configurateur Terrasses Forexia<\/a><\/li>\n<li><a href=\"https:\/\/fr.silvadec.com\/infotheque\/principes-de-pose-terrasse-accessoires\" target=\"_blank\" rel=\"noopener\">Notices de montage<\/a><\/li>\n<li><a href=\"https:\/\/fr.silvadec.com\/wp-content\/pdf\/fr-fe06.pdf\">Conseil d&rsquo;entretien<\/a><\/li>\n<li><a href=\"https:\/\/fr-ch.silvadec.com\/infotheque\/les-fiches-techniques-terrasse\">Fiche technique Forexia Atmosph\u00e8re<\/a><\/li>\n<\/ul>\n                    <\/div>\n                \n                <div class=\"mediums-block\">\n                                <a href=\"https:\/\/sperrag.ch\/wp-content\/uploads\/Flyer_Silvadec-Forexia-Claustra_01-26-fr.pdf\" class=\"medium-block \" target=\"_blank\">\n                                                <div>\n                        <i class=\"fa-thin fa-file-pdf\"><\/i>\n                    <\/div>\n                \n                <div>\n                    <span><strong>Flyer Forexia\u00ae et Claustra<\/strong><\/span>\n                    <p class=\"mb_0\"><\/p>\n                <\/div>\n            <\/a>\n                                        <a href=\"https:\/\/sperrag.ch\/wp-content\/uploads\/FR_CATALOGUE_PRO_2026_web-low.pdf\" class=\"medium-block \" target=\"_blank\">\n                                                <div>\n                        <i class=\"fa-thin fa-file-pdf\"><\/i>\n                    <\/div>\n                \n                <div>\n                    <span><strong>Catalogue Silvadec 2026<\/strong><\/span>\n                    <p class=\"mb_0\"><\/p>\n                <\/div>\n            <\/a>\n            <\/div>\n            <\/div>\n        <\/div>\n    <\/section>\n\n\n\n\n\n\n\n\n\n                        <div class=\"products-no-slider-sub-category-block\">\n                <div class=\"product-cards\">\n                    \n<a href=\"https:\/\/sperrag.ch\/fr\/produit\/forexia-atmosphere-ipe-fr\/\" data-fancybox data-src=\"https:\/\/sperrag.ch\/wp-content\/uploads\/Silvadec_Forexia_Atmosphere_Ipe.jpg\" data-caption=\"bros\u00e9e\" class=\"product-card  not-open-modal\" data-paginationmobilepage=\"\" data-modalpostid=\"4819\" data-parentpageid=\"10621\">\n    <div class=\"product-card-inner-container\">\n        <h4 class=\"heading-h5 mb_0\">Forexia\u00ae Atmosph\u00e8re<br>Ip\u00e9<\/h4>\n\n        <div class=\"product-card-cols\">\n            <div class=\"product-card-image\" style=\"background-image: url('https:\/\/sperrag.ch\/wp-content\/uploads\/Silvadec_Forexia_Atmosphere_Ipe.jpg')\">\n                <div class=\"product-number-block\">\n                    <span>1<\/span>\n\n                                    <\/div>\n            <\/div>\n\n            <div class=\"product-meta-block\">\n                                    <p class=\"text-medium text-black mb_0\">bros\u00e9e<\/p>\n                \n                                    <div class=\"button-block\">\n                        <div class=\"btn-merklist btn-merklist-small btn-merklist-full-width add-to-merkliste \" data-type=\"produkt\" data-id=\"4819\">\n                            <div>\n                                Liste de suivi                            <\/div>\n                        <\/div>\n                    <\/div>\n                            <\/div>\n        <\/div>\n    <\/div>\n<\/a>\n\n<a href=\"https:\/\/sperrag.ch\/fr\/produit\/forexia-atmosphere\/\" data-fancybox data-src=\"https:\/\/sperrag.ch\/wp-content\/uploads\/Forexia_Atmosphere_Eiche-hell_ProdBild.png\" data-caption=\"bros\u00e9e\" class=\"product-card  not-open-modal\" data-paginationmobilepage=\"\" data-modalpostid=\"9565\" data-parentpageid=\"10621\">\n    <div class=\"product-card-inner-container\">\n        <h4 class=\"heading-h5 mb_0\">Forexia\u00ae Nuances<br>Ch\u00eane clair<\/h4>\n\n        <div class=\"product-card-cols\">\n            <div class=\"product-card-image\" style=\"background-image: url('https:\/\/sperrag.ch\/wp-content\/uploads\/Forexia_Atmosphere_Eiche-hell_ProdBild.png')\">\n                <div class=\"product-number-block\">\n                    <span>2<\/span>\n\n                                            <div class=\"product-new\">\n                            NEW                        <\/div>\n                                    <\/div>\n            <\/div>\n\n            <div class=\"product-meta-block\">\n                                    <p class=\"text-medium text-black mb_0\">bros\u00e9e<\/p>\n                \n                                    <div class=\"button-block\">\n                        <div class=\"btn-merklist btn-merklist-small btn-merklist-full-width add-to-merkliste \" data-type=\"produkt\" data-id=\"9565\">\n                            <div>\n                                Liste de suivi                            <\/div>\n                        <\/div>\n                    <\/div>\n                            <\/div>\n        <\/div>\n    <\/div>\n<\/a>\n\n<a href=\"https:\/\/sperrag.ch\/fr\/produit\/composition-de-terrasse-silvadec-terrasse\/\" data-fancybox data-src=\"https:\/\/sperrag.ch\/wp-content\/uploads\/zuebhoer-terasse-fr-1200x691.png\" data-caption=\"Lames et accessoires\" class=\"product-card  not-open-modal\" data-paginationmobilepage=\"\" data-modalpostid=\"9874\" data-parentpageid=\"10621\">\n    <div class=\"product-card-inner-container\">\n        <h4 class=\"heading-h5 mb_0\">Composition de terrasse<\/h4>\n\n        <div class=\"product-card-cols\">\n            <div class=\"product-card-image\" style=\"background-image: url('https:\/\/sperrag.ch\/wp-content\/uploads\/zuebhoer-terasse-fr-1200x691.png')\">\n                <div class=\"product-number-block\">\n                    <span>3<\/span>\n\n                                    <\/div>\n            <\/div>\n\n            <div class=\"product-meta-block\">\n                                    <p class=\"text-medium text-black mb_0\">Lames et accessoires<\/p>\n                \n                                    <div class=\"button-block\">\n                        <div class=\"btn-merklist btn-merklist-small btn-merklist-full-width add-to-merkliste \" data-type=\"produkt\" data-id=\"9874\">\n                            <div>\n                                Liste de suivi                            <\/div>\n                        <\/div>\n                    <\/div>\n                            <\/div>\n        <\/div>\n    <\/div>\n<\/a>\n                <\/div>\n            <\/div>\n        \n                    <div class=\"products-no-slider-sub-category-block\">\n                <div class=\"product-cards-mobile-wrapper silvadec-forexia-nuances\" data-page=\"1\" data-maxnumpages=\"1\">\n                    <div class=\"loading_fade\"><\/div>\n\n                    <div class=\"product-cards-mobile\">\n                        \n<a href=\"https:\/\/sperrag.ch\/fr\/produit\/forexia-atmosphere-ipe-fr\/\" data-fancybox data-src=\"https:\/\/sperrag.ch\/wp-content\/uploads\/Silvadec_Forexia_Atmosphere_Ipe.jpg\" data-caption=\"bros\u00e9e\" class=\"product-card  not-open-modal\" data-paginationmobilepage=\"1\" data-modalpostid=\"4819\" data-parentpageid=\"10621\">\n    <div class=\"product-card-inner-container\">\n        <h4 class=\"heading-h5 mb_0\">Forexia\u00ae Atmosph\u00e8re<br>Ip\u00e9<\/h4>\n\n        <div class=\"product-card-cols\">\n            <div class=\"product-card-image\" style=\"background-image: url('https:\/\/sperrag.ch\/wp-content\/uploads\/Silvadec_Forexia_Atmosphere_Ipe.jpg')\">\n                <div class=\"product-number-block\">\n                    <span>1<\/span>\n\n                                    <\/div>\n            <\/div>\n\n            <div class=\"product-meta-block\">\n                                    <p class=\"text-medium text-black mb_0\">bros\u00e9e<\/p>\n                \n                                    <div class=\"button-block\">\n                        <div class=\"btn-merklist btn-merklist-small btn-merklist-full-width add-to-merkliste \" data-type=\"produkt\" data-id=\"4819\">\n                            <div>\n                                Liste de suivi                            <\/div>\n                        <\/div>\n                    <\/div>\n                            <\/div>\n        <\/div>\n    <\/div>\n<\/a>\n\n<a href=\"https:\/\/sperrag.ch\/fr\/produit\/forexia-atmosphere\/\" data-fancybox data-src=\"https:\/\/sperrag.ch\/wp-content\/uploads\/Forexia_Atmosphere_Eiche-hell_ProdBild.png\" data-caption=\"bros\u00e9e\" class=\"product-card  not-open-modal\" data-paginationmobilepage=\"1\" data-modalpostid=\"9565\" data-parentpageid=\"10621\">\n    <div class=\"product-card-inner-container\">\n        <h4 class=\"heading-h5 mb_0\">Forexia\u00ae Nuances<br>Ch\u00eane clair<\/h4>\n\n        <div class=\"product-card-cols\">\n            <div class=\"product-card-image\" style=\"background-image: url('https:\/\/sperrag.ch\/wp-content\/uploads\/Forexia_Atmosphere_Eiche-hell_ProdBild.png')\">\n                <div class=\"product-number-block\">\n                    <span>2<\/span>\n\n                                            <div class=\"product-new\">\n                            NEW                        <\/div>\n                                    <\/div>\n            <\/div>\n\n            <div class=\"product-meta-block\">\n                                    <p class=\"text-medium text-black mb_0\">bros\u00e9e<\/p>\n                \n                                    <div class=\"button-block\">\n                        <div class=\"btn-merklist btn-merklist-small btn-merklist-full-width add-to-merkliste \" data-type=\"produkt\" data-id=\"9565\">\n                            <div>\n                                Liste de suivi                            <\/div>\n                        <\/div>\n                    <\/div>\n                            <\/div>\n        <\/div>\n    <\/div>\n<\/a>\n\n<a href=\"https:\/\/sperrag.ch\/fr\/produit\/composition-de-terrasse-silvadec-terrasse\/\" data-fancybox data-src=\"https:\/\/sperrag.ch\/wp-content\/uploads\/zuebhoer-terasse-fr-1200x691.png\" data-caption=\"Lames et accessoires\" class=\"product-card  not-open-modal\" data-paginationmobilepage=\"1\" data-modalpostid=\"9874\" data-parentpageid=\"10621\">\n    <div class=\"product-card-inner-container\">\n        <h4 class=\"heading-h5 mb_0\">Composition de terrasse<\/h4>\n\n        <div class=\"product-card-cols\">\n            <div class=\"product-card-image\" style=\"background-image: url('https:\/\/sperrag.ch\/wp-content\/uploads\/zuebhoer-terasse-fr-1200x691.png')\">\n                <div class=\"product-number-block\">\n                    <span>3<\/span>\n\n                                    <\/div>\n            <\/div>\n\n            <div class=\"product-meta-block\">\n                                    <p class=\"text-medium text-black mb_0\">Lames et accessoires<\/p>\n                \n                                    <div class=\"button-block\">\n                        <div class=\"btn-merklist btn-merklist-small btn-merklist-full-width add-to-merkliste \" data-type=\"produkt\" data-id=\"9874\">\n                            <div>\n                                Liste de suivi                            <\/div>\n                        <\/div>\n                    <\/div>\n                            <\/div>\n        <\/div>\n    <\/div>\n<\/a>\n                    <\/div>\n\n                                    <\/div>\n            <\/div>\n            \n\n\n\n\n\n\n\n    <section class=\"divider-block white-bg super-small\"><\/section>\n\n\n\n\n\n","protected":false},"featured_media":9562,"template":"","produkt_rubrik":[153],"class_list":["post-10621","produkt","type-produkt","status-publish","has-post-thumbnail","hentry","produkt_rubrik-assortiment-pour-terrasses"],"acf":[],"yoast_head":"<!-- This site is optimized with the Yoast SEO plugin v27.5 - https:\/\/yoast.com\/product\/yoast-seo-wordpress\/ -->\n<title>Silvadec Forexia\u00ae Nuances - sperrag<\/title>\n<meta name=\"description\" content=\"Les qualit\u00e9s de Forexia\u00ae Atmosph\u00e8re sont le fruit d\u2018une innovation technologique.\" \/>\n<meta name=\"robots\" content=\"index, follow, max-snippet:-1, max-image-preview:large, max-video-preview:-1\" \/>\n<link rel=\"canonical\" href=\"https:\/\/sperrag.ch\/fr\/produit\/silvadec-forexia-atmosphere\/\" \/>\n<meta property=\"og:locale\" content=\"fr_FR\" \/>\n<meta property=\"og:type\" content=\"article\" \/>\n<meta property=\"og:title\" content=\"Silvadec Forexia\u00ae Nuances - sperrag\" \/>\n<meta property=\"og:description\" content=\"Les qualit\u00e9s de Forexia\u00ae Atmosph\u00e8re sont le fruit d\u2018une innovation technologique.\" \/>\n<meta property=\"og:url\" content=\"https:\/\/sperrag.ch\/fr\/produit\/silvadec-forexia-atmosphere\/\" \/>\n<meta property=\"og:site_name\" content=\"sperrag\" \/>\n<meta property=\"article:modified_time\" content=\"2026-02-11T13:36:08+00:00\" \/>\n<meta property=\"og:image\" content=\"https:\/\/sperrag.ch\/wp-content\/uploads\/Forexia_Atmosphere_Eiche-hell_ProdBild.png\" \/>\n\t<meta property=\"og:image:width\" content=\"659\" \/>\n\t<meta property=\"og:image:height\" content=\"423\" \/>\n\t<meta property=\"og:image:type\" content=\"image\/png\" \/>\n<meta name=\"twitter:card\" content=\"summary_large_image\" \/>\n<meta name=\"twitter:label1\" content=\"Est. reading time\" \/>\n\t<meta name=\"twitter:data1\" content=\"1 minute\" \/>\n<script type=\"application\/ld+json\" class=\"yoast-schema-graph\">{\"@context\":\"https:\\\/\\\/schema.org\",\"@graph\":[{\"@type\":\"WebPage\",\"@id\":\"https:\\\/\\\/sperrag.ch\\\/fr\\\/produit\\\/silvadec-forexia-atmosphere\\\/\",\"url\":\"https:\\\/\\\/sperrag.ch\\\/fr\\\/produit\\\/silvadec-forexia-atmosphere\\\/\",\"name\":\"Silvadec Forexia\u00ae Nuances - sperrag\",\"isPartOf\":{\"@id\":\"https:\\\/\\\/sperrag.ch\\\/#website\"},\"primaryImageOfPage\":{\"@id\":\"https:\\\/\\\/sperrag.ch\\\/fr\\\/produit\\\/silvadec-forexia-atmosphere\\\/#primaryimage\"},\"image\":{\"@id\":\"https:\\\/\\\/sperrag.ch\\\/fr\\\/produit\\\/silvadec-forexia-atmosphere\\\/#primaryimage\"},\"thumbnailUrl\":\"https:\\\/\\\/sperrag.ch\\\/wp-content\\\/uploads\\\/Forexia_Atmosphere_Eiche-hell_ProdBild.png\",\"datePublished\":\"2026-01-21T12:15:59+00:00\",\"dateModified\":\"2026-02-11T13:36:08+00:00\",\"description\":\"Les qualit\u00e9s de Forexia\u00ae Atmosph\u00e8re sont le fruit d\u2018une innovation technologique.\",\"breadcrumb\":{\"@id\":\"https:\\\/\\\/sperrag.ch\\\/fr\\\/produit\\\/silvadec-forexia-atmosphere\\\/#breadcrumb\"},\"inLanguage\":\"fr-FR\",\"potentialAction\":[{\"@type\":\"ReadAction\",\"target\":[\"https:\\\/\\\/sperrag.ch\\\/fr\\\/produit\\\/silvadec-forexia-atmosphere\\\/\"]}]},{\"@type\":\"ImageObject\",\"inLanguage\":\"fr-FR\",\"@id\":\"https:\\\/\\\/sperrag.ch\\\/fr\\\/produit\\\/silvadec-forexia-atmosphere\\\/#primaryimage\",\"url\":\"https:\\\/\\\/sperrag.ch\\\/wp-content\\\/uploads\\\/Forexia_Atmosphere_Eiche-hell_ProdBild.png\",\"contentUrl\":\"https:\\\/\\\/sperrag.ch\\\/wp-content\\\/uploads\\\/Forexia_Atmosphere_Eiche-hell_ProdBild.png\",\"width\":659,\"height\":423},{\"@type\":\"BreadcrumbList\",\"@id\":\"https:\\\/\\\/sperrag.ch\\\/fr\\\/produit\\\/silvadec-forexia-atmosphere\\\/#breadcrumb\",\"itemListElement\":[{\"@type\":\"ListItem\",\"position\":1,\"name\":\"Home\",\"item\":\"https:\\\/\\\/sperrag.ch\\\/fr\\\/\"},{\"@type\":\"ListItem\",\"position\":2,\"name\":\"Produkte\",\"item\":\"https:\\\/\\\/sperrag.ch\\\/produkt\\\/\"},{\"@type\":\"ListItem\",\"position\":3,\"name\":\"Silvadec Forexia\u00ae Nuances\"}]},{\"@type\":\"WebSite\",\"@id\":\"https:\\\/\\\/sperrag.ch\\\/#website\",\"url\":\"https:\\\/\\\/sperrag.ch\\\/\",\"name\":\"sperrag\",\"description\":\"\",\"publisher\":{\"@id\":\"https:\\\/\\\/sperrag.ch\\\/#organization\"},\"potentialAction\":[{\"@type\":\"SearchAction\",\"target\":{\"@type\":\"EntryPoint\",\"urlTemplate\":\"https:\\\/\\\/sperrag.ch\\\/?s={search_term_string}\"},\"query-input\":{\"@type\":\"PropertyValueSpecification\",\"valueRequired\":true,\"valueName\":\"search_term_string\"}}],\"inLanguage\":\"fr-FR\"},{\"@type\":\"Organization\",\"@id\":\"https:\\\/\\\/sperrag.ch\\\/#organization\",\"name\":\"sperrag ag\",\"url\":\"https:\\\/\\\/sperrag.ch\\\/\",\"logo\":{\"@type\":\"ImageObject\",\"inLanguage\":\"fr-FR\",\"@id\":\"https:\\\/\\\/sperrag.ch\\\/#\\\/schema\\\/logo\\\/image\\\/\",\"url\":\"https:\\\/\\\/sperrag.ch\\\/wp-content\\\/uploads\\\/Sperrag_logo.svg\",\"contentUrl\":\"https:\\\/\\\/sperrag.ch\\\/wp-content\\\/uploads\\\/Sperrag_logo.svg\",\"width\":421,\"height\":89,\"caption\":\"sperrag ag\"},\"image\":{\"@id\":\"https:\\\/\\\/sperrag.ch\\\/#\\\/schema\\\/logo\\\/image\\\/\"},\"sameAs\":[\"https:\\\/\\\/www.linkedin.com\\\/company\\\/sperrag-ag\"]}]}<\/script>\n<!-- \/ Yoast SEO plugin. -->","yoast_head_json":{"title":"Silvadec Forexia\u00ae Nuances - sperrag","description":"Les qualit\u00e9s de Forexia\u00ae Atmosph\u00e8re sont le fruit d\u2018une innovation technologique.","robots":{"index":"index","follow":"follow","max-snippet":"max-snippet:-1","max-image-preview":"max-image-preview:large","max-video-preview":"max-video-preview:-1"},"canonical":"https:\/\/sperrag.ch\/fr\/produit\/silvadec-forexia-atmosphere\/","og_locale":"fr_FR","og_type":"article","og_title":"Silvadec Forexia\u00ae Nuances - sperrag","og_description":"Les qualit\u00e9s de Forexia\u00ae Atmosph\u00e8re sont le fruit d\u2018une innovation technologique.","og_url":"https:\/\/sperrag.ch\/fr\/produit\/silvadec-forexia-atmosphere\/","og_site_name":"sperrag","article_modified_time":"2026-02-11T13:36:08+00:00","og_image":[{"width":659,"height":423,"url":"https:\/\/sperrag.ch\/wp-content\/uploads\/Forexia_Atmosphere_Eiche-hell_ProdBild.png","type":"image\/png"}],"twitter_card":"summary_large_image","twitter_misc":{"Est. reading time":"1 minute"},"schema":{"@context":"https:\/\/schema.org","@graph":[{"@type":"WebPage","@id":"https:\/\/sperrag.ch\/fr\/produit\/silvadec-forexia-atmosphere\/","url":"https:\/\/sperrag.ch\/fr\/produit\/silvadec-forexia-atmosphere\/","name":"Silvadec Forexia\u00ae Nuances - sperrag","isPartOf":{"@id":"https:\/\/sperrag.ch\/#website"},"primaryImageOfPage":{"@id":"https:\/\/sperrag.ch\/fr\/produit\/silvadec-forexia-atmosphere\/#primaryimage"},"image":{"@id":"https:\/\/sperrag.ch\/fr\/produit\/silvadec-forexia-atmosphere\/#primaryimage"},"thumbnailUrl":"https:\/\/sperrag.ch\/wp-content\/uploads\/Forexia_Atmosphere_Eiche-hell_ProdBild.png","datePublished":"2026-01-21T12:15:59+00:00","dateModified":"2026-02-11T13:36:08+00:00","description":"Les qualit\u00e9s de Forexia\u00ae Atmosph\u00e8re sont le fruit d\u2018une innovation technologique.","breadcrumb":{"@id":"https:\/\/sperrag.ch\/fr\/produit\/silvadec-forexia-atmosphere\/#breadcrumb"},"inLanguage":"fr-FR","potentialAction":[{"@type":"ReadAction","target":["https:\/\/sperrag.ch\/fr\/produit\/silvadec-forexia-atmosphere\/"]}]},{"@type":"ImageObject","inLanguage":"fr-FR","@id":"https:\/\/sperrag.ch\/fr\/produit\/silvadec-forexia-atmosphere\/#primaryimage","url":"https:\/\/sperrag.ch\/wp-content\/uploads\/Forexia_Atmosphere_Eiche-hell_ProdBild.png","contentUrl":"https:\/\/sperrag.ch\/wp-content\/uploads\/Forexia_Atmosphere_Eiche-hell_ProdBild.png","width":659,"height":423},{"@type":"BreadcrumbList","@id":"https:\/\/sperrag.ch\/fr\/produit\/silvadec-forexia-atmosphere\/#breadcrumb","itemListElement":[{"@type":"ListItem","position":1,"name":"Home","item":"https:\/\/sperrag.ch\/fr\/"},{"@type":"ListItem","position":2,"name":"Produkte","item":"https:\/\/sperrag.ch\/produkt\/"},{"@type":"ListItem","position":3,"name":"Silvadec Forexia\u00ae Nuances"}]},{"@type":"WebSite","@id":"https:\/\/sperrag.ch\/#website","url":"https:\/\/sperrag.ch\/","name":"sperrag","description":"","publisher":{"@id":"https:\/\/sperrag.ch\/#organization"},"potentialAction":[{"@type":"SearchAction","target":{"@type":"EntryPoint","urlTemplate":"https:\/\/sperrag.ch\/?s={search_term_string}"},"query-input":{"@type":"PropertyValueSpecification","valueRequired":true,"valueName":"search_term_string"}}],"inLanguage":"fr-FR"},{"@type":"Organization","@id":"https:\/\/sperrag.ch\/#organization","name":"sperrag ag","url":"https:\/\/sperrag.ch\/","logo":{"@type":"ImageObject","inLanguage":"fr-FR","@id":"https:\/\/sperrag.ch\/#\/schema\/logo\/image\/","url":"https:\/\/sperrag.ch\/wp-content\/uploads\/Sperrag_logo.svg","contentUrl":"https:\/\/sperrag.ch\/wp-content\/uploads\/Sperrag_logo.svg","width":421,"height":89,"caption":"sperrag ag"},"image":{"@id":"https:\/\/sperrag.ch\/#\/schema\/logo\/image\/"},"sameAs":["https:\/\/www.linkedin.com\/company\/sperrag-ag"]}]}},"_links":{"self":[{"href":"https:\/\/sperrag.ch\/fr\/wp-json\/wp\/v2\/produkt\/10621","targetHints":{"allow":["GET"]}}],"collection":[{"href":"https:\/\/sperrag.ch\/fr\/wp-json\/wp\/v2\/produkt"}],"about":[{"href":"https:\/\/sperrag.ch\/fr\/wp-json\/wp\/v2\/types\/produkt"}],"wp:featuredmedia":[{"embeddable":true,"href":"https:\/\/sperrag.ch\/fr\/wp-json\/wp\/v2\/media\/9562"}],"wp:attachment":[{"href":"https:\/\/sperrag.ch\/fr\/wp-json\/wp\/v2\/media?parent=10621"}],"wp:term":[{"taxonomy":"produkt_rubrik","embeddable":true,"href":"https:\/\/sperrag.ch\/fr\/wp-json\/wp\/v2\/produkt_rubrik?post=10621"}],"curies":[{"name":"wp","href":"https:\/\/api.w.org\/{rel}","templated":true}]}}