{"id":11083,"date":"2024-08-20T09:44:52","date_gmt":"2024-08-20T07:44:52","guid":{"rendered":"https:\/\/sperrag.ch\/?post_type=produkt&#038;p=11083"},"modified":"2026-04-27T13:35:24","modified_gmt":"2026-04-27T11:35:24","slug":"panneaux-rf1-2","status":"publish","type":"produkt","link":"https:\/\/sperrag.ch\/fr\/produit\/panneaux-rf1-2\/","title":{"rendered":"Panneaux RF1"},"content":{"rendered":"\n    <section class=\"header-modal-block scrollMagic-block\" data-uid=\"69f49ba5adf42\">\n                    <p class=\"subtitle-modal\"> <a href=\"https:\/\/sperrag.ch\/fr\/gammes-de-produits\/\" class=\"\">Gammes de produits<\/a><span> > <\/span><a href=\"https:\/\/sperrag.ch\/fr\/gammes-de-produits\/?el=gamme-de-protection-contre-les-incendies\" class=\"\">Gamme de protection contre les incendies<\/a> <\/p>\n        \n        <h1 class=\"mb_0\">Panneaux RF1\n<\/h1>\n    <\/section>\n\n\n\n\n\n\n\n    <section class=\"product-with-info-block white-bg\" id=\"\">\n        <div class=\"cols-block\">\n            <div class=\"left-part-block scrollMagic-block\" data-uid=\"69f49ba5b264e\">\n                                    <img decoding=\"async\" src=\"https:\/\/sperrag.ch\/wp-content\/uploads\/VeroBoard-Element-Eiche-Euro-A-Frontqualitaet-B-Brettcharakter_03_1000x667px-800x534.jpg\" alt=\" Panneaux RF1 \u2013 non combustible\">\n                            <\/div>\n\n            <div class=\"right-part-block scrollMagic-block delay-animation\" data-uid=\"69f49ba5b264e-1\">\n                                    <h4> Panneaux RF1 \u2013 non combustible<\/h4>\n                \n                                    <div class=\"description_block\">\n                        <p>Le feu n\u2019a aucune chance ici !<\/p>\n                    <\/div>\n                \n                            <\/div>\n        <\/div>\n    <\/section>\n\n\n\n\n\n\n\n\n\n            <section class=\"products-slider-sub-category-block white-bg scrollMagic-block\" id=\"\" data-uid=\"69f49ba5b3a4d\">\n            <div class=\"accordion-block products\">\n                <div class=\"accordion-inner-container\">\n                                            <div class=\"accordion-item\" id=\"veroboard-roh-fr\">\n                            <div class=\"accordion-item-header-container\">\n                                <h2 class=\"accordion-item-header-text mb_0 \" data-number=\"0\">\n                                    VeroBoard\u00aeElement brut                                <\/h2>\n                            <\/div>\n\n                            <div class=\"accordion-content-block\" >\n                                                                    <div class=\"rubrik-info-block sub-cat-rubrik-info-block\">\n                                        <div class=\"rubrik-text-block\">\n                                                                                            <h4 class=\"\">RF1 panneau incombustible VeroBoard\u00aeElement\n<\/h4>\n                                            \n                                                                                            <div class=\"description_block\"><p>Panneau incombustible Verolith\u00ae, brute, en roche de verre volcanique<\/p>\n<p>Qu&rsquo;est-ce qui se cache derri\u00e8re VeroBoard\u00aeElement? L&rsquo;id\u00e9e c\u2019est de transformer de la roche en un panneau l\u00e9ger, qui est \u00e0 la fois d&rsquo;origine naturelle et qui peut \u00eatre fabriqu\u00e9 sans additifs<br \/>\nchimiques. Le panneau est l\u00e9ger, r\u00e9sistant \u00e0 la compression et surtout incombustible. Verolith\u00ae est une roche de verre volcanique disponible en grandes quantit\u00e9s dans le monde entier.<br \/>\nGr\u00e2ce \u00e0 un proc\u00e9d\u00e9 de fabrication d\u00e9velopp\u00e9 et brevet\u00e9, notre fabricant a conf\u00e9r\u00e9 \u00e0 ce produit des propri\u00e9t\u00e9s tr\u00e8s particuli\u00e8res: Une grande stabilit\u00e9 \u00e0 la pression, une faible absorption d&rsquo;eau, une r\u00e9duction de poids d&rsquo;environ 60% par rapport au mat\u00e9riau d&rsquo;origine et une consommation d&rsquo;\u00e9nergie r\u00e9duite de moiti\u00e9 par rapport aux proc\u00e9d\u00e9s de fabrication traditionnels.<\/p>\n<p>Pour toutes les applications \u00e0 l&rsquo;int\u00e9rieur comme \u00e0 l&rsquo;ext\u00e9rieur \u25a0 Non inflammable RF1 \u25a0 L\u00e9ger \u25a0 Stable \u25a0 R\u00e9sistant au gel \u25a0 Multiples possibilit\u00e9s de rev\u00eatement \u25a0 Faible taux d&rsquo;\u00e9mission<br \/>\n\u25a0 Sans substances nocives \u25a0 Exempt de formald\u00e9hyde et de solvants \u25a0 Tr\u00e8s bonnes valeurs au test d&rsquo;extraction de vis<\/p>\n<\/div>\n                                                                                    <\/div>\n\n                                        <div class=\"rubrik-medium-block\">\n                                            <div class=\"mediums-block\">\n                                <a href=\"https:\/\/sperrag.ch\/wp-content\/uploads\/Flyer_VeroBoard-fr.pdf\" class=\"medium-block small_mb\" target=\"_blank\">\n                                                <div>\n                        <i class=\"fa-thin fa-file-pdf\"><\/i>\n                    <\/div>\n                \n                <div>\n                    <span><strong>Flyer_FR_VeroBoard\u00ae RF1 &#8211; Le panneau l\u00e9ger dans notre famille de protection contre l&rsquo;incendie<\/strong><\/span>\n                    <p class=\"mb_0\"><\/p>\n                <\/div>\n            <\/a>\n                                        <a href=\"https:\/\/sperrag.ch\/wp-content\/uploads\/Flyer_Veroboard-Klebstoffempfehlung-fr.pdf\" class=\"medium-block small_mb\" target=\"_blank\">\n                                                <div>\n                        <i class=\"fa-thin fa-file-pdf\"><\/i>\n                    <\/div>\n                \n                <div>\n                    <span><strong>Veroboard\u00ae Recommandations d\u2019encollage<\/strong><\/span>\n                    <p class=\"mb_0\"><\/p>\n                <\/div>\n            <\/a>\n                                        <a href=\"https:\/\/sperrag.ch\/wp-content\/uploads\/VKF-TA-40161-Veroboard-Element_franz.pdf\" class=\"medium-block small_mb\" target=\"_blank\">\n                                                <div>\n                        <i class=\"fa-thin fa-file-pdf\"><\/i>\n                    <\/div>\n                \n                <div>\n                    <span><strong>VKF 40161 \/ Veroboard Element (RF1)<\/strong><\/span>\n                    <p class=\"mb_0\"><\/p>\n                <\/div>\n            <\/a>\n            <\/div>\n                                        <\/div>\n                                    <\/div>\n                                \n                                                                    <div class=\"product-cards\">\n                                        \n<a href=\"https:\/\/sperrag.ch\/fr\/produit\/veroboard-element-brut-incombustible-sperrag\/\" data-fancybox data-src=\"https:\/\/sperrag.ch\/wp-content\/uploads\/Brandschutz_VeroBoard_Element_018aa_BB_1000x667px-1200x801.jpg\" data-caption=\"Panneau Verolith\u00ae en roche de verre volcanique\" class=\"product-card  not-open-modal\" data-paginationmobilepage=\"\" data-modalpostid=\"9000\" data-parentpageid=\"11083\">\n    <div class=\"product-card-inner-container\">\n        <h4 class=\"heading-h5 mb_0\">VeroBoard\u00aeElement<br>brut<\/h4>\n\n        <div class=\"product-card-cols\">\n            <div class=\"product-card-image\" style=\"background-image: url('https:\/\/sperrag.ch\/wp-content\/uploads\/Brandschutz_VeroBoard_Element_018aa_BB_1000x667px-1200x801.jpg')\">\n                <div class=\"product-number-block\">\n                    <span>1<\/span>\n\n                                    <\/div>\n            <\/div>\n\n            <div class=\"product-meta-block\">\n                                    <p class=\"text-medium text-black mb_0\">Panneau Verolith\u00ae en roche de verre volcanique<\/p>\n                \n                                    <div class=\"button-block\">\n                        <div class=\"btn-merklist btn-merklist-small btn-merklist-full-width add-to-merkliste \" data-type=\"produkt\" data-id=\"9000\">\n                            <div>\n                                Liste de suivi                            <\/div>\n                        <\/div>\n                    <\/div>\n                            <\/div>\n        <\/div>\n    <\/div>\n<\/a>\n\n<a href=\"https:\/\/sperrag.ch\/fr\/produit\/veroboardelementroh-kalibriert\/\" data-fancybox data-src=\"https:\/\/sperrag.ch\/wp-content\/uploads\/Brandschutz_VeroBoard_Element_018aa_BB_1000x667px-1200x801.jpg\" data-caption=\"Panneau Verolith\u00ae en roche  de verre volcanique, calibr\u00e9 pour rev\u00eatement\/plaquage\" class=\"product-card  not-open-modal\" data-paginationmobilepage=\"\" data-modalpostid=\"11016\" data-parentpageid=\"11083\">\n    <div class=\"product-card-inner-container\">\n        <h4 class=\"heading-h5 mb_0\">VeroBoard\u00aeElement<br>brut, calibr\u00e9<\/h4>\n\n        <div class=\"product-card-cols\">\n            <div class=\"product-card-image\" style=\"background-image: url('https:\/\/sperrag.ch\/wp-content\/uploads\/Brandschutz_VeroBoard_Element_018aa_BB_1000x667px-1200x801.jpg')\">\n                <div class=\"product-number-block\">\n                    <span>2<\/span>\n\n                                            <div class=\"product-new\">\n                            NEW                        <\/div>\n                                    <\/div>\n            <\/div>\n\n            <div class=\"product-meta-block\">\n                                    <p class=\"text-medium text-black mb_0\">Panneau Verolith\u00ae en roche  de verre volcanique, calibr\u00e9 pour rev\u00eatement\/plaquage<\/p>\n                \n                                    <div class=\"button-block\">\n                        <div class=\"btn-merklist btn-merklist-small btn-merklist-full-width add-to-merkliste \" data-type=\"produkt\" data-id=\"11016\">\n                            <div>\n                                Liste de suivi                            <\/div>\n                        <\/div>\n                    <\/div>\n                            <\/div>\n        <\/div>\n    <\/div>\n<\/a>\n                                    <\/div>\n                                \n                                                                    <div class=\"product-cards-mobile-wrapper veroboard-roh-fr\" data-page=\"1\" data-maxnumpages=\"1\">\n                                        <div class=\"loading_fade\"><\/div>\n\n                                        <div class=\"product-cards-mobile\">\n                                            \n<a href=\"https:\/\/sperrag.ch\/fr\/produit\/veroboard-element-brut-incombustible-sperrag\/\" data-fancybox data-src=\"https:\/\/sperrag.ch\/wp-content\/uploads\/Brandschutz_VeroBoard_Element_018aa_BB_1000x667px-1200x801.jpg\" data-caption=\"Panneau Verolith\u00ae en roche de verre volcanique\" class=\"product-card  not-open-modal\" data-paginationmobilepage=\"1\" data-modalpostid=\"9000\" data-parentpageid=\"11083\">\n    <div class=\"product-card-inner-container\">\n        <h4 class=\"heading-h5 mb_0\">VeroBoard\u00aeElement<br>brut<\/h4>\n\n        <div class=\"product-card-cols\">\n            <div class=\"product-card-image\" style=\"background-image: url('https:\/\/sperrag.ch\/wp-content\/uploads\/Brandschutz_VeroBoard_Element_018aa_BB_1000x667px-1200x801.jpg')\">\n                <div class=\"product-number-block\">\n                    <span>1<\/span>\n\n                                    <\/div>\n            <\/div>\n\n            <div class=\"product-meta-block\">\n                                    <p class=\"text-medium text-black mb_0\">Panneau Verolith\u00ae en roche de verre volcanique<\/p>\n                \n                                    <div class=\"button-block\">\n                        <div class=\"btn-merklist btn-merklist-small btn-merklist-full-width add-to-merkliste \" data-type=\"produkt\" data-id=\"9000\">\n                            <div>\n                                Liste de suivi                            <\/div>\n                        <\/div>\n                    <\/div>\n                            <\/div>\n        <\/div>\n    <\/div>\n<\/a>\n\n<a href=\"https:\/\/sperrag.ch\/fr\/produit\/veroboardelementroh-kalibriert\/\" data-fancybox data-src=\"https:\/\/sperrag.ch\/wp-content\/uploads\/Brandschutz_VeroBoard_Element_018aa_BB_1000x667px-1200x801.jpg\" data-caption=\"Panneau Verolith\u00ae en roche  de verre volcanique, calibr\u00e9 pour rev\u00eatement\/plaquage\" class=\"product-card  not-open-modal\" data-paginationmobilepage=\"1\" data-modalpostid=\"11016\" data-parentpageid=\"11083\">\n    <div class=\"product-card-inner-container\">\n        <h4 class=\"heading-h5 mb_0\">VeroBoard\u00aeElement<br>brut, calibr\u00e9<\/h4>\n\n        <div class=\"product-card-cols\">\n            <div class=\"product-card-image\" style=\"background-image: url('https:\/\/sperrag.ch\/wp-content\/uploads\/Brandschutz_VeroBoard_Element_018aa_BB_1000x667px-1200x801.jpg')\">\n                <div class=\"product-number-block\">\n                    <span>2<\/span>\n\n                                            <div class=\"product-new\">\n                            NEW                        <\/div>\n                                    <\/div>\n            <\/div>\n\n            <div class=\"product-meta-block\">\n                                    <p class=\"text-medium text-black mb_0\">Panneau Verolith\u00ae en roche  de verre volcanique, calibr\u00e9 pour rev\u00eatement\/plaquage<\/p>\n                \n                                    <div class=\"button-block\">\n                        <div class=\"btn-merklist btn-merklist-small btn-merklist-full-width add-to-merkliste \" data-type=\"produkt\" data-id=\"11016\">\n                            <div>\n                                Liste de suivi                            <\/div>\n                        <\/div>\n                    <\/div>\n                            <\/div>\n        <\/div>\n    <\/div>\n<\/a>\n                                        <\/div>\n\n                                                                            <\/div>\n                                                            <\/div>\n                        <\/div>\n                                            <div class=\"accordion-item\" id=\"vermipan-brut\">\n                            <div class=\"accordion-item-header-container\">\n                                <h2 class=\"accordion-item-header-text mb_0 \" data-number=\"4\">\n                                    Vermipan brut                                <\/h2>\n                            <\/div>\n\n                            <div class=\"accordion-content-block\" >\n                                                                    <div class=\"rubrik-info-block sub-cat-rubrik-info-block\">\n                                        <div class=\"rubrik-text-block\">\n                                                                                            <h4 class=\"\">RF1 Panneau ignifuge en Vermiculite brut\n<\/h4>\n                                            \n                                                                                            <div class=\"description_block\"><p>Vermipan\u00ae est un panneau de construction non combustible \u00e0 base de vermiculite expans\u00e9e \u2013 une mati\u00e8re premi\u00e8re min\u00e9rale naturelle. Il ne contient ni ciment ni pl\u00e2tre, et est exempt d\u2019amiante et de formald\u00e9hyde. Gr\u00e2ce \u00e0 sa composition min\u00e9rale, le panneau est imputrescible et stable dimensionnellement sur le long terme.<\/p>\n<p>Le panneau peut \u00eatre facilement travaill\u00e9 avec des outils et des machines conventionnels pour le bois et ne g\u00e9n\u00e8re pratiquement pas de poussi\u00e8re.<\/p>\n<\/div>\n                                                                                    <\/div>\n\n                                        <div class=\"rubrik-medium-block\">\n                                            <div class=\"mediums-block\">\n                                <a href=\"https:\/\/sperrag.ch\/wp-content\/uploads\/Flyer_Vermipan_FR.pdf\" class=\"medium-block small_mb\" target=\"_blank\">\n                                                <div>\n                        <i class=\"fa-thin fa-file-pdf\"><\/i>\n                    <\/div>\n                \n                <div>\n                    <span><strong>Flyer Vermipan\u00ae RF1 \u2013 le panneau ignifuge polyvalent<\/strong><\/span>\n                    <p class=\"mb_0\"><\/p>\n                <\/div>\n            <\/a>\n                                        <a href=\"https:\/\/sperrag.ch\/wp-content\/uploads\/VKF-31355-Vermipan_FR.pdf\" class=\"medium-block small_mb\" target=\"_blank\">\n                                                <div>\n                        <i class=\"fa-thin fa-file-pdf\"><\/i>\n                    <\/div>\n                \n                <div>\n                    <span><strong>VKF 31355 \/ <br>Vermipan (RF1)<\/strong><\/span>\n                    <p class=\"mb_0\"><\/p>\n                <\/div>\n            <\/a>\n                                        <a href=\"https:\/\/sperrag.ch\/wp-content\/uploads\/Flyer_Vermipan-Klebstoffempfehlung-fr.pdf\" class=\"medium-block small_mb\" target=\"_blank\">\n                                                <div>\n                        <i class=\"fa-thin fa-file-pdf\"><\/i>\n                    <\/div>\n                \n                <div>\n                    <span><strong>Vermipan\u00ae Recommandations d\u2019encollage<\/strong><\/span>\n                    <p class=\"mb_0\"><\/p>\n                <\/div>\n            <\/a>\n            <\/div>\n                                        <\/div>\n                                    <\/div>\n                                \n                                                                    <div class=\"product-cards\">\n                                        \n<a href=\"https:\/\/sperrag.ch\/fr\/produit\/vermipan\/\" data-fancybox data-src=\"https:\/\/sperrag.ch\/wp-content\/uploads\/Brandschutz_Vermipan-1200x800.jpg\" data-caption=\"Plaque de vermiculite mica expans\u00e9e \u00e0 base de phyllosilicate naturel\" class=\"product-card  not-open-modal\" data-paginationmobilepage=\"\" data-modalpostid=\"3683\" data-parentpageid=\"11083\">\n    <div class=\"product-card-inner-container\">\n        <h4 class=\"heading-h5 mb_0\">Vermipan\u00ae<\/h4>\n\n        <div class=\"product-card-cols\">\n            <div class=\"product-card-image\" style=\"background-image: url('https:\/\/sperrag.ch\/wp-content\/uploads\/Brandschutz_Vermipan-1200x800.jpg')\">\n                <div class=\"product-number-block\">\n                    <span>1<\/span>\n\n                                    <\/div>\n            <\/div>\n\n            <div class=\"product-meta-block\">\n                                    <p class=\"text-medium text-black mb_0\">Plaque de vermiculite mica expans\u00e9e \u00e0 base de phyllosilicate naturel<\/p>\n                \n                                    <div class=\"button-block\">\n                        <div class=\"btn-merklist btn-merklist-small btn-merklist-full-width add-to-merkliste \" data-type=\"produkt\" data-id=\"3683\">\n                            <div>\n                                Liste de suivi                            <\/div>\n                        <\/div>\n                    <\/div>\n                            <\/div>\n        <\/div>\n    <\/div>\n<\/a>\n                                    <\/div>\n                                \n                                                                    <div class=\"product-cards-mobile-wrapper vermipan-brut\" data-page=\"1\" data-maxnumpages=\"1\">\n                                        <div class=\"loading_fade\"><\/div>\n\n                                        <div class=\"product-cards-mobile\">\n                                            \n<a href=\"https:\/\/sperrag.ch\/fr\/produit\/vermipan\/\" data-fancybox data-src=\"https:\/\/sperrag.ch\/wp-content\/uploads\/Brandschutz_Vermipan-1200x800.jpg\" data-caption=\"Plaque de vermiculite mica expans\u00e9e \u00e0 base de phyllosilicate naturel\" class=\"product-card  not-open-modal\" data-paginationmobilepage=\"1\" data-modalpostid=\"3683\" data-parentpageid=\"11083\">\n    <div class=\"product-card-inner-container\">\n        <h4 class=\"heading-h5 mb_0\">Vermipan\u00ae<\/h4>\n\n        <div class=\"product-card-cols\">\n            <div class=\"product-card-image\" style=\"background-image: url('https:\/\/sperrag.ch\/wp-content\/uploads\/Brandschutz_Vermipan-1200x800.jpg')\">\n                <div class=\"product-number-block\">\n                    <span>1<\/span>\n\n                                    <\/div>\n            <\/div>\n\n            <div class=\"product-meta-block\">\n                                    <p class=\"text-medium text-black mb_0\">Plaque de vermiculite mica expans\u00e9e \u00e0 base de phyllosilicate naturel<\/p>\n                \n                                    <div class=\"button-block\">\n                        <div class=\"btn-merklist btn-merklist-small btn-merklist-full-width add-to-merkliste \" data-type=\"produkt\" data-id=\"3683\">\n                            <div>\n                                Liste de suivi                            <\/div>\n                        <\/div>\n                    <\/div>\n                            <\/div>\n        <\/div>\n    <\/div>\n<\/a>\n                                        <\/div>\n\n                                                                            <\/div>\n                                                            <\/div>\n                        <\/div>\n                                            <div class=\"accordion-item\" id=\"veroboardelement-essences-bois-nobles\">\n                            <div class=\"accordion-item-header-container\">\n                                <h2 class=\"accordion-item-header-text mb_0 \" data-number=\"3\">\n                                    VeroBoard\u00aeElement essences bois nobles                                <\/h2>\n                            <\/div>\n\n                            <div class=\"accordion-content-block\" >\n                                                                    <div class=\"rubrik-info-block sub-cat-rubrik-info-block\">\n                                        <div class=\"rubrik-text-block\">\n                                                                                            <h4 class=\"\">RF1 panneau incombustible VeroBoard\u00aeElement essences nobles\n<\/h4>\n                                            \n                                                                                            <div class=\"description_block\"><p>Panneau incombustible Verolith\u00ae, brute, en roche de verre volcanique, plaqu\u00e9 bois essences nobles.<\/p>\n<p>Qu\u2019est-ce qui se cache derri\u00e8re VeroBoard\u00aeElement ? L\u2019id\u00e9e c\u2019est de transformer de la roche en un panneau l\u00e9ger, qui est \u00e0 la fois d\u2019origine naturelle et qui peut \u00eatre fabriqu\u00e9 sans additifs chimiques. Le panneau est l\u00e9ger, r\u00e9sistant \u00e0 la compression et surtout incombustible. Verolith\u00ae est une roche de verre volcanique disponible en grandes quantit\u00e9s dans le monde entier. Gr\u00e2ce \u00e0 un proc\u00e9d\u00e9 de fabrication d\u00e9velopp\u00e9 et brevet\u00e9, notre fabricant a conf\u00e9r\u00e9 \u00e0 ce produit des propri\u00e9t\u00e9s tr\u00e8s particuli\u00e8res : Une grande stabilit\u00e9 \u00e0 la pression, une faible absorption d\u2019eau, une r\u00e9duction de poids d\u2019environ 60% par rapport au mat\u00e9riau d\u2019origine et une consommation d\u2019\u00e9nergie r\u00e9duite de moiti\u00e9 par rapport aux proc\u00e9d\u00e9s de fabrication traditionnels.<\/p>\n<p>Pour toutes les applications \u00e0 l\u2019int\u00e9rieur comme \u00e0 l\u2019ext\u00e9rieur \u25a0 Non inflammable RF1 \u25a0 L\u00e9ger \u25a0 Stable \u25a0 R\u00e9sistant au gel \u25a0 Multiples possibilit\u00e9s de rev\u00eatement \u25a0 Faible taux d\u2019\u00e9mission \u25a0 Sans substances nocives \u25a0 Exempt de formald\u00e9hyde et de solvants \u25a0 Tr\u00e8s bonnes valeurs au test d\u2019extraction de vis<\/p>\n<p>&nbsp;<\/p>\n<p>Si des mat\u00e9riaux de construction RF1 sont n\u00e9cessaires pour des murs et des sols int\u00e9rieurs, les rev\u00eatements combustibles tels que les peintures, les papiers peints, les placages, etc. sont autoris\u00e9s \u00e0 condition que leur \u00e9paisseur ne d\u00e9passe pas 1,5 mm \u2013 ainsi, il n\u2019y a pratiquement aucune limite \u00e0 vos\u00a0 variantes de conception avec nos panneaux plaqu\u00e9s sur des supports coupe-feu !<\/p>\n<\/div>\n                                                                                    <\/div>\n\n                                        <div class=\"rubrik-medium-block\">\n                                            <div class=\"mediums-block\">\n                                <a href=\"https:\/\/sperrag.ch\/wp-content\/uploads\/Flyer_VeroBoard-fr.pdf\" class=\"medium-block small_mb\" target=\"_blank\">\n                                                <div>\n                        <i class=\"fa-thin fa-file-pdf\"><\/i>\n                    <\/div>\n                \n                <div>\n                    <span><strong>Flyer_FR_VeroBoard\u00ae RF1 &#8211; Le panneau l\u00e9ger dans notre famille de protection contre l&rsquo;incendie<\/strong><\/span>\n                    <p class=\"mb_0\"><\/p>\n                <\/div>\n            <\/a>\n            <\/div>\n                                        <\/div>\n                                    <\/div>\n                                \n                                                                    <div class=\"product-cards\">\n                                        \n<a href=\"https:\/\/sperrag.ch\/fr\/produit\/veroboard-element-plaque-bois-essences-nobles\/\" data-fancybox data-src=\"https:\/\/sperrag.ch\/wp-content\/uploads\/VeroBoard-Element-Eiche-A-B-Standard-gestuerzt_02_1000x667px-1200x801.jpg\" data-caption=\"A\/B standard livre ouvert\" class=\"product-card  not-open-modal\" data-paginationmobilepage=\"\" data-modalpostid=\"11023\" data-parentpageid=\"11083\">\n    <div class=\"product-card-inner-container\">\n        <h4 class=\"heading-h5 mb_0\">VeroBoard\u00ae Element plaqu\u00e9 bois essences nobles<br>Ch\u00eane euro<\/h4>\n\n        <div class=\"product-card-cols\">\n            <div class=\"product-card-image\" style=\"background-image: url('https:\/\/sperrag.ch\/wp-content\/uploads\/VeroBoard-Element-Eiche-A-B-Standard-gestuerzt_02_1000x667px-1200x801.jpg')\">\n                <div class=\"product-number-block\">\n                    <span>1<\/span>\n\n                                    <\/div>\n            <\/div>\n\n            <div class=\"product-meta-block\">\n                                    <p class=\"text-medium text-black mb_0\">A\/B standard livre ouvert<\/p>\n                \n                                    <div class=\"button-block\">\n                        <div class=\"btn-merklist btn-merklist-small btn-merklist-full-width add-to-merkliste \" data-type=\"produkt\" data-id=\"11023\">\n                            <div>\n                                Liste de suivi                            <\/div>\n                        <\/div>\n                    <\/div>\n                            <\/div>\n        <\/div>\n    <\/div>\n<\/a>\n\n<a href=\"https:\/\/sperrag.ch\/fr\/produit\/veroboard-element-plaque-bois-essences-noble\/\" data-fancybox data-src=\"https:\/\/sperrag.ch\/wp-content\/uploads\/VeroBoard-Element-Eiche-Euro-A-Frontqualitaet-B-Brettcharakter_03_1000x667px-1200x801.jpg\" data-caption=\"A qualit\u00e9 fa\u00e7e\/B caract\u00e8re planche\" class=\"product-card  not-open-modal\" data-paginationmobilepage=\"\" data-modalpostid=\"11026\" data-parentpageid=\"11083\">\n    <div class=\"product-card-inner-container\">\n        <h4 class=\"heading-h5 mb_0\">VeroBoard\u00ae Element plaqu\u00e9 bois essences nobles<br>Ch\u00eane euro<\/h4>\n\n        <div class=\"product-card-cols\">\n            <div class=\"product-card-image\" style=\"background-image: url('https:\/\/sperrag.ch\/wp-content\/uploads\/VeroBoard-Element-Eiche-Euro-A-Frontqualitaet-B-Brettcharakter_03_1000x667px-1200x801.jpg')\">\n                <div class=\"product-number-block\">\n                    <span>2<\/span>\n\n                                    <\/div>\n            <\/div>\n\n            <div class=\"product-meta-block\">\n                                    <p class=\"text-medium text-black mb_0\">A qualit\u00e9 fa\u00e7e\/B caract\u00e8re planche<\/p>\n                \n                                    <div class=\"button-block\">\n                        <div class=\"btn-merklist btn-merklist-small btn-merklist-full-width add-to-merkliste \" data-type=\"produkt\" data-id=\"11026\">\n                            <div>\n                                Liste de suivi                            <\/div>\n                        <\/div>\n                    <\/div>\n                            <\/div>\n        <\/div>\n    <\/div>\n<\/a>\n\n<a href=\"https:\/\/sperrag.ch\/fr\/produit\/veroboard-element-plaque-bois-essences-noble-2\/\" data-fancybox data-src=\"https:\/\/sperrag.ch\/wp-content\/uploads\/VeroBoard-Element-Fichte-A-Frontqualitaet-schlicht-bis-kleine-Blume-B-gestuerzt_01_BB_1000x667px-1200x801.jpg\" data-caption=\"A\/B qualit\u00e9 fa\u00e7e mi-fil \u00e0 demi ramageux\/B livre ouvert\" class=\"product-card  not-open-modal\" data-paginationmobilepage=\"\" data-modalpostid=\"11029\" data-parentpageid=\"11083\">\n    <div class=\"product-card-inner-container\">\n        <h4 class=\"heading-h5 mb_0\">VeroBoard\u00ae Element plaqu\u00e9 bois essences nobles<br>Epic\u00e9a<\/h4>\n\n        <div class=\"product-card-cols\">\n            <div class=\"product-card-image\" style=\"background-image: url('https:\/\/sperrag.ch\/wp-content\/uploads\/VeroBoard-Element-Fichte-A-Frontqualitaet-schlicht-bis-kleine-Blume-B-gestuerzt_01_BB_1000x667px-1200x801.jpg')\">\n                <div class=\"product-number-block\">\n                    <span>3<\/span>\n\n                                    <\/div>\n            <\/div>\n\n            <div class=\"product-meta-block\">\n                                    <p class=\"text-medium text-black mb_0\">A\/B qualit\u00e9 fa\u00e7e mi-fil \u00e0 demi ramageux\/B livre ouvert<\/p>\n                \n                                    <div class=\"button-block\">\n                        <div class=\"btn-merklist btn-merklist-small btn-merklist-full-width add-to-merkliste \" data-type=\"produkt\" data-id=\"11029\">\n                            <div>\n                                Liste de suivi                            <\/div>\n                        <\/div>\n                    <\/div>\n                            <\/div>\n        <\/div>\n    <\/div>\n<\/a>\n                                    <\/div>\n                                \n                                                                    <div class=\"product-cards-mobile-wrapper veroboardelement-essences-bois-nobles\" data-page=\"1\" data-maxnumpages=\"1\">\n                                        <div class=\"loading_fade\"><\/div>\n\n                                        <div class=\"product-cards-mobile\">\n                                            \n<a href=\"https:\/\/sperrag.ch\/fr\/produit\/veroboard-element-plaque-bois-essences-nobles\/\" data-fancybox data-src=\"https:\/\/sperrag.ch\/wp-content\/uploads\/VeroBoard-Element-Eiche-A-B-Standard-gestuerzt_02_1000x667px-1200x801.jpg\" data-caption=\"A\/B standard livre ouvert\" class=\"product-card  not-open-modal\" data-paginationmobilepage=\"1\" data-modalpostid=\"11023\" data-parentpageid=\"11083\">\n    <div class=\"product-card-inner-container\">\n        <h4 class=\"heading-h5 mb_0\">VeroBoard\u00ae Element plaqu\u00e9 bois essences nobles<br>Ch\u00eane euro<\/h4>\n\n        <div class=\"product-card-cols\">\n            <div class=\"product-card-image\" style=\"background-image: url('https:\/\/sperrag.ch\/wp-content\/uploads\/VeroBoard-Element-Eiche-A-B-Standard-gestuerzt_02_1000x667px-1200x801.jpg')\">\n                <div class=\"product-number-block\">\n                    <span>1<\/span>\n\n                                    <\/div>\n            <\/div>\n\n            <div class=\"product-meta-block\">\n                                    <p class=\"text-medium text-black mb_0\">A\/B standard livre ouvert<\/p>\n                \n                                    <div class=\"button-block\">\n                        <div class=\"btn-merklist btn-merklist-small btn-merklist-full-width add-to-merkliste \" data-type=\"produkt\" data-id=\"11023\">\n                            <div>\n                                Liste de suivi                            <\/div>\n                        <\/div>\n                    <\/div>\n                            <\/div>\n        <\/div>\n    <\/div>\n<\/a>\n\n<a href=\"https:\/\/sperrag.ch\/fr\/produit\/veroboard-element-plaque-bois-essences-noble\/\" data-fancybox data-src=\"https:\/\/sperrag.ch\/wp-content\/uploads\/VeroBoard-Element-Eiche-Euro-A-Frontqualitaet-B-Brettcharakter_03_1000x667px-1200x801.jpg\" data-caption=\"A qualit\u00e9 fa\u00e7e\/B caract\u00e8re planche\" class=\"product-card  not-open-modal\" data-paginationmobilepage=\"1\" data-modalpostid=\"11026\" data-parentpageid=\"11083\">\n    <div class=\"product-card-inner-container\">\n        <h4 class=\"heading-h5 mb_0\">VeroBoard\u00ae Element plaqu\u00e9 bois essences nobles<br>Ch\u00eane euro<\/h4>\n\n        <div class=\"product-card-cols\">\n            <div class=\"product-card-image\" style=\"background-image: url('https:\/\/sperrag.ch\/wp-content\/uploads\/VeroBoard-Element-Eiche-Euro-A-Frontqualitaet-B-Brettcharakter_03_1000x667px-1200x801.jpg')\">\n                <div class=\"product-number-block\">\n                    <span>2<\/span>\n\n                                    <\/div>\n            <\/div>\n\n            <div class=\"product-meta-block\">\n                                    <p class=\"text-medium text-black mb_0\">A qualit\u00e9 fa\u00e7e\/B caract\u00e8re planche<\/p>\n                \n                                    <div class=\"button-block\">\n                        <div class=\"btn-merklist btn-merklist-small btn-merklist-full-width add-to-merkliste \" data-type=\"produkt\" data-id=\"11026\">\n                            <div>\n                                Liste de suivi                            <\/div>\n                        <\/div>\n                    <\/div>\n                            <\/div>\n        <\/div>\n    <\/div>\n<\/a>\n\n<a href=\"https:\/\/sperrag.ch\/fr\/produit\/veroboard-element-plaque-bois-essences-noble-2\/\" data-fancybox data-src=\"https:\/\/sperrag.ch\/wp-content\/uploads\/VeroBoard-Element-Fichte-A-Frontqualitaet-schlicht-bis-kleine-Blume-B-gestuerzt_01_BB_1000x667px-1200x801.jpg\" data-caption=\"A\/B qualit\u00e9 fa\u00e7e mi-fil \u00e0 demi ramageux\/B livre ouvert\" class=\"product-card  not-open-modal\" data-paginationmobilepage=\"1\" data-modalpostid=\"11029\" data-parentpageid=\"11083\">\n    <div class=\"product-card-inner-container\">\n        <h4 class=\"heading-h5 mb_0\">VeroBoard\u00ae Element plaqu\u00e9 bois essences nobles<br>Epic\u00e9a<\/h4>\n\n        <div class=\"product-card-cols\">\n            <div class=\"product-card-image\" style=\"background-image: url('https:\/\/sperrag.ch\/wp-content\/uploads\/VeroBoard-Element-Fichte-A-Frontqualitaet-schlicht-bis-kleine-Blume-B-gestuerzt_01_BB_1000x667px-1200x801.jpg')\">\n                <div class=\"product-number-block\">\n                    <span>3<\/span>\n\n                                    <\/div>\n            <\/div>\n\n            <div class=\"product-meta-block\">\n                                    <p class=\"text-medium text-black mb_0\">A\/B qualit\u00e9 fa\u00e7e mi-fil \u00e0 demi ramageux\/B livre ouvert<\/p>\n                \n                                    <div class=\"button-block\">\n                        <div class=\"btn-merklist btn-merklist-small btn-merklist-full-width add-to-merkliste \" data-type=\"produkt\" data-id=\"11029\">\n                            <div>\n                                Liste de suivi                            <\/div>\n                        <\/div>\n                    <\/div>\n                            <\/div>\n        <\/div>\n    <\/div>\n<\/a>\n                                        <\/div>\n\n                                                                            <\/div>\n                                                            <\/div>\n                        <\/div>\n                                            <div class=\"accordion-item\" id=\"veroboardelement-revetus-fr\">\n                            <div class=\"accordion-item-header-container\">\n                                <h2 class=\"accordion-item-header-text mb_0 \" data-number=\"5\">\n                                    VeroBoard\u00aeElement rev\u00eatus                                <\/h2>\n                            <\/div>\n\n                            <div class=\"accordion-content-block\" >\n                                                                    <div class=\"rubrik-info-block sub-cat-rubrik-info-block\">\n                                        <div class=\"rubrik-text-block\">\n                                            \n                                                                                            <div class=\"description_block\"><p>Panneau incombustible Verolith\u00ae, brute, en roche de verre volcanique, avec <em>CPL Egger W980 SM 2-faces<\/em> et <em>couche de fond blanche 120\u2009g 2-faces<\/em><\/p>\n<p>Qu\u2019est-ce qui se cache derri\u00e8re VeroBoard\u00aeElement ? L\u2019id\u00e9e c\u2019est de transformer de la roche en un panneau l\u00e9ger, qui est \u00e0 la fois d\u2019origine naturelle et qui peut \u00eatre fabriqu\u00e9 sans additifs chimiques. Le panneau est l\u00e9ger, r\u00e9sistant \u00e0 la compression et surtout incombustible. Verolith\u00ae est une roche de verre volcanique disponible en grandes quantit\u00e9s dans le monde entier. Gr\u00e2ce \u00e0 un proc\u00e9d\u00e9 de fabrication d\u00e9velopp\u00e9 et brevet\u00e9, notre fabricant a conf\u00e9r\u00e9 \u00e0 ce produit des propri\u00e9t\u00e9s tr\u00e8s particuli\u00e8res : Une grande stabilit\u00e9 \u00e0 la pression, une faible absorption d\u2019eau, une r\u00e9duction de poids d\u2019environ 60% par rapport au mat\u00e9riau d\u2019origine et une consommation d\u2019\u00e9nergie r\u00e9duite de moiti\u00e9 par rapport aux proc\u00e9d\u00e9s de fabrication traditionnels.<\/p>\n<p>Pour toutes les applications \u00e0 l\u2019int\u00e9rieur comme \u00e0 l\u2019ext\u00e9rieur \u25a0 Non inflammable RF1 \u25a0 L\u00e9ger \u25a0 Stable \u25a0 R\u00e9sistant au gel \u25a0 Multiples possibilit\u00e9s de rev\u00eatement \u25a0 Faible taux d\u2019\u00e9mission \u25a0 Sans substances nocives \u25a0 Exempt de formald\u00e9hyde et de solvants \u25a0 Tr\u00e8s bonnes valeurs au test d\u2019extraction de vis<\/p>\n<p>&nbsp;<\/p>\n<p>Si des mat\u00e9riaux de construction RF1 sont n\u00e9cessaires pour des murs et des sols int\u00e9rieurs, les rev\u00eatements combustibles tels que les peintures, les papiers peints, les placages, etc. sont autoris\u00e9s \u00e0 condition que leur \u00e9paisseur ne d\u00e9passe pas 1,5 mm \u2013 ainsi, il n\u2019y a pratiquement aucune limite \u00e0 vos\u00a0 variantes de conception avec nos panneaux plaqu\u00e9s sur des supports coupe-feu !<\/p>\n<\/div>\n                                                                                    <\/div>\n\n                                        <div class=\"rubrik-medium-block\">\n                                            <div class=\"mediums-block\">\n                                <a href=\"https:\/\/sperrag.ch\/wp-content\/uploads\/Flyer_VeroBoard-fr.pdf\" class=\"medium-block small_mb\" target=\"_blank\">\n                                                <div>\n                        <i class=\"fa-thin fa-file-pdf\"><\/i>\n                    <\/div>\n                \n                <div>\n                    <span><strong>Flyer_FR_VeroBoard\u00ae RF1 &#8211; Le panneau l\u00e9ger dans notre famille de protection contre l&rsquo;incendie<\/strong><\/span>\n                    <p class=\"mb_0\"><\/p>\n                <\/div>\n            <\/a>\n            <\/div>\n                                        <\/div>\n                                    <\/div>\n                                \n                                                                    <div class=\"product-cards\">\n                                        \n<a href=\"https:\/\/sperrag.ch\/fr\/produit\/veroboardelement-belegt\/\" data-fancybox data-src=\"https:\/\/sperrag.ch\/wp-content\/uploads\/VeroBoard-Element_CPL-Egger_1000x667px-1-1200x801.jpg\" data-caption=\"SM 2-faces\" class=\"product-card  not-open-modal\" data-paginationmobilepage=\"\" data-modalpostid=\"11032\" data-parentpageid=\"11083\">\n    <div class=\"product-card-inner-container\">\n        <h4 class=\"heading-h5 mb_0\">VeroBoard\u00aeElement rev\u00eatus<br>CPL Egger W980<\/h4>\n\n        <div class=\"product-card-cols\">\n            <div class=\"product-card-image\" style=\"background-image: url('https:\/\/sperrag.ch\/wp-content\/uploads\/VeroBoard-Element_CPL-Egger_1000x667px-1-1200x801.jpg')\">\n                <div class=\"product-number-block\">\n                    <span>1<\/span>\n\n                                            <div class=\"product-new\">\n                            NEW                        <\/div>\n                                    <\/div>\n            <\/div>\n\n            <div class=\"product-meta-block\">\n                                    <p class=\"text-medium text-black mb_0\">SM 2-faces<\/p>\n                \n                                    <div class=\"button-block\">\n                        <div class=\"btn-merklist btn-merklist-small btn-merklist-full-width add-to-merkliste \" data-type=\"produkt\" data-id=\"11032\">\n                            <div>\n                                Liste de suivi                            <\/div>\n                        <\/div>\n                    <\/div>\n                            <\/div>\n        <\/div>\n    <\/div>\n<\/a>\n\n<a href=\"https:\/\/sperrag.ch\/fr\/produit\/veroboardelement-revetus-grundierfolie-weiss\/\" data-fancybox data-src=\"https:\/\/sperrag.ch\/wp-content\/uploads\/Brandschutz_VeroBoard_Element_Grundierfolie_1000x667px-1-1200x801.jpg\" data-caption=\"120\u2009g 2-faces\" class=\"product-card  not-open-modal\" data-paginationmobilepage=\"\" data-modalpostid=\"11034\" data-parentpageid=\"11083\">\n    <div class=\"product-card-inner-container\">\n        <h4 class=\"heading-h5 mb_0\">VeroBoard\u00aeElement rev\u00eatus<br>couche de fond blanche<\/h4>\n\n        <div class=\"product-card-cols\">\n            <div class=\"product-card-image\" style=\"background-image: url('https:\/\/sperrag.ch\/wp-content\/uploads\/Brandschutz_VeroBoard_Element_Grundierfolie_1000x667px-1-1200x801.jpg')\">\n                <div class=\"product-number-block\">\n                    <span>2<\/span>\n\n                                            <div class=\"product-new\">\n                            NEW                        <\/div>\n                                    <\/div>\n            <\/div>\n\n            <div class=\"product-meta-block\">\n                                    <p class=\"text-medium text-black mb_0\">120\u2009g 2-faces<\/p>\n                \n                                    <div class=\"button-block\">\n                        <div class=\"btn-merklist btn-merklist-small btn-merklist-full-width add-to-merkliste \" data-type=\"produkt\" data-id=\"11034\">\n                            <div>\n                                Liste de suivi                            <\/div>\n                        <\/div>\n                    <\/div>\n                            <\/div>\n        <\/div>\n    <\/div>\n<\/a>\n                                    <\/div>\n                                \n                                                                    <div class=\"product-cards-mobile-wrapper veroboardelement-revetus-fr\" data-page=\"1\" data-maxnumpages=\"1\">\n                                        <div class=\"loading_fade\"><\/div>\n\n                                        <div class=\"product-cards-mobile\">\n                                            \n<a href=\"https:\/\/sperrag.ch\/fr\/produit\/veroboardelement-belegt\/\" data-fancybox data-src=\"https:\/\/sperrag.ch\/wp-content\/uploads\/VeroBoard-Element_CPL-Egger_1000x667px-1-1200x801.jpg\" data-caption=\"SM 2-faces\" class=\"product-card  not-open-modal\" data-paginationmobilepage=\"1\" data-modalpostid=\"11032\" data-parentpageid=\"11083\">\n    <div class=\"product-card-inner-container\">\n        <h4 class=\"heading-h5 mb_0\">VeroBoard\u00aeElement rev\u00eatus<br>CPL Egger W980<\/h4>\n\n        <div class=\"product-card-cols\">\n            <div class=\"product-card-image\" style=\"background-image: url('https:\/\/sperrag.ch\/wp-content\/uploads\/VeroBoard-Element_CPL-Egger_1000x667px-1-1200x801.jpg')\">\n                <div class=\"product-number-block\">\n                    <span>1<\/span>\n\n                                            <div class=\"product-new\">\n                            NEW                        <\/div>\n                                    <\/div>\n            <\/div>\n\n            <div class=\"product-meta-block\">\n                                    <p class=\"text-medium text-black mb_0\">SM 2-faces<\/p>\n                \n                                    <div class=\"button-block\">\n                        <div class=\"btn-merklist btn-merklist-small btn-merklist-full-width add-to-merkliste \" data-type=\"produkt\" data-id=\"11032\">\n                            <div>\n                                Liste de suivi                            <\/div>\n                        <\/div>\n                    <\/div>\n                            <\/div>\n        <\/div>\n    <\/div>\n<\/a>\n\n<a href=\"https:\/\/sperrag.ch\/fr\/produit\/veroboardelement-revetus-grundierfolie-weiss\/\" data-fancybox data-src=\"https:\/\/sperrag.ch\/wp-content\/uploads\/Brandschutz_VeroBoard_Element_Grundierfolie_1000x667px-1-1200x801.jpg\" data-caption=\"120\u2009g 2-faces\" class=\"product-card  not-open-modal\" data-paginationmobilepage=\"1\" data-modalpostid=\"11034\" data-parentpageid=\"11083\">\n    <div class=\"product-card-inner-container\">\n        <h4 class=\"heading-h5 mb_0\">VeroBoard\u00aeElement rev\u00eatus<br>couche de fond blanche<\/h4>\n\n        <div class=\"product-card-cols\">\n            <div class=\"product-card-image\" style=\"background-image: url('https:\/\/sperrag.ch\/wp-content\/uploads\/Brandschutz_VeroBoard_Element_Grundierfolie_1000x667px-1-1200x801.jpg')\">\n                <div class=\"product-number-block\">\n                    <span>2<\/span>\n\n                                            <div class=\"product-new\">\n                            NEW                        <\/div>\n                                    <\/div>\n            <\/div>\n\n            <div class=\"product-meta-block\">\n                                    <p class=\"text-medium text-black mb_0\">120\u2009g 2-faces<\/p>\n                \n                                    <div class=\"button-block\">\n                        <div class=\"btn-merklist btn-merklist-small btn-merklist-full-width add-to-merkliste \" data-type=\"produkt\" data-id=\"11034\">\n                            <div>\n                                Liste de suivi                            <\/div>\n                        <\/div>\n                    <\/div>\n                            <\/div>\n        <\/div>\n    <\/div>\n<\/a>\n                                        <\/div>\n\n                                                                            <\/div>\n                                                            <\/div>\n                        <\/div>\n                                            <div class=\"accordion-item\" id=\"vermiplac-fr\">\n                            <div class=\"accordion-item-header-container\">\n                                <h2 class=\"accordion-item-header-text mb_0 \" data-number=\"4\">\n                                    Vermiplac essences bois nobles                                <\/h2>\n                            <\/div>\n\n                            <div class=\"accordion-content-block\" >\n                                                                    <div class=\"rubrik-info-block sub-cat-rubrik-info-block\">\n                                        <div class=\"rubrik-text-block\">\n                                                                                            <h4 class=\"\">RF1 Panneaux ignifuges en Vermiculite plaqu\u00e9 bois essences nobles\n<\/h4>\n                                            \n                                                                                            <div class=\"description_block\"><p>Support\u200a: Vermipan\u00ae Plaque de vermiculite mica expans\u00e9e \u00e0 base de phyllosilicate naturel, non combustible<\/p>\n<p><span class=\"fontstyle0\">Si des mat\u00e9riaux de construction RF1 sont n\u00e9cessaires pour des murs et des sols int\u00e9rieurs, les rev\u00eatements combustibles tels que les peintures, les papiers peints, les placages, etc. sont autoris\u00e9s \u00e0 condition que leur \u00e9paisseur ne d\u00e9passe pas 1,5 mm &#8211; ainsi, il n&rsquo;y a pratiquement aucune limite \u00e0 vos\u00a0 variantes de conception avec nos panneaux plaqu\u00e9s sur des supports coupe-feu!<\/span><\/p>\n<\/div>\n                                                                                    <\/div>\n\n                                        <div class=\"rubrik-medium-block\">\n                                            <div class=\"mediums-block\">\n                                <a href=\"https:\/\/sperrag.ch\/wp-content\/uploads\/Flyer_Vermipan_FR.pdf\" class=\"medium-block small_mb\" target=\"_blank\">\n                                                <div>\n                        <i class=\"fa-thin fa-file-pdf\"><\/i>\n                    <\/div>\n                \n                <div>\n                    <span><strong>Flyer Vermipan\u00ae RF1 \u2013 le panneau ignifuge polyvalent<\/strong><\/span>\n                    <p class=\"mb_0\"><\/p>\n                <\/div>\n            <\/a>\n                                        <a href=\"https:\/\/sperrag.ch\/wp-content\/uploads\/VKF-17775-Vermiplac-edelfurniert_FR.pdf\" class=\"medium-block small_mb\" target=\"_blank\">\n                                                <div>\n                        <i class=\"fa-thin fa-file-pdf\"><\/i>\n                    <\/div>\n                \n                <div>\n                    <span><strong>VKF 17775 \/ <br>Vermiplac essences nobles (RF1)<\/strong><\/span>\n                    <p class=\"mb_0\"><\/p>\n                <\/div>\n            <\/a>\n            <\/div>\n                                        <\/div>\n                                    <\/div>\n                                \n                                                                    <div class=\"product-cards\">\n                                        \n<a href=\"https:\/\/sperrag.ch\/fr\/produit\/vermiplac-birke\/\" data-fancybox data-src=\"https:\/\/sperrag.ch\/wp-content\/uploads\/Vermiplac-Brandschutz-edelfurniert-Birke_1000x667px-1200x801.jpg\" data-caption=\"A\/B standard\" class=\"product-card  not-open-modal\" data-paginationmobilepage=\"\" data-modalpostid=\"3690\" data-parentpageid=\"11083\">\n    <div class=\"product-card-inner-container\">\n        <h4 class=\"heading-h5 mb_0\">Vermiplac essences bois nobles<br>Bouleau tranch\u00e9<\/h4>\n\n        <div class=\"product-card-cols\">\n            <div class=\"product-card-image\" style=\"background-image: url('https:\/\/sperrag.ch\/wp-content\/uploads\/Vermiplac-Brandschutz-edelfurniert-Birke_1000x667px-1200x801.jpg')\">\n                <div class=\"product-number-block\">\n                    <span>1<\/span>\n\n                                    <\/div>\n            <\/div>\n\n            <div class=\"product-meta-block\">\n                                    <p class=\"text-medium text-black mb_0\">A\/B standard<\/p>\n                \n                                    <div class=\"button-block\">\n                        <div class=\"btn-merklist btn-merklist-small btn-merklist-full-width add-to-merkliste \" data-type=\"produkt\" data-id=\"3690\">\n                            <div>\n                                Liste de suivi                            <\/div>\n                        <\/div>\n                    <\/div>\n                            <\/div>\n        <\/div>\n    <\/div>\n<\/a>\n\n<a href=\"https:\/\/sperrag.ch\/fr\/produit\/vermiplac-essences-bois-nobleshetre-etuve\/\" data-fancybox data-src=\"https:\/\/sperrag.ch\/wp-content\/uploads\/Vermiplac-Brandschutz-edelfurniert-Buche_1000x667px-1200x801.jpg\" data-caption=\"A\/B standard\" class=\"product-card  not-open-modal\" data-paginationmobilepage=\"\" data-modalpostid=\"11117\" data-parentpageid=\"11083\">\n    <div class=\"product-card-inner-container\">\n        <h4 class=\"heading-h5 mb_0\">Vermiplac essences bois nobles<br>H\u00eatre \u00e9tuv\u00e9<\/h4>\n\n        <div class=\"product-card-cols\">\n            <div class=\"product-card-image\" style=\"background-image: url('https:\/\/sperrag.ch\/wp-content\/uploads\/Vermiplac-Brandschutz-edelfurniert-Buche_1000x667px-1200x801.jpg')\">\n                <div class=\"product-number-block\">\n                    <span>2<\/span>\n\n                                    <\/div>\n            <\/div>\n\n            <div class=\"product-meta-block\">\n                                    <p class=\"text-medium text-black mb_0\">A\/B standard<\/p>\n                \n                                    <div class=\"button-block\">\n                        <div class=\"btn-merklist btn-merklist-small btn-merklist-full-width add-to-merkliste \" data-type=\"produkt\" data-id=\"11117\">\n                            <div>\n                                Liste de suivi                            <\/div>\n                        <\/div>\n                    <\/div>\n                            <\/div>\n        <\/div>\n    <\/div>\n<\/a>\n\n<a href=\"https:\/\/sperrag.ch\/fr\/produit\/vermiplac-edelfurnierteiche-euro\/\" data-fancybox data-src=\"https:\/\/sperrag.ch\/wp-content\/uploads\/Vermiplac-Brandschutz-edelfurniert-Eiche_1000x667px-1200x801.jpg\" data-caption=\"A\u200a\/\u200aB qualit\u00e9 fa\u00e7e mi fil livre ouvert\" class=\"product-card  not-open-modal\" data-paginationmobilepage=\"\" data-modalpostid=\"11119\" data-parentpageid=\"11083\">\n    <div class=\"product-card-inner-container\">\n        <h4 class=\"heading-h5 mb_0\">Vermiplac essences bois nobles<br>Ch\u00eane euro<\/h4>\n\n        <div class=\"product-card-cols\">\n            <div class=\"product-card-image\" style=\"background-image: url('https:\/\/sperrag.ch\/wp-content\/uploads\/Vermiplac-Brandschutz-edelfurniert-Eiche_1000x667px-1200x801.jpg')\">\n                <div class=\"product-number-block\">\n                    <span>3<\/span>\n\n                                    <\/div>\n            <\/div>\n\n            <div class=\"product-meta-block\">\n                                    <p class=\"text-medium text-black mb_0\">A\u200a\/\u200aB qualit\u00e9 fa\u00e7e mi fil livre ouvert<\/p>\n                \n                                    <div class=\"button-block\">\n                        <div class=\"btn-merklist btn-merklist-small btn-merklist-full-width add-to-merkliste \" data-type=\"produkt\" data-id=\"11119\">\n                            <div>\n                                Liste de suivi                            <\/div>\n                        <\/div>\n                    <\/div>\n                            <\/div>\n        <\/div>\n    <\/div>\n<\/a>\n\n<a href=\"https:\/\/sperrag.ch\/fr\/produit\/vermiplac-edelfurnierteiche-gerauchert\/\" data-fancybox data-src=\"https:\/\/sperrag.ch\/wp-content\/uploads\/Vermiplac-Brandschutz-edelfurniert-Eiche_geraeuchert_1000x667px-1200x801.jpg\" data-caption=\"A\u200a\/\u200aB qualit\u00e9 fa\u00e7e mi fil \u00e0 demi ramageux\" class=\"product-card  not-open-modal\" data-paginationmobilepage=\"\" data-modalpostid=\"11121\" data-parentpageid=\"11083\">\n    <div class=\"product-card-inner-container\">\n        <h4 class=\"heading-h5 mb_0\">Vermiplac essences bois nobles<br>Ch\u00eane fum\u00e9<\/h4>\n\n        <div class=\"product-card-cols\">\n            <div class=\"product-card-image\" style=\"background-image: url('https:\/\/sperrag.ch\/wp-content\/uploads\/Vermiplac-Brandschutz-edelfurniert-Eiche_geraeuchert_1000x667px-1200x801.jpg')\">\n                <div class=\"product-number-block\">\n                    <span>4<\/span>\n\n                                    <\/div>\n            <\/div>\n\n            <div class=\"product-meta-block\">\n                                    <p class=\"text-medium text-black mb_0\">A\u200a\/\u200aB qualit\u00e9 fa\u00e7e mi fil \u00e0 demi ramageux<\/p>\n                \n                                    <div class=\"button-block\">\n                        <div class=\"btn-merklist btn-merklist-small btn-merklist-full-width add-to-merkliste \" data-type=\"produkt\" data-id=\"11121\">\n                            <div>\n                                Liste de suivi                            <\/div>\n                        <\/div>\n                    <\/div>\n                            <\/div>\n        <\/div>\n    <\/div>\n<\/a>\n\n<a href=\"https:\/\/sperrag.ch\/fr\/produit\/vermiplac-edelfurniertfichte\/\" data-fancybox data-src=\"https:\/\/sperrag.ch\/wp-content\/uploads\/Vermiplac-Brandschutz-edelfurniert-Fichte_1000x667px-1200x801.jpg\" data-caption=\"A\u200a\/\u200aB qualit\u00e9 fa\u00e7e mi fil \u00e0 demi ramageux\" class=\"product-card  not-open-modal\" data-paginationmobilepage=\"\" data-modalpostid=\"11123\" data-parentpageid=\"11083\">\n    <div class=\"product-card-inner-container\">\n        <h4 class=\"heading-h5 mb_0\">Vermiplac essences bois nobles<br>Epic\u00e9a<\/h4>\n\n        <div class=\"product-card-cols\">\n            <div class=\"product-card-image\" style=\"background-image: url('https:\/\/sperrag.ch\/wp-content\/uploads\/Vermiplac-Brandschutz-edelfurniert-Fichte_1000x667px-1200x801.jpg')\">\n                <div class=\"product-number-block\">\n                    <span>5<\/span>\n\n                                    <\/div>\n            <\/div>\n\n            <div class=\"product-meta-block\">\n                                    <p class=\"text-medium text-black mb_0\">A\u200a\/\u200aB qualit\u00e9 fa\u00e7e mi fil \u00e0 demi ramageux<\/p>\n                \n                                    <div class=\"button-block\">\n                        <div class=\"btn-merklist btn-merklist-small btn-merklist-full-width add-to-merkliste \" data-type=\"produkt\" data-id=\"11123\">\n                            <div>\n                                Liste de suivi                            <\/div>\n                        <\/div>\n                    <\/div>\n                            <\/div>\n        <\/div>\n    <\/div>\n<\/a>\n                                    <\/div>\n                                \n                                                                    <div class=\"product-cards-mobile-wrapper vermiplac-fr\" data-page=\"1\" data-maxnumpages=\"1\">\n                                        <div class=\"loading_fade\"><\/div>\n\n                                        <div class=\"product-cards-mobile\">\n                                            \n<a href=\"https:\/\/sperrag.ch\/fr\/produit\/vermiplac-birke\/\" data-fancybox data-src=\"https:\/\/sperrag.ch\/wp-content\/uploads\/Vermiplac-Brandschutz-edelfurniert-Birke_1000x667px-1200x801.jpg\" data-caption=\"A\/B standard\" class=\"product-card  not-open-modal\" data-paginationmobilepage=\"1\" data-modalpostid=\"3690\" data-parentpageid=\"11083\">\n    <div class=\"product-card-inner-container\">\n        <h4 class=\"heading-h5 mb_0\">Vermiplac essences bois nobles<br>Bouleau tranch\u00e9<\/h4>\n\n        <div class=\"product-card-cols\">\n            <div class=\"product-card-image\" style=\"background-image: url('https:\/\/sperrag.ch\/wp-content\/uploads\/Vermiplac-Brandschutz-edelfurniert-Birke_1000x667px-1200x801.jpg')\">\n                <div class=\"product-number-block\">\n                    <span>1<\/span>\n\n                                    <\/div>\n            <\/div>\n\n            <div class=\"product-meta-block\">\n                                    <p class=\"text-medium text-black mb_0\">A\/B standard<\/p>\n                \n                                    <div class=\"button-block\">\n                        <div class=\"btn-merklist btn-merklist-small btn-merklist-full-width add-to-merkliste \" data-type=\"produkt\" data-id=\"3690\">\n                            <div>\n                                Liste de suivi                            <\/div>\n                        <\/div>\n                    <\/div>\n                            <\/div>\n        <\/div>\n    <\/div>\n<\/a>\n\n<a href=\"https:\/\/sperrag.ch\/fr\/produit\/vermiplac-essences-bois-nobleshetre-etuve\/\" data-fancybox data-src=\"https:\/\/sperrag.ch\/wp-content\/uploads\/Vermiplac-Brandschutz-edelfurniert-Buche_1000x667px-1200x801.jpg\" data-caption=\"A\/B standard\" class=\"product-card  not-open-modal\" data-paginationmobilepage=\"1\" data-modalpostid=\"11117\" data-parentpageid=\"11083\">\n    <div class=\"product-card-inner-container\">\n        <h4 class=\"heading-h5 mb_0\">Vermiplac essences bois nobles<br>H\u00eatre \u00e9tuv\u00e9<\/h4>\n\n        <div class=\"product-card-cols\">\n            <div class=\"product-card-image\" style=\"background-image: url('https:\/\/sperrag.ch\/wp-content\/uploads\/Vermiplac-Brandschutz-edelfurniert-Buche_1000x667px-1200x801.jpg')\">\n                <div class=\"product-number-block\">\n                    <span>2<\/span>\n\n                                    <\/div>\n            <\/div>\n\n            <div class=\"product-meta-block\">\n                                    <p class=\"text-medium text-black mb_0\">A\/B standard<\/p>\n                \n                                    <div class=\"button-block\">\n                        <div class=\"btn-merklist btn-merklist-small btn-merklist-full-width add-to-merkliste \" data-type=\"produkt\" data-id=\"11117\">\n                            <div>\n                                Liste de suivi                            <\/div>\n                        <\/div>\n                    <\/div>\n                            <\/div>\n        <\/div>\n    <\/div>\n<\/a>\n\n<a href=\"https:\/\/sperrag.ch\/fr\/produit\/vermiplac-edelfurnierteiche-euro\/\" data-fancybox data-src=\"https:\/\/sperrag.ch\/wp-content\/uploads\/Vermiplac-Brandschutz-edelfurniert-Eiche_1000x667px-1200x801.jpg\" data-caption=\"A\u200a\/\u200aB qualit\u00e9 fa\u00e7e mi fil livre ouvert\" class=\"product-card  not-open-modal\" data-paginationmobilepage=\"1\" data-modalpostid=\"11119\" data-parentpageid=\"11083\">\n    <div class=\"product-card-inner-container\">\n        <h4 class=\"heading-h5 mb_0\">Vermiplac essences bois nobles<br>Ch\u00eane euro<\/h4>\n\n        <div class=\"product-card-cols\">\n            <div class=\"product-card-image\" style=\"background-image: url('https:\/\/sperrag.ch\/wp-content\/uploads\/Vermiplac-Brandschutz-edelfurniert-Eiche_1000x667px-1200x801.jpg')\">\n                <div class=\"product-number-block\">\n                    <span>3<\/span>\n\n                                    <\/div>\n            <\/div>\n\n            <div class=\"product-meta-block\">\n                                    <p class=\"text-medium text-black mb_0\">A\u200a\/\u200aB qualit\u00e9 fa\u00e7e mi fil livre ouvert<\/p>\n                \n                                    <div class=\"button-block\">\n                        <div class=\"btn-merklist btn-merklist-small btn-merklist-full-width add-to-merkliste \" data-type=\"produkt\" data-id=\"11119\">\n                            <div>\n                                Liste de suivi                            <\/div>\n                        <\/div>\n                    <\/div>\n                            <\/div>\n        <\/div>\n    <\/div>\n<\/a>\n\n<a href=\"https:\/\/sperrag.ch\/fr\/produit\/vermiplac-edelfurnierteiche-gerauchert\/\" data-fancybox data-src=\"https:\/\/sperrag.ch\/wp-content\/uploads\/Vermiplac-Brandschutz-edelfurniert-Eiche_geraeuchert_1000x667px-1200x801.jpg\" data-caption=\"A\u200a\/\u200aB qualit\u00e9 fa\u00e7e mi fil \u00e0 demi ramageux\" class=\"product-card  not-open-modal\" data-paginationmobilepage=\"1\" data-modalpostid=\"11121\" data-parentpageid=\"11083\">\n    <div class=\"product-card-inner-container\">\n        <h4 class=\"heading-h5 mb_0\">Vermiplac essences bois nobles<br>Ch\u00eane fum\u00e9<\/h4>\n\n        <div class=\"product-card-cols\">\n            <div class=\"product-card-image\" style=\"background-image: url('https:\/\/sperrag.ch\/wp-content\/uploads\/Vermiplac-Brandschutz-edelfurniert-Eiche_geraeuchert_1000x667px-1200x801.jpg')\">\n                <div class=\"product-number-block\">\n                    <span>4<\/span>\n\n                                    <\/div>\n            <\/div>\n\n            <div class=\"product-meta-block\">\n                                    <p class=\"text-medium text-black mb_0\">A\u200a\/\u200aB qualit\u00e9 fa\u00e7e mi fil \u00e0 demi ramageux<\/p>\n                \n                                    <div class=\"button-block\">\n                        <div class=\"btn-merklist btn-merklist-small btn-merklist-full-width add-to-merkliste \" data-type=\"produkt\" data-id=\"11121\">\n                            <div>\n                                Liste de suivi                            <\/div>\n                        <\/div>\n                    <\/div>\n                            <\/div>\n        <\/div>\n    <\/div>\n<\/a>\n\n<a href=\"https:\/\/sperrag.ch\/fr\/produit\/vermiplac-edelfurniertfichte\/\" data-fancybox data-src=\"https:\/\/sperrag.ch\/wp-content\/uploads\/Vermiplac-Brandschutz-edelfurniert-Fichte_1000x667px-1200x801.jpg\" data-caption=\"A\u200a\/\u200aB qualit\u00e9 fa\u00e7e mi fil \u00e0 demi ramageux\" class=\"product-card  not-open-modal\" data-paginationmobilepage=\"1\" data-modalpostid=\"11123\" data-parentpageid=\"11083\">\n    <div class=\"product-card-inner-container\">\n        <h4 class=\"heading-h5 mb_0\">Vermiplac essences bois nobles<br>Epic\u00e9a<\/h4>\n\n        <div class=\"product-card-cols\">\n            <div class=\"product-card-image\" style=\"background-image: url('https:\/\/sperrag.ch\/wp-content\/uploads\/Vermiplac-Brandschutz-edelfurniert-Fichte_1000x667px-1200x801.jpg')\">\n                <div class=\"product-number-block\">\n                    <span>5<\/span>\n\n                                    <\/div>\n            <\/div>\n\n            <div class=\"product-meta-block\">\n                                    <p class=\"text-medium text-black mb_0\">A\u200a\/\u200aB qualit\u00e9 fa\u00e7e mi fil \u00e0 demi ramageux<\/p>\n                \n                                    <div class=\"button-block\">\n                        <div class=\"btn-merklist btn-merklist-small btn-merklist-full-width add-to-merkliste \" data-type=\"produkt\" data-id=\"11123\">\n                            <div>\n                                Liste de suivi                            <\/div>\n                        <\/div>\n                    <\/div>\n                            <\/div>\n        <\/div>\n    <\/div>\n<\/a>\n                                        <\/div>\n\n                                                                            <\/div>\n                                                            <\/div>\n                        <\/div>\n                                            <div class=\"accordion-item\" id=\"vermiplac-straftifies\">\n                            <div class=\"accordion-item-header-container\">\n                                <h2 class=\"accordion-item-header-text mb_0 \" data-number=\"7\">\n                                    Vermiplac stratifi\u00e9                                <\/h2>\n                            <\/div>\n\n                            <div class=\"accordion-content-block\" >\n                                                                    <div class=\"rubrik-info-block sub-cat-rubrik-info-block\">\n                                        <div class=\"rubrik-text-block\">\n                                                                                            <h4 class=\"\">RF1 Panneau ignifuge en Vermiculite stratifi\u00e9\n<\/h4>\n                                            \n                                                                                            <div class=\"description_block\"><p>Support\u200a: Vermipan\u00ae Plaque de vermiculite mica expans\u00e9e \u00e0 base de phyllosilicate naturel, non combustible<\/p>\n<p><span class=\"fontstyle0\">Si des mat\u00e9riaux de construction RF1 sont n\u00e9cessaires pour des murs et des sols int\u00e9rieurs, les rev\u00eatements combustibles tels que les peintures, les papiers peints, les placages, etc. sont autoris\u00e9s \u00e0 condition que leur \u00e9paisseur ne d\u00e9passe pas 1,5 mm &#8211; ainsi, il n&rsquo;y a pratiquement aucune limite \u00e0 vos\u00a0 variantes de conception avec nos panneaux plaqu\u00e9s sur des supports coupe-feu!<\/span><\/p>\n<\/div>\n                                                                                    <\/div>\n\n                                        <div class=\"rubrik-medium-block\">\n                                            <div class=\"mediums-block\">\n                                <a href=\"https:\/\/sperrag.ch\/wp-content\/uploads\/Flyer_Vermipan_FR.pdf\" class=\"medium-block small_mb\" target=\"_blank\">\n                                                <div>\n                        <i class=\"fa-thin fa-file-pdf\"><\/i>\n                    <\/div>\n                \n                <div>\n                    <span><strong>Flyer Vermipan\u00ae RF1 \u2013 le panneau ignifuge polyvalent<\/strong><\/span>\n                    <p class=\"mb_0\"><\/p>\n                <\/div>\n            <\/a>\n                                        <a href=\"https:\/\/sperrag.ch\/wp-content\/uploads\/VKF-17774-Vermiplac-Laminat_FR.pdf\" class=\"medium-block small_mb\" target=\"_blank\">\n                                                <div>\n                        <i class=\"fa-thin fa-file-pdf\"><\/i>\n                    <\/div>\n                \n                <div>\n                    <span><strong>VKF 17774 \/ <br>Vermiplac stratifi\u00e9s (RF1)<\/strong><\/span>\n                    <p class=\"mb_0\"><\/p>\n                <\/div>\n            <\/a>\n            <\/div>\n                                        <\/div>\n                                    <\/div>\n                                \n                                                                    <div class=\"product-cards\">\n                                        \n<a href=\"https:\/\/sperrag.ch\/fr\/produit\/vermiplac-stratifie\/\" data-fancybox data-src=\"https:\/\/sperrag.ch\/wp-content\/uploads\/FIREPLAC-mit-Laminat_1000x667px-1200x801.jpg\" data-caption=\"0,25 mm blanc qual. A\u200a\/\u200aC  (1 c\u00f4t\u00e9 visible)\" class=\"product-card  not-open-modal\" data-paginationmobilepage=\"\" data-modalpostid=\"3689\" data-parentpageid=\"11083\">\n    <div class=\"product-card-inner-container\">\n        <h4 class=\"heading-h5 mb_0\">Vermiplac stratifi\u00e9<br>SPRELA stratifi\u00e9<\/h4>\n\n        <div class=\"product-card-cols\">\n            <div class=\"product-card-image\" style=\"background-image: url('https:\/\/sperrag.ch\/wp-content\/uploads\/FIREPLAC-mit-Laminat_1000x667px-1200x801.jpg')\">\n                <div class=\"product-number-block\">\n                    <span>1<\/span>\n\n                                    <\/div>\n            <\/div>\n\n            <div class=\"product-meta-block\">\n                                    <p class=\"text-medium text-black mb_0\">0,25 mm blanc qual. A\u200a\/\u200aC  (1 c\u00f4t\u00e9 visible)<\/p>\n                \n                                    <div class=\"button-block\">\n                        <div class=\"btn-merklist btn-merklist-small btn-merklist-full-width add-to-merkliste \" data-type=\"produkt\" data-id=\"3689\">\n                            <div>\n                                Liste de suivi                            <\/div>\n                        <\/div>\n                    <\/div>\n                            <\/div>\n        <\/div>\n    <\/div>\n<\/a>\n                                    <\/div>\n                                \n                                                                    <div class=\"product-cards-mobile-wrapper vermiplac-straftifies\" data-page=\"1\" data-maxnumpages=\"1\">\n                                        <div class=\"loading_fade\"><\/div>\n\n                                        <div class=\"product-cards-mobile\">\n                                            \n<a href=\"https:\/\/sperrag.ch\/fr\/produit\/vermiplac-stratifie\/\" data-fancybox data-src=\"https:\/\/sperrag.ch\/wp-content\/uploads\/FIREPLAC-mit-Laminat_1000x667px-1200x801.jpg\" data-caption=\"0,25 mm blanc qual. A\u200a\/\u200aC  (1 c\u00f4t\u00e9 visible)\" class=\"product-card  not-open-modal\" data-paginationmobilepage=\"1\" data-modalpostid=\"3689\" data-parentpageid=\"11083\">\n    <div class=\"product-card-inner-container\">\n        <h4 class=\"heading-h5 mb_0\">Vermiplac stratifi\u00e9<br>SPRELA stratifi\u00e9<\/h4>\n\n        <div class=\"product-card-cols\">\n            <div class=\"product-card-image\" style=\"background-image: url('https:\/\/sperrag.ch\/wp-content\/uploads\/FIREPLAC-mit-Laminat_1000x667px-1200x801.jpg')\">\n                <div class=\"product-number-block\">\n                    <span>1<\/span>\n\n                                    <\/div>\n            <\/div>\n\n            <div class=\"product-meta-block\">\n                                    <p class=\"text-medium text-black mb_0\">0,25 mm blanc qual. A\u200a\/\u200aC  (1 c\u00f4t\u00e9 visible)<\/p>\n                \n                                    <div class=\"button-block\">\n                        <div class=\"btn-merklist btn-merklist-small btn-merklist-full-width add-to-merkliste \" data-type=\"produkt\" data-id=\"3689\">\n                            <div>\n                                Liste de suivi                            <\/div>\n                        <\/div>\n                    <\/div>\n                            <\/div>\n        <\/div>\n    <\/div>\n<\/a>\n                                        <\/div>\n\n                                                                            <\/div>\n                                                            <\/div>\n                        <\/div>\n                                            <div class=\"accordion-item\" id=\"giplac-fr\">\n                            <div class=\"accordion-item-header-container\">\n                                <h2 class=\"accordion-item-header-text mb_0 \" data-number=\"3\">\n                                    Giplac essences bois nobles                                <\/h2>\n                            <\/div>\n\n                            <div class=\"accordion-content-block\" >\n                                                                    <div class=\"rubrik-info-block sub-cat-rubrik-info-block\">\n                                        <div class=\"rubrik-text-block\">\n                                                                                            <h4 class=\"\">RF1 panneau ignifuge en pl\u00e2tre plaqu\u00e9 d&rsquo;essence de bois noble\n<\/h4>\n                                            \n                                                                                            <div class=\"description_block\"><p>Support\u200a: Plaque de pl\u00e2tre fibr\u00e9e \u00a0(pl\u00e2tre et fibres de cellulose), non combustible<\/p>\n<p><span class=\"fontstyle0\">Si des mat\u00e9riaux de construction RF1 sont n\u00e9cessaires pour des murs et des sols int\u00e9rieurs, les rev\u00eatements combustibles tels que les peintures, les papiers peints, les placages, etc. sont autoris\u00e9s \u00e0 condition que leur \u00e9paisseur ne d\u00e9passe pas 1,5 mm &#8211; ainsi, il n&rsquo;y a pratiquement aucune limite \u00e0 vos\u00a0 variantes de conception avec nos panneaux plaqu\u00e9s sur des supports coupe-feu!<\/span><\/p>\n<\/div>\n                                                                                    <\/div>\n\n                                        <div class=\"rubrik-medium-block\">\n                                            <div class=\"mediums-block\">\n                                <a href=\"https:\/\/sperrag.ch\/wp-content\/uploads\/VKF-30527-Giplac-edelfurniert_FR.pdf\" class=\"medium-block small_mb\" target=\"_blank\">\n                                                <div>\n                        <i class=\"fa-thin fa-file-pdf\"><\/i>\n                    <\/div>\n                \n                <div>\n                    <span><strong>VKF 30527 \/ <br>Giplac panneaux ignifuges plaqu\u00e9s bois essences fines (RF1)<\/strong><\/span>\n                    <p class=\"mb_0\"><\/p>\n                <\/div>\n            <\/a>\n            <\/div>\n                                        <\/div>\n                                    <\/div>\n                                \n                                                                    <div class=\"product-cards\">\n                                        \n<a href=\"https:\/\/sperrag.ch\/fr\/produit\/giplac-fr\/\" data-fancybox data-src=\"https:\/\/sperrag.ch\/wp-content\/uploads\/Giplac-Eiche-Euro-A-First-schlicht-B-Brettcharakter_01_BB_1000x667px-1200x801.jpg\" data-caption=\"RF1 \u2013 panneau ignifuge en pl\u00e2tre plaqu\u00e9 essences de bois nobles\" class=\"product-card  not-open-modal\" data-paginationmobilepage=\"\" data-modalpostid=\"3695\" data-parentpageid=\"11083\">\n    <div class=\"product-card-inner-container\">\n        <h4 class=\"heading-h5 mb_0\">Giplac<\/h4>\n\n        <div class=\"product-card-cols\">\n            <div class=\"product-card-image\" style=\"background-image: url('https:\/\/sperrag.ch\/wp-content\/uploads\/Giplac-Eiche-Euro-A-First-schlicht-B-Brettcharakter_01_BB_1000x667px-1200x801.jpg')\">\n                <div class=\"product-number-block\">\n                    <span>1<\/span>\n\n                                    <\/div>\n            <\/div>\n\n            <div class=\"product-meta-block\">\n                                    <p class=\"text-medium text-black mb_0\">RF1 \u2013 panneau ignifuge en pl\u00e2tre plaqu\u00e9 essences de bois nobles<\/p>\n                \n                                    <div class=\"button-block\">\n                        <div class=\"btn-merklist btn-merklist-small btn-merklist-full-width add-to-merkliste \" data-type=\"produkt\" data-id=\"3695\">\n                            <div>\n                                Liste de suivi                            <\/div>\n                        <\/div>\n                    <\/div>\n                            <\/div>\n        <\/div>\n    <\/div>\n<\/a>\n                                    <\/div>\n                                \n                                                                    <div class=\"product-cards-mobile-wrapper giplac-fr\" data-page=\"1\" data-maxnumpages=\"1\">\n                                        <div class=\"loading_fade\"><\/div>\n\n                                        <div class=\"product-cards-mobile\">\n                                            \n<a href=\"https:\/\/sperrag.ch\/fr\/produit\/giplac-fr\/\" data-fancybox data-src=\"https:\/\/sperrag.ch\/wp-content\/uploads\/Giplac-Eiche-Euro-A-First-schlicht-B-Brettcharakter_01_BB_1000x667px-1200x801.jpg\" data-caption=\"RF1 \u2013 panneau ignifuge en pl\u00e2tre plaqu\u00e9 essences de bois nobles\" class=\"product-card  not-open-modal\" data-paginationmobilepage=\"1\" data-modalpostid=\"3695\" data-parentpageid=\"11083\">\n    <div class=\"product-card-inner-container\">\n        <h4 class=\"heading-h5 mb_0\">Giplac<\/h4>\n\n        <div class=\"product-card-cols\">\n            <div class=\"product-card-image\" style=\"background-image: url('https:\/\/sperrag.ch\/wp-content\/uploads\/Giplac-Eiche-Euro-A-First-schlicht-B-Brettcharakter_01_BB_1000x667px-1200x801.jpg')\">\n                <div class=\"product-number-block\">\n                    <span>1<\/span>\n\n                                    <\/div>\n            <\/div>\n\n            <div class=\"product-meta-block\">\n                                    <p class=\"text-medium text-black mb_0\">RF1 \u2013 panneau ignifuge en pl\u00e2tre plaqu\u00e9 essences de bois nobles<\/p>\n                \n                                    <div class=\"button-block\">\n                        <div class=\"btn-merklist btn-merklist-small btn-merklist-full-width add-to-merkliste \" data-type=\"produkt\" data-id=\"3695\">\n                            <div>\n                                Liste de suivi                            <\/div>\n                        <\/div>\n                    <\/div>\n                            <\/div>\n        <\/div>\n    <\/div>\n<\/a>\n                                        <\/div>\n\n                                                                            <\/div>\n                                                            <\/div>\n                        <\/div>\n                                    <\/div>\n            <\/div>\n        <\/section>\n    \n\n\n\n\n\n\n\n    <section class=\"divider-block white-bg super-small\"><\/section>\n\n\n\n\n\n","protected":false},"featured_media":11027,"template":"","produkt_rubrik":[161],"class_list":["post-11083","produkt","type-produkt","status-publish","has-post-thumbnail","hentry","produkt_rubrik-gamme-de-protection-contre-les-incendies"],"acf":[],"yoast_head":"<!-- This site is optimized with the Yoast SEO plugin v27.5 - https:\/\/yoast.com\/product\/yoast-seo-wordpress\/ -->\n<title>Panneaux RF1 - sperrag<\/title>\n<meta name=\"robots\" content=\"index, follow, max-snippet:-1, max-image-preview:large, max-video-preview:-1\" \/>\n<link rel=\"canonical\" href=\"https:\/\/sperrag.ch\/fr\/produit\/panneaux-rf1-2\/\" \/>\n<meta property=\"og:locale\" content=\"fr_FR\" \/>\n<meta property=\"og:type\" content=\"article\" \/>\n<meta property=\"og:title\" content=\"Panneaux RF1 - sperrag\" \/>\n<meta property=\"og:url\" content=\"https:\/\/sperrag.ch\/fr\/produit\/panneaux-rf1-2\/\" \/>\n<meta property=\"og:site_name\" content=\"sperrag\" \/>\n<meta property=\"article:modified_time\" content=\"2026-04-27T11:35:24+00:00\" \/>\n<meta property=\"og:image\" content=\"https:\/\/sperrag.ch\/wp-content\/uploads\/VeroBoard-Element-Eiche-Euro-A-Frontqualitaet-B-Brettcharakter_03_1000x667px.jpg\" \/>\n\t<meta property=\"og:image:width\" content=\"2083\" \/>\n\t<meta property=\"og:image:height\" content=\"1390\" \/>\n\t<meta property=\"og:image:type\" content=\"image\/jpeg\" \/>\n<meta name=\"twitter:card\" content=\"summary_large_image\" \/>\n<meta name=\"twitter:label1\" content=\"Est. reading time\" \/>\n\t<meta name=\"twitter:data1\" content=\"1 minute\" \/>\n<script type=\"application\/ld+json\" class=\"yoast-schema-graph\">{\"@context\":\"https:\\\/\\\/schema.org\",\"@graph\":[{\"@type\":\"WebPage\",\"@id\":\"https:\\\/\\\/sperrag.ch\\\/fr\\\/produit\\\/panneaux-rf1-2\\\/\",\"url\":\"https:\\\/\\\/sperrag.ch\\\/fr\\\/produit\\\/panneaux-rf1-2\\\/\",\"name\":\"Panneaux RF1 - sperrag\",\"isPartOf\":{\"@id\":\"https:\\\/\\\/sperrag.ch\\\/#website\"},\"primaryImageOfPage\":{\"@id\":\"https:\\\/\\\/sperrag.ch\\\/fr\\\/produit\\\/panneaux-rf1-2\\\/#primaryimage\"},\"image\":{\"@id\":\"https:\\\/\\\/sperrag.ch\\\/fr\\\/produit\\\/panneaux-rf1-2\\\/#primaryimage\"},\"thumbnailUrl\":\"https:\\\/\\\/sperrag.ch\\\/wp-content\\\/uploads\\\/VeroBoard-Element-Eiche-Euro-A-Frontqualitaet-B-Brettcharakter_03_1000x667px.jpg\",\"datePublished\":\"2024-08-20T07:44:52+00:00\",\"dateModified\":\"2026-04-27T11:35:24+00:00\",\"breadcrumb\":{\"@id\":\"https:\\\/\\\/sperrag.ch\\\/fr\\\/produit\\\/panneaux-rf1-2\\\/#breadcrumb\"},\"inLanguage\":\"fr-FR\",\"potentialAction\":[{\"@type\":\"ReadAction\",\"target\":[\"https:\\\/\\\/sperrag.ch\\\/fr\\\/produit\\\/panneaux-rf1-2\\\/\"]}]},{\"@type\":\"ImageObject\",\"inLanguage\":\"fr-FR\",\"@id\":\"https:\\\/\\\/sperrag.ch\\\/fr\\\/produit\\\/panneaux-rf1-2\\\/#primaryimage\",\"url\":\"https:\\\/\\\/sperrag.ch\\\/wp-content\\\/uploads\\\/VeroBoard-Element-Eiche-Euro-A-Frontqualitaet-B-Brettcharakter_03_1000x667px.jpg\",\"contentUrl\":\"https:\\\/\\\/sperrag.ch\\\/wp-content\\\/uploads\\\/VeroBoard-Element-Eiche-Euro-A-Frontqualitaet-B-Brettcharakter_03_1000x667px.jpg\",\"width\":2083,\"height\":1390},{\"@type\":\"BreadcrumbList\",\"@id\":\"https:\\\/\\\/sperrag.ch\\\/fr\\\/produit\\\/panneaux-rf1-2\\\/#breadcrumb\",\"itemListElement\":[{\"@type\":\"ListItem\",\"position\":1,\"name\":\"Home\",\"item\":\"https:\\\/\\\/sperrag.ch\\\/fr\\\/\"},{\"@type\":\"ListItem\",\"position\":2,\"name\":\"Produkte\",\"item\":\"https:\\\/\\\/sperrag.ch\\\/produkt\\\/\"},{\"@type\":\"ListItem\",\"position\":3,\"name\":\"Panneaux RF1\"}]},{\"@type\":\"WebSite\",\"@id\":\"https:\\\/\\\/sperrag.ch\\\/#website\",\"url\":\"https:\\\/\\\/sperrag.ch\\\/\",\"name\":\"sperrag\",\"description\":\"\",\"publisher\":{\"@id\":\"https:\\\/\\\/sperrag.ch\\\/#organization\"},\"potentialAction\":[{\"@type\":\"SearchAction\",\"target\":{\"@type\":\"EntryPoint\",\"urlTemplate\":\"https:\\\/\\\/sperrag.ch\\\/?s={search_term_string}\"},\"query-input\":{\"@type\":\"PropertyValueSpecification\",\"valueRequired\":true,\"valueName\":\"search_term_string\"}}],\"inLanguage\":\"fr-FR\"},{\"@type\":\"Organization\",\"@id\":\"https:\\\/\\\/sperrag.ch\\\/#organization\",\"name\":\"sperrag ag\",\"url\":\"https:\\\/\\\/sperrag.ch\\\/\",\"logo\":{\"@type\":\"ImageObject\",\"inLanguage\":\"fr-FR\",\"@id\":\"https:\\\/\\\/sperrag.ch\\\/#\\\/schema\\\/logo\\\/image\\\/\",\"url\":\"https:\\\/\\\/sperrag.ch\\\/wp-content\\\/uploads\\\/Sperrag_logo.svg\",\"contentUrl\":\"https:\\\/\\\/sperrag.ch\\\/wp-content\\\/uploads\\\/Sperrag_logo.svg\",\"width\":421,\"height\":89,\"caption\":\"sperrag ag\"},\"image\":{\"@id\":\"https:\\\/\\\/sperrag.ch\\\/#\\\/schema\\\/logo\\\/image\\\/\"},\"sameAs\":[\"https:\\\/\\\/www.linkedin.com\\\/company\\\/sperrag-ag\"]}]}<\/script>\n<!-- \/ Yoast SEO plugin. -->","yoast_head_json":{"title":"Panneaux RF1 - sperrag","robots":{"index":"index","follow":"follow","max-snippet":"max-snippet:-1","max-image-preview":"max-image-preview:large","max-video-preview":"max-video-preview:-1"},"canonical":"https:\/\/sperrag.ch\/fr\/produit\/panneaux-rf1-2\/","og_locale":"fr_FR","og_type":"article","og_title":"Panneaux RF1 - sperrag","og_url":"https:\/\/sperrag.ch\/fr\/produit\/panneaux-rf1-2\/","og_site_name":"sperrag","article_modified_time":"2026-04-27T11:35:24+00:00","og_image":[{"width":2083,"height":1390,"url":"https:\/\/sperrag.ch\/wp-content\/uploads\/VeroBoard-Element-Eiche-Euro-A-Frontqualitaet-B-Brettcharakter_03_1000x667px.jpg","type":"image\/jpeg"}],"twitter_card":"summary_large_image","twitter_misc":{"Est. reading time":"1 minute"},"schema":{"@context":"https:\/\/schema.org","@graph":[{"@type":"WebPage","@id":"https:\/\/sperrag.ch\/fr\/produit\/panneaux-rf1-2\/","url":"https:\/\/sperrag.ch\/fr\/produit\/panneaux-rf1-2\/","name":"Panneaux RF1 - sperrag","isPartOf":{"@id":"https:\/\/sperrag.ch\/#website"},"primaryImageOfPage":{"@id":"https:\/\/sperrag.ch\/fr\/produit\/panneaux-rf1-2\/#primaryimage"},"image":{"@id":"https:\/\/sperrag.ch\/fr\/produit\/panneaux-rf1-2\/#primaryimage"},"thumbnailUrl":"https:\/\/sperrag.ch\/wp-content\/uploads\/VeroBoard-Element-Eiche-Euro-A-Frontqualitaet-B-Brettcharakter_03_1000x667px.jpg","datePublished":"2024-08-20T07:44:52+00:00","dateModified":"2026-04-27T11:35:24+00:00","breadcrumb":{"@id":"https:\/\/sperrag.ch\/fr\/produit\/panneaux-rf1-2\/#breadcrumb"},"inLanguage":"fr-FR","potentialAction":[{"@type":"ReadAction","target":["https:\/\/sperrag.ch\/fr\/produit\/panneaux-rf1-2\/"]}]},{"@type":"ImageObject","inLanguage":"fr-FR","@id":"https:\/\/sperrag.ch\/fr\/produit\/panneaux-rf1-2\/#primaryimage","url":"https:\/\/sperrag.ch\/wp-content\/uploads\/VeroBoard-Element-Eiche-Euro-A-Frontqualitaet-B-Brettcharakter_03_1000x667px.jpg","contentUrl":"https:\/\/sperrag.ch\/wp-content\/uploads\/VeroBoard-Element-Eiche-Euro-A-Frontqualitaet-B-Brettcharakter_03_1000x667px.jpg","width":2083,"height":1390},{"@type":"BreadcrumbList","@id":"https:\/\/sperrag.ch\/fr\/produit\/panneaux-rf1-2\/#breadcrumb","itemListElement":[{"@type":"ListItem","position":1,"name":"Home","item":"https:\/\/sperrag.ch\/fr\/"},{"@type":"ListItem","position":2,"name":"Produkte","item":"https:\/\/sperrag.ch\/produkt\/"},{"@type":"ListItem","position":3,"name":"Panneaux RF1"}]},{"@type":"WebSite","@id":"https:\/\/sperrag.ch\/#website","url":"https:\/\/sperrag.ch\/","name":"sperrag","description":"","publisher":{"@id":"https:\/\/sperrag.ch\/#organization"},"potentialAction":[{"@type":"SearchAction","target":{"@type":"EntryPoint","urlTemplate":"https:\/\/sperrag.ch\/?s={search_term_string}"},"query-input":{"@type":"PropertyValueSpecification","valueRequired":true,"valueName":"search_term_string"}}],"inLanguage":"fr-FR"},{"@type":"Organization","@id":"https:\/\/sperrag.ch\/#organization","name":"sperrag ag","url":"https:\/\/sperrag.ch\/","logo":{"@type":"ImageObject","inLanguage":"fr-FR","@id":"https:\/\/sperrag.ch\/#\/schema\/logo\/image\/","url":"https:\/\/sperrag.ch\/wp-content\/uploads\/Sperrag_logo.svg","contentUrl":"https:\/\/sperrag.ch\/wp-content\/uploads\/Sperrag_logo.svg","width":421,"height":89,"caption":"sperrag ag"},"image":{"@id":"https:\/\/sperrag.ch\/#\/schema\/logo\/image\/"},"sameAs":["https:\/\/www.linkedin.com\/company\/sperrag-ag"]}]}},"_links":{"self":[{"href":"https:\/\/sperrag.ch\/fr\/wp-json\/wp\/v2\/produkt\/11083","targetHints":{"allow":["GET"]}}],"collection":[{"href":"https:\/\/sperrag.ch\/fr\/wp-json\/wp\/v2\/produkt"}],"about":[{"href":"https:\/\/sperrag.ch\/fr\/wp-json\/wp\/v2\/types\/produkt"}],"wp:featuredmedia":[{"embeddable":true,"href":"https:\/\/sperrag.ch\/fr\/wp-json\/wp\/v2\/media\/11027"}],"wp:attachment":[{"href":"https:\/\/sperrag.ch\/fr\/wp-json\/wp\/v2\/media?parent=11083"}],"wp:term":[{"taxonomy":"produkt_rubrik","embeddable":true,"href":"https:\/\/sperrag.ch\/fr\/wp-json\/wp\/v2\/produkt_rubrik?post=11083"}],"curies":[{"name":"wp","href":"https:\/\/api.w.org\/{rel}","templated":true}]}}