{"id":11129,"date":"2024-08-20T10:30:33","date_gmt":"2024-08-20T08:30:33","guid":{"rendered":"https:\/\/sperrag.ch\/?post_type=produkt&#038;p=11129"},"modified":"2026-04-29T16:01:16","modified_gmt":"2026-04-29T14:01:16","slug":"rf2-platten","status":"publish","type":"produkt","link":"https:\/\/sperrag.ch\/fr\/produit\/rf2-platten\/","title":{"rendered":"Panneaux RF2"},"content":{"rendered":"\n    <section class=\"header-modal-block scrollMagic-block\" data-uid=\"69f5cf02633fe\">\n                    <p class=\"subtitle-modal\"> <a href=\"https:\/\/sperrag.ch\/fr\/gammes-de-produits\/\" class=\"\">Gammes de produits<\/a><span> > <\/span><a href=\"https:\/\/sperrag.ch\/fr\/gammes-de-produits\/?el=gamme-de-protection-contre-les-incendies\" class=\"\">Gamme de protection contre les incendies<\/a> <\/p>\n        \n        <h1 class=\"mb_0\">RF2 Platten\n<\/h1>\n    <\/section>\n\n\n\n\n\n\n\n    <section class=\"product-with-info-block white-bg\" id=\"\">\n        <div class=\"cols-block\">\n            <div class=\"left-part-block scrollMagic-block\" data-uid=\"69f5cf0267bd9\">\n                                    <img decoding=\"async\" src=\"https:\/\/sperrag.ch\/wp-content\/uploads\/Brandschutz_Sperraply_Birke-roh_1000x667px-800x534.jpg\" alt=\"Panneaux RF2 \u2013 difficilement inflammable\">\n                            <\/div>\n\n            <div class=\"right-part-block scrollMagic-block delay-animation\" data-uid=\"69f5cf0267bd9-1\">\n                                    <h4>Panneaux RF2 \u2013 difficilement inflammable<\/h4>\n                \n                                    <div class=\"description_block\">\n                        <p style=\"font-weight: 400;\">Les difficilement inflammables !<\/p>\n                    <\/div>\n                \n                            <\/div>\n        <\/div>\n    <\/section>\n\n\n\n\n\n\n\n\n\n            <section class=\"products-slider-sub-category-block white-bg scrollMagic-block\" id=\"\" data-uid=\"69f5cf0269157\">\n            <div class=\"accordion-block products\">\n                <div class=\"accordion-inner-container\">\n                                            <div class=\"accordion-item\" id=\"contreplaque-fr-rf2\">\n                            <div class=\"accordion-item-header-container\">\n                                <h2 class=\"accordion-item-header-text mb_0 \" data-number=\"0\">\n                                    Contreplaqu\u00e9s bruts et film\u00e9s                                <\/h2>\n                            <\/div>\n\n                            <div class=\"accordion-content-block\" >\n                                                                    <div class=\"rubrik-info-block sub-cat-rubrik-info-block\">\n                                        <div class=\"rubrik-text-block\">\n                                                                                            <h4 class=\"\">RF2 Panneaux ignifuges contreplaqu\u00e9s brut et contreplaqu\u00e9s rev\u00eatu avec film ph\u00e9nolique\n<\/h4>\n                                            \n                                                                                            <div class=\"description_block\"><p>Nous disposons d&rsquo;un grand assortiment de contreplaqu\u00e9s RF2, dont certains sont en stock chez nous et donc livrables en petites quantit\u00e9s dans un d\u00e9lai d&rsquo;une semaine.<\/p>\n<\/div>\n                                                                                    <\/div>\n\n                                        <div class=\"rubrik-medium-block\">\n                                            <div class=\"mediums-block\">\n                                <a href=\"https:\/\/sperrag.ch\/wp-content\/uploads\/VKF-TA-33339-Sperrapappel_franz_sperrag.pdf\" class=\"medium-block small_mb\" target=\"_blank\">\n                                                <div>\n                        <i class=\"fa-thin fa-file-pdf\"><\/i>\n                    <\/div>\n                \n                <div>\n                    <span><strong>VKF 33339 \/ Sperrapappel Fire Design (RF2)<\/strong><\/span>\n                    <p class=\"mb_0\"><\/p>\n                <\/div>\n            <\/a>\n                                        <a href=\"https:\/\/sperrag.ch\/wp-content\/uploads\/VKF-33191-Sperra-Ply_Birke_BB-BB_Firepro_franz_sperrag.pdf\" class=\"medium-block small_mb\" target=\"_blank\">\n                                                <div>\n                        <i class=\"fa-thin fa-file-pdf\"><\/i>\n                    <\/div>\n                \n                <div>\n                    <span><strong>VKF 33191 \/ <br>Sperra-Ply Bouleau BB\/BB Firepro (RF2)<\/strong><\/span>\n                    <p class=\"mb_0\"><\/p>\n                <\/div>\n            <\/a>\n                                        <a href=\"https:\/\/sperrag.ch\/wp-content\/uploads\/VKF-30626-Sperraspruce_RF2_franz_sperrag.pdf\" class=\"medium-block small_mb\" target=\"_blank\">\n                                                <div>\n                        <i class=\"fa-thin fa-file-pdf\"><\/i>\n                    <\/div>\n                \n                <div>\n                    <span><strong>VKF 30626 \/ <br>Sperraspruce (RF2)<\/strong><\/span>\n                    <p class=\"mb_0\"><\/p>\n                <\/div>\n            <\/a>\n                                        <a href=\"https:\/\/sperrag.ch\/wp-content\/uploads\/VKF-30528-Sperrabeech_FR.pdf\" class=\"medium-block small_mb\" target=\"_blank\">\n                                                <div>\n                        <i class=\"fa-thin fa-file-pdf\"><\/i>\n                    <\/div>\n                \n                <div>\n                    <span><strong>VKF 30528 \/ <br>Sperrabeech (RF2)<\/strong><\/span>\n                    <p class=\"mb_0\"><\/p>\n                <\/div>\n            <\/a>\n            <\/div>\n                                        <\/div>\n                                    <\/div>\n                                \n                                                                    <div class=\"product-cards\">\n                                        \n<a href=\"https:\/\/sperrag.ch\/fr\/produit\/sperraspruce-wisa-spruce-fr\/\" data-fancybox data-src=\"https:\/\/sperrag.ch\/wp-content\/uploads\/WISA-Spruce-Fichte-FR-rot_1000x667px.jpg\" data-caption=\"brute, ponc\u00e9e m\u00e9caniquement,  placages ext\u00e9rieurs qualit\u00e9 II\u200a\/\u200aIII\" class=\"product-card  not-open-modal\" data-paginationmobilepage=\"\" data-modalpostid=\"3556\" data-parentpageid=\"11129\">\n    <div class=\"product-card-inner-container\">\n        <h4 class=\"heading-h5 mb_0\">Sperraspruce WISA-Spruce FR<br>\u00c9pic\u00e9a d\u00e9roul\u00e9<\/h4>\n\n        <div class=\"product-card-cols\">\n            <div class=\"product-card-image\" style=\"background-image: url('https:\/\/sperrag.ch\/wp-content\/uploads\/WISA-Spruce-Fichte-FR-rot_1000x667px.jpg')\">\n                <div class=\"product-number-block\">\n                    <span>1<\/span>\n\n                                    <\/div>\n            <\/div>\n\n            <div class=\"product-meta-block\">\n                                    <p class=\"text-medium text-black mb_0\">brute, ponc\u00e9e m\u00e9caniquement,  placages ext\u00e9rieurs qualit\u00e9 II\u200a\/\u200aIII<\/p>\n                \n                                    <div class=\"button-block\">\n                        <div class=\"btn-merklist btn-merklist-small btn-merklist-full-width add-to-merkliste \" data-type=\"produkt\" data-id=\"3556\">\n                            <div>\n                                Liste de suivi                            <\/div>\n                        <\/div>\n                    <\/div>\n                            <\/div>\n        <\/div>\n    <\/div>\n<\/a>\n\n<a href=\"https:\/\/sperrag.ch\/fr\/produit\/sperrokoume-fr\/\" data-fancybox data-src=\"https:\/\/sperrag.ch\/wp-content\/uploads\/Sperrholz-roh_Okoume_1000x667px-1200x801.jpg\" data-caption=\"brute, ponc\u00e9e m\u00e9caniquement, placages ext\u00e9rieurs qualit\u00e9 B\u200a\/\u200aBB\" class=\"product-card  not-open-modal\" data-paginationmobilepage=\"\" data-modalpostid=\"3595\" data-parentpageid=\"11129\">\n    <div class=\"product-card-inner-container\">\n        <h4 class=\"heading-h5 mb_0\">Sperrokoum\u00e9<br>Okoum\u00e9 d\u00e9roul\u00e9<\/h4>\n\n        <div class=\"product-card-cols\">\n            <div class=\"product-card-image\" style=\"background-image: url('https:\/\/sperrag.ch\/wp-content\/uploads\/Sperrholz-roh_Okoume_1000x667px-1200x801.jpg')\">\n                <div class=\"product-number-block\">\n                    <span>2<\/span>\n\n                                    <\/div>\n            <\/div>\n\n            <div class=\"product-meta-block\">\n                                    <p class=\"text-medium text-black mb_0\">brute, ponc\u00e9e m\u00e9caniquement, placages ext\u00e9rieurs qualit\u00e9 B\u200a\/\u200aBB<\/p>\n                \n                                    <div class=\"button-block\">\n                        <div class=\"btn-merklist btn-merklist-small btn-merklist-full-width add-to-merkliste \" data-type=\"produkt\" data-id=\"3595\">\n                            <div>\n                                Liste de suivi                            <\/div>\n                        <\/div>\n                    <\/div>\n                            <\/div>\n        <\/div>\n    <\/div>\n<\/a>\n\n<a href=\"https:\/\/sperrag.ch\/fr\/produit\/sperrabeech-fr\/\" data-fancybox data-src=\"https:\/\/sperrag.ch\/wp-content\/uploads\/Sperrabeech_1000x667px-1200x801.jpg\" data-caption=\"brute, ponc\u00e9e m\u00e9caniquement, grain 60, placages ext\u00e9rieurs qualit\u00e9 BB\u200a\/\u200aCP\" class=\"product-card  not-open-modal\" data-paginationmobilepage=\"\" data-modalpostid=\"3608\" data-parentpageid=\"11129\">\n    <div class=\"product-card-inner-container\">\n        <h4 class=\"heading-h5 mb_0\">Sperrabeech<br>H\u00eatre d\u00e9roul\u00e9<\/h4>\n\n        <div class=\"product-card-cols\">\n            <div class=\"product-card-image\" style=\"background-image: url('https:\/\/sperrag.ch\/wp-content\/uploads\/Sperrabeech_1000x667px-1200x801.jpg')\">\n                <div class=\"product-number-block\">\n                    <span>3<\/span>\n\n                                    <\/div>\n            <\/div>\n\n            <div class=\"product-meta-block\">\n                                    <p class=\"text-medium text-black mb_0\">brute, ponc\u00e9e m\u00e9caniquement, grain 60, placages ext\u00e9rieurs qualit\u00e9 BB\u200a\/\u200aCP<\/p>\n                \n                                    <div class=\"button-block\">\n                        <div class=\"btn-merklist btn-merklist-small btn-merklist-full-width add-to-merkliste \" data-type=\"produkt\" data-id=\"3608\">\n                            <div>\n                                Liste de suivi                            <\/div>\n                        <\/div>\n                    <\/div>\n                            <\/div>\n        <\/div>\n    <\/div>\n<\/a>\n\n<a href=\"https:\/\/sperrag.ch\/fr\/produit\/sperra-ply-fr\/\" data-fancybox data-src=\"https:\/\/sperrag.ch\/wp-content\/uploads\/Brandschutz_Sperraply_Birke-roh_1000x667px-1200x801.jpg\" data-caption=\"brute, ponc\u00e9e m\u00e9caniquement, placages ext\u00e9rieur qualit\u00e9 BB\u200a\/\u200aBB\" class=\"product-card  not-open-modal\" data-paginationmobilepage=\"\" data-modalpostid=\"3630\" data-parentpageid=\"11129\">\n    <div class=\"product-card-inner-container\">\n        <h4 class=\"heading-h5 mb_0\">Sperra-Ply<br>Bouleau brut d\u00e9roul\u00e9<\/h4>\n\n        <div class=\"product-card-cols\">\n            <div class=\"product-card-image\" style=\"background-image: url('https:\/\/sperrag.ch\/wp-content\/uploads\/Brandschutz_Sperraply_Birke-roh_1000x667px-1200x801.jpg')\">\n                <div class=\"product-number-block\">\n                    <span>4<\/span>\n\n                                    <\/div>\n            <\/div>\n\n            <div class=\"product-meta-block\">\n                                    <p class=\"text-medium text-black mb_0\">brute, ponc\u00e9e m\u00e9caniquement, placages ext\u00e9rieur qualit\u00e9 BB\u200a\/\u200aBB<\/p>\n                \n                                    <div class=\"button-block\">\n                        <div class=\"btn-merklist btn-merklist-small btn-merklist-full-width add-to-merkliste \" data-type=\"produkt\" data-id=\"3630\">\n                            <div>\n                                Liste de suivi                            <\/div>\n                        <\/div>\n                    <\/div>\n                            <\/div>\n        <\/div>\n    <\/div>\n<\/a>\n\n<a href=\"https:\/\/sperrag.ch\/fr\/produit\/wisa-wire-fbirke-sieb-film\/\" data-fancybox data-src=\"https:\/\/sperrag.ch\/wp-content\/uploads\/WISA-Wire-F-Birke_1000x667px-1200x801.jpg\" data-caption=\"avec film ph\u00e9nolique anti\u00add\u00e9rapant, avec logo \u00abWISA-WIRE F\u00bb, verso lisse\" class=\"product-card  not-open-modal\" data-paginationmobilepage=\"\" data-modalpostid=\"11136\" data-parentpageid=\"11129\">\n    <div class=\"product-card-inner-container\">\n        <h4 class=\"heading-h5 mb_0\">WISA-Wire F Bouleau antid\u00e9rapant\u2009\/\u2009film<\/h4>\n\n        <div class=\"product-card-cols\">\n            <div class=\"product-card-image\" style=\"background-image: url('https:\/\/sperrag.ch\/wp-content\/uploads\/WISA-Wire-F-Birke_1000x667px-1200x801.jpg')\">\n                <div class=\"product-number-block\">\n                    <span>5<\/span>\n\n                                    <\/div>\n            <\/div>\n\n            <div class=\"product-meta-block\">\n                                    <p class=\"text-medium text-black mb_0\">avec film ph\u00e9nolique anti\u00add\u00e9rapant, avec logo \u00abWISA-WIRE F\u00bb, verso lisse<\/p>\n                \n                                    <div class=\"button-block\">\n                        <div class=\"btn-merklist btn-merklist-small btn-merklist-full-width add-to-merkliste \" data-type=\"produkt\" data-id=\"11136\">\n                            <div>\n                                Liste de suivi                            <\/div>\n                        <\/div>\n                    <\/div>\n                            <\/div>\n        <\/div>\n    <\/div>\n<\/a>\n                                    <\/div>\n                                \n                                                                    <div class=\"product-cards-mobile-wrapper contreplaque-fr-rf2\" data-page=\"1\" data-maxnumpages=\"1\">\n                                        <div class=\"loading_fade\"><\/div>\n\n                                        <div class=\"product-cards-mobile\">\n                                            \n<a href=\"https:\/\/sperrag.ch\/fr\/produit\/sperraspruce-wisa-spruce-fr\/\" data-fancybox data-src=\"https:\/\/sperrag.ch\/wp-content\/uploads\/WISA-Spruce-Fichte-FR-rot_1000x667px.jpg\" data-caption=\"brute, ponc\u00e9e m\u00e9caniquement,  placages ext\u00e9rieurs qualit\u00e9 II\u200a\/\u200aIII\" class=\"product-card  not-open-modal\" data-paginationmobilepage=\"1\" data-modalpostid=\"3556\" data-parentpageid=\"11129\">\n    <div class=\"product-card-inner-container\">\n        <h4 class=\"heading-h5 mb_0\">Sperraspruce WISA-Spruce FR<br>\u00c9pic\u00e9a d\u00e9roul\u00e9<\/h4>\n\n        <div class=\"product-card-cols\">\n            <div class=\"product-card-image\" style=\"background-image: url('https:\/\/sperrag.ch\/wp-content\/uploads\/WISA-Spruce-Fichte-FR-rot_1000x667px.jpg')\">\n                <div class=\"product-number-block\">\n                    <span>1<\/span>\n\n                                    <\/div>\n            <\/div>\n\n            <div class=\"product-meta-block\">\n                                    <p class=\"text-medium text-black mb_0\">brute, ponc\u00e9e m\u00e9caniquement,  placages ext\u00e9rieurs qualit\u00e9 II\u200a\/\u200aIII<\/p>\n                \n                                    <div class=\"button-block\">\n                        <div class=\"btn-merklist btn-merklist-small btn-merklist-full-width add-to-merkliste \" data-type=\"produkt\" data-id=\"3556\">\n                            <div>\n                                Liste de suivi                            <\/div>\n                        <\/div>\n                    <\/div>\n                            <\/div>\n        <\/div>\n    <\/div>\n<\/a>\n\n<a href=\"https:\/\/sperrag.ch\/fr\/produit\/sperrokoume-fr\/\" data-fancybox data-src=\"https:\/\/sperrag.ch\/wp-content\/uploads\/Sperrholz-roh_Okoume_1000x667px-1200x801.jpg\" data-caption=\"brute, ponc\u00e9e m\u00e9caniquement, placages ext\u00e9rieurs qualit\u00e9 B\u200a\/\u200aBB\" class=\"product-card  not-open-modal\" data-paginationmobilepage=\"1\" data-modalpostid=\"3595\" data-parentpageid=\"11129\">\n    <div class=\"product-card-inner-container\">\n        <h4 class=\"heading-h5 mb_0\">Sperrokoum\u00e9<br>Okoum\u00e9 d\u00e9roul\u00e9<\/h4>\n\n        <div class=\"product-card-cols\">\n            <div class=\"product-card-image\" style=\"background-image: url('https:\/\/sperrag.ch\/wp-content\/uploads\/Sperrholz-roh_Okoume_1000x667px-1200x801.jpg')\">\n                <div class=\"product-number-block\">\n                    <span>2<\/span>\n\n                                    <\/div>\n            <\/div>\n\n            <div class=\"product-meta-block\">\n                                    <p class=\"text-medium text-black mb_0\">brute, ponc\u00e9e m\u00e9caniquement, placages ext\u00e9rieurs qualit\u00e9 B\u200a\/\u200aBB<\/p>\n                \n                                    <div class=\"button-block\">\n                        <div class=\"btn-merklist btn-merklist-small btn-merklist-full-width add-to-merkliste \" data-type=\"produkt\" data-id=\"3595\">\n                            <div>\n                                Liste de suivi                            <\/div>\n                        <\/div>\n                    <\/div>\n                            <\/div>\n        <\/div>\n    <\/div>\n<\/a>\n\n<a href=\"https:\/\/sperrag.ch\/fr\/produit\/sperrabeech-fr\/\" data-fancybox data-src=\"https:\/\/sperrag.ch\/wp-content\/uploads\/Sperrabeech_1000x667px-1200x801.jpg\" data-caption=\"brute, ponc\u00e9e m\u00e9caniquement, grain 60, placages ext\u00e9rieurs qualit\u00e9 BB\u200a\/\u200aCP\" class=\"product-card  not-open-modal\" data-paginationmobilepage=\"1\" data-modalpostid=\"3608\" data-parentpageid=\"11129\">\n    <div class=\"product-card-inner-container\">\n        <h4 class=\"heading-h5 mb_0\">Sperrabeech<br>H\u00eatre d\u00e9roul\u00e9<\/h4>\n\n        <div class=\"product-card-cols\">\n            <div class=\"product-card-image\" style=\"background-image: url('https:\/\/sperrag.ch\/wp-content\/uploads\/Sperrabeech_1000x667px-1200x801.jpg')\">\n                <div class=\"product-number-block\">\n                    <span>3<\/span>\n\n                                    <\/div>\n            <\/div>\n\n            <div class=\"product-meta-block\">\n                                    <p class=\"text-medium text-black mb_0\">brute, ponc\u00e9e m\u00e9caniquement, grain 60, placages ext\u00e9rieurs qualit\u00e9 BB\u200a\/\u200aCP<\/p>\n                \n                                    <div class=\"button-block\">\n                        <div class=\"btn-merklist btn-merklist-small btn-merklist-full-width add-to-merkliste \" data-type=\"produkt\" data-id=\"3608\">\n                            <div>\n                                Liste de suivi                            <\/div>\n                        <\/div>\n                    <\/div>\n                            <\/div>\n        <\/div>\n    <\/div>\n<\/a>\n\n<a href=\"https:\/\/sperrag.ch\/fr\/produit\/sperra-ply-fr\/\" data-fancybox data-src=\"https:\/\/sperrag.ch\/wp-content\/uploads\/Brandschutz_Sperraply_Birke-roh_1000x667px-1200x801.jpg\" data-caption=\"brute, ponc\u00e9e m\u00e9caniquement, placages ext\u00e9rieur qualit\u00e9 BB\u200a\/\u200aBB\" class=\"product-card  not-open-modal\" data-paginationmobilepage=\"1\" data-modalpostid=\"3630\" data-parentpageid=\"11129\">\n    <div class=\"product-card-inner-container\">\n        <h4 class=\"heading-h5 mb_0\">Sperra-Ply<br>Bouleau brut d\u00e9roul\u00e9<\/h4>\n\n        <div class=\"product-card-cols\">\n            <div class=\"product-card-image\" style=\"background-image: url('https:\/\/sperrag.ch\/wp-content\/uploads\/Brandschutz_Sperraply_Birke-roh_1000x667px-1200x801.jpg')\">\n                <div class=\"product-number-block\">\n                    <span>4<\/span>\n\n                                    <\/div>\n            <\/div>\n\n            <div class=\"product-meta-block\">\n                                    <p class=\"text-medium text-black mb_0\">brute, ponc\u00e9e m\u00e9caniquement, placages ext\u00e9rieur qualit\u00e9 BB\u200a\/\u200aBB<\/p>\n                \n                                    <div class=\"button-block\">\n                        <div class=\"btn-merklist btn-merklist-small btn-merklist-full-width add-to-merkliste \" data-type=\"produkt\" data-id=\"3630\">\n                            <div>\n                                Liste de suivi                            <\/div>\n                        <\/div>\n                    <\/div>\n                            <\/div>\n        <\/div>\n    <\/div>\n<\/a>\n\n<a href=\"https:\/\/sperrag.ch\/fr\/produit\/wisa-wire-fbirke-sieb-film\/\" data-fancybox data-src=\"https:\/\/sperrag.ch\/wp-content\/uploads\/WISA-Wire-F-Birke_1000x667px-1200x801.jpg\" data-caption=\"avec film ph\u00e9nolique anti\u00add\u00e9rapant, avec logo \u00abWISA-WIRE F\u00bb, verso lisse\" class=\"product-card  not-open-modal\" data-paginationmobilepage=\"1\" data-modalpostid=\"11136\" data-parentpageid=\"11129\">\n    <div class=\"product-card-inner-container\">\n        <h4 class=\"heading-h5 mb_0\">WISA-Wire F Bouleau antid\u00e9rapant\u2009\/\u2009film<\/h4>\n\n        <div class=\"product-card-cols\">\n            <div class=\"product-card-image\" style=\"background-image: url('https:\/\/sperrag.ch\/wp-content\/uploads\/WISA-Wire-F-Birke_1000x667px-1200x801.jpg')\">\n                <div class=\"product-number-block\">\n                    <span>5<\/span>\n\n                                    <\/div>\n            <\/div>\n\n            <div class=\"product-meta-block\">\n                                    <p class=\"text-medium text-black mb_0\">avec film ph\u00e9nolique anti\u00add\u00e9rapant, avec logo \u00abWISA-WIRE F\u00bb, verso lisse<\/p>\n                \n                                    <div class=\"button-block\">\n                        <div class=\"btn-merklist btn-merklist-small btn-merklist-full-width add-to-merkliste \" data-type=\"produkt\" data-id=\"11136\">\n                            <div>\n                                Liste de suivi                            <\/div>\n                        <\/div>\n                    <\/div>\n                            <\/div>\n        <\/div>\n    <\/div>\n<\/a>\n                                        <\/div>\n\n                                                                            <\/div>\n                                                            <\/div>\n                        <\/div>\n                                            <div class=\"accordion-item\" id=\"panneaux-forts-fr-rf2\">\n                            <div class=\"accordion-item-header-container\">\n                                <h2 class=\"accordion-item-header-text mb_0 \" data-number=\"7\">\n                                    Panneaux forts                                <\/h2>\n                            <\/div>\n\n                            <div class=\"accordion-content-block\" >\n                                                                    <div class=\"rubrik-info-block sub-cat-rubrik-info-block\">\n                                        <div class=\"rubrik-text-block\">\n                                                                                            <h4 class=\"\">RF2 Panneaux forts difficilement inflammables\n<\/h4>\n                                            \n                                                                                            <div class=\"description_block\"><p>Autres panneaux forts difficilement inflammables sur demande.<\/p>\n<\/div>\n                                                                                    <\/div>\n\n                                        <div class=\"rubrik-medium-block\">\n                                                                                    <\/div>\n                                    <\/div>\n                                \n                                                                    <div class=\"product-cards\">\n                                        \n<a href=\"https:\/\/sperrag.ch\/fr\/produit\/bloc-hdf-fr-rf2\/\" data-fancybox data-src=\"https:\/\/sperrag.ch\/wp-content\/uploads\/Brandschutz_Stab_HDF_1000x667px-1200x801.jpg\" data-caption=\"Couverture HDF env. 3&nbsp;mm\" class=\"product-card  not-open-modal\" data-paginationmobilepage=\"\" data-modalpostid=\"3658\" data-parentpageid=\"11129\">\n    <div class=\"product-card-inner-container\">\n        <h4 class=\"heading-h5 mb_0\">Bloc HDF 3-plis<br>\u00c2me bloc \u00e9pic\u00e9a<\/h4>\n\n        <div class=\"product-card-cols\">\n            <div class=\"product-card-image\" style=\"background-image: url('https:\/\/sperrag.ch\/wp-content\/uploads\/Brandschutz_Stab_HDF_1000x667px-1200x801.jpg')\">\n                <div class=\"product-number-block\">\n                    <span>1<\/span>\n\n                                    <\/div>\n            <\/div>\n\n            <div class=\"product-meta-block\">\n                                    <p class=\"text-medium text-black mb_0\">Couverture HDF env. 3&nbsp;mm<\/p>\n                \n                                    <div class=\"button-block\">\n                        <div class=\"btn-merklist btn-merklist-small btn-merklist-full-width add-to-merkliste \" data-type=\"produkt\" data-id=\"3658\">\n                            <div>\n                                Liste de suivi                            <\/div>\n                        <\/div>\n                    <\/div>\n                            <\/div>\n        <\/div>\n    <\/div>\n<\/a>\n                                    <\/div>\n                                \n                                                                    <div class=\"product-cards-mobile-wrapper panneaux-forts-fr-rf2\" data-page=\"1\" data-maxnumpages=\"1\">\n                                        <div class=\"loading_fade\"><\/div>\n\n                                        <div class=\"product-cards-mobile\">\n                                            \n<a href=\"https:\/\/sperrag.ch\/fr\/produit\/bloc-hdf-fr-rf2\/\" data-fancybox data-src=\"https:\/\/sperrag.ch\/wp-content\/uploads\/Brandschutz_Stab_HDF_1000x667px-1200x801.jpg\" data-caption=\"Couverture HDF env. 3&nbsp;mm\" class=\"product-card  not-open-modal\" data-paginationmobilepage=\"1\" data-modalpostid=\"3658\" data-parentpageid=\"11129\">\n    <div class=\"product-card-inner-container\">\n        <h4 class=\"heading-h5 mb_0\">Bloc HDF 3-plis<br>\u00c2me bloc \u00e9pic\u00e9a<\/h4>\n\n        <div class=\"product-card-cols\">\n            <div class=\"product-card-image\" style=\"background-image: url('https:\/\/sperrag.ch\/wp-content\/uploads\/Brandschutz_Stab_HDF_1000x667px-1200x801.jpg')\">\n                <div class=\"product-number-block\">\n                    <span>1<\/span>\n\n                                    <\/div>\n            <\/div>\n\n            <div class=\"product-meta-block\">\n                                    <p class=\"text-medium text-black mb_0\">Couverture HDF env. 3&nbsp;mm<\/p>\n                \n                                    <div class=\"button-block\">\n                        <div class=\"btn-merklist btn-merklist-small btn-merklist-full-width add-to-merkliste \" data-type=\"produkt\" data-id=\"3658\">\n                            <div>\n                                Liste de suivi                            <\/div>\n                        <\/div>\n                    <\/div>\n                            <\/div>\n        <\/div>\n    <\/div>\n<\/a>\n                                        <\/div>\n\n                                                                            <\/div>\n                                                            <\/div>\n                        <\/div>\n                                            <div class=\"accordion-item\" id=\"mdf-fr-rf2\">\n                            <div class=\"accordion-item-header-container\">\n                                <h2 class=\"accordion-item-header-text mb_0 \" data-number=\"3\">\n                                    MDF                                <\/h2>\n                            <\/div>\n\n                            <div class=\"accordion-content-block\" >\n                                                                    <div class=\"rubrik-info-block sub-cat-rubrik-info-block\">\n                                        <div class=\"rubrik-text-block\">\n                                                                                            <h4 class=\"\">RF2 Panneaux MDF difficilement inflammables\n<\/h4>\n                                            \n                                                                                            <div class=\"description_block\"><p>Nos panneaux MDF noirs, difficilement inflammables, sont disponibles de stock.<\/p>\n<\/div>\n                                                                                    <\/div>\n\n                                        <div class=\"rubrik-medium-block\">\n                                            <div class=\"mediums-block\">\n                                <a href=\"https:\/\/sperrag.ch\/wp-content\/uploads\/VKF-33265-MDF_Black_Fire_X_franz_sperrag.pdf\" class=\"medium-block small_mb\" target=\"_blank\">\n                                                <div>\n                        <i class=\"fa-thin fa-file-pdf\"><\/i>\n                    <\/div>\n                \n                <div>\n                    <span><strong>VKF 33265 \/ INNOVUS coloured MDF black fire X (RF2)<\/strong><\/span>\n                    <p class=\"mb_0\"><\/p>\n                <\/div>\n            <\/a>\n            <\/div>\n                                        <\/div>\n                                    <\/div>\n                                \n                                                                    <div class=\"product-cards\">\n                                        \n<a href=\"https:\/\/sperrag.ch\/fr\/produit\/innovus-coloured-mdf-blackfire-x-ecoboard-naf\/\" data-fancybox data-src=\"https:\/\/sperrag.ch\/wp-content\/uploads\/Brandschutz_Innovus_Black-1200x800-2.jpg\" data-caption=\"MDF noir avec additif ignifuge\" class=\"product-card  not-open-modal\" data-paginationmobilepage=\"\" data-modalpostid=\"11139\" data-parentpageid=\"11129\">\n    <div class=\"product-card-inner-container\">\n        <h4 class=\"heading-h5 mb_0\">INNOVUS\u00ae Coloured MDF BlackFire X Ecoboard \u2013 NAF<\/h4>\n\n        <div class=\"product-card-cols\">\n            <div class=\"product-card-image\" style=\"background-image: url('https:\/\/sperrag.ch\/wp-content\/uploads\/Brandschutz_Innovus_Black-1200x800-2.jpg')\">\n                <div class=\"product-number-block\">\n                    <span>1<\/span>\n\n                                    <\/div>\n            <\/div>\n\n            <div class=\"product-meta-block\">\n                                    <p class=\"text-medium text-black mb_0\">MDF noir avec additif ignifuge<\/p>\n                \n                                    <div class=\"button-block\">\n                        <div class=\"btn-merklist btn-merklist-small btn-merklist-full-width add-to-merkliste \" data-type=\"produkt\" data-id=\"11139\">\n                            <div>\n                                Liste de suivi                            <\/div>\n                        <\/div>\n                    <\/div>\n                            <\/div>\n        <\/div>\n    <\/div>\n<\/a>\n                                    <\/div>\n                                \n                                                                    <div class=\"product-cards-mobile-wrapper mdf-fr-rf2\" data-page=\"1\" data-maxnumpages=\"1\">\n                                        <div class=\"loading_fade\"><\/div>\n\n                                        <div class=\"product-cards-mobile\">\n                                            \n<a href=\"https:\/\/sperrag.ch\/fr\/produit\/innovus-coloured-mdf-blackfire-x-ecoboard-naf\/\" data-fancybox data-src=\"https:\/\/sperrag.ch\/wp-content\/uploads\/Brandschutz_Innovus_Black-1200x800-2.jpg\" data-caption=\"MDF noir avec additif ignifuge\" class=\"product-card  not-open-modal\" data-paginationmobilepage=\"1\" data-modalpostid=\"11139\" data-parentpageid=\"11129\">\n    <div class=\"product-card-inner-container\">\n        <h4 class=\"heading-h5 mb_0\">INNOVUS\u00ae Coloured MDF BlackFire X Ecoboard \u2013 NAF<\/h4>\n\n        <div class=\"product-card-cols\">\n            <div class=\"product-card-image\" style=\"background-image: url('https:\/\/sperrag.ch\/wp-content\/uploads\/Brandschutz_Innovus_Black-1200x800-2.jpg')\">\n                <div class=\"product-number-block\">\n                    <span>1<\/span>\n\n                                    <\/div>\n            <\/div>\n\n            <div class=\"product-meta-block\">\n                                    <p class=\"text-medium text-black mb_0\">MDF noir avec additif ignifuge<\/p>\n                \n                                    <div class=\"button-block\">\n                        <div class=\"btn-merklist btn-merklist-small btn-merklist-full-width add-to-merkliste \" data-type=\"produkt\" data-id=\"11139\">\n                            <div>\n                                Liste de suivi                            <\/div>\n                        <\/div>\n                    <\/div>\n                            <\/div>\n        <\/div>\n    <\/div>\n<\/a>\n                                        <\/div>\n\n                                                                            <\/div>\n                                                            <\/div>\n                        <\/div>\n                                            <div class=\"accordion-item\" id=\"panneaux-agglomere-fr-rf2\">\n                            <div class=\"accordion-item-header-container\">\n                                <h2 class=\"accordion-item-header-text mb_0 \" data-number=\"3\">\n                                    Panneaux agglom\u00e9r\u00e9s essences bois nobles                                <\/h2>\n                            <\/div>\n\n                            <div class=\"accordion-content-block\" >\n                                                                    <div class=\"rubrik-info-block sub-cat-rubrik-info-block\">\n                                        <div class=\"rubrik-text-block\">\n                                                                                            <h4 class=\"\">RF2 Panneaux agglom\u00e9r\u00e9s difficilement inflammables, plaqu\u00e9s d&rsquo;essences de bois nobles\n<\/h4>\n                                            \n                                                                                            <div class=\"description_block\"><p>Disponible de stock en deux versions.<\/p>\n<\/div>\n                                                                                    <\/div>\n\n                                        <div class=\"rubrik-medium-block\">\n                                            <div class=\"mediums-block\">\n                                <a href=\"https:\/\/sperrag.ch\/wp-content\/uploads\/VKF-TA-40314-Spanplac-edelfurniert_franz_sperrag.pdf\" class=\"medium-block small_mb\" target=\"_blank\">\n                                                <div>\n                        <i class=\"fa-thin fa-file-pdf\"><\/i>\n                    <\/div>\n                \n                <div>\n                    <span><strong>VKF 40314 \/ <br>Spanplac essences nobles (RF2)<\/strong><\/span>\n                    <p class=\"mb_0\"><\/p>\n                <\/div>\n            <\/a>\n            <\/div>\n                                        <\/div>\n                                    <\/div>\n                                \n                                                                    <div class=\"product-cards\">\n                                        \n<a href=\"https:\/\/sperrag.ch\/fr\/produit\/11141\/\" data-fancybox data-src=\"https:\/\/sperrag.ch\/wp-content\/uploads\/Spanplac_Eiche-euro_02_1000x667px-1200x801.jpg\" data-caption=\"caract\u00e8re planche A-First mi fil\u200a\/\u200aB\" class=\"product-card  not-open-modal\" data-paginationmobilepage=\"\" data-modalpostid=\"11141\" data-parentpageid=\"11129\">\n    <div class=\"product-card-inner-container\">\n        <h4 class=\"heading-h5 mb_0\">Spanplac<br>Ch\u00eane Euro<\/h4>\n\n        <div class=\"product-card-cols\">\n            <div class=\"product-card-image\" style=\"background-image: url('https:\/\/sperrag.ch\/wp-content\/uploads\/Spanplac_Eiche-euro_02_1000x667px-1200x801.jpg')\">\n                <div class=\"product-number-block\">\n                    <span>1<\/span>\n\n                                    <\/div>\n            <\/div>\n\n            <div class=\"product-meta-block\">\n                                    <p class=\"text-medium text-black mb_0\">caract\u00e8re planche A-First mi fil\u200a\/\u200aB<\/p>\n                \n                                    <div class=\"button-block\">\n                        <div class=\"btn-merklist btn-merklist-small btn-merklist-full-width add-to-merkliste \" data-type=\"produkt\" data-id=\"11141\">\n                            <div>\n                                Liste de suivi                            <\/div>\n                        <\/div>\n                    <\/div>\n                            <\/div>\n        <\/div>\n    <\/div>\n<\/a>\n\n<a href=\"https:\/\/sperrag.ch\/fr\/produit\/caractere-planche-a-firstmi-fil-b\/\" data-fancybox data-src=\"https:\/\/sperrag.ch\/wp-content\/uploads\/Spanplac_Birke-exzentrisch_02_1000x667px-1200x801.jpg\" data-caption=\"caract\u00e8re planche A-First  mi fil\u200a\/\u200aB\" class=\"product-card  not-open-modal\" data-paginationmobilepage=\"\" data-modalpostid=\"11143\" data-parentpageid=\"11129\">\n    <div class=\"product-card-inner-container\">\n        <h4 class=\"heading-h5 mb_0\">Spanplac<br>Bouleau exentrique<\/h4>\n\n        <div class=\"product-card-cols\">\n            <div class=\"product-card-image\" style=\"background-image: url('https:\/\/sperrag.ch\/wp-content\/uploads\/Spanplac_Birke-exzentrisch_02_1000x667px-1200x801.jpg')\">\n                <div class=\"product-number-block\">\n                    <span>2<\/span>\n\n                                    <\/div>\n            <\/div>\n\n            <div class=\"product-meta-block\">\n                                    <p class=\"text-medium text-black mb_0\">caract\u00e8re planche A-First  mi fil\u200a\/\u200aB<\/p>\n                \n                                    <div class=\"button-block\">\n                        <div class=\"btn-merklist btn-merklist-small btn-merklist-full-width add-to-merkliste \" data-type=\"produkt\" data-id=\"11143\">\n                            <div>\n                                Liste de suivi                            <\/div>\n                        <\/div>\n                    <\/div>\n                            <\/div>\n        <\/div>\n    <\/div>\n<\/a>\n                                    <\/div>\n                                \n                                                                    <div class=\"product-cards-mobile-wrapper panneaux-agglomere-fr-rf2\" data-page=\"1\" data-maxnumpages=\"1\">\n                                        <div class=\"loading_fade\"><\/div>\n\n                                        <div class=\"product-cards-mobile\">\n                                            \n<a href=\"https:\/\/sperrag.ch\/fr\/produit\/11141\/\" data-fancybox data-src=\"https:\/\/sperrag.ch\/wp-content\/uploads\/Spanplac_Eiche-euro_02_1000x667px-1200x801.jpg\" data-caption=\"caract\u00e8re planche A-First mi fil\u200a\/\u200aB\" class=\"product-card  not-open-modal\" data-paginationmobilepage=\"1\" data-modalpostid=\"11141\" data-parentpageid=\"11129\">\n    <div class=\"product-card-inner-container\">\n        <h4 class=\"heading-h5 mb_0\">Spanplac<br>Ch\u00eane Euro<\/h4>\n\n        <div class=\"product-card-cols\">\n            <div class=\"product-card-image\" style=\"background-image: url('https:\/\/sperrag.ch\/wp-content\/uploads\/Spanplac_Eiche-euro_02_1000x667px-1200x801.jpg')\">\n                <div class=\"product-number-block\">\n                    <span>1<\/span>\n\n                                    <\/div>\n            <\/div>\n\n            <div class=\"product-meta-block\">\n                                    <p class=\"text-medium text-black mb_0\">caract\u00e8re planche A-First mi fil\u200a\/\u200aB<\/p>\n                \n                                    <div class=\"button-block\">\n                        <div class=\"btn-merklist btn-merklist-small btn-merklist-full-width add-to-merkliste \" data-type=\"produkt\" data-id=\"11141\">\n                            <div>\n                                Liste de suivi                            <\/div>\n                        <\/div>\n                    <\/div>\n                            <\/div>\n        <\/div>\n    <\/div>\n<\/a>\n\n<a href=\"https:\/\/sperrag.ch\/fr\/produit\/caractere-planche-a-firstmi-fil-b\/\" data-fancybox data-src=\"https:\/\/sperrag.ch\/wp-content\/uploads\/Spanplac_Birke-exzentrisch_02_1000x667px-1200x801.jpg\" data-caption=\"caract\u00e8re planche A-First  mi fil\u200a\/\u200aB\" class=\"product-card  not-open-modal\" data-paginationmobilepage=\"1\" data-modalpostid=\"11143\" data-parentpageid=\"11129\">\n    <div class=\"product-card-inner-container\">\n        <h4 class=\"heading-h5 mb_0\">Spanplac<br>Bouleau exentrique<\/h4>\n\n        <div class=\"product-card-cols\">\n            <div class=\"product-card-image\" style=\"background-image: url('https:\/\/sperrag.ch\/wp-content\/uploads\/Spanplac_Birke-exzentrisch_02_1000x667px-1200x801.jpg')\">\n                <div class=\"product-number-block\">\n                    <span>2<\/span>\n\n                                    <\/div>\n            <\/div>\n\n            <div class=\"product-meta-block\">\n                                    <p class=\"text-medium text-black mb_0\">caract\u00e8re planche A-First  mi fil\u200a\/\u200aB<\/p>\n                \n                                    <div class=\"button-block\">\n                        <div class=\"btn-merklist btn-merklist-small btn-merklist-full-width add-to-merkliste \" data-type=\"produkt\" data-id=\"11143\">\n                            <div>\n                                Liste de suivi                            <\/div>\n                        <\/div>\n                    <\/div>\n                            <\/div>\n        <\/div>\n    <\/div>\n<\/a>\n                                        <\/div>\n\n                                                                            <\/div>\n                                                            <\/div>\n                        <\/div>\n                                            <div class=\"accordion-item\" id=\"panneaux-mineraux-fr-rf2\">\n                            <div class=\"accordion-item-header-container\">\n                                <h2 class=\"accordion-item-header-text mb_0 \" data-number=\"4\">\n                                    panneaux min\u00e9raux                                <\/h2>\n                            <\/div>\n\n                            <div class=\"accordion-content-block\" >\n                                                                    <div class=\"rubrik-info-block sub-cat-rubrik-info-block\">\n                                        <div class=\"rubrik-text-block\">\n                                                                                            <h4 class=\"\">RF2 Panneaux fonctionnels difficilement inflammables\n<\/h4>\n                                            \n                                                                                            <div class=\"description_block\"><p>Non seulement imputrescibles, mais d\u00e9sormais \u00e9galement difficilement inflammables, nos panneaux Purenit sont disponibles de stock.<\/p>\n<\/div>\n                                                                                    <\/div>\n\n                                        <div class=\"rubrik-medium-block\">\n                                            <div class=\"mediums-block\">\n                                <a href=\"https:\/\/sperrag.ch\/wp-content\/uploads\/VKF-33193-Purenit_C_franz_sperrag.pdf\" class=\"medium-block small_mb\" target=\"_blank\">\n                                                <div>\n                        <i class=\"fa-thin fa-file-pdf\"><\/i>\n                    <\/div>\n                \n                <div>\n                    <span><strong>VKF 33193 \/ <br>Sperrag Purenit C (RF2)<\/strong><\/span>\n                    <p class=\"mb_0\"><\/p>\n                <\/div>\n            <\/a>\n            <\/div>\n                                        <\/div>\n                                    <\/div>\n                                \n                                                                    <div class=\"product-cards\">\n                                        \n<a href=\"https:\/\/sperrag.ch\/fr\/produit\/sperrag-purenit-c\/\" data-fancybox data-src=\"https:\/\/sperrag.ch\/wp-content\/uploads\/sperrag_Purenit-C_1000x667px-1200x801.jpg\" data-caption=\"Mat\u00e9riau fonctionnel \u00e0 base de mousse rigide polyur\u00e9thane, ignifuge\" class=\"product-card  not-open-modal\" data-paginationmobilepage=\"\" data-modalpostid=\"7877\" data-parentpageid=\"11129\">\n    <div class=\"product-card-inner-container\">\n        <h4 class=\"heading-h5 mb_0\">sperrag Purenit C<\/h4>\n\n        <div class=\"product-card-cols\">\n            <div class=\"product-card-image\" style=\"background-image: url('https:\/\/sperrag.ch\/wp-content\/uploads\/sperrag_Purenit-C_1000x667px-1200x801.jpg')\">\n                <div class=\"product-number-block\">\n                    <span>1<\/span>\n\n                                    <\/div>\n            <\/div>\n\n            <div class=\"product-meta-block\">\n                                    <p class=\"text-medium text-black mb_0\">Mat\u00e9riau fonctionnel \u00e0 base de mousse rigide polyur\u00e9thane, ignifuge<\/p>\n                \n                                    <div class=\"button-block\">\n                        <div class=\"btn-merklist btn-merklist-small btn-merklist-full-width add-to-merkliste \" data-type=\"produkt\" data-id=\"7877\">\n                            <div>\n                                Liste de suivi                            <\/div>\n                        <\/div>\n                    <\/div>\n                            <\/div>\n        <\/div>\n    <\/div>\n<\/a>\n                                    <\/div>\n                                \n                                                                    <div class=\"product-cards-mobile-wrapper panneaux-mineraux-fr-rf2\" data-page=\"1\" data-maxnumpages=\"1\">\n                                        <div class=\"loading_fade\"><\/div>\n\n                                        <div class=\"product-cards-mobile\">\n                                            \n<a href=\"https:\/\/sperrag.ch\/fr\/produit\/sperrag-purenit-c\/\" data-fancybox data-src=\"https:\/\/sperrag.ch\/wp-content\/uploads\/sperrag_Purenit-C_1000x667px-1200x801.jpg\" data-caption=\"Mat\u00e9riau fonctionnel \u00e0 base de mousse rigide polyur\u00e9thane, ignifuge\" class=\"product-card  not-open-modal\" data-paginationmobilepage=\"1\" data-modalpostid=\"7877\" data-parentpageid=\"11129\">\n    <div class=\"product-card-inner-container\">\n        <h4 class=\"heading-h5 mb_0\">sperrag Purenit C<\/h4>\n\n        <div class=\"product-card-cols\">\n            <div class=\"product-card-image\" style=\"background-image: url('https:\/\/sperrag.ch\/wp-content\/uploads\/sperrag_Purenit-C_1000x667px-1200x801.jpg')\">\n                <div class=\"product-number-block\">\n                    <span>1<\/span>\n\n                                    <\/div>\n            <\/div>\n\n            <div class=\"product-meta-block\">\n                                    <p class=\"text-medium text-black mb_0\">Mat\u00e9riau fonctionnel \u00e0 base de mousse rigide polyur\u00e9thane, ignifuge<\/p>\n                \n                                    <div class=\"button-block\">\n                        <div class=\"btn-merklist btn-merklist-small btn-merklist-full-width add-to-merkliste \" data-type=\"produkt\" data-id=\"7877\">\n                            <div>\n                                Liste de suivi                            <\/div>\n                        <\/div>\n                    <\/div>\n                            <\/div>\n        <\/div>\n    <\/div>\n<\/a>\n                                        <\/div>\n\n                                                                            <\/div>\n                                                            <\/div>\n                        <\/div>\n                                    <\/div>\n            <\/div>\n        <\/section>\n    \n\n\n\n\n\n\n\n    <section class=\"divider-block white-bg super-small\"><\/section>\n\n\n\n\n\n","protected":false},"featured_media":11128,"template":"","produkt_rubrik":[161],"class_list":["post-11129","produkt","type-produkt","status-publish","has-post-thumbnail","hentry","produkt_rubrik-gamme-de-protection-contre-les-incendies"],"acf":[],"yoast_head":"<!-- This site is optimized with the Yoast SEO plugin v27.5 - https:\/\/yoast.com\/product\/yoast-seo-wordpress\/ -->\n<title>Panneaux RF2 - sperrag<\/title>\n<meta name=\"robots\" content=\"index, follow, max-snippet:-1, max-image-preview:large, max-video-preview:-1\" \/>\n<link rel=\"canonical\" href=\"https:\/\/sperrag.ch\/fr\/produit\/rf2-platten\/\" \/>\n<meta property=\"og:locale\" content=\"fr_FR\" \/>\n<meta property=\"og:type\" content=\"article\" \/>\n<meta property=\"og:title\" content=\"Panneaux RF2 - sperrag\" \/>\n<meta property=\"og:url\" content=\"https:\/\/sperrag.ch\/fr\/produit\/rf2-platten\/\" \/>\n<meta property=\"og:site_name\" content=\"sperrag\" \/>\n<meta property=\"article:modified_time\" content=\"2026-04-29T14:01:16+00:00\" \/>\n<meta property=\"og:image\" content=\"https:\/\/sperrag.ch\/wp-content\/uploads\/Brandschutz_Sperraply_Birke-roh_1000x667px.jpg\" \/>\n\t<meta property=\"og:image:width\" content=\"2083\" \/>\n\t<meta property=\"og:image:height\" content=\"1390\" \/>\n\t<meta property=\"og:image:type\" content=\"image\/jpeg\" \/>\n<meta name=\"twitter:card\" content=\"summary_large_image\" \/>\n<meta name=\"twitter:label1\" content=\"Est. reading time\" \/>\n\t<meta name=\"twitter:data1\" content=\"1 minute\" \/>\n<script type=\"application\/ld+json\" class=\"yoast-schema-graph\">{\"@context\":\"https:\\\/\\\/schema.org\",\"@graph\":[{\"@type\":\"WebPage\",\"@id\":\"https:\\\/\\\/sperrag.ch\\\/fr\\\/produit\\\/rf2-platten\\\/\",\"url\":\"https:\\\/\\\/sperrag.ch\\\/fr\\\/produit\\\/rf2-platten\\\/\",\"name\":\"Panneaux RF2 - sperrag\",\"isPartOf\":{\"@id\":\"https:\\\/\\\/sperrag.ch\\\/#website\"},\"primaryImageOfPage\":{\"@id\":\"https:\\\/\\\/sperrag.ch\\\/fr\\\/produit\\\/rf2-platten\\\/#primaryimage\"},\"image\":{\"@id\":\"https:\\\/\\\/sperrag.ch\\\/fr\\\/produit\\\/rf2-platten\\\/#primaryimage\"},\"thumbnailUrl\":\"https:\\\/\\\/sperrag.ch\\\/wp-content\\\/uploads\\\/Brandschutz_Sperraply_Birke-roh_1000x667px.jpg\",\"datePublished\":\"2024-08-20T08:30:33+00:00\",\"dateModified\":\"2026-04-29T14:01:16+00:00\",\"breadcrumb\":{\"@id\":\"https:\\\/\\\/sperrag.ch\\\/fr\\\/produit\\\/rf2-platten\\\/#breadcrumb\"},\"inLanguage\":\"fr-FR\",\"potentialAction\":[{\"@type\":\"ReadAction\",\"target\":[\"https:\\\/\\\/sperrag.ch\\\/fr\\\/produit\\\/rf2-platten\\\/\"]}]},{\"@type\":\"ImageObject\",\"inLanguage\":\"fr-FR\",\"@id\":\"https:\\\/\\\/sperrag.ch\\\/fr\\\/produit\\\/rf2-platten\\\/#primaryimage\",\"url\":\"https:\\\/\\\/sperrag.ch\\\/wp-content\\\/uploads\\\/Brandschutz_Sperraply_Birke-roh_1000x667px.jpg\",\"contentUrl\":\"https:\\\/\\\/sperrag.ch\\\/wp-content\\\/uploads\\\/Brandschutz_Sperraply_Birke-roh_1000x667px.jpg\",\"width\":2083,\"height\":1390},{\"@type\":\"BreadcrumbList\",\"@id\":\"https:\\\/\\\/sperrag.ch\\\/fr\\\/produit\\\/rf2-platten\\\/#breadcrumb\",\"itemListElement\":[{\"@type\":\"ListItem\",\"position\":1,\"name\":\"Home\",\"item\":\"https:\\\/\\\/sperrag.ch\\\/fr\\\/\"},{\"@type\":\"ListItem\",\"position\":2,\"name\":\"Produkte\",\"item\":\"https:\\\/\\\/sperrag.ch\\\/produkt\\\/\"},{\"@type\":\"ListItem\",\"position\":3,\"name\":\"Panneaux RF2\"}]},{\"@type\":\"WebSite\",\"@id\":\"https:\\\/\\\/sperrag.ch\\\/#website\",\"url\":\"https:\\\/\\\/sperrag.ch\\\/\",\"name\":\"sperrag\",\"description\":\"\",\"publisher\":{\"@id\":\"https:\\\/\\\/sperrag.ch\\\/#organization\"},\"potentialAction\":[{\"@type\":\"SearchAction\",\"target\":{\"@type\":\"EntryPoint\",\"urlTemplate\":\"https:\\\/\\\/sperrag.ch\\\/?s={search_term_string}\"},\"query-input\":{\"@type\":\"PropertyValueSpecification\",\"valueRequired\":true,\"valueName\":\"search_term_string\"}}],\"inLanguage\":\"fr-FR\"},{\"@type\":\"Organization\",\"@id\":\"https:\\\/\\\/sperrag.ch\\\/#organization\",\"name\":\"sperrag ag\",\"url\":\"https:\\\/\\\/sperrag.ch\\\/\",\"logo\":{\"@type\":\"ImageObject\",\"inLanguage\":\"fr-FR\",\"@id\":\"https:\\\/\\\/sperrag.ch\\\/#\\\/schema\\\/logo\\\/image\\\/\",\"url\":\"https:\\\/\\\/sperrag.ch\\\/wp-content\\\/uploads\\\/Sperrag_logo.svg\",\"contentUrl\":\"https:\\\/\\\/sperrag.ch\\\/wp-content\\\/uploads\\\/Sperrag_logo.svg\",\"width\":421,\"height\":89,\"caption\":\"sperrag ag\"},\"image\":{\"@id\":\"https:\\\/\\\/sperrag.ch\\\/#\\\/schema\\\/logo\\\/image\\\/\"},\"sameAs\":[\"https:\\\/\\\/www.linkedin.com\\\/company\\\/sperrag-ag\"]}]}<\/script>\n<!-- \/ Yoast SEO plugin. -->","yoast_head_json":{"title":"Panneaux RF2 - sperrag","robots":{"index":"index","follow":"follow","max-snippet":"max-snippet:-1","max-image-preview":"max-image-preview:large","max-video-preview":"max-video-preview:-1"},"canonical":"https:\/\/sperrag.ch\/fr\/produit\/rf2-platten\/","og_locale":"fr_FR","og_type":"article","og_title":"Panneaux RF2 - sperrag","og_url":"https:\/\/sperrag.ch\/fr\/produit\/rf2-platten\/","og_site_name":"sperrag","article_modified_time":"2026-04-29T14:01:16+00:00","og_image":[{"width":2083,"height":1390,"url":"https:\/\/sperrag.ch\/wp-content\/uploads\/Brandschutz_Sperraply_Birke-roh_1000x667px.jpg","type":"image\/jpeg"}],"twitter_card":"summary_large_image","twitter_misc":{"Est. reading time":"1 minute"},"schema":{"@context":"https:\/\/schema.org","@graph":[{"@type":"WebPage","@id":"https:\/\/sperrag.ch\/fr\/produit\/rf2-platten\/","url":"https:\/\/sperrag.ch\/fr\/produit\/rf2-platten\/","name":"Panneaux RF2 - sperrag","isPartOf":{"@id":"https:\/\/sperrag.ch\/#website"},"primaryImageOfPage":{"@id":"https:\/\/sperrag.ch\/fr\/produit\/rf2-platten\/#primaryimage"},"image":{"@id":"https:\/\/sperrag.ch\/fr\/produit\/rf2-platten\/#primaryimage"},"thumbnailUrl":"https:\/\/sperrag.ch\/wp-content\/uploads\/Brandschutz_Sperraply_Birke-roh_1000x667px.jpg","datePublished":"2024-08-20T08:30:33+00:00","dateModified":"2026-04-29T14:01:16+00:00","breadcrumb":{"@id":"https:\/\/sperrag.ch\/fr\/produit\/rf2-platten\/#breadcrumb"},"inLanguage":"fr-FR","potentialAction":[{"@type":"ReadAction","target":["https:\/\/sperrag.ch\/fr\/produit\/rf2-platten\/"]}]},{"@type":"ImageObject","inLanguage":"fr-FR","@id":"https:\/\/sperrag.ch\/fr\/produit\/rf2-platten\/#primaryimage","url":"https:\/\/sperrag.ch\/wp-content\/uploads\/Brandschutz_Sperraply_Birke-roh_1000x667px.jpg","contentUrl":"https:\/\/sperrag.ch\/wp-content\/uploads\/Brandschutz_Sperraply_Birke-roh_1000x667px.jpg","width":2083,"height":1390},{"@type":"BreadcrumbList","@id":"https:\/\/sperrag.ch\/fr\/produit\/rf2-platten\/#breadcrumb","itemListElement":[{"@type":"ListItem","position":1,"name":"Home","item":"https:\/\/sperrag.ch\/fr\/"},{"@type":"ListItem","position":2,"name":"Produkte","item":"https:\/\/sperrag.ch\/produkt\/"},{"@type":"ListItem","position":3,"name":"Panneaux RF2"}]},{"@type":"WebSite","@id":"https:\/\/sperrag.ch\/#website","url":"https:\/\/sperrag.ch\/","name":"sperrag","description":"","publisher":{"@id":"https:\/\/sperrag.ch\/#organization"},"potentialAction":[{"@type":"SearchAction","target":{"@type":"EntryPoint","urlTemplate":"https:\/\/sperrag.ch\/?s={search_term_string}"},"query-input":{"@type":"PropertyValueSpecification","valueRequired":true,"valueName":"search_term_string"}}],"inLanguage":"fr-FR"},{"@type":"Organization","@id":"https:\/\/sperrag.ch\/#organization","name":"sperrag ag","url":"https:\/\/sperrag.ch\/","logo":{"@type":"ImageObject","inLanguage":"fr-FR","@id":"https:\/\/sperrag.ch\/#\/schema\/logo\/image\/","url":"https:\/\/sperrag.ch\/wp-content\/uploads\/Sperrag_logo.svg","contentUrl":"https:\/\/sperrag.ch\/wp-content\/uploads\/Sperrag_logo.svg","width":421,"height":89,"caption":"sperrag ag"},"image":{"@id":"https:\/\/sperrag.ch\/#\/schema\/logo\/image\/"},"sameAs":["https:\/\/www.linkedin.com\/company\/sperrag-ag"]}]}},"_links":{"self":[{"href":"https:\/\/sperrag.ch\/fr\/wp-json\/wp\/v2\/produkt\/11129","targetHints":{"allow":["GET"]}}],"collection":[{"href":"https:\/\/sperrag.ch\/fr\/wp-json\/wp\/v2\/produkt"}],"about":[{"href":"https:\/\/sperrag.ch\/fr\/wp-json\/wp\/v2\/types\/produkt"}],"wp:featuredmedia":[{"embeddable":true,"href":"https:\/\/sperrag.ch\/fr\/wp-json\/wp\/v2\/media\/11128"}],"wp:attachment":[{"href":"https:\/\/sperrag.ch\/fr\/wp-json\/wp\/v2\/media?parent=11129"}],"wp:term":[{"taxonomy":"produkt_rubrik","embeddable":true,"href":"https:\/\/sperrag.ch\/fr\/wp-json\/wp\/v2\/produkt_rubrik?post=11129"}],"curies":[{"name":"wp","href":"https:\/\/api.w.org\/{rel}","templated":true}]}}