{"id":3493,"date":"2023-05-05T11:01:21","date_gmt":"2023-05-05T09:01:21","guid":{"rendered":"https:\/\/dev.sperrag.bertastrasse1.ch\/produkt\/silvadec-forexia-atmosphere\/"},"modified":"2025-07-24T09:10:13","modified_gmt":"2025-07-24T07:10:13","slug":"silvadec-forexia-atmosphere-fr","status":"publish","type":"produkt","link":"https:\/\/sperrag.ch\/fr\/produit\/silvadec-forexia-atmosphere-fr\/","title":{"rendered":"Silvadec Forexia\u00ae Atmosph\u00e8re"},"content":{"rendered":"\n    <section class=\"header-modal-block scrollMagic-block\" data-uid=\"69f40e005d8da\">\n                    <p class=\"subtitle-modal\"> <a href=\"https:\/\/sperrag.ch\/fr\/gammes-de-produits\/\" class=\"\">Gammes de produits<\/a><span> > <\/span><a href=\"https:\/\/sperrag.ch\/fr\/gammes-de-produits\/?el=assortiment-pour-terrasses\" class=\"\">Assortiment pour terrasses<\/a> <\/p>\n        \n        <h1 class=\"mb_0\">Silvadec Forexia\u00ae Atmosph\u00e8re\n<\/h1>\n    <\/section>\n\n\n\n\n\n\n\n    <section class=\"product-with-info-block white-bg\" id=\"\">\n        <div class=\"cols-block\">\n            <div class=\"left-part-block scrollMagic-block\" data-uid=\"69f40e0061e97\">\n                                    <img decoding=\"async\" src=\"https:\/\/sperrag.ch\/wp-content\/uploads\/Forexia_Atmosphere-Cayennegrau-800x534.jpg\" alt=\"Plus qu'une lame de terrasse\">\n                            <\/div>\n\n            <div class=\"right-part-block scrollMagic-block delay-animation\" data-uid=\"69f40e0061e97-1\">\n                                    <h4>Plus qu&rsquo;une lame de terrasse<\/h4>\n                \n                                    <div class=\"description_block\">\n                        <p><span class=\"TextRun SCXW182874995 BCX0\" lang=\"FR-FR\" xml:lang=\"FR-FR\" data-contrast=\"auto\"><span class=\"NormalTextRun SCXW182874995 BCX0\">Les propri\u00e9t\u00e9s de <\/span><span class=\"NormalTextRun SpellingErrorV2Themed SCXW182874995 BCX0\">Forexia<\/span><span class=\"NormalTextRun SCXW182874995 BCX0\">\u00ae Atmosph\u00e8re sont le r\u00e9sultat d&rsquo;une innovation technologique. Les profil\u00e9s bross\u00e9s sont imperm\u00e9ables, r\u00e9sistants aux taches et extr\u00eamement antid\u00e9rapants. Le bois composite brevet\u00e9, avec sa couleur vive, assure une \u00e9l\u00e9gance ext\u00e9rieure facile \u00e0 entretenir. <\/span><span class=\"NormalTextRun SpellingErrorV2Themed SCXW182874995 BCX0\">Forexia<\/span><span class=\"NormalTextRun SCXW182874995 BCX0\">\u00ae est un mat\u00e9riau composite imputrescible, avec une teneur en bois de 70%. Les profil\u00e9s de la s\u00e9rie Atmosph\u00e8re sont en outre rev\u00eatus d&rsquo;une couche de protection en polym\u00e8re extr\u00eamement efficace. Les images peuvent diff\u00e9rer de l&rsquo;original.<\/span><\/span><\/p>\n<ul>\n<li><a href=\"https:\/\/fr-ch.silvadec.com\/mon-projet\" target=\"_blank\" rel=\"noopener\">Configurateur Terrasses Forexia<\/a><\/li>\n<li><a href=\"https:\/\/fr.silvadec.com\/infotheque\/principes-de-pose-terrasse-accessoires\" target=\"_blank\" rel=\"noopener\">Notices de montage<\/a><\/li>\n<li><a href=\"https:\/\/fr.silvadec.com\/wp-content\/pdf\/fr-fe06.pdf\">Conseil d&rsquo;entretien<\/a><\/li>\n<li><a href=\"https:\/\/fr-ch.silvadec.com\/infotheque\/les-fiches-techniques-terrasse\">Fiche technique Forexia Atmosph\u00e8re<\/a><\/li>\n<\/ul>\n                    <\/div>\n                \n                <div class=\"mediums-block\">\n                                <a href=\"https:\/\/sperrag.ch\/wp-content\/uploads\/Flyer_Silvadec-Forexia-Claustra_01-26-fr.pdf\" class=\"medium-block \" target=\"_blank\">\n                                                <div>\n                        <i class=\"fa-thin fa-file-pdf\"><\/i>\n                    <\/div>\n                \n                <div>\n                    <span><strong>Flyer Forexia\u00ae et Claustra<\/strong><\/span>\n                    <p class=\"mb_0\"><\/p>\n                <\/div>\n            <\/a>\n                                        <a href=\"https:\/\/sperrag.ch\/wp-content\/uploads\/FR_CATALOGUE_PRO_2026_web-low.pdf\" class=\"medium-block \" target=\"_blank\">\n                                                <div>\n                        <i class=\"fa-thin fa-file-pdf\"><\/i>\n                    <\/div>\n                \n                <div>\n                    <span><strong>Catalogue Silvadec 2026<\/strong><\/span>\n                    <p class=\"mb_0\"><\/p>\n                <\/div>\n            <\/a>\n            <\/div>\n            <\/div>\n        <\/div>\n    <\/section>\n\n\n\n\n\n\n\n\n\n                        <div class=\"products-no-slider-sub-category-block\">\n                <div class=\"product-cards\">\n                    \n<a href=\"https:\/\/sperrag.ch\/fr\/produit\/forexia-atmosphere-sao-paulo-brun\/\" data-fancybox data-src=\"https:\/\/sperrag.ch\/wp-content\/uploads\/Forexia_Atmosphere-Saopaulobraun.jpg\" data-caption=\"bros\u00e9e\" class=\"product-card  not-open-modal\" data-paginationmobilepage=\"\" data-modalpostid=\"3479\" data-parentpageid=\"3493\">\n    <div class=\"product-card-inner-container\">\n        <h4 class=\"heading-h5 mb_0\">Forexia\u00ae Atmosph\u00e8re<br>Brun Sao Paulo<\/h4>\n\n        <div class=\"product-card-cols\">\n            <div class=\"product-card-image\" style=\"background-image: url('https:\/\/sperrag.ch\/wp-content\/uploads\/Forexia_Atmosphere-Saopaulobraun.jpg')\">\n                <div class=\"product-number-block\">\n                    <span>1<\/span>\n\n                                    <\/div>\n            <\/div>\n\n            <div class=\"product-meta-block\">\n                                    <p class=\"text-medium text-black mb_0\">bros\u00e9e<\/p>\n                \n                                    <div class=\"button-block\">\n                        <div class=\"btn-merklist btn-merklist-small btn-merklist-full-width add-to-merkliste \" data-type=\"produkt\" data-id=\"3479\">\n                            <div>\n                                Liste de suivi                            <\/div>\n                        <\/div>\n                    <\/div>\n                            <\/div>\n        <\/div>\n    <\/div>\n<\/a>\n\n<a href=\"https:\/\/sperrag.ch\/fr\/produit\/forexia-atmosphere-lima-brun\/\" data-fancybox data-src=\"https:\/\/sperrag.ch\/wp-content\/uploads\/Forexia_Atmosphere-Limabraun.jpg\" data-caption=\"bros\u00e9e\" class=\"product-card  not-open-modal\" data-paginationmobilepage=\"\" data-modalpostid=\"3464\" data-parentpageid=\"3493\">\n    <div class=\"product-card-inner-container\">\n        <h4 class=\"heading-h5 mb_0\">Forexia\u00ae Atmosph\u00e8re<br>Brun Lima<\/h4>\n\n        <div class=\"product-card-cols\">\n            <div class=\"product-card-image\" style=\"background-image: url('https:\/\/sperrag.ch\/wp-content\/uploads\/Forexia_Atmosphere-Limabraun.jpg')\">\n                <div class=\"product-number-block\">\n                    <span>2<\/span>\n\n                                    <\/div>\n            <\/div>\n\n            <div class=\"product-meta-block\">\n                                    <p class=\"text-medium text-black mb_0\">bros\u00e9e<\/p>\n                \n                                    <div class=\"button-block\">\n                        <div class=\"btn-merklist btn-merklist-small btn-merklist-full-width add-to-merkliste \" data-type=\"produkt\" data-id=\"3464\">\n                            <div>\n                                Liste de suivi                            <\/div>\n                        <\/div>\n                    <\/div>\n                            <\/div>\n        <\/div>\n    <\/div>\n<\/a>\n\n<a href=\"https:\/\/sperrag.ch\/fr\/produit\/forexia-atmosphere-rio-brun\/\" data-fancybox data-src=\"https:\/\/sperrag.ch\/wp-content\/uploads\/Forexia_Atmosphere-Riobraun-1200x800.jpg\" data-caption=\"bros\u00e9e\" class=\"product-card  not-open-modal\" data-paginationmobilepage=\"\" data-modalpostid=\"3496\" data-parentpageid=\"3493\">\n    <div class=\"product-card-inner-container\">\n        <h4 class=\"heading-h5 mb_0\">Forexia\u00ae Atmosph\u00e8re<br>Brun Rio<\/h4>\n\n        <div class=\"product-card-cols\">\n            <div class=\"product-card-image\" style=\"background-image: url('https:\/\/sperrag.ch\/wp-content\/uploads\/Forexia_Atmosphere-Riobraun-1200x800.jpg')\">\n                <div class=\"product-number-block\">\n                    <span>3<\/span>\n\n                                    <\/div>\n            <\/div>\n\n            <div class=\"product-meta-block\">\n                                    <p class=\"text-medium text-black mb_0\">bros\u00e9e<\/p>\n                \n                                    <div class=\"button-block\">\n                        <div class=\"btn-merklist btn-merklist-small btn-merklist-full-width add-to-merkliste \" data-type=\"produkt\" data-id=\"3496\">\n                            <div>\n                                Liste de suivi                            <\/div>\n                        <\/div>\n                    <\/div>\n                            <\/div>\n        <\/div>\n    <\/div>\n<\/a>\n\n<a href=\"https:\/\/sperrag.ch\/fr\/produit\/forexia-atmosphere-cayenne-gris\/\" data-fancybox data-src=\"https:\/\/sperrag.ch\/wp-content\/uploads\/Forexia_Atmosphere-Cayennegrau-1.jpg\" data-caption=\"bros\u00e9e\" class=\"product-card  not-open-modal\" data-paginationmobilepage=\"\" data-modalpostid=\"3480\" data-parentpageid=\"3493\">\n    <div class=\"product-card-inner-container\">\n        <h4 class=\"heading-h5 mb_0\">Forexia\u00ae Atmosph\u00e8re<br>Gris Cayenne<\/h4>\n\n        <div class=\"product-card-cols\">\n            <div class=\"product-card-image\" style=\"background-image: url('https:\/\/sperrag.ch\/wp-content\/uploads\/Forexia_Atmosphere-Cayennegrau-1.jpg')\">\n                <div class=\"product-number-block\">\n                    <span>4<\/span>\n\n                                    <\/div>\n            <\/div>\n\n            <div class=\"product-meta-block\">\n                                    <p class=\"text-medium text-black mb_0\">bros\u00e9e<\/p>\n                \n                                    <div class=\"button-block\">\n                        <div class=\"btn-merklist btn-merklist-small btn-merklist-full-width add-to-merkliste \" data-type=\"produkt\" data-id=\"3480\">\n                            <div>\n                                Liste de suivi                            <\/div>\n                        <\/div>\n                    <\/div>\n                            <\/div>\n        <\/div>\n    <\/div>\n<\/a>\n\n<a href=\"https:\/\/sperrag.ch\/fr\/produit\/forexia-atmosphere-ushuaia-gris\/\" data-fancybox data-src=\"https:\/\/sperrag.ch\/wp-content\/uploads\/Forexia_Atmosphere-Ushuaiagrau.jpg\" data-caption=\"bros\u00e9e\" class=\"product-card  not-open-modal\" data-paginationmobilepage=\"\" data-modalpostid=\"3471\" data-parentpageid=\"3493\">\n    <div class=\"product-card-inner-container\">\n        <h4 class=\"heading-h5 mb_0\">Forexia\u00ae Atmosph\u00e8re<br>Gris Ushuaia<\/h4>\n\n        <div class=\"product-card-cols\">\n            <div class=\"product-card-image\" style=\"background-image: url('https:\/\/sperrag.ch\/wp-content\/uploads\/Forexia_Atmosphere-Ushuaiagrau.jpg')\">\n                <div class=\"product-number-block\">\n                    <span>5<\/span>\n\n                                    <\/div>\n            <\/div>\n\n            <div class=\"product-meta-block\">\n                                    <p class=\"text-medium text-black mb_0\">bros\u00e9e<\/p>\n                \n                                    <div class=\"button-block\">\n                        <div class=\"btn-merklist btn-merklist-small btn-merklist-full-width add-to-merkliste \" data-type=\"produkt\" data-id=\"3471\">\n                            <div>\n                                Liste de suivi                            <\/div>\n                        <\/div>\n                    <\/div>\n                            <\/div>\n        <\/div>\n    <\/div>\n<\/a>\n\n<a href=\"https:\/\/sperrag.ch\/fr\/produit\/forexia-atmosphere-beleme-gris\/\" data-fancybox data-src=\"https:\/\/sperrag.ch\/wp-content\/uploads\/Forexia_Atmosphere-Belemgrau.jpg\" data-caption=\"bros\u00e9e\" class=\"product-card  not-open-modal\" data-paginationmobilepage=\"\" data-modalpostid=\"3488\" data-parentpageid=\"3493\">\n    <div class=\"product-card-inner-container\">\n        <h4 class=\"heading-h5 mb_0\">Forexia\u00ae Atmosph\u00e8re<br>Gris B\u00e9lem<\/h4>\n\n        <div class=\"product-card-cols\">\n            <div class=\"product-card-image\" style=\"background-image: url('https:\/\/sperrag.ch\/wp-content\/uploads\/Forexia_Atmosphere-Belemgrau.jpg')\">\n                <div class=\"product-number-block\">\n                    <span>6<\/span>\n\n                                    <\/div>\n            <\/div>\n\n            <div class=\"product-meta-block\">\n                                    <p class=\"text-medium text-black mb_0\">bros\u00e9e<\/p>\n                \n                                    <div class=\"button-block\">\n                        <div class=\"btn-merklist btn-merklist-small btn-merklist-full-width add-to-merkliste \" data-type=\"produkt\" data-id=\"3488\">\n                            <div>\n                                Liste de suivi                            <\/div>\n                        <\/div>\n                    <\/div>\n                            <\/div>\n        <\/div>\n    <\/div>\n<\/a>\n\n<a href=\"https:\/\/sperrag.ch\/fr\/produit\/composition-de-terrasse-silvadec-terrasse\/\" data-fancybox data-src=\"https:\/\/sperrag.ch\/wp-content\/uploads\/zuebhoer-terasse-fr-1200x691.png\" data-caption=\"Lames et accessoires\" class=\"product-card  not-open-modal\" data-paginationmobilepage=\"\" data-modalpostid=\"9874\" data-parentpageid=\"3493\">\n    <div class=\"product-card-inner-container\">\n        <h4 class=\"heading-h5 mb_0\">Composition de terrasse<\/h4>\n\n        <div class=\"product-card-cols\">\n            <div class=\"product-card-image\" style=\"background-image: url('https:\/\/sperrag.ch\/wp-content\/uploads\/zuebhoer-terasse-fr-1200x691.png')\">\n                <div class=\"product-number-block\">\n                    <span>7<\/span>\n\n                                    <\/div>\n            <\/div>\n\n            <div class=\"product-meta-block\">\n                                    <p class=\"text-medium text-black mb_0\">Lames et accessoires<\/p>\n                \n                                    <div class=\"button-block\">\n                        <div class=\"btn-merklist btn-merklist-small btn-merklist-full-width add-to-merkliste \" data-type=\"produkt\" data-id=\"9874\">\n                            <div>\n                                Liste de suivi                            <\/div>\n                        <\/div>\n                    <\/div>\n                            <\/div>\n        <\/div>\n    <\/div>\n<\/a>\n                <\/div>\n            <\/div>\n        \n                    <div class=\"products-no-slider-sub-category-block\">\n                <div class=\"product-cards-mobile-wrapper silvadec-forexia-atmosphere-fr\" data-page=\"1\" data-maxnumpages=\"2\">\n                    <div class=\"loading_fade\"><\/div>\n\n                    <div class=\"product-cards-mobile\">\n                        \n<a href=\"https:\/\/sperrag.ch\/fr\/produit\/forexia-atmosphere-sao-paulo-brun\/\" data-fancybox data-src=\"https:\/\/sperrag.ch\/wp-content\/uploads\/Forexia_Atmosphere-Saopaulobraun.jpg\" data-caption=\"bros\u00e9e\" class=\"product-card  not-open-modal\" data-paginationmobilepage=\"1\" data-modalpostid=\"3479\" data-parentpageid=\"3493\">\n    <div class=\"product-card-inner-container\">\n        <h4 class=\"heading-h5 mb_0\">Forexia\u00ae Atmosph\u00e8re<br>Brun Sao Paulo<\/h4>\n\n        <div class=\"product-card-cols\">\n            <div class=\"product-card-image\" style=\"background-image: url('https:\/\/sperrag.ch\/wp-content\/uploads\/Forexia_Atmosphere-Saopaulobraun.jpg')\">\n                <div class=\"product-number-block\">\n                    <span>1<\/span>\n\n                                    <\/div>\n            <\/div>\n\n            <div class=\"product-meta-block\">\n                                    <p class=\"text-medium text-black mb_0\">bros\u00e9e<\/p>\n                \n                                    <div class=\"button-block\">\n                        <div class=\"btn-merklist btn-merklist-small btn-merklist-full-width add-to-merkliste \" data-type=\"produkt\" data-id=\"3479\">\n                            <div>\n                                Liste de suivi                            <\/div>\n                        <\/div>\n                    <\/div>\n                            <\/div>\n        <\/div>\n    <\/div>\n<\/a>\n\n<a href=\"https:\/\/sperrag.ch\/fr\/produit\/forexia-atmosphere-lima-brun\/\" data-fancybox data-src=\"https:\/\/sperrag.ch\/wp-content\/uploads\/Forexia_Atmosphere-Limabraun.jpg\" data-caption=\"bros\u00e9e\" class=\"product-card  not-open-modal\" data-paginationmobilepage=\"1\" data-modalpostid=\"3464\" data-parentpageid=\"3493\">\n    <div class=\"product-card-inner-container\">\n        <h4 class=\"heading-h5 mb_0\">Forexia\u00ae Atmosph\u00e8re<br>Brun Lima<\/h4>\n\n        <div class=\"product-card-cols\">\n            <div class=\"product-card-image\" style=\"background-image: url('https:\/\/sperrag.ch\/wp-content\/uploads\/Forexia_Atmosphere-Limabraun.jpg')\">\n                <div class=\"product-number-block\">\n                    <span>2<\/span>\n\n                                    <\/div>\n            <\/div>\n\n            <div class=\"product-meta-block\">\n                                    <p class=\"text-medium text-black mb_0\">bros\u00e9e<\/p>\n                \n                                    <div class=\"button-block\">\n                        <div class=\"btn-merklist btn-merklist-small btn-merklist-full-width add-to-merkliste \" data-type=\"produkt\" data-id=\"3464\">\n                            <div>\n                                Liste de suivi                            <\/div>\n                        <\/div>\n                    <\/div>\n                            <\/div>\n        <\/div>\n    <\/div>\n<\/a>\n\n<a href=\"https:\/\/sperrag.ch\/fr\/produit\/forexia-atmosphere-rio-brun\/\" data-fancybox data-src=\"https:\/\/sperrag.ch\/wp-content\/uploads\/Forexia_Atmosphere-Riobraun-1200x800.jpg\" data-caption=\"bros\u00e9e\" class=\"product-card  not-open-modal\" data-paginationmobilepage=\"1\" data-modalpostid=\"3496\" data-parentpageid=\"3493\">\n    <div class=\"product-card-inner-container\">\n        <h4 class=\"heading-h5 mb_0\">Forexia\u00ae Atmosph\u00e8re<br>Brun Rio<\/h4>\n\n        <div class=\"product-card-cols\">\n            <div class=\"product-card-image\" style=\"background-image: url('https:\/\/sperrag.ch\/wp-content\/uploads\/Forexia_Atmosphere-Riobraun-1200x800.jpg')\">\n                <div class=\"product-number-block\">\n                    <span>3<\/span>\n\n                                    <\/div>\n            <\/div>\n\n            <div class=\"product-meta-block\">\n                                    <p class=\"text-medium text-black mb_0\">bros\u00e9e<\/p>\n                \n                                    <div class=\"button-block\">\n                        <div class=\"btn-merklist btn-merklist-small btn-merklist-full-width add-to-merkliste \" data-type=\"produkt\" data-id=\"3496\">\n                            <div>\n                                Liste de suivi                            <\/div>\n                        <\/div>\n                    <\/div>\n                            <\/div>\n        <\/div>\n    <\/div>\n<\/a>\n\n<a href=\"https:\/\/sperrag.ch\/fr\/produit\/forexia-atmosphere-cayenne-gris\/\" data-fancybox data-src=\"https:\/\/sperrag.ch\/wp-content\/uploads\/Forexia_Atmosphere-Cayennegrau-1.jpg\" data-caption=\"bros\u00e9e\" class=\"product-card  not-open-modal\" data-paginationmobilepage=\"1\" data-modalpostid=\"3480\" data-parentpageid=\"3493\">\n    <div class=\"product-card-inner-container\">\n        <h4 class=\"heading-h5 mb_0\">Forexia\u00ae Atmosph\u00e8re<br>Gris Cayenne<\/h4>\n\n        <div class=\"product-card-cols\">\n            <div class=\"product-card-image\" style=\"background-image: url('https:\/\/sperrag.ch\/wp-content\/uploads\/Forexia_Atmosphere-Cayennegrau-1.jpg')\">\n                <div class=\"product-number-block\">\n                    <span>4<\/span>\n\n                                    <\/div>\n            <\/div>\n\n            <div class=\"product-meta-block\">\n                                    <p class=\"text-medium text-black mb_0\">bros\u00e9e<\/p>\n                \n                                    <div class=\"button-block\">\n                        <div class=\"btn-merklist btn-merklist-small btn-merklist-full-width add-to-merkliste \" data-type=\"produkt\" data-id=\"3480\">\n                            <div>\n                                Liste de suivi                            <\/div>\n                        <\/div>\n                    <\/div>\n                            <\/div>\n        <\/div>\n    <\/div>\n<\/a>\n\n<a href=\"https:\/\/sperrag.ch\/fr\/produit\/forexia-atmosphere-ushuaia-gris\/\" data-fancybox data-src=\"https:\/\/sperrag.ch\/wp-content\/uploads\/Forexia_Atmosphere-Ushuaiagrau.jpg\" data-caption=\"bros\u00e9e\" class=\"product-card  not-open-modal\" data-paginationmobilepage=\"1\" data-modalpostid=\"3471\" data-parentpageid=\"3493\">\n    <div class=\"product-card-inner-container\">\n        <h4 class=\"heading-h5 mb_0\">Forexia\u00ae Atmosph\u00e8re<br>Gris Ushuaia<\/h4>\n\n        <div class=\"product-card-cols\">\n            <div class=\"product-card-image\" style=\"background-image: url('https:\/\/sperrag.ch\/wp-content\/uploads\/Forexia_Atmosphere-Ushuaiagrau.jpg')\">\n                <div class=\"product-number-block\">\n                    <span>5<\/span>\n\n                                    <\/div>\n            <\/div>\n\n            <div class=\"product-meta-block\">\n                                    <p class=\"text-medium text-black mb_0\">bros\u00e9e<\/p>\n                \n                                    <div class=\"button-block\">\n                        <div class=\"btn-merklist btn-merklist-small btn-merklist-full-width add-to-merkliste \" data-type=\"produkt\" data-id=\"3471\">\n                            <div>\n                                Liste de suivi                            <\/div>\n                        <\/div>\n                    <\/div>\n                            <\/div>\n        <\/div>\n    <\/div>\n<\/a>\n\n<a href=\"https:\/\/sperrag.ch\/fr\/produit\/forexia-atmosphere-beleme-gris\/\" data-fancybox data-src=\"https:\/\/sperrag.ch\/wp-content\/uploads\/Forexia_Atmosphere-Belemgrau.jpg\" data-caption=\"bros\u00e9e\" class=\"product-card hidden not-open-modal\" data-paginationmobilepage=\"2\" data-modalpostid=\"3488\" data-parentpageid=\"3493\">\n    <div class=\"product-card-inner-container\">\n        <h4 class=\"heading-h5 mb_0\">Forexia\u00ae Atmosph\u00e8re<br>Gris B\u00e9lem<\/h4>\n\n        <div class=\"product-card-cols\">\n            <div class=\"product-card-image\" style=\"background-image: url('https:\/\/sperrag.ch\/wp-content\/uploads\/Forexia_Atmosphere-Belemgrau.jpg')\">\n                <div class=\"product-number-block\">\n                    <span>6<\/span>\n\n                                    <\/div>\n            <\/div>\n\n            <div class=\"product-meta-block\">\n                                    <p class=\"text-medium text-black mb_0\">bros\u00e9e<\/p>\n                \n                                    <div class=\"button-block\">\n                        <div class=\"btn-merklist btn-merklist-small btn-merklist-full-width add-to-merkliste \" data-type=\"produkt\" data-id=\"3488\">\n                            <div>\n                                Liste de suivi                            <\/div>\n                        <\/div>\n                    <\/div>\n                            <\/div>\n        <\/div>\n    <\/div>\n<\/a>\n\n<a href=\"https:\/\/sperrag.ch\/fr\/produit\/composition-de-terrasse-silvadec-terrasse\/\" data-fancybox data-src=\"https:\/\/sperrag.ch\/wp-content\/uploads\/zuebhoer-terasse-fr-1200x691.png\" data-caption=\"Lames et accessoires\" class=\"product-card hidden not-open-modal\" data-paginationmobilepage=\"2\" data-modalpostid=\"9874\" data-parentpageid=\"3493\">\n    <div class=\"product-card-inner-container\">\n        <h4 class=\"heading-h5 mb_0\">Composition de terrasse<\/h4>\n\n        <div class=\"product-card-cols\">\n            <div class=\"product-card-image\" style=\"background-image: url('https:\/\/sperrag.ch\/wp-content\/uploads\/zuebhoer-terasse-fr-1200x691.png')\">\n                <div class=\"product-number-block\">\n                    <span>7<\/span>\n\n                                    <\/div>\n            <\/div>\n\n            <div class=\"product-meta-block\">\n                                    <p class=\"text-medium text-black mb_0\">Lames et accessoires<\/p>\n                \n                                    <div class=\"button-block\">\n                        <div class=\"btn-merklist btn-merklist-small btn-merklist-full-width add-to-merkliste \" data-type=\"produkt\" data-id=\"9874\">\n                            <div>\n                                Liste de suivi                            <\/div>\n                        <\/div>\n                    <\/div>\n                            <\/div>\n        <\/div>\n    <\/div>\n<\/a>\n                    <\/div>\n\n                                            <div class=\"pagination_container\">\n                            <div class=\"pagination_block\">\n                                <a href=\"#\" class=\"prev page-numbers disabled\" data-number=\"prev\">\n                <div>\n                    <span class=\"arrow_left\"><i class=\"fa-regular fa-chevron-left\"><\/i><\/span>\n                <\/div>\n            <\/a><div><a href=\"#\" class=\"current page-numbers\" data-number=\"1\">1<\/a><a href=\"#\" class=\"page-numbers\" data-number=\"2\">2<\/a><\/div><a href=\"#\" class=\"next page-numbers\" data-number=\"next\">\n                                <div>\n                                    <span class=\"arrow_right\"><i class=\"fa-regular fa-chevron-right\"><\/i><\/span>\n                                <\/div>\n                            <\/a>                            <\/div>\n                        <\/div>\n                                    <\/div>\n            <\/div>\n            \n\n\n\n\n\n\n\n    <section class=\"divider-block white-bg super-small\"><\/section>\n\n\n\n\n\n","protected":false},"featured_media":2755,"template":"","produkt_rubrik":[153],"class_list":["post-3493","produkt","type-produkt","status-publish","has-post-thumbnail","hentry","produkt_rubrik-assortiment-pour-terrasses"],"acf":[],"yoast_head":"<!-- This site is optimized with the Yoast SEO plugin v27.5 - https:\/\/yoast.com\/product\/yoast-seo-wordpress\/ -->\n<title>Silvadec Forexia\u00ae Atmosph\u00e8re - sperrag<\/title>\n<meta name=\"description\" content=\"Les qualit\u00e9s de Forexia\u00ae Atmosph\u00e8re sont le fruit d\u2018une innovation technologique.\" \/>\n<meta name=\"robots\" content=\"index, follow, max-snippet:-1, max-image-preview:large, max-video-preview:-1\" \/>\n<link rel=\"canonical\" href=\"https:\/\/sperrag.ch\/fr\/produit\/silvadec-forexia-atmosphere-fr\/\" \/>\n<meta property=\"og:locale\" content=\"fr_FR\" \/>\n<meta property=\"og:type\" content=\"article\" \/>\n<meta property=\"og:title\" content=\"Silvadec Forexia\u00ae Atmosph\u00e8re - sperrag\" \/>\n<meta property=\"og:description\" content=\"Les qualit\u00e9s de Forexia\u00ae Atmosph\u00e8re sont le fruit d\u2018une innovation technologique.\" \/>\n<meta property=\"og:url\" content=\"https:\/\/sperrag.ch\/fr\/produit\/silvadec-forexia-atmosphere-fr\/\" \/>\n<meta property=\"og:site_name\" content=\"sperrag\" \/>\n<meta property=\"article:modified_time\" content=\"2025-07-24T07:10:13+00:00\" \/>\n<meta property=\"og:image\" content=\"https:\/\/sperrag.ch\/wp-content\/uploads\/Forexia_Atmosphere-Cayennegrau.jpg\" \/>\n\t<meta property=\"og:image:width\" content=\"1000\" \/>\n\t<meta property=\"og:image:height\" content=\"667\" \/>\n\t<meta property=\"og:image:type\" content=\"image\/jpeg\" \/>\n<meta name=\"twitter:card\" content=\"summary_large_image\" \/>\n<meta name=\"twitter:label1\" content=\"Est. reading time\" \/>\n\t<meta name=\"twitter:data1\" content=\"1 minute\" \/>\n<script type=\"application\/ld+json\" class=\"yoast-schema-graph\">{\"@context\":\"https:\\\/\\\/schema.org\",\"@graph\":[{\"@type\":\"WebPage\",\"@id\":\"https:\\\/\\\/sperrag.ch\\\/fr\\\/produit\\\/silvadec-forexia-atmosphere-fr\\\/\",\"url\":\"https:\\\/\\\/sperrag.ch\\\/fr\\\/produit\\\/silvadec-forexia-atmosphere-fr\\\/\",\"name\":\"Silvadec Forexia\u00ae Atmosph\u00e8re - sperrag\",\"isPartOf\":{\"@id\":\"https:\\\/\\\/sperrag.ch\\\/#website\"},\"primaryImageOfPage\":{\"@id\":\"https:\\\/\\\/sperrag.ch\\\/fr\\\/produit\\\/silvadec-forexia-atmosphere-fr\\\/#primaryimage\"},\"image\":{\"@id\":\"https:\\\/\\\/sperrag.ch\\\/fr\\\/produit\\\/silvadec-forexia-atmosphere-fr\\\/#primaryimage\"},\"thumbnailUrl\":\"https:\\\/\\\/sperrag.ch\\\/wp-content\\\/uploads\\\/Forexia_Atmosphere-Cayennegrau.jpg\",\"datePublished\":\"2023-05-05T09:01:21+00:00\",\"dateModified\":\"2025-07-24T07:10:13+00:00\",\"description\":\"Les qualit\u00e9s de Forexia\u00ae Atmosph\u00e8re sont le fruit d\u2018une innovation technologique.\",\"breadcrumb\":{\"@id\":\"https:\\\/\\\/sperrag.ch\\\/fr\\\/produit\\\/silvadec-forexia-atmosphere-fr\\\/#breadcrumb\"},\"inLanguage\":\"fr-FR\",\"potentialAction\":[{\"@type\":\"ReadAction\",\"target\":[\"https:\\\/\\\/sperrag.ch\\\/fr\\\/produit\\\/silvadec-forexia-atmosphere-fr\\\/\"]}]},{\"@type\":\"ImageObject\",\"inLanguage\":\"fr-FR\",\"@id\":\"https:\\\/\\\/sperrag.ch\\\/fr\\\/produit\\\/silvadec-forexia-atmosphere-fr\\\/#primaryimage\",\"url\":\"https:\\\/\\\/sperrag.ch\\\/wp-content\\\/uploads\\\/Forexia_Atmosphere-Cayennegrau.jpg\",\"contentUrl\":\"https:\\\/\\\/sperrag.ch\\\/wp-content\\\/uploads\\\/Forexia_Atmosphere-Cayennegrau.jpg\",\"width\":1000,\"height\":667},{\"@type\":\"BreadcrumbList\",\"@id\":\"https:\\\/\\\/sperrag.ch\\\/fr\\\/produit\\\/silvadec-forexia-atmosphere-fr\\\/#breadcrumb\",\"itemListElement\":[{\"@type\":\"ListItem\",\"position\":1,\"name\":\"Home\",\"item\":\"https:\\\/\\\/sperrag.ch\\\/fr\\\/\"},{\"@type\":\"ListItem\",\"position\":2,\"name\":\"Produkte\",\"item\":\"https:\\\/\\\/sperrag.ch\\\/produkt\\\/\"},{\"@type\":\"ListItem\",\"position\":3,\"name\":\"Silvadec Forexia\u00ae Atmosph\u00e8re\"}]},{\"@type\":\"WebSite\",\"@id\":\"https:\\\/\\\/sperrag.ch\\\/#website\",\"url\":\"https:\\\/\\\/sperrag.ch\\\/\",\"name\":\"sperrag\",\"description\":\"\",\"publisher\":{\"@id\":\"https:\\\/\\\/sperrag.ch\\\/#organization\"},\"potentialAction\":[{\"@type\":\"SearchAction\",\"target\":{\"@type\":\"EntryPoint\",\"urlTemplate\":\"https:\\\/\\\/sperrag.ch\\\/?s={search_term_string}\"},\"query-input\":{\"@type\":\"PropertyValueSpecification\",\"valueRequired\":true,\"valueName\":\"search_term_string\"}}],\"inLanguage\":\"fr-FR\"},{\"@type\":\"Organization\",\"@id\":\"https:\\\/\\\/sperrag.ch\\\/#organization\",\"name\":\"sperrag ag\",\"url\":\"https:\\\/\\\/sperrag.ch\\\/\",\"logo\":{\"@type\":\"ImageObject\",\"inLanguage\":\"fr-FR\",\"@id\":\"https:\\\/\\\/sperrag.ch\\\/#\\\/schema\\\/logo\\\/image\\\/\",\"url\":\"https:\\\/\\\/sperrag.ch\\\/wp-content\\\/uploads\\\/Sperrag_logo.svg\",\"contentUrl\":\"https:\\\/\\\/sperrag.ch\\\/wp-content\\\/uploads\\\/Sperrag_logo.svg\",\"width\":421,\"height\":89,\"caption\":\"sperrag ag\"},\"image\":{\"@id\":\"https:\\\/\\\/sperrag.ch\\\/#\\\/schema\\\/logo\\\/image\\\/\"},\"sameAs\":[\"https:\\\/\\\/www.linkedin.com\\\/company\\\/sperrag-ag\"]}]}<\/script>\n<!-- \/ Yoast SEO plugin. -->","yoast_head_json":{"title":"Silvadec Forexia\u00ae Atmosph\u00e8re - sperrag","description":"Les qualit\u00e9s de Forexia\u00ae Atmosph\u00e8re sont le fruit d\u2018une innovation technologique.","robots":{"index":"index","follow":"follow","max-snippet":"max-snippet:-1","max-image-preview":"max-image-preview:large","max-video-preview":"max-video-preview:-1"},"canonical":"https:\/\/sperrag.ch\/fr\/produit\/silvadec-forexia-atmosphere-fr\/","og_locale":"fr_FR","og_type":"article","og_title":"Silvadec Forexia\u00ae Atmosph\u00e8re - sperrag","og_description":"Les qualit\u00e9s de Forexia\u00ae Atmosph\u00e8re sont le fruit d\u2018une innovation technologique.","og_url":"https:\/\/sperrag.ch\/fr\/produit\/silvadec-forexia-atmosphere-fr\/","og_site_name":"sperrag","article_modified_time":"2025-07-24T07:10:13+00:00","og_image":[{"width":1000,"height":667,"url":"https:\/\/sperrag.ch\/wp-content\/uploads\/Forexia_Atmosphere-Cayennegrau.jpg","type":"image\/jpeg"}],"twitter_card":"summary_large_image","twitter_misc":{"Est. reading time":"1 minute"},"schema":{"@context":"https:\/\/schema.org","@graph":[{"@type":"WebPage","@id":"https:\/\/sperrag.ch\/fr\/produit\/silvadec-forexia-atmosphere-fr\/","url":"https:\/\/sperrag.ch\/fr\/produit\/silvadec-forexia-atmosphere-fr\/","name":"Silvadec Forexia\u00ae Atmosph\u00e8re - sperrag","isPartOf":{"@id":"https:\/\/sperrag.ch\/#website"},"primaryImageOfPage":{"@id":"https:\/\/sperrag.ch\/fr\/produit\/silvadec-forexia-atmosphere-fr\/#primaryimage"},"image":{"@id":"https:\/\/sperrag.ch\/fr\/produit\/silvadec-forexia-atmosphere-fr\/#primaryimage"},"thumbnailUrl":"https:\/\/sperrag.ch\/wp-content\/uploads\/Forexia_Atmosphere-Cayennegrau.jpg","datePublished":"2023-05-05T09:01:21+00:00","dateModified":"2025-07-24T07:10:13+00:00","description":"Les qualit\u00e9s de Forexia\u00ae Atmosph\u00e8re sont le fruit d\u2018une innovation technologique.","breadcrumb":{"@id":"https:\/\/sperrag.ch\/fr\/produit\/silvadec-forexia-atmosphere-fr\/#breadcrumb"},"inLanguage":"fr-FR","potentialAction":[{"@type":"ReadAction","target":["https:\/\/sperrag.ch\/fr\/produit\/silvadec-forexia-atmosphere-fr\/"]}]},{"@type":"ImageObject","inLanguage":"fr-FR","@id":"https:\/\/sperrag.ch\/fr\/produit\/silvadec-forexia-atmosphere-fr\/#primaryimage","url":"https:\/\/sperrag.ch\/wp-content\/uploads\/Forexia_Atmosphere-Cayennegrau.jpg","contentUrl":"https:\/\/sperrag.ch\/wp-content\/uploads\/Forexia_Atmosphere-Cayennegrau.jpg","width":1000,"height":667},{"@type":"BreadcrumbList","@id":"https:\/\/sperrag.ch\/fr\/produit\/silvadec-forexia-atmosphere-fr\/#breadcrumb","itemListElement":[{"@type":"ListItem","position":1,"name":"Home","item":"https:\/\/sperrag.ch\/fr\/"},{"@type":"ListItem","position":2,"name":"Produkte","item":"https:\/\/sperrag.ch\/produkt\/"},{"@type":"ListItem","position":3,"name":"Silvadec Forexia\u00ae Atmosph\u00e8re"}]},{"@type":"WebSite","@id":"https:\/\/sperrag.ch\/#website","url":"https:\/\/sperrag.ch\/","name":"sperrag","description":"","publisher":{"@id":"https:\/\/sperrag.ch\/#organization"},"potentialAction":[{"@type":"SearchAction","target":{"@type":"EntryPoint","urlTemplate":"https:\/\/sperrag.ch\/?s={search_term_string}"},"query-input":{"@type":"PropertyValueSpecification","valueRequired":true,"valueName":"search_term_string"}}],"inLanguage":"fr-FR"},{"@type":"Organization","@id":"https:\/\/sperrag.ch\/#organization","name":"sperrag ag","url":"https:\/\/sperrag.ch\/","logo":{"@type":"ImageObject","inLanguage":"fr-FR","@id":"https:\/\/sperrag.ch\/#\/schema\/logo\/image\/","url":"https:\/\/sperrag.ch\/wp-content\/uploads\/Sperrag_logo.svg","contentUrl":"https:\/\/sperrag.ch\/wp-content\/uploads\/Sperrag_logo.svg","width":421,"height":89,"caption":"sperrag ag"},"image":{"@id":"https:\/\/sperrag.ch\/#\/schema\/logo\/image\/"},"sameAs":["https:\/\/www.linkedin.com\/company\/sperrag-ag"]}]}},"_links":{"self":[{"href":"https:\/\/sperrag.ch\/fr\/wp-json\/wp\/v2\/produkt\/3493","targetHints":{"allow":["GET"]}}],"collection":[{"href":"https:\/\/sperrag.ch\/fr\/wp-json\/wp\/v2\/produkt"}],"about":[{"href":"https:\/\/sperrag.ch\/fr\/wp-json\/wp\/v2\/types\/produkt"}],"wp:featuredmedia":[{"embeddable":true,"href":"https:\/\/sperrag.ch\/fr\/wp-json\/wp\/v2\/media\/2755"}],"wp:attachment":[{"href":"https:\/\/sperrag.ch\/fr\/wp-json\/wp\/v2\/media?parent=3493"}],"wp:term":[{"taxonomy":"produkt_rubrik","embeddable":true,"href":"https:\/\/sperrag.ch\/fr\/wp-json\/wp\/v2\/produkt_rubrik?post=3493"}],"curies":[{"name":"wp","href":"https:\/\/api.w.org\/{rel}","templated":true}]}}