{"id":3501,"date":"2023-05-04T09:11:07","date_gmt":"2023-05-04T07:11:07","guid":{"rendered":"https:\/\/dev.sperrag.bertastrasse1.ch\/produkt\/innovus-coloured-mdf\/"},"modified":"2023-09-26T13:54:02","modified_gmt":"2023-09-26T11:54:02","slug":"innovus-coloured-mdf-fr","status":"publish","type":"produkt","link":"https:\/\/sperrag.ch\/fr\/produit\/innovus-coloured-mdf-fr\/","title":{"rendered":"INNOVUS Coloured MDF"},"content":{"rendered":"\n    <section class=\"header-modal-block scrollMagic-block\" data-uid=\"69f40c737d302\">\n                    <p class=\"subtitle-modal\"> <a href=\"https:\/\/sperrag.ch\/fr\/gammes-de-produits\/\" class=\"\">Gammes de produits<\/a><span> > <\/span><a href=\"https:\/\/sperrag.ch\/fr\/gammes-de-produits\/?el=derives-specifiques\" class=\"\">D\u00e9riv\u00e9s sp\u00e9cifiques<\/a> <\/p>\n        \n        <h1 class=\"mb_0\">INNOVUS Coloured MDF\n<\/h1>\n    <\/section>\n\n\n\n\n\n\n\n    <section class=\"product-with-info-block white-bg\" id=\"\">\n        <div class=\"cols-block\">\n            <div class=\"left-part-block scrollMagic-block\" data-uid=\"69f40c738049f\">\n                                    <img decoding=\"async\" src=\"https:\/\/sperrag.ch\/wp-content\/uploads\/innovus_coloured_mdf_family_final_beschnitt-800x739.jpg\" alt=\"Ajoutez de la couleur\">\n                            <\/div>\n\n            <div class=\"right-part-block scrollMagic-block delay-animation\" data-uid=\"69f40c738049f-1\">\n                                    <h4>Ajoutez de la couleur<\/h4>\n                \n                                    <div class=\"description_block\">\n                        <p>Innovus\u00ae Coloured MDF est un panneau MDF d\u00e9coratif, teint\u00e9 uniform\u00e9ment dans la masse, qui allie couleur et polyvalence aux avantages naturels du bois. Habilement combin\u00e9, le choix de couleurs d&rsquo;Innovus\u00ae Coloured MDF offre de nouveaux concepts cr\u00e9atifs hautement personnalis\u00e9s, d&rsquo;une profondeur inspirante, qui donnent naissance \u00e0 des environnements accueillants, \u00e9quilibr\u00e9s et architectur\u00e9s. Des caract\u00e9ristiques telles que le collage sans formald\u00e9hyde et ses pigments de couleur r\u00e9sistants \u00e0 la lumi\u00e8re rendent Innovus\u00ae Coloured MDF unique et offrent des possibilit\u00e9s de combinaisons et d&rsquo;applications presque illimit\u00e9es dans les domaines les plus divers.<\/p>\n                    <\/div>\n                \n                <div class=\"mediums-block\">\n                                <a href=\"https:\/\/sperrag.ch\/wp-content\/uploads\/Flyer_Innovus_FR.pdf\" class=\"medium-block \" target=\"_blank\">\n                                                <div>\n                        <i class=\"fa-thin fa-file-pdf\"><\/i>\n                    <\/div>\n                \n                <div>\n                    <span><strong>Flyer INNOVUS Coloured MDF<\/strong><\/span>\n                    <p class=\"mb_0\"><\/p>\n                <\/div>\n            <\/a>\n                                        <a href=\"https:\/\/sperrag.ch\/wp-content\/uploads\/LACK_Recommandations_pour_lacquage_Innovus_Coloured_MDF.pdf\" class=\"medium-block \" target=\"_blank\">\n                                                <div>\n                        <i class=\"fa-thin fa-file-pdf\"><\/i>\n                    <\/div>\n                \n                <div>\n                    <span><strong>Innovus Coloured MDF recommandations pour lacquage<\/strong><\/span>\n                    <p class=\"mb_0\"><\/p>\n                <\/div>\n            <\/a>\n                                        <a href=\"https:\/\/sperrag.ch\/wp-content\/uploads\/Innovus_Coloured_MDF_Brochure_2020_DE_FR.pdf\" class=\"medium-block \" target=\"_blank\">\n                                                <div>\n                        <i class=\"fa-thin fa-file-pdf\"><\/i>\n                    <\/div>\n                \n                <div>\n                    <span><strong>Brochure Innovus Coloured MDF<\/strong><\/span>\n                    <p class=\"mb_0\"><\/p>\n                <\/div>\n            <\/a>\n            <\/div>\n            <\/div>\n        <\/div>\n    <\/section>\n\n\n\n\n\n\n\n\n\n                        <div class=\"products-no-slider-sub-category-block\">\n                <div class=\"product-cards\">\n                    \n<a href=\"https:\/\/sperrag.ch\/fr\/produit\/innovus-coloured-deep-black-fr\/\" data-fancybox data-src=\"https:\/\/sperrag.ch\/wp-content\/uploads\/InnovusColoured_Black.jpg\" data-caption=\"Deep black\" class=\"product-card  not-open-modal\" data-paginationmobilepage=\"\" data-modalpostid=\"3450\" data-parentpageid=\"3501\">\n    <div class=\"product-card-inner-container\">\n        <h4 class=\"heading-h5 mb_0\">INNOVUS Coloured MDF deep black<\/h4>\n\n        <div class=\"product-card-cols\">\n            <div class=\"product-card-image\" style=\"background-image: url('https:\/\/sperrag.ch\/wp-content\/uploads\/InnovusColoured_Black.jpg')\">\n                <div class=\"product-number-block\">\n                    <span>1<\/span>\n\n                                    <\/div>\n            <\/div>\n\n            <div class=\"product-meta-block\">\n                                    <p class=\"text-medium text-black mb_0\">Deep black<\/p>\n                \n                                    <div class=\"button-block\">\n                        <div class=\"btn-merklist btn-merklist-small btn-merklist-full-width add-to-merkliste \" data-type=\"produkt\" data-id=\"3450\">\n                            <div>\n                                Liste de suivi                            <\/div>\n                        <\/div>\n                    <\/div>\n                            <\/div>\n        <\/div>\n    <\/div>\n<\/a>\n\n<a href=\"https:\/\/sperrag.ch\/fr\/produit\/innovus-coloured-sand-fr\/\" data-fancybox data-src=\"https:\/\/sperrag.ch\/wp-content\/uploads\/InnovusColoured_SandGrey.jpg\" data-caption=\"Sand Grey\" class=\"product-card  not-open-modal\" data-paginationmobilepage=\"\" data-modalpostid=\"3490\" data-parentpageid=\"3501\">\n    <div class=\"product-card-inner-container\">\n        <h4 class=\"heading-h5 mb_0\">INNOVUS Coloured MDF sand grey<\/h4>\n\n        <div class=\"product-card-cols\">\n            <div class=\"product-card-image\" style=\"background-image: url('https:\/\/sperrag.ch\/wp-content\/uploads\/InnovusColoured_SandGrey.jpg')\">\n                <div class=\"product-number-block\">\n                    <span>2<\/span>\n\n                                    <\/div>\n            <\/div>\n\n            <div class=\"product-meta-block\">\n                                    <p class=\"text-medium text-black mb_0\">Sand Grey<\/p>\n                \n                                    <div class=\"button-block\">\n                        <div class=\"btn-merklist btn-merklist-small btn-merklist-full-width add-to-merkliste \" data-type=\"produkt\" data-id=\"3490\">\n                            <div>\n                                Liste de suivi                            <\/div>\n                        <\/div>\n                    <\/div>\n                            <\/div>\n        <\/div>\n    <\/div>\n<\/a>\n\n<a href=\"https:\/\/sperrag.ch\/fr\/produit\/innovus-coloured-terra-fr\/\" data-fancybox data-src=\"https:\/\/sperrag.ch\/wp-content\/uploads\/InnovusColoured_Terra.jpg\" data-caption=\"Terra\" class=\"product-card  not-open-modal\" data-paginationmobilepage=\"\" data-modalpostid=\"3474\" data-parentpageid=\"3501\">\n    <div class=\"product-card-inner-container\">\n        <h4 class=\"heading-h5 mb_0\">INNOVUS Coloured MDF terra<\/h4>\n\n        <div class=\"product-card-cols\">\n            <div class=\"product-card-image\" style=\"background-image: url('https:\/\/sperrag.ch\/wp-content\/uploads\/InnovusColoured_Terra.jpg')\">\n                <div class=\"product-number-block\">\n                    <span>3<\/span>\n\n                                            <div class=\"product-red\">\n                            en suppression                        <\/div>\n                                    <\/div>\n            <\/div>\n\n            <div class=\"product-meta-block\">\n                                    <p class=\"text-medium text-black mb_0\">Terra<\/p>\n                \n                                    <div class=\"button-block\">\n                        <div class=\"btn-merklist btn-merklist-small btn-merklist-full-width add-to-merkliste \" data-type=\"produkt\" data-id=\"3474\">\n                            <div>\n                                Liste de suivi                            <\/div>\n                        <\/div>\n                    <\/div>\n                            <\/div>\n        <\/div>\n    <\/div>\n<\/a>\n                <\/div>\n            <\/div>\n        \n                    <div class=\"products-no-slider-sub-category-block\">\n                <div class=\"product-cards-mobile-wrapper innovus-coloured-mdf\" data-page=\"1\" data-maxnumpages=\"1\">\n                    <div class=\"loading_fade\"><\/div>\n\n                    <div class=\"product-cards-mobile\">\n                        \n<a href=\"https:\/\/sperrag.ch\/fr\/produit\/innovus-coloured-deep-black-fr\/\" data-fancybox data-src=\"https:\/\/sperrag.ch\/wp-content\/uploads\/InnovusColoured_Black.jpg\" data-caption=\"Deep black\" class=\"product-card  not-open-modal\" data-paginationmobilepage=\"1\" data-modalpostid=\"3450\" data-parentpageid=\"3501\">\n    <div class=\"product-card-inner-container\">\n        <h4 class=\"heading-h5 mb_0\">INNOVUS Coloured MDF deep black<\/h4>\n\n        <div class=\"product-card-cols\">\n            <div class=\"product-card-image\" style=\"background-image: url('https:\/\/sperrag.ch\/wp-content\/uploads\/InnovusColoured_Black.jpg')\">\n                <div class=\"product-number-block\">\n                    <span>1<\/span>\n\n                                    <\/div>\n            <\/div>\n\n            <div class=\"product-meta-block\">\n                                    <p class=\"text-medium text-black mb_0\">Deep black<\/p>\n                \n                                    <div class=\"button-block\">\n                        <div class=\"btn-merklist btn-merklist-small btn-merklist-full-width add-to-merkliste \" data-type=\"produkt\" data-id=\"3450\">\n                            <div>\n                                Liste de suivi                            <\/div>\n                        <\/div>\n                    <\/div>\n                            <\/div>\n        <\/div>\n    <\/div>\n<\/a>\n\n<a href=\"https:\/\/sperrag.ch\/fr\/produit\/innovus-coloured-sand-fr\/\" data-fancybox data-src=\"https:\/\/sperrag.ch\/wp-content\/uploads\/InnovusColoured_SandGrey.jpg\" data-caption=\"Sand Grey\" class=\"product-card  not-open-modal\" data-paginationmobilepage=\"1\" data-modalpostid=\"3490\" data-parentpageid=\"3501\">\n    <div class=\"product-card-inner-container\">\n        <h4 class=\"heading-h5 mb_0\">INNOVUS Coloured MDF sand grey<\/h4>\n\n        <div class=\"product-card-cols\">\n            <div class=\"product-card-image\" style=\"background-image: url('https:\/\/sperrag.ch\/wp-content\/uploads\/InnovusColoured_SandGrey.jpg')\">\n                <div class=\"product-number-block\">\n                    <span>2<\/span>\n\n                                    <\/div>\n            <\/div>\n\n            <div class=\"product-meta-block\">\n                                    <p class=\"text-medium text-black mb_0\">Sand Grey<\/p>\n                \n                                    <div class=\"button-block\">\n                        <div class=\"btn-merklist btn-merklist-small btn-merklist-full-width add-to-merkliste \" data-type=\"produkt\" data-id=\"3490\">\n                            <div>\n                                Liste de suivi                            <\/div>\n                        <\/div>\n                    <\/div>\n                            <\/div>\n        <\/div>\n    <\/div>\n<\/a>\n\n<a href=\"https:\/\/sperrag.ch\/fr\/produit\/innovus-coloured-terra-fr\/\" data-fancybox data-src=\"https:\/\/sperrag.ch\/wp-content\/uploads\/InnovusColoured_Terra.jpg\" data-caption=\"Terra\" class=\"product-card  not-open-modal\" data-paginationmobilepage=\"1\" data-modalpostid=\"3474\" data-parentpageid=\"3501\">\n    <div class=\"product-card-inner-container\">\n        <h4 class=\"heading-h5 mb_0\">INNOVUS Coloured MDF terra<\/h4>\n\n        <div class=\"product-card-cols\">\n            <div class=\"product-card-image\" style=\"background-image: url('https:\/\/sperrag.ch\/wp-content\/uploads\/InnovusColoured_Terra.jpg')\">\n                <div class=\"product-number-block\">\n                    <span>3<\/span>\n\n                                            <div class=\"product-red\">\n                            en suppression                        <\/div>\n                                    <\/div>\n            <\/div>\n\n            <div class=\"product-meta-block\">\n                                    <p class=\"text-medium text-black mb_0\">Terra<\/p>\n                \n                                    <div class=\"button-block\">\n                        <div class=\"btn-merklist btn-merklist-small btn-merklist-full-width add-to-merkliste \" data-type=\"produkt\" data-id=\"3474\">\n                            <div>\n                                Liste de suivi                            <\/div>\n                        <\/div>\n                    <\/div>\n                            <\/div>\n        <\/div>\n    <\/div>\n<\/a>\n                    <\/div>\n\n                                    <\/div>\n            <\/div>\n            \n\n\n\n\n","protected":false},"featured_media":7627,"template":"","produkt_rubrik":[163],"class_list":["post-3501","produkt","type-produkt","status-publish","has-post-thumbnail","hentry","produkt_rubrik-derives-specifiques"],"acf":[],"yoast_head":"<!-- This site is optimized with the Yoast SEO plugin v27.5 - https:\/\/yoast.com\/product\/yoast-seo-wordpress\/ -->\n<title>INNOVUS Coloured MDF - sperrag<\/title>\n<meta name=\"description\" content=\"Innovus\u00ae\u00a0bietet mechanische M\u00f6glichkeiten und wird \u00e4sthetischen Anspr\u00fcchen gerecht.\" \/>\n<meta name=\"robots\" content=\"index, follow, max-snippet:-1, max-image-preview:large, max-video-preview:-1\" \/>\n<link rel=\"canonical\" href=\"https:\/\/sperrag.ch\/fr\/produit\/innovus-coloured-mdf-fr\/\" \/>\n<meta property=\"og:locale\" content=\"fr_FR\" \/>\n<meta property=\"og:type\" content=\"article\" \/>\n<meta property=\"og:title\" content=\"INNOVUS Coloured MDF - sperrag\" \/>\n<meta property=\"og:description\" content=\"Innovus\u00ae\u00a0bietet mechanische M\u00f6glichkeiten und wird \u00e4sthetischen Anspr\u00fcchen gerecht.\" \/>\n<meta property=\"og:url\" content=\"https:\/\/sperrag.ch\/fr\/produit\/innovus-coloured-mdf-fr\/\" \/>\n<meta property=\"og:site_name\" content=\"sperrag\" \/>\n<meta property=\"article:modified_time\" content=\"2023-09-26T11:54:02+00:00\" \/>\n<meta property=\"og:image\" content=\"https:\/\/sperrag.ch\/wp-content\/uploads\/Innovus-seitlich.jpg\" \/>\n\t<meta property=\"og:image:width\" content=\"1000\" \/>\n\t<meta property=\"og:image:height\" content=\"667\" \/>\n\t<meta property=\"og:image:type\" content=\"image\/jpeg\" \/>\n<meta name=\"twitter:card\" content=\"summary_large_image\" \/>\n<script type=\"application\/ld+json\" class=\"yoast-schema-graph\">{\"@context\":\"https:\\\/\\\/schema.org\",\"@graph\":[{\"@type\":\"WebPage\",\"@id\":\"https:\\\/\\\/sperrag.ch\\\/fr\\\/produit\\\/innovus-coloured-mdf-fr\\\/\",\"url\":\"https:\\\/\\\/sperrag.ch\\\/fr\\\/produit\\\/innovus-coloured-mdf-fr\\\/\",\"name\":\"INNOVUS Coloured MDF - sperrag\",\"isPartOf\":{\"@id\":\"https:\\\/\\\/sperrag.ch\\\/#website\"},\"primaryImageOfPage\":{\"@id\":\"https:\\\/\\\/sperrag.ch\\\/fr\\\/produit\\\/innovus-coloured-mdf-fr\\\/#primaryimage\"},\"image\":{\"@id\":\"https:\\\/\\\/sperrag.ch\\\/fr\\\/produit\\\/innovus-coloured-mdf-fr\\\/#primaryimage\"},\"thumbnailUrl\":\"https:\\\/\\\/sperrag.ch\\\/wp-content\\\/uploads\\\/innovus_coloured_mdf_family_final_beschnitt.jpg\",\"datePublished\":\"2023-05-04T07:11:07+00:00\",\"dateModified\":\"2023-09-26T11:54:02+00:00\",\"description\":\"Innovus\u00ae\u00a0bietet mechanische M\u00f6glichkeiten und wird \u00e4sthetischen Anspr\u00fcchen gerecht.\",\"breadcrumb\":{\"@id\":\"https:\\\/\\\/sperrag.ch\\\/fr\\\/produit\\\/innovus-coloured-mdf-fr\\\/#breadcrumb\"},\"inLanguage\":\"fr-FR\",\"potentialAction\":[{\"@type\":\"ReadAction\",\"target\":[\"https:\\\/\\\/sperrag.ch\\\/fr\\\/produit\\\/innovus-coloured-mdf-fr\\\/\"]}]},{\"@type\":\"ImageObject\",\"inLanguage\":\"fr-FR\",\"@id\":\"https:\\\/\\\/sperrag.ch\\\/fr\\\/produit\\\/innovus-coloured-mdf-fr\\\/#primaryimage\",\"url\":\"https:\\\/\\\/sperrag.ch\\\/wp-content\\\/uploads\\\/innovus_coloured_mdf_family_final_beschnitt.jpg\",\"contentUrl\":\"https:\\\/\\\/sperrag.ch\\\/wp-content\\\/uploads\\\/innovus_coloured_mdf_family_final_beschnitt.jpg\",\"width\":1075,\"height\":993},{\"@type\":\"BreadcrumbList\",\"@id\":\"https:\\\/\\\/sperrag.ch\\\/fr\\\/produit\\\/innovus-coloured-mdf-fr\\\/#breadcrumb\",\"itemListElement\":[{\"@type\":\"ListItem\",\"position\":1,\"name\":\"Home\",\"item\":\"https:\\\/\\\/sperrag.ch\\\/fr\\\/\"},{\"@type\":\"ListItem\",\"position\":2,\"name\":\"Produkte\",\"item\":\"https:\\\/\\\/sperrag.ch\\\/produkt\\\/\"},{\"@type\":\"ListItem\",\"position\":3,\"name\":\"INNOVUS Coloured MDF\"}]},{\"@type\":\"WebSite\",\"@id\":\"https:\\\/\\\/sperrag.ch\\\/#website\",\"url\":\"https:\\\/\\\/sperrag.ch\\\/\",\"name\":\"sperrag\",\"description\":\"\",\"publisher\":{\"@id\":\"https:\\\/\\\/sperrag.ch\\\/#organization\"},\"potentialAction\":[{\"@type\":\"SearchAction\",\"target\":{\"@type\":\"EntryPoint\",\"urlTemplate\":\"https:\\\/\\\/sperrag.ch\\\/?s={search_term_string}\"},\"query-input\":{\"@type\":\"PropertyValueSpecification\",\"valueRequired\":true,\"valueName\":\"search_term_string\"}}],\"inLanguage\":\"fr-FR\"},{\"@type\":\"Organization\",\"@id\":\"https:\\\/\\\/sperrag.ch\\\/#organization\",\"name\":\"sperrag ag\",\"url\":\"https:\\\/\\\/sperrag.ch\\\/\",\"logo\":{\"@type\":\"ImageObject\",\"inLanguage\":\"fr-FR\",\"@id\":\"https:\\\/\\\/sperrag.ch\\\/#\\\/schema\\\/logo\\\/image\\\/\",\"url\":\"https:\\\/\\\/sperrag.ch\\\/wp-content\\\/uploads\\\/Sperrag_logo.svg\",\"contentUrl\":\"https:\\\/\\\/sperrag.ch\\\/wp-content\\\/uploads\\\/Sperrag_logo.svg\",\"width\":421,\"height\":89,\"caption\":\"sperrag ag\"},\"image\":{\"@id\":\"https:\\\/\\\/sperrag.ch\\\/#\\\/schema\\\/logo\\\/image\\\/\"},\"sameAs\":[\"https:\\\/\\\/www.linkedin.com\\\/company\\\/sperrag-ag\"]}]}<\/script>\n<!-- \/ Yoast SEO plugin. -->","yoast_head_json":{"title":"INNOVUS Coloured MDF - sperrag","description":"Innovus\u00ae\u00a0bietet mechanische M\u00f6glichkeiten und wird \u00e4sthetischen Anspr\u00fcchen gerecht.","robots":{"index":"index","follow":"follow","max-snippet":"max-snippet:-1","max-image-preview":"max-image-preview:large","max-video-preview":"max-video-preview:-1"},"canonical":"https:\/\/sperrag.ch\/fr\/produit\/innovus-coloured-mdf-fr\/","og_locale":"fr_FR","og_type":"article","og_title":"INNOVUS Coloured MDF - sperrag","og_description":"Innovus\u00ae\u00a0bietet mechanische M\u00f6glichkeiten und wird \u00e4sthetischen Anspr\u00fcchen gerecht.","og_url":"https:\/\/sperrag.ch\/fr\/produit\/innovus-coloured-mdf-fr\/","og_site_name":"sperrag","article_modified_time":"2023-09-26T11:54:02+00:00","og_image":[{"width":1000,"height":667,"url":"https:\/\/sperrag.ch\/wp-content\/uploads\/Innovus-seitlich.jpg","type":"image\/jpeg"}],"twitter_card":"summary_large_image","schema":{"@context":"https:\/\/schema.org","@graph":[{"@type":"WebPage","@id":"https:\/\/sperrag.ch\/fr\/produit\/innovus-coloured-mdf-fr\/","url":"https:\/\/sperrag.ch\/fr\/produit\/innovus-coloured-mdf-fr\/","name":"INNOVUS Coloured MDF - sperrag","isPartOf":{"@id":"https:\/\/sperrag.ch\/#website"},"primaryImageOfPage":{"@id":"https:\/\/sperrag.ch\/fr\/produit\/innovus-coloured-mdf-fr\/#primaryimage"},"image":{"@id":"https:\/\/sperrag.ch\/fr\/produit\/innovus-coloured-mdf-fr\/#primaryimage"},"thumbnailUrl":"https:\/\/sperrag.ch\/wp-content\/uploads\/innovus_coloured_mdf_family_final_beschnitt.jpg","datePublished":"2023-05-04T07:11:07+00:00","dateModified":"2023-09-26T11:54:02+00:00","description":"Innovus\u00ae\u00a0bietet mechanische M\u00f6glichkeiten und wird \u00e4sthetischen Anspr\u00fcchen gerecht.","breadcrumb":{"@id":"https:\/\/sperrag.ch\/fr\/produit\/innovus-coloured-mdf-fr\/#breadcrumb"},"inLanguage":"fr-FR","potentialAction":[{"@type":"ReadAction","target":["https:\/\/sperrag.ch\/fr\/produit\/innovus-coloured-mdf-fr\/"]}]},{"@type":"ImageObject","inLanguage":"fr-FR","@id":"https:\/\/sperrag.ch\/fr\/produit\/innovus-coloured-mdf-fr\/#primaryimage","url":"https:\/\/sperrag.ch\/wp-content\/uploads\/innovus_coloured_mdf_family_final_beschnitt.jpg","contentUrl":"https:\/\/sperrag.ch\/wp-content\/uploads\/innovus_coloured_mdf_family_final_beschnitt.jpg","width":1075,"height":993},{"@type":"BreadcrumbList","@id":"https:\/\/sperrag.ch\/fr\/produit\/innovus-coloured-mdf-fr\/#breadcrumb","itemListElement":[{"@type":"ListItem","position":1,"name":"Home","item":"https:\/\/sperrag.ch\/fr\/"},{"@type":"ListItem","position":2,"name":"Produkte","item":"https:\/\/sperrag.ch\/produkt\/"},{"@type":"ListItem","position":3,"name":"INNOVUS Coloured MDF"}]},{"@type":"WebSite","@id":"https:\/\/sperrag.ch\/#website","url":"https:\/\/sperrag.ch\/","name":"sperrag","description":"","publisher":{"@id":"https:\/\/sperrag.ch\/#organization"},"potentialAction":[{"@type":"SearchAction","target":{"@type":"EntryPoint","urlTemplate":"https:\/\/sperrag.ch\/?s={search_term_string}"},"query-input":{"@type":"PropertyValueSpecification","valueRequired":true,"valueName":"search_term_string"}}],"inLanguage":"fr-FR"},{"@type":"Organization","@id":"https:\/\/sperrag.ch\/#organization","name":"sperrag ag","url":"https:\/\/sperrag.ch\/","logo":{"@type":"ImageObject","inLanguage":"fr-FR","@id":"https:\/\/sperrag.ch\/#\/schema\/logo\/image\/","url":"https:\/\/sperrag.ch\/wp-content\/uploads\/Sperrag_logo.svg","contentUrl":"https:\/\/sperrag.ch\/wp-content\/uploads\/Sperrag_logo.svg","width":421,"height":89,"caption":"sperrag ag"},"image":{"@id":"https:\/\/sperrag.ch\/#\/schema\/logo\/image\/"},"sameAs":["https:\/\/www.linkedin.com\/company\/sperrag-ag"]}]}},"_links":{"self":[{"href":"https:\/\/sperrag.ch\/fr\/wp-json\/wp\/v2\/produkt\/3501","targetHints":{"allow":["GET"]}}],"collection":[{"href":"https:\/\/sperrag.ch\/fr\/wp-json\/wp\/v2\/produkt"}],"about":[{"href":"https:\/\/sperrag.ch\/fr\/wp-json\/wp\/v2\/types\/produkt"}],"wp:featuredmedia":[{"embeddable":true,"href":"https:\/\/sperrag.ch\/fr\/wp-json\/wp\/v2\/media\/7627"}],"wp:attachment":[{"href":"https:\/\/sperrag.ch\/fr\/wp-json\/wp\/v2\/media?parent=3501"}],"wp:term":[{"taxonomy":"produkt_rubrik","embeddable":true,"href":"https:\/\/sperrag.ch\/fr\/wp-json\/wp\/v2\/produkt_rubrik?post=3501"}],"curies":[{"name":"wp","href":"https:\/\/api.w.org\/{rel}","templated":true}]}}