{"id":3557,"date":"2022-04-17T15:09:05","date_gmt":"2022-04-17T13:09:05","guid":{"rendered":"https:\/\/dev.sperrag.bertastrasse1.ch\/produkt\/sperracolor\/"},"modified":"2025-08-20T14:06:06","modified_gmt":"2025-08-20T12:06:06","slug":"sperracolor","status":"publish","type":"produkt","link":"https:\/\/sperrag.ch\/fr\/produit\/sperracolor\/","title":{"rendered":"Sperracolor\u00ae"},"content":{"rendered":"\n    <section class=\"header-modal-block scrollMagic-block\" data-uid=\"69f4833b636af\">\n                    <p class=\"subtitle-modal\"> <a href=\"https:\/\/sperrag.ch\/fr\/gammes-de-produits\/\" class=\"\">Gammes de produits<\/a><span> > <\/span><a href=\"https:\/\/sperrag.ch\/fr\/gammes-de-produits\/?el=derives-du-bois\" class=\"\">D\u00e9riv\u00e9s du bois<\/a> <\/p>\n        \n        <h1 class=\"mb_0\">Sperracolor\u00ae\n<\/h1>\n    <\/section>\n\n\n\n\n\n\n\n    <section class=\"product-with-info-block white-bg\" id=\"\">\n        <div class=\"cols-block\">\n            <div class=\"left-part-block scrollMagic-block\" data-uid=\"69f4833b689f5\">\n                                    <img decoding=\"async\" src=\"https:\/\/sperrag.ch\/wp-content\/uploads\/1164341_Sperracolor_Eco-Transparent_Tomatenrot-1-800x534.jpg\" alt=\"Les couleurs\">\n                            <\/div>\n\n            <div class=\"right-part-block scrollMagic-block delay-animation\" data-uid=\"69f4833b689f5-1\">\n                                    <h4>Les couleurs<\/h4>\n                \n                                    <div class=\"description_block\">\n                        <p><span class=\"TextRun SCXW108845734 BCX0\" lang=\"FR-FR\" xml:lang=\"FR-FR\" data-contrast=\"auto\"><span class=\"NormalTextRun SpellingErrorV2Themed SCXW108845734 BCX0\">Sperracolor<\/span><span class=\"NormalTextRun SCXW108845734 BCX0\">\u00ae \u2013 notre panneau de contreplaqu\u00e9 bouleau aux couleurs vives. Un panneau de contreplaqu\u00e9 bouleau <\/span><span class=\"NormalTextRun SCXW108845734 BCX0\">est utilis\u00e9 comme<\/span><span class=\"NormalTextRun SCXW108845734 BCX0\"> support, soit avec <\/span><span class=\"NormalTextRun SCXW108845734 BCX0\">du<\/span><span class=\"NormalTextRun SCXW108845734 BCX0\"> placage d\u00e9roul\u00e9, so<\/span><span class=\"NormalTextRun SCXW108845734 BCX0\">i<\/span><span class=\"NormalTextRun SCXW108845734 BCX0\">t avec des placage<\/span><span class=\"NormalTextRun SCXW108845734 BCX0\">s<\/span><span class=\"NormalTextRun SCXW108845734 BCX0\"> tranch\u00e9es. Selon le mod\u00e8le, les panneaux sont disponibles lisses sur les deux faces avec un film de r\u00e9sine ph\u00e9nolique teint\u00e9, laqu\u00e9s en couleur, recouverts de HPL ou <\/span><span class=\"NormalTextRun SCXW108845734 BCX0\">encore <\/span><span class=\"NormalTextRun SCXW108845734 BCX0\">avec un rev\u00eatement en polypropyl\u00e8ne. La surface color\u00e9e est prot\u00e9g\u00e9e par un film m\u00e9lamin\u00e9 transparent. Les diff\u00e9rences de couleur sont dues \u00e0 la production.<\/span><\/span><\/p>\n                    <\/div>\n                \n                <div class=\"mediums-block\">\n                                <a href=\"https:\/\/sperrag.ch\/wp-content\/uploads\/Flyer_Sperracolor-fr.pdf\" class=\"medium-block \" target=\"_blank\">\n                                                <div>\n                        <i class=\"fa-thin fa-file-pdf\"><\/i>\n                    <\/div>\n                \n                <div>\n                    <span><strong>Flyer Sperracolor<\/strong><\/span>\n                    <p class=\"mb_0\"><\/p>\n                <\/div>\n            <\/a>\n                                        <a href=\"https:\/\/sperrag.ch\/wp-content\/uploads\/Flyer_Sperracolor_Produktinfos_Reinigung-fr.pdf\" class=\"medium-block \" target=\"_blank\">\n                                                <div>\n                        <i class=\"fa-thin fa-file-pdf\"><\/i>\n                    <\/div>\n                \n                <div>\n                    <span><strong>Sperracolor : Informations sur le produit,  le nettoyage et la mise en \u0153uvre<\/strong><\/span>\n                    <p class=\"mb_0\"><\/p>\n                <\/div>\n            <\/a>\n            <\/div>\n            <\/div>\n        <\/div>\n    <\/section>\n\n\n\n\n\n\n\n\n\n            <section class=\"products-slider-sub-category-block white-bg scrollMagic-block\" id=\"\" data-uid=\"69f4833b6d4f6\">\n            <div class=\"accordion-block products\">\n                <div class=\"accordion-inner-container\">\n                                            <div class=\"accordion-item\" id=\"sperracolor-standard\">\n                            <div class=\"accordion-item-header-container\">\n                                <h2 class=\"accordion-item-header-text mb_0 \" data-number=\"0\">\n                                    Sperracolor\u00ae Standard                                <\/h2>\n                            <\/div>\n\n                            <div class=\"accordion-content-block\" >\n                                                                    <div class=\"rubrik-info-block sub-cat-rubrik-info-block\">\n                                        <div class=\"rubrik-text-block\">\n                                                                                            <h4 class=\"\">Construction de v\u00e9hicules, \u00e9quipements de jeux et de sport, am\u00e9nagement int\u00e9rieur, rev\u00eatements\n<\/h4>\n                                            \n                                                                                            <div class=\"description_block\"><p><span class=\"TextRun SCXW115032696 BCX0\" lang=\"FR-FR\" xml:lang=\"FR-FR\" data-contrast=\"auto\"><span class=\"NormalTextRun SpellingErrorV2Themed SCXW115032696 BCX0\">Sperracolor<\/span><span class=\"NormalTextRun SCXW115032696 BCX0\">\u00ae standard est un panneau de contreplaqu\u00e9 bouleau avec un placage d\u00e9roul\u00e9. Les panneaux sont rev\u00eatus sur les deux faces d&rsquo;un film de r\u00e9sine ph\u00e9nolique teint\u00e9 d&rsquo;environ 120 g, de sorte que la structure du bois transpara\u00eet encore. Les diff\u00e9rences de couleur sont dues \u00e0 la production. Les photos peuvent diff\u00e9rer de l&rsquo;original.<\/span><\/span><\/p>\n<\/div>\n                                                                                    <\/div>\n\n                                        <div class=\"rubrik-medium-block\">\n                                                                                    <\/div>\n                                    <\/div>\n                                \n                                                                    <div class=\"product-cards\">\n                                        \n<a href=\"https:\/\/sperrag.ch\/fr\/produit\/sperracolor-noir\/\" data-fancybox data-src=\"https:\/\/sperrag.ch\/wp-content\/uploads\/1163635_Sperracolor_Standard_Schwarz-web-1.jpg\" data-caption=\"&nbsp;\" class=\"product-card  not-open-modal\" data-paginationmobilepage=\"\" data-modalpostid=\"3619\" data-parentpageid=\"3557\">\n    <div class=\"product-card-inner-container\">\n        <h4 class=\"heading-h5 mb_0\">Sperracolor\u00ae Standard noir<\/h4>\n\n        <div class=\"product-card-cols\">\n            <div class=\"product-card-image\" style=\"background-image: url('https:\/\/sperrag.ch\/wp-content\/uploads\/1163635_Sperracolor_Standard_Schwarz-web-1.jpg')\">\n                <div class=\"product-number-block\">\n                    <span>1<\/span>\n\n                                    <\/div>\n            <\/div>\n\n            <div class=\"product-meta-block\">\n                                    <p class=\"text-medium text-black mb_0\"><p>&nbsp;<\/p><\/p>\n                \n                                    <div class=\"button-block\">\n                        <div class=\"btn-merklist btn-merklist-small btn-merklist-full-width add-to-merkliste \" data-type=\"produkt\" data-id=\"3619\">\n                            <div>\n                                Liste de suivi                            <\/div>\n                        <\/div>\n                    <\/div>\n                            <\/div>\n        <\/div>\n    <\/div>\n<\/a>\n\n<a href=\"https:\/\/sperrag.ch\/fr\/produit\/sperracolor-brun-clair\/\" data-fancybox data-src=\"https:\/\/sperrag.ch\/wp-content\/uploads\/1163586_Sperracolor_Standard_Hellbraun-web-1.jpg\" data-caption=\"&nbsp;\" class=\"product-card  not-open-modal\" data-paginationmobilepage=\"\" data-modalpostid=\"3592\" data-parentpageid=\"3557\">\n    <div class=\"product-card-inner-container\">\n        <h4 class=\"heading-h5 mb_0\">Sperracolor\u00ae Standard brun clair<\/h4>\n\n        <div class=\"product-card-cols\">\n            <div class=\"product-card-image\" style=\"background-image: url('https:\/\/sperrag.ch\/wp-content\/uploads\/1163586_Sperracolor_Standard_Hellbraun-web-1.jpg')\">\n                <div class=\"product-number-block\">\n                    <span>2<\/span>\n\n                                    <\/div>\n            <\/div>\n\n            <div class=\"product-meta-block\">\n                                    <p class=\"text-medium text-black mb_0\"><p>&nbsp;<\/p><\/p>\n                \n                                    <div class=\"button-block\">\n                        <div class=\"btn-merklist btn-merklist-small btn-merklist-full-width add-to-merkliste \" data-type=\"produkt\" data-id=\"3592\">\n                            <div>\n                                Liste de suivi                            <\/div>\n                        <\/div>\n                    <\/div>\n                            <\/div>\n        <\/div>\n    <\/div>\n<\/a>\n\n<a href=\"https:\/\/sperrag.ch\/fr\/produit\/sperracolor-standard-brun-fonce\/\" data-fancybox data-src=\"https:\/\/sperrag.ch\/wp-content\/uploads\/1163592_Sperracolor_Standard_Dunkelbraun-web-1.jpg\" data-caption=\"&nbsp;\" class=\"product-card  not-open-modal\" data-paginationmobilepage=\"\" data-modalpostid=\"3575\" data-parentpageid=\"3557\">\n    <div class=\"product-card-inner-container\">\n        <h4 class=\"heading-h5 mb_0\">Sperracolor\u00ae Standard brun fonce<\/h4>\n\n        <div class=\"product-card-cols\">\n            <div class=\"product-card-image\" style=\"background-image: url('https:\/\/sperrag.ch\/wp-content\/uploads\/1163592_Sperracolor_Standard_Dunkelbraun-web-1.jpg')\">\n                <div class=\"product-number-block\">\n                    <span>3<\/span>\n\n                                    <\/div>\n            <\/div>\n\n            <div class=\"product-meta-block\">\n                                    <p class=\"text-medium text-black mb_0\"><p>&nbsp;<\/p><\/p>\n                \n                                    <div class=\"button-block\">\n                        <div class=\"btn-merklist btn-merklist-small btn-merklist-full-width add-to-merkliste \" data-type=\"produkt\" data-id=\"3575\">\n                            <div>\n                                Liste de suivi                            <\/div>\n                        <\/div>\n                    <\/div>\n                            <\/div>\n        <\/div>\n    <\/div>\n<\/a>\n                                    <\/div>\n                                \n                                                                    <div class=\"product-cards-mobile-wrapper sperracolor-standard\" data-page=\"1\" data-maxnumpages=\"1\">\n                                        <div class=\"loading_fade\"><\/div>\n\n                                        <div class=\"product-cards-mobile\">\n                                            \n<a href=\"https:\/\/sperrag.ch\/fr\/produit\/sperracolor-noir\/\" data-fancybox data-src=\"https:\/\/sperrag.ch\/wp-content\/uploads\/1163635_Sperracolor_Standard_Schwarz-web-1.jpg\" data-caption=\"&nbsp;\" class=\"product-card  not-open-modal\" data-paginationmobilepage=\"1\" data-modalpostid=\"3619\" data-parentpageid=\"3557\">\n    <div class=\"product-card-inner-container\">\n        <h4 class=\"heading-h5 mb_0\">Sperracolor\u00ae Standard noir<\/h4>\n\n        <div class=\"product-card-cols\">\n            <div class=\"product-card-image\" style=\"background-image: url('https:\/\/sperrag.ch\/wp-content\/uploads\/1163635_Sperracolor_Standard_Schwarz-web-1.jpg')\">\n                <div class=\"product-number-block\">\n                    <span>1<\/span>\n\n                                    <\/div>\n            <\/div>\n\n            <div class=\"product-meta-block\">\n                                    <p class=\"text-medium text-black mb_0\"><p>&nbsp;<\/p><\/p>\n                \n                                    <div class=\"button-block\">\n                        <div class=\"btn-merklist btn-merklist-small btn-merklist-full-width add-to-merkliste \" data-type=\"produkt\" data-id=\"3619\">\n                            <div>\n                                Liste de suivi                            <\/div>\n                        <\/div>\n                    <\/div>\n                            <\/div>\n        <\/div>\n    <\/div>\n<\/a>\n\n<a href=\"https:\/\/sperrag.ch\/fr\/produit\/sperracolor-brun-clair\/\" data-fancybox data-src=\"https:\/\/sperrag.ch\/wp-content\/uploads\/1163586_Sperracolor_Standard_Hellbraun-web-1.jpg\" data-caption=\"&nbsp;\" class=\"product-card  not-open-modal\" data-paginationmobilepage=\"1\" data-modalpostid=\"3592\" data-parentpageid=\"3557\">\n    <div class=\"product-card-inner-container\">\n        <h4 class=\"heading-h5 mb_0\">Sperracolor\u00ae Standard brun clair<\/h4>\n\n        <div class=\"product-card-cols\">\n            <div class=\"product-card-image\" style=\"background-image: url('https:\/\/sperrag.ch\/wp-content\/uploads\/1163586_Sperracolor_Standard_Hellbraun-web-1.jpg')\">\n                <div class=\"product-number-block\">\n                    <span>2<\/span>\n\n                                    <\/div>\n            <\/div>\n\n            <div class=\"product-meta-block\">\n                                    <p class=\"text-medium text-black mb_0\"><p>&nbsp;<\/p><\/p>\n                \n                                    <div class=\"button-block\">\n                        <div class=\"btn-merklist btn-merklist-small btn-merklist-full-width add-to-merkliste \" data-type=\"produkt\" data-id=\"3592\">\n                            <div>\n                                Liste de suivi                            <\/div>\n                        <\/div>\n                    <\/div>\n                            <\/div>\n        <\/div>\n    <\/div>\n<\/a>\n\n<a href=\"https:\/\/sperrag.ch\/fr\/produit\/sperracolor-standard-brun-fonce\/\" data-fancybox data-src=\"https:\/\/sperrag.ch\/wp-content\/uploads\/1163592_Sperracolor_Standard_Dunkelbraun-web-1.jpg\" data-caption=\"&nbsp;\" class=\"product-card  not-open-modal\" data-paginationmobilepage=\"1\" data-modalpostid=\"3575\" data-parentpageid=\"3557\">\n    <div class=\"product-card-inner-container\">\n        <h4 class=\"heading-h5 mb_0\">Sperracolor\u00ae Standard brun fonce<\/h4>\n\n        <div class=\"product-card-cols\">\n            <div class=\"product-card-image\" style=\"background-image: url('https:\/\/sperrag.ch\/wp-content\/uploads\/1163592_Sperracolor_Standard_Dunkelbraun-web-1.jpg')\">\n                <div class=\"product-number-block\">\n                    <span>3<\/span>\n\n                                    <\/div>\n            <\/div>\n\n            <div class=\"product-meta-block\">\n                                    <p class=\"text-medium text-black mb_0\"><p>&nbsp;<\/p><\/p>\n                \n                                    <div class=\"button-block\">\n                        <div class=\"btn-merklist btn-merklist-small btn-merklist-full-width add-to-merkliste \" data-type=\"produkt\" data-id=\"3575\">\n                            <div>\n                                Liste de suivi                            <\/div>\n                        <\/div>\n                    <\/div>\n                            <\/div>\n        <\/div>\n    <\/div>\n<\/a>\n                                        <\/div>\n\n                                                                            <\/div>\n                                                            <\/div>\n                        <\/div>\n                                            <div class=\"accordion-item\" id=\"sperracolor-eco-transparent-fr\">\n                            <div class=\"accordion-item-header-container\">\n                                <h2 class=\"accordion-item-header-text mb_0 \" data-number=\"5\">\n                                    Sperracolor\u00ae Eco Transparent                                <\/h2>\n                            <\/div>\n\n                            <div class=\"accordion-content-block\" >\n                                                                    <div class=\"rubrik-info-block sub-cat-rubrik-info-block\">\n                                        <div class=\"rubrik-text-block\">\n                                                                                            <h4 class=\"\">Am\u00e9nagement int\u00e9rieur, rev\u00eatements muraux, meubles, am\u00e9nagement de magasins\n<\/h4>\n                                            \n                                                                                            <div class=\"description_block\"><p><span class=\"TextRun SCXW119501767 BCX0\" lang=\"FR-FR\" xml:lang=\"FR-FR\" data-contrast=\"auto\"><span class=\"NormalTextRun SpellingErrorV2Themed SCXW119501767 BCX0\">Sperracolor<\/span><span class=\"NormalTextRun SCXW119501767 BCX0\">\u00ae Eco Transparent est un panneau en contreplaqu\u00e9 bouleau avec un placage ext\u00e9rieur d\u00e9roul\u00e9. Les panneaux sont laqu\u00e9s en couleur et prot\u00e9g\u00e9s par un film de m\u00e9lamine transparent. <\/span><span class=\"NormalTextRun SpellingErrorV2Themed SCXW119501767 BCX0\">Sperracolor<\/span><span class=\"NormalTextRun SCXW119501767 BCX0\">\u00ae Eco Transparent est un mat\u00e9riau id\u00e9al pour l&rsquo;industrie du meuble ainsi que pour les applications de menuiserie dans l&rsquo;am\u00e9nagement int\u00e9rieur. Il est disponible dans une large palette de couleurs qui laissent encore transpara\u00eetre les veines du bois. Le panneau est inodore et sans go\u00fbt, respectueux de l&rsquo;environnement, ne contient pas de compos<\/span><span class=\"NormalTextRun SCXW119501767 BCX0\">ant<\/span><span class=\"NormalTextRun SCXW119501767 BCX0\"> halog\u00e9n\u00e9s et est facile \u00e0 nettoyer. Il est donc particuli\u00e8rement adapt\u00e9 aux jardins d&rsquo;enfants, aux chambres d&rsquo;enfants, aux \u00e9coles et aux jouets. Les diff\u00e9rences de couleur sont dues \u00e0 la production. Les images peuvent diff\u00e9rer de l&rsquo;original.<\/span><\/span><\/p>\n<\/div>\n                                                                                    <\/div>\n\n                                        <div class=\"rubrik-medium-block\">\n                                                                                    <\/div>\n                                    <\/div>\n                                \n                                                                    <div class=\"product-cards\">\n                                        \n<a href=\"https:\/\/sperrag.ch\/fr\/produit\/sperracolor-eco-transparent-orange-fr\/\" data-fancybox data-src=\"https:\/\/sperrag.ch\/wp-content\/uploads\/1163613_Sperracolor_Eco-Transparent_Orange-1.jpg\" data-caption=\"env. RAL 2008\" class=\"product-card  not-open-modal\" data-paginationmobilepage=\"\" data-modalpostid=\"3650\" data-parentpageid=\"3557\">\n    <div class=\"product-card-inner-container\">\n        <h4 class=\"heading-h5 mb_0\">Sperracolor\u00ae Eco Transparent<br>orange<\/h4>\n\n        <div class=\"product-card-cols\">\n            <div class=\"product-card-image\" style=\"background-image: url('https:\/\/sperrag.ch\/wp-content\/uploads\/1163613_Sperracolor_Eco-Transparent_Orange-1.jpg')\">\n                <div class=\"product-number-block\">\n                    <span>1<\/span>\n\n                                    <\/div>\n            <\/div>\n\n            <div class=\"product-meta-block\">\n                                    <p class=\"text-medium text-black mb_0\">env. RAL 2008<\/p>\n                \n                                    <div class=\"button-block\">\n                        <div class=\"btn-merklist btn-merklist-small btn-merklist-full-width add-to-merkliste \" data-type=\"produkt\" data-id=\"3650\">\n                            <div>\n                                Liste de suivi                            <\/div>\n                        <\/div>\n                    <\/div>\n                            <\/div>\n        <\/div>\n    <\/div>\n<\/a>\n\n<a href=\"https:\/\/sperrag.ch\/fr\/produit\/sperracolor-eco-transparent-bleu\/\" data-fancybox data-src=\"https:\/\/sperrag.ch\/wp-content\/uploads\/1163609_Sperracolor_Eco-Transparent_Blau-1.jpg\" data-caption=\"env. RAL 9001\" class=\"product-card  not-open-modal\" data-paginationmobilepage=\"\" data-modalpostid=\"3609\" data-parentpageid=\"3557\">\n    <div class=\"product-card-inner-container\">\n        <h4 class=\"heading-h5 mb_0\">Sperracolor\u00ae Eco Transparent<br>bleu<\/h4>\n\n        <div class=\"product-card-cols\">\n            <div class=\"product-card-image\" style=\"background-image: url('https:\/\/sperrag.ch\/wp-content\/uploads\/1163609_Sperracolor_Eco-Transparent_Blau-1.jpg')\">\n                <div class=\"product-number-block\">\n                    <span>2<\/span>\n\n                                    <\/div>\n            <\/div>\n\n            <div class=\"product-meta-block\">\n                                    <p class=\"text-medium text-black mb_0\">env. RAL 9001<\/p>\n                \n                                    <div class=\"button-block\">\n                        <div class=\"btn-merklist btn-merklist-small btn-merklist-full-width add-to-merkliste \" data-type=\"produkt\" data-id=\"3609\">\n                            <div>\n                                Liste de suivi                            <\/div>\n                        <\/div>\n                    <\/div>\n                            <\/div>\n        <\/div>\n    <\/div>\n<\/a>\n\n<a href=\"https:\/\/sperrag.ch\/fr\/produit\/sperracolor-eco-transparent-vert-menthe\/\" data-fancybox data-src=\"https:\/\/sperrag.ch\/wp-content\/uploads\/1163612_Sperracolor_Eco-Transparent_Mintgruen-1.jpg\" data-caption=\"env. RAL D8 120 70 70\" class=\"product-card  not-open-modal\" data-paginationmobilepage=\"\" data-modalpostid=\"3642\" data-parentpageid=\"3557\">\n    <div class=\"product-card-inner-container\">\n        <h4 class=\"heading-h5 mb_0\">Sperracolor\u00ae Eco Transparent<br>vert menthe<\/h4>\n\n        <div class=\"product-card-cols\">\n            <div class=\"product-card-image\" style=\"background-image: url('https:\/\/sperrag.ch\/wp-content\/uploads\/1163612_Sperracolor_Eco-Transparent_Mintgruen-1.jpg')\">\n                <div class=\"product-number-block\">\n                    <span>3<\/span>\n\n                                    <\/div>\n            <\/div>\n\n            <div class=\"product-meta-block\">\n                                    <p class=\"text-medium text-black mb_0\">env. RAL D8 120 70 70<\/p>\n                \n                                    <div class=\"button-block\">\n                        <div class=\"btn-merklist btn-merklist-small btn-merklist-full-width add-to-merkliste \" data-type=\"produkt\" data-id=\"3642\">\n                            <div>\n                                Liste de suivi                            <\/div>\n                        <\/div>\n                    <\/div>\n                            <\/div>\n        <\/div>\n    <\/div>\n<\/a>\n\n<a href=\"https:\/\/sperrag.ch\/fr\/produit\/sperracolor-eco-transparent-gris-pierre\/\" data-fancybox data-src=\"https:\/\/sperrag.ch\/wp-content\/uploads\/1164293_Sperracolor_Eco-Transparent_Steingrau-1.jpg\" data-caption=\"env. RAL 7030\" class=\"product-card  not-open-modal\" data-paginationmobilepage=\"\" data-modalpostid=\"3675\" data-parentpageid=\"3557\">\n    <div class=\"product-card-inner-container\">\n        <h4 class=\"heading-h5 mb_0\">Sperracolor\u00ae Eco Transparent<br>gris pierre<\/h4>\n\n        <div class=\"product-card-cols\">\n            <div class=\"product-card-image\" style=\"background-image: url('https:\/\/sperrag.ch\/wp-content\/uploads\/1164293_Sperracolor_Eco-Transparent_Steingrau-1.jpg')\">\n                <div class=\"product-number-block\">\n                    <span>4<\/span>\n\n                                    <\/div>\n            <\/div>\n\n            <div class=\"product-meta-block\">\n                                    <p class=\"text-medium text-black mb_0\">env. RAL 7030<\/p>\n                \n                                    <div class=\"button-block\">\n                        <div class=\"btn-merklist btn-merklist-small btn-merklist-full-width add-to-merkliste \" data-type=\"produkt\" data-id=\"3675\">\n                            <div>\n                                Liste de suivi                            <\/div>\n                        <\/div>\n                    <\/div>\n                            <\/div>\n        <\/div>\n    <\/div>\n<\/a>\n\n<a href=\"https:\/\/sperrag.ch\/fr\/produit\/sperracolor-eco-transparent-rouge\/\" data-fancybox data-src=\"https:\/\/sperrag.ch\/wp-content\/uploads\/1163615_Sperracolor_Eco-Transparent_Rot-1.jpg\" data-caption=\"env. RAL 3020\" class=\"product-card  not-open-modal\" data-paginationmobilepage=\"\" data-modalpostid=\"3659\" data-parentpageid=\"3557\">\n    <div class=\"product-card-inner-container\">\n        <h4 class=\"heading-h5 mb_0\">Sperracolor\u00ae Eco Transparent<br>rouge<\/h4>\n\n        <div class=\"product-card-cols\">\n            <div class=\"product-card-image\" style=\"background-image: url('https:\/\/sperrag.ch\/wp-content\/uploads\/1163615_Sperracolor_Eco-Transparent_Rot-1.jpg')\">\n                <div class=\"product-number-block\">\n                    <span>5<\/span>\n\n                                    <\/div>\n            <\/div>\n\n            <div class=\"product-meta-block\">\n                                    <p class=\"text-medium text-black mb_0\">env. RAL 3020<\/p>\n                \n                                    <div class=\"button-block\">\n                        <div class=\"btn-merklist btn-merklist-small btn-merklist-full-width add-to-merkliste \" data-type=\"produkt\" data-id=\"3659\">\n                            <div>\n                                Liste de suivi                            <\/div>\n                        <\/div>\n                    <\/div>\n                            <\/div>\n        <\/div>\n    <\/div>\n<\/a>\n\n<a href=\"https:\/\/sperrag.ch\/fr\/produit\/sperracolor-eco-transparent-blanc-signal\/\" data-fancybox data-src=\"https:\/\/sperrag.ch\/wp-content\/uploads\/1164362_Sperracolor_Eco-Transparent_Signalweiss-1.jpg\" data-caption=\"env. RAL 9003\" class=\"product-card  not-open-modal\" data-paginationmobilepage=\"\" data-modalpostid=\"3667\" data-parentpageid=\"3557\">\n    <div class=\"product-card-inner-container\">\n        <h4 class=\"heading-h5 mb_0\">Sperracolor\u00ae Eco Transparent<br>blanc signal<\/h4>\n\n        <div class=\"product-card-cols\">\n            <div class=\"product-card-image\" style=\"background-image: url('https:\/\/sperrag.ch\/wp-content\/uploads\/1164362_Sperracolor_Eco-Transparent_Signalweiss-1.jpg')\">\n                <div class=\"product-number-block\">\n                    <span>6<\/span>\n\n                                    <\/div>\n            <\/div>\n\n            <div class=\"product-meta-block\">\n                                    <p class=\"text-medium text-black mb_0\">env. RAL 9003<\/p>\n                \n                                    <div class=\"button-block\">\n                        <div class=\"btn-merklist btn-merklist-small btn-merklist-full-width add-to-merkliste \" data-type=\"produkt\" data-id=\"3667\">\n                            <div>\n                                Liste de suivi                            <\/div>\n                        <\/div>\n                    <\/div>\n                            <\/div>\n        <\/div>\n    <\/div>\n<\/a>\n\n<a href=\"https:\/\/sperrag.ch\/fr\/produit\/sperracolor-eco-transparent-blanc-creme\/\" data-fancybox data-src=\"https:\/\/sperrag.ch\/wp-content\/uploads\/1163616_Sperracolor_Eco-Transparent_Cremeweiss-1.jpg\" data-caption=\"env. RAL 9001\" class=\"product-card  not-open-modal\" data-paginationmobilepage=\"\" data-modalpostid=\"3622\" data-parentpageid=\"3557\">\n    <div class=\"product-card-inner-container\">\n        <h4 class=\"heading-h5 mb_0\">Sperracolor\u00ae Eco Transparent<br>blanc cr\u00e8me<\/h4>\n\n        <div class=\"product-card-cols\">\n            <div class=\"product-card-image\" style=\"background-image: url('https:\/\/sperrag.ch\/wp-content\/uploads\/1163616_Sperracolor_Eco-Transparent_Cremeweiss-1.jpg')\">\n                <div class=\"product-number-block\">\n                    <span>7<\/span>\n\n                                    <\/div>\n            <\/div>\n\n            <div class=\"product-meta-block\">\n                                    <p class=\"text-medium text-black mb_0\">env. RAL 9001<\/p>\n                \n                                    <div class=\"button-block\">\n                        <div class=\"btn-merklist btn-merklist-small btn-merklist-full-width add-to-merkliste \" data-type=\"produkt\" data-id=\"3622\">\n                            <div>\n                                Liste de suivi                            <\/div>\n                        <\/div>\n                    <\/div>\n                            <\/div>\n        <\/div>\n    <\/div>\n<\/a>\n\n<a href=\"https:\/\/sperrag.ch\/fr\/produit\/sperracolor-eco-transparent-rouge-tomate\/\" data-fancybox data-src=\"https:\/\/sperrag.ch\/wp-content\/uploads\/1164341_Sperracolor_Eco-Transparent_Tomatenrot-1.jpg\" data-caption=\"env. RAL 3013\" class=\"product-card  not-open-modal\" data-paginationmobilepage=\"\" data-modalpostid=\"3684\" data-parentpageid=\"3557\">\n    <div class=\"product-card-inner-container\">\n        <h4 class=\"heading-h5 mb_0\">Sperracolor\u00ae Eco Transparent<br>rouge tomate<\/h4>\n\n        <div class=\"product-card-cols\">\n            <div class=\"product-card-image\" style=\"background-image: url('https:\/\/sperrag.ch\/wp-content\/uploads\/1164341_Sperracolor_Eco-Transparent_Tomatenrot-1.jpg')\">\n                <div class=\"product-number-block\">\n                    <span>8<\/span>\n\n                                    <\/div>\n            <\/div>\n\n            <div class=\"product-meta-block\">\n                                    <p class=\"text-medium text-black mb_0\">env. RAL 3013<\/p>\n                \n                                    <div class=\"button-block\">\n                        <div class=\"btn-merklist btn-merklist-small btn-merklist-full-width add-to-merkliste \" data-type=\"produkt\" data-id=\"3684\">\n                            <div>\n                                Liste de suivi                            <\/div>\n                        <\/div>\n                    <\/div>\n                            <\/div>\n        <\/div>\n    <\/div>\n<\/a>\n\n<a href=\"https:\/\/sperrag.ch\/fr\/produit\/sperracolor-eco-transparent-beige-fr\/\" data-fancybox data-src=\"https:\/\/sperrag.ch\/wp-content\/uploads\/1164359_Sperracolor_Eco-Transparent_Beige-1.jpg\" data-caption=\"env. RAL 1001\" class=\"product-card  not-open-modal\" data-paginationmobilepage=\"\" data-modalpostid=\"3580\" data-parentpageid=\"3557\">\n    <div class=\"product-card-inner-container\">\n        <h4 class=\"heading-h5 mb_0\">Sperracolor\u00ae Eco Transparent<br>beige<\/h4>\n\n        <div class=\"product-card-cols\">\n            <div class=\"product-card-image\" style=\"background-image: url('https:\/\/sperrag.ch\/wp-content\/uploads\/1164359_Sperracolor_Eco-Transparent_Beige-1.jpg')\">\n                <div class=\"product-number-block\">\n                    <span>9<\/span>\n\n                                    <\/div>\n            <\/div>\n\n            <div class=\"product-meta-block\">\n                                    <p class=\"text-medium text-black mb_0\">env. RAL 1001<\/p>\n                \n                                    <div class=\"button-block\">\n                        <div class=\"btn-merklist btn-merklist-small btn-merklist-full-width add-to-merkliste \" data-type=\"produkt\" data-id=\"3580\">\n                            <div>\n                                Liste de suivi                            <\/div>\n                        <\/div>\n                    <\/div>\n                            <\/div>\n        <\/div>\n    <\/div>\n<\/a>\n\n<a href=\"https:\/\/sperrag.ch\/fr\/produit\/sperracolor-eco-transparent-brun-pale\/\" data-fancybox data-src=\"https:\/\/sperrag.ch\/wp-content\/uploads\/1164360_Sperracolor_Eco-Transparent_Blassbraun-1.jpg\" data-caption=\"env. RAL 8025\" class=\"product-card  not-open-modal\" data-paginationmobilepage=\"\" data-modalpostid=\"3597\" data-parentpageid=\"3557\">\n    <div class=\"product-card-inner-container\">\n        <h4 class=\"heading-h5 mb_0\">Sperracolor\u00ae Eco Transparent<br>brun p\u00e2le<\/h4>\n\n        <div class=\"product-card-cols\">\n            <div class=\"product-card-image\" style=\"background-image: url('https:\/\/sperrag.ch\/wp-content\/uploads\/1164360_Sperracolor_Eco-Transparent_Blassbraun-1.jpg')\">\n                <div class=\"product-number-block\">\n                    <span>10<\/span>\n\n                                    <\/div>\n            <\/div>\n\n            <div class=\"product-meta-block\">\n                                    <p class=\"text-medium text-black mb_0\">env. RAL 8025<\/p>\n                \n                                    <div class=\"button-block\">\n                        <div class=\"btn-merklist btn-merklist-small btn-merklist-full-width add-to-merkliste \" data-type=\"produkt\" data-id=\"3597\">\n                            <div>\n                                Liste de suivi                            <\/div>\n                        <\/div>\n                    <\/div>\n                            <\/div>\n        <\/div>\n    <\/div>\n<\/a>\n\n<a href=\"https:\/\/sperrag.ch\/fr\/produit\/sperracolor-eco-transparent-gris-beige\/\" data-fancybox data-src=\"https:\/\/sperrag.ch\/wp-content\/uploads\/1164358_Sperracolor_Eco-Transparent_Graubeige-1.jpg\" data-caption=\"env. RAL 1019\" class=\"product-card  not-open-modal\" data-paginationmobilepage=\"\" data-modalpostid=\"3631\" data-parentpageid=\"3557\">\n    <div class=\"product-card-inner-container\">\n        <h4 class=\"heading-h5 mb_0\">Sperracolor\u00ae Eco Transparent<br>gris-beige<\/h4>\n\n        <div class=\"product-card-cols\">\n            <div class=\"product-card-image\" style=\"background-image: url('https:\/\/sperrag.ch\/wp-content\/uploads\/1164358_Sperracolor_Eco-Transparent_Graubeige-1.jpg')\">\n                <div class=\"product-number-block\">\n                    <span>11<\/span>\n\n                                    <\/div>\n            <\/div>\n\n            <div class=\"product-meta-block\">\n                                    <p class=\"text-medium text-black mb_0\">env. RAL 1019<\/p>\n                \n                                    <div class=\"button-block\">\n                        <div class=\"btn-merklist btn-merklist-small btn-merklist-full-width add-to-merkliste \" data-type=\"produkt\" data-id=\"3631\">\n                            <div>\n                                Liste de suivi                            <\/div>\n                        <\/div>\n                    <\/div>\n                            <\/div>\n        <\/div>\n    <\/div>\n<\/a>\n                                    <\/div>\n                                \n                                                                    <div class=\"product-cards-mobile-wrapper sperracolor-eco-transparent-fr\" data-page=\"1\" data-maxnumpages=\"3\">\n                                        <div class=\"loading_fade\"><\/div>\n\n                                        <div class=\"product-cards-mobile\">\n                                            \n<a href=\"https:\/\/sperrag.ch\/fr\/produit\/sperracolor-eco-transparent-orange-fr\/\" data-fancybox data-src=\"https:\/\/sperrag.ch\/wp-content\/uploads\/1163613_Sperracolor_Eco-Transparent_Orange-1.jpg\" data-caption=\"env. RAL 2008\" class=\"product-card  not-open-modal\" data-paginationmobilepage=\"1\" data-modalpostid=\"3650\" data-parentpageid=\"3557\">\n    <div class=\"product-card-inner-container\">\n        <h4 class=\"heading-h5 mb_0\">Sperracolor\u00ae Eco Transparent<br>orange<\/h4>\n\n        <div class=\"product-card-cols\">\n            <div class=\"product-card-image\" style=\"background-image: url('https:\/\/sperrag.ch\/wp-content\/uploads\/1163613_Sperracolor_Eco-Transparent_Orange-1.jpg')\">\n                <div class=\"product-number-block\">\n                    <span>1<\/span>\n\n                                    <\/div>\n            <\/div>\n\n            <div class=\"product-meta-block\">\n                                    <p class=\"text-medium text-black mb_0\">env. RAL 2008<\/p>\n                \n                                    <div class=\"button-block\">\n                        <div class=\"btn-merklist btn-merklist-small btn-merklist-full-width add-to-merkliste \" data-type=\"produkt\" data-id=\"3650\">\n                            <div>\n                                Liste de suivi                            <\/div>\n                        <\/div>\n                    <\/div>\n                            <\/div>\n        <\/div>\n    <\/div>\n<\/a>\n\n<a href=\"https:\/\/sperrag.ch\/fr\/produit\/sperracolor-eco-transparent-bleu\/\" data-fancybox data-src=\"https:\/\/sperrag.ch\/wp-content\/uploads\/1163609_Sperracolor_Eco-Transparent_Blau-1.jpg\" data-caption=\"env. RAL 9001\" class=\"product-card  not-open-modal\" data-paginationmobilepage=\"1\" data-modalpostid=\"3609\" data-parentpageid=\"3557\">\n    <div class=\"product-card-inner-container\">\n        <h4 class=\"heading-h5 mb_0\">Sperracolor\u00ae Eco Transparent<br>bleu<\/h4>\n\n        <div class=\"product-card-cols\">\n            <div class=\"product-card-image\" style=\"background-image: url('https:\/\/sperrag.ch\/wp-content\/uploads\/1163609_Sperracolor_Eco-Transparent_Blau-1.jpg')\">\n                <div class=\"product-number-block\">\n                    <span>2<\/span>\n\n                                    <\/div>\n            <\/div>\n\n            <div class=\"product-meta-block\">\n                                    <p class=\"text-medium text-black mb_0\">env. RAL 9001<\/p>\n                \n                                    <div class=\"button-block\">\n                        <div class=\"btn-merklist btn-merklist-small btn-merklist-full-width add-to-merkliste \" data-type=\"produkt\" data-id=\"3609\">\n                            <div>\n                                Liste de suivi                            <\/div>\n                        <\/div>\n                    <\/div>\n                            <\/div>\n        <\/div>\n    <\/div>\n<\/a>\n\n<a href=\"https:\/\/sperrag.ch\/fr\/produit\/sperracolor-eco-transparent-vert-menthe\/\" data-fancybox data-src=\"https:\/\/sperrag.ch\/wp-content\/uploads\/1163612_Sperracolor_Eco-Transparent_Mintgruen-1.jpg\" data-caption=\"env. RAL D8 120 70 70\" class=\"product-card  not-open-modal\" data-paginationmobilepage=\"1\" data-modalpostid=\"3642\" data-parentpageid=\"3557\">\n    <div class=\"product-card-inner-container\">\n        <h4 class=\"heading-h5 mb_0\">Sperracolor\u00ae Eco Transparent<br>vert menthe<\/h4>\n\n        <div class=\"product-card-cols\">\n            <div class=\"product-card-image\" style=\"background-image: url('https:\/\/sperrag.ch\/wp-content\/uploads\/1163612_Sperracolor_Eco-Transparent_Mintgruen-1.jpg')\">\n                <div class=\"product-number-block\">\n                    <span>3<\/span>\n\n                                    <\/div>\n            <\/div>\n\n            <div class=\"product-meta-block\">\n                                    <p class=\"text-medium text-black mb_0\">env. RAL D8 120 70 70<\/p>\n                \n                                    <div class=\"button-block\">\n                        <div class=\"btn-merklist btn-merklist-small btn-merklist-full-width add-to-merkliste \" data-type=\"produkt\" data-id=\"3642\">\n                            <div>\n                                Liste de suivi                            <\/div>\n                        <\/div>\n                    <\/div>\n                            <\/div>\n        <\/div>\n    <\/div>\n<\/a>\n\n<a href=\"https:\/\/sperrag.ch\/fr\/produit\/sperracolor-eco-transparent-gris-pierre\/\" data-fancybox data-src=\"https:\/\/sperrag.ch\/wp-content\/uploads\/1164293_Sperracolor_Eco-Transparent_Steingrau-1.jpg\" data-caption=\"env. RAL 7030\" class=\"product-card  not-open-modal\" data-paginationmobilepage=\"1\" data-modalpostid=\"3675\" data-parentpageid=\"3557\">\n    <div class=\"product-card-inner-container\">\n        <h4 class=\"heading-h5 mb_0\">Sperracolor\u00ae Eco Transparent<br>gris pierre<\/h4>\n\n        <div class=\"product-card-cols\">\n            <div class=\"product-card-image\" style=\"background-image: url('https:\/\/sperrag.ch\/wp-content\/uploads\/1164293_Sperracolor_Eco-Transparent_Steingrau-1.jpg')\">\n                <div class=\"product-number-block\">\n                    <span>4<\/span>\n\n                                    <\/div>\n            <\/div>\n\n            <div class=\"product-meta-block\">\n                                    <p class=\"text-medium text-black mb_0\">env. RAL 7030<\/p>\n                \n                                    <div class=\"button-block\">\n                        <div class=\"btn-merklist btn-merklist-small btn-merklist-full-width add-to-merkliste \" data-type=\"produkt\" data-id=\"3675\">\n                            <div>\n                                Liste de suivi                            <\/div>\n                        <\/div>\n                    <\/div>\n                            <\/div>\n        <\/div>\n    <\/div>\n<\/a>\n\n<a href=\"https:\/\/sperrag.ch\/fr\/produit\/sperracolor-eco-transparent-rouge\/\" data-fancybox data-src=\"https:\/\/sperrag.ch\/wp-content\/uploads\/1163615_Sperracolor_Eco-Transparent_Rot-1.jpg\" data-caption=\"env. RAL 3020\" class=\"product-card  not-open-modal\" data-paginationmobilepage=\"1\" data-modalpostid=\"3659\" data-parentpageid=\"3557\">\n    <div class=\"product-card-inner-container\">\n        <h4 class=\"heading-h5 mb_0\">Sperracolor\u00ae Eco Transparent<br>rouge<\/h4>\n\n        <div class=\"product-card-cols\">\n            <div class=\"product-card-image\" style=\"background-image: url('https:\/\/sperrag.ch\/wp-content\/uploads\/1163615_Sperracolor_Eco-Transparent_Rot-1.jpg')\">\n                <div class=\"product-number-block\">\n                    <span>5<\/span>\n\n                                    <\/div>\n            <\/div>\n\n            <div class=\"product-meta-block\">\n                                    <p class=\"text-medium text-black mb_0\">env. RAL 3020<\/p>\n                \n                                    <div class=\"button-block\">\n                        <div class=\"btn-merklist btn-merklist-small btn-merklist-full-width add-to-merkliste \" data-type=\"produkt\" data-id=\"3659\">\n                            <div>\n                                Liste de suivi                            <\/div>\n                        <\/div>\n                    <\/div>\n                            <\/div>\n        <\/div>\n    <\/div>\n<\/a>\n\n<a href=\"https:\/\/sperrag.ch\/fr\/produit\/sperracolor-eco-transparent-blanc-signal\/\" data-fancybox data-src=\"https:\/\/sperrag.ch\/wp-content\/uploads\/1164362_Sperracolor_Eco-Transparent_Signalweiss-1.jpg\" data-caption=\"env. RAL 9003\" class=\"product-card hidden not-open-modal\" data-paginationmobilepage=\"2\" data-modalpostid=\"3667\" data-parentpageid=\"3557\">\n    <div class=\"product-card-inner-container\">\n        <h4 class=\"heading-h5 mb_0\">Sperracolor\u00ae Eco Transparent<br>blanc signal<\/h4>\n\n        <div class=\"product-card-cols\">\n            <div class=\"product-card-image\" style=\"background-image: url('https:\/\/sperrag.ch\/wp-content\/uploads\/1164362_Sperracolor_Eco-Transparent_Signalweiss-1.jpg')\">\n                <div class=\"product-number-block\">\n                    <span>6<\/span>\n\n                                    <\/div>\n            <\/div>\n\n            <div class=\"product-meta-block\">\n                                    <p class=\"text-medium text-black mb_0\">env. RAL 9003<\/p>\n                \n                                    <div class=\"button-block\">\n                        <div class=\"btn-merklist btn-merklist-small btn-merklist-full-width add-to-merkliste \" data-type=\"produkt\" data-id=\"3667\">\n                            <div>\n                                Liste de suivi                            <\/div>\n                        <\/div>\n                    <\/div>\n                            <\/div>\n        <\/div>\n    <\/div>\n<\/a>\n\n<a href=\"https:\/\/sperrag.ch\/fr\/produit\/sperracolor-eco-transparent-blanc-creme\/\" data-fancybox data-src=\"https:\/\/sperrag.ch\/wp-content\/uploads\/1163616_Sperracolor_Eco-Transparent_Cremeweiss-1.jpg\" data-caption=\"env. RAL 9001\" class=\"product-card hidden not-open-modal\" data-paginationmobilepage=\"2\" data-modalpostid=\"3622\" data-parentpageid=\"3557\">\n    <div class=\"product-card-inner-container\">\n        <h4 class=\"heading-h5 mb_0\">Sperracolor\u00ae Eco Transparent<br>blanc cr\u00e8me<\/h4>\n\n        <div class=\"product-card-cols\">\n            <div class=\"product-card-image\" style=\"background-image: url('https:\/\/sperrag.ch\/wp-content\/uploads\/1163616_Sperracolor_Eco-Transparent_Cremeweiss-1.jpg')\">\n                <div class=\"product-number-block\">\n                    <span>7<\/span>\n\n                                    <\/div>\n            <\/div>\n\n            <div class=\"product-meta-block\">\n                                    <p class=\"text-medium text-black mb_0\">env. RAL 9001<\/p>\n                \n                                    <div class=\"button-block\">\n                        <div class=\"btn-merklist btn-merklist-small btn-merklist-full-width add-to-merkliste \" data-type=\"produkt\" data-id=\"3622\">\n                            <div>\n                                Liste de suivi                            <\/div>\n                        <\/div>\n                    <\/div>\n                            <\/div>\n        <\/div>\n    <\/div>\n<\/a>\n\n<a href=\"https:\/\/sperrag.ch\/fr\/produit\/sperracolor-eco-transparent-rouge-tomate\/\" data-fancybox data-src=\"https:\/\/sperrag.ch\/wp-content\/uploads\/1164341_Sperracolor_Eco-Transparent_Tomatenrot-1.jpg\" data-caption=\"env. RAL 3013\" class=\"product-card hidden not-open-modal\" data-paginationmobilepage=\"2\" data-modalpostid=\"3684\" data-parentpageid=\"3557\">\n    <div class=\"product-card-inner-container\">\n        <h4 class=\"heading-h5 mb_0\">Sperracolor\u00ae Eco Transparent<br>rouge tomate<\/h4>\n\n        <div class=\"product-card-cols\">\n            <div class=\"product-card-image\" style=\"background-image: url('https:\/\/sperrag.ch\/wp-content\/uploads\/1164341_Sperracolor_Eco-Transparent_Tomatenrot-1.jpg')\">\n                <div class=\"product-number-block\">\n                    <span>8<\/span>\n\n                                    <\/div>\n            <\/div>\n\n            <div class=\"product-meta-block\">\n                                    <p class=\"text-medium text-black mb_0\">env. RAL 3013<\/p>\n                \n                                    <div class=\"button-block\">\n                        <div class=\"btn-merklist btn-merklist-small btn-merklist-full-width add-to-merkliste \" data-type=\"produkt\" data-id=\"3684\">\n                            <div>\n                                Liste de suivi                            <\/div>\n                        <\/div>\n                    <\/div>\n                            <\/div>\n        <\/div>\n    <\/div>\n<\/a>\n\n<a href=\"https:\/\/sperrag.ch\/fr\/produit\/sperracolor-eco-transparent-beige-fr\/\" data-fancybox data-src=\"https:\/\/sperrag.ch\/wp-content\/uploads\/1164359_Sperracolor_Eco-Transparent_Beige-1.jpg\" data-caption=\"env. RAL 1001\" class=\"product-card hidden not-open-modal\" data-paginationmobilepage=\"2\" data-modalpostid=\"3580\" data-parentpageid=\"3557\">\n    <div class=\"product-card-inner-container\">\n        <h4 class=\"heading-h5 mb_0\">Sperracolor\u00ae Eco Transparent<br>beige<\/h4>\n\n        <div class=\"product-card-cols\">\n            <div class=\"product-card-image\" style=\"background-image: url('https:\/\/sperrag.ch\/wp-content\/uploads\/1164359_Sperracolor_Eco-Transparent_Beige-1.jpg')\">\n                <div class=\"product-number-block\">\n                    <span>9<\/span>\n\n                                    <\/div>\n            <\/div>\n\n            <div class=\"product-meta-block\">\n                                    <p class=\"text-medium text-black mb_0\">env. RAL 1001<\/p>\n                \n                                    <div class=\"button-block\">\n                        <div class=\"btn-merklist btn-merklist-small btn-merklist-full-width add-to-merkliste \" data-type=\"produkt\" data-id=\"3580\">\n                            <div>\n                                Liste de suivi                            <\/div>\n                        <\/div>\n                    <\/div>\n                            <\/div>\n        <\/div>\n    <\/div>\n<\/a>\n\n<a href=\"https:\/\/sperrag.ch\/fr\/produit\/sperracolor-eco-transparent-brun-pale\/\" data-fancybox data-src=\"https:\/\/sperrag.ch\/wp-content\/uploads\/1164360_Sperracolor_Eco-Transparent_Blassbraun-1.jpg\" data-caption=\"env. RAL 8025\" class=\"product-card hidden not-open-modal\" data-paginationmobilepage=\"2\" data-modalpostid=\"3597\" data-parentpageid=\"3557\">\n    <div class=\"product-card-inner-container\">\n        <h4 class=\"heading-h5 mb_0\">Sperracolor\u00ae Eco Transparent<br>brun p\u00e2le<\/h4>\n\n        <div class=\"product-card-cols\">\n            <div class=\"product-card-image\" style=\"background-image: url('https:\/\/sperrag.ch\/wp-content\/uploads\/1164360_Sperracolor_Eco-Transparent_Blassbraun-1.jpg')\">\n                <div class=\"product-number-block\">\n                    <span>10<\/span>\n\n                                    <\/div>\n            <\/div>\n\n            <div class=\"product-meta-block\">\n                                    <p class=\"text-medium text-black mb_0\">env. RAL 8025<\/p>\n                \n                                    <div class=\"button-block\">\n                        <div class=\"btn-merklist btn-merklist-small btn-merklist-full-width add-to-merkliste \" data-type=\"produkt\" data-id=\"3597\">\n                            <div>\n                                Liste de suivi                            <\/div>\n                        <\/div>\n                    <\/div>\n                            <\/div>\n        <\/div>\n    <\/div>\n<\/a>\n\n<a href=\"https:\/\/sperrag.ch\/fr\/produit\/sperracolor-eco-transparent-gris-beige\/\" data-fancybox data-src=\"https:\/\/sperrag.ch\/wp-content\/uploads\/1164358_Sperracolor_Eco-Transparent_Graubeige-1.jpg\" data-caption=\"env. RAL 1019\" class=\"product-card hidden not-open-modal\" data-paginationmobilepage=\"3\" data-modalpostid=\"3631\" data-parentpageid=\"3557\">\n    <div class=\"product-card-inner-container\">\n        <h4 class=\"heading-h5 mb_0\">Sperracolor\u00ae Eco Transparent<br>gris-beige<\/h4>\n\n        <div class=\"product-card-cols\">\n            <div class=\"product-card-image\" style=\"background-image: url('https:\/\/sperrag.ch\/wp-content\/uploads\/1164358_Sperracolor_Eco-Transparent_Graubeige-1.jpg')\">\n                <div class=\"product-number-block\">\n                    <span>11<\/span>\n\n                                    <\/div>\n            <\/div>\n\n            <div class=\"product-meta-block\">\n                                    <p class=\"text-medium text-black mb_0\">env. RAL 1019<\/p>\n                \n                                    <div class=\"button-block\">\n                        <div class=\"btn-merklist btn-merklist-small btn-merklist-full-width add-to-merkliste \" data-type=\"produkt\" data-id=\"3631\">\n                            <div>\n                                Liste de suivi                            <\/div>\n                        <\/div>\n                    <\/div>\n                            <\/div>\n        <\/div>\n    <\/div>\n<\/a>\n                                        <\/div>\n\n                                                                                    <div class=\"pagination_container\">\n                                                <div class=\"pagination_block\">\n                                                    <a href=\"#\" class=\"prev page-numbers disabled\" data-number=\"prev\">\n                <div>\n                    <span class=\"arrow_left\"><i class=\"fa-regular fa-chevron-left\"><\/i><\/span>\n                <\/div>\n            <\/a><div><a href=\"#\" class=\"current page-numbers\" data-number=\"1\">1<\/a><a href=\"#\" class=\"page-numbers\" data-number=\"2\">2<\/a><a href=\"#\" class=\"page-numbers\" data-number=\"3\">3<\/a><\/div><a href=\"#\" class=\"next page-numbers\" data-number=\"next\">\n                                <div>\n                                    <span class=\"arrow_right\"><i class=\"fa-regular fa-chevron-right\"><\/i><\/span>\n                                <\/div>\n                            <\/a>                                                <\/div>\n                                            <\/div>\n                                                                            <\/div>\n                                                            <\/div>\n                        <\/div>\n                                            <div class=\"accordion-item\" id=\"sperracolor-plac-fr\">\n                            <div class=\"accordion-item-header-container\">\n                                <h2 class=\"accordion-item-header-text mb_0 \" data-number=\"13\">\n                                    Sperracolor\u00ae Plac                                <\/h2>\n                            <\/div>\n\n                            <div class=\"accordion-content-block\" >\n                                                                    <div class=\"rubrik-info-block sub-cat-rubrik-info-block\">\n                                        <div class=\"rubrik-text-block\">\n                                                                                            <h4 class=\"\">2-c\u00f4t\u00e9s color\u00e9s avec une surface l\u00e9g\u00e8rement transparente\n<\/h4>\n                                            \n                                                                                            <div class=\"description_block\"><p>La noble \u2013 la benjamine de la famille Sperracolor est plaqu\u00e9e avec des placages bouleau excentrique sur contreplaqu\u00e9 bouleau. Disponible en 16 couleurs. La surface est r\u00e9sistante, hygi\u00e9nique et facile \u00e0 nettoyer. Les placages sont coll\u00e9s sans formald\u00e9hyde et le laque est pratiquement sans dissolvant. Les panneaus ne contiennent pas de Phthalat, sont r\u00e9sistants contre la salive et sueur.<\/p>\n<\/div>\n                                                                                    <\/div>\n\n                                        <div class=\"rubrik-medium-block\">\n                                                                                    <\/div>\n                                    <\/div>\n                                \n                                                                    <div class=\"product-cards\">\n                                        \n<a href=\"https:\/\/sperrag.ch\/fr\/produit\/sperracolor-plac-nature\/\" data-fancybox data-src=\"https:\/\/sperrag.ch\/wp-content\/uploads\/1326164_Sperracolor-Plac_Natur-web.jpg\" data-caption=\"\" class=\"product-card  not-open-modal\" data-paginationmobilepage=\"\" data-modalpostid=\"3570\" data-parentpageid=\"3557\">\n    <div class=\"product-card-inner-container\">\n        <h4 class=\"heading-h5 mb_0\">Sperracolor\u00ae Plac<br>Nature<\/h4>\n\n        <div class=\"product-card-cols\">\n            <div class=\"product-card-image\" style=\"background-image: url('https:\/\/sperrag.ch\/wp-content\/uploads\/1326164_Sperracolor-Plac_Natur-web.jpg')\">\n                <div class=\"product-number-block\">\n                    <span>1<\/span>\n\n                                    <\/div>\n            <\/div>\n\n            <div class=\"product-meta-block\">\n                                    <p class=\"text-medium text-black mb_0\"><br><\/p>\n                \n                                    <div class=\"button-block\">\n                        <div class=\"btn-merklist btn-merklist-small btn-merklist-full-width add-to-merkliste \" data-type=\"produkt\" data-id=\"3570\">\n                            <div>\n                                Liste de suivi                            <\/div>\n                        <\/div>\n                    <\/div>\n                            <\/div>\n        <\/div>\n    <\/div>\n<\/a>\n\n<a href=\"https:\/\/sperrag.ch\/fr\/produit\/sperracolor-plac-magnolia-white-fr\/\" data-fancybox data-src=\"https:\/\/sperrag.ch\/wp-content\/uploads\/1326166_Sperracolor-Plac_Magnolia_White-web.jpg\" data-caption=\"ca.\u2009RAL 9001\" class=\"product-card  not-open-modal\" data-paginationmobilepage=\"\" data-modalpostid=\"3647\" data-parentpageid=\"3557\">\n    <div class=\"product-card-inner-container\">\n        <h4 class=\"heading-h5 mb_0\">Sperracolor\u00ae Plac<br>Magnolia White<\/h4>\n\n        <div class=\"product-card-cols\">\n            <div class=\"product-card-image\" style=\"background-image: url('https:\/\/sperrag.ch\/wp-content\/uploads\/1326166_Sperracolor-Plac_Magnolia_White-web.jpg')\">\n                <div class=\"product-number-block\">\n                    <span>2<\/span>\n\n                                    <\/div>\n            <\/div>\n\n            <div class=\"product-meta-block\">\n                                    <p class=\"text-medium text-black mb_0\">ca.\u2009RAL 9001<\/p>\n                \n                                    <div class=\"button-block\">\n                        <div class=\"btn-merklist btn-merklist-small btn-merklist-full-width add-to-merkliste \" data-type=\"produkt\" data-id=\"3647\">\n                            <div>\n                                Liste de suivi                            <\/div>\n                        <\/div>\n                    <\/div>\n                            <\/div>\n        <\/div>\n    <\/div>\n<\/a>\n\n<a href=\"https:\/\/sperrag.ch\/fr\/produit\/sperracolor-plac-alabaster-white-fr\/\" data-fancybox data-src=\"https:\/\/sperrag.ch\/wp-content\/uploads\/1326165_Sperracolor-Plac_Alabaster_White-web.jpg\" data-caption=\"ca. RAL 9003\" class=\"product-card  not-open-modal\" data-paginationmobilepage=\"\" data-modalpostid=\"3588\" data-parentpageid=\"3557\">\n    <div class=\"product-card-inner-container\">\n        <h4 class=\"heading-h5 mb_0\">Sperracolor\u00ae Plac<br>Alabaster White<\/h4>\n\n        <div class=\"product-card-cols\">\n            <div class=\"product-card-image\" style=\"background-image: url('https:\/\/sperrag.ch\/wp-content\/uploads\/1326165_Sperracolor-Plac_Alabaster_White-web.jpg')\">\n                <div class=\"product-number-block\">\n                    <span>3<\/span>\n\n                                    <\/div>\n            <\/div>\n\n            <div class=\"product-meta-block\">\n                                    <p class=\"text-medium text-black mb_0\">ca. RAL 9003<\/p>\n                \n                                    <div class=\"button-block\">\n                        <div class=\"btn-merklist btn-merklist-small btn-merklist-full-width add-to-merkliste \" data-type=\"produkt\" data-id=\"3588\">\n                            <div>\n                                Liste de suivi                            <\/div>\n                        <\/div>\n                    <\/div>\n                            <\/div>\n        <\/div>\n    <\/div>\n<\/a>\n\n<a href=\"https:\/\/sperrag.ch\/fr\/produit\/sperracolor-plac-silver-grey-fr\/\" data-fancybox data-src=\"https:\/\/sperrag.ch\/wp-content\/uploads\/1326171_Sperracolor-Plac_Silver_Grey-web.jpg\" data-caption=\"ca.\u2009RAL 7001\" class=\"product-card  not-open-modal\" data-paginationmobilepage=\"\" data-modalpostid=\"3617\" data-parentpageid=\"3557\">\n    <div class=\"product-card-inner-container\">\n        <h4 class=\"heading-h5 mb_0\">Sperracolor\u00ae Plac<br>Silver Grey<\/h4>\n\n        <div class=\"product-card-cols\">\n            <div class=\"product-card-image\" style=\"background-image: url('https:\/\/sperrag.ch\/wp-content\/uploads\/1326171_Sperracolor-Plac_Silver_Grey-web.jpg')\">\n                <div class=\"product-number-block\">\n                    <span>4<\/span>\n\n                                    <\/div>\n            <\/div>\n\n            <div class=\"product-meta-block\">\n                                    <p class=\"text-medium text-black mb_0\">ca.\u2009RAL 7001<\/p>\n                \n                                    <div class=\"button-block\">\n                        <div class=\"btn-merklist btn-merklist-small btn-merklist-full-width add-to-merkliste \" data-type=\"produkt\" data-id=\"3617\">\n                            <div>\n                                Liste de suivi                            <\/div>\n                        <\/div>\n                    <\/div>\n                            <\/div>\n        <\/div>\n    <\/div>\n<\/a>\n\n<a href=\"https:\/\/sperrag.ch\/fr\/produit\/sperracolor-plac-basalt-grey-fr\/\" data-fancybox data-src=\"https:\/\/sperrag.ch\/wp-content\/uploads\/1326170_Sperracolor-Plac_Basalt_Grey-web.jpg\" data-caption=\"ca.\u2009RAL 7012\" class=\"product-card  not-open-modal\" data-paginationmobilepage=\"\" data-modalpostid=\"3672\" data-parentpageid=\"3557\">\n    <div class=\"product-card-inner-container\">\n        <h4 class=\"heading-h5 mb_0\">Sperracolor\u00ae Plac<br>Basalt Grey<\/h4>\n\n        <div class=\"product-card-cols\">\n            <div class=\"product-card-image\" style=\"background-image: url('https:\/\/sperrag.ch\/wp-content\/uploads\/1326170_Sperracolor-Plac_Basalt_Grey-web.jpg')\">\n                <div class=\"product-number-block\">\n                    <span>5<\/span>\n\n                                    <\/div>\n            <\/div>\n\n            <div class=\"product-meta-block\">\n                                    <p class=\"text-medium text-black mb_0\">ca.\u2009RAL 7012<\/p>\n                \n                                    <div class=\"button-block\">\n                        <div class=\"btn-merklist btn-merklist-small btn-merklist-full-width add-to-merkliste \" data-type=\"produkt\" data-id=\"3672\">\n                            <div>\n                                Liste de suivi                            <\/div>\n                        <\/div>\n                    <\/div>\n                            <\/div>\n        <\/div>\n    <\/div>\n<\/a>\n\n<a href=\"https:\/\/sperrag.ch\/fr\/produit\/sperracolor-plac-lava-black-fr\/\" data-fancybox data-src=\"https:\/\/sperrag.ch\/wp-content\/uploads\/1326168_Sperracolor-Plac_Lava_Black-web.jpg\" data-caption=\"ca. RAL 8022\" class=\"product-card  not-open-modal\" data-paginationmobilepage=\"\" data-modalpostid=\"3682\" data-parentpageid=\"3557\">\n    <div class=\"product-card-inner-container\">\n        <h4 class=\"heading-h5 mb_0\">Sperracolor\u00ae Plac<br>Lava Black<\/h4>\n\n        <div class=\"product-card-cols\">\n            <div class=\"product-card-image\" style=\"background-image: url('https:\/\/sperrag.ch\/wp-content\/uploads\/1326168_Sperracolor-Plac_Lava_Black-web.jpg')\">\n                <div class=\"product-number-block\">\n                    <span>6<\/span>\n\n                                    <\/div>\n            <\/div>\n\n            <div class=\"product-meta-block\">\n                                    <p class=\"text-medium text-black mb_0\">ca. RAL 8022<\/p>\n                \n                                    <div class=\"button-block\">\n                        <div class=\"btn-merklist btn-merklist-small btn-merklist-full-width add-to-merkliste \" data-type=\"produkt\" data-id=\"3682\">\n                            <div>\n                                Liste de suivi                            <\/div>\n                        <\/div>\n                    <\/div>\n                            <\/div>\n        <\/div>\n    <\/div>\n<\/a>\n\n<a href=\"https:\/\/sperrag.ch\/fr\/produit\/sperracolor-plac-moor-brown-fr\/\" data-fancybox data-src=\"https:\/\/sperrag.ch\/wp-content\/uploads\/1326169_Sperracolor-Plac_Moor_Brown-web.jpg\" data-caption=\"ca.\u2009RAL 8017\" class=\"product-card  not-open-modal\" data-paginationmobilepage=\"\" data-modalpostid=\"3638\" data-parentpageid=\"3557\">\n    <div class=\"product-card-inner-container\">\n        <h4 class=\"heading-h5 mb_0\">Sperracolor\u00ae Plac<br>Moor Brown<\/h4>\n\n        <div class=\"product-card-cols\">\n            <div class=\"product-card-image\" style=\"background-image: url('https:\/\/sperrag.ch\/wp-content\/uploads\/1326169_Sperracolor-Plac_Moor_Brown-web.jpg')\">\n                <div class=\"product-number-block\">\n                    <span>7<\/span>\n\n                                    <\/div>\n            <\/div>\n\n            <div class=\"product-meta-block\">\n                                    <p class=\"text-medium text-black mb_0\">ca.\u2009RAL 8017<\/p>\n                \n                                    <div class=\"button-block\">\n                        <div class=\"btn-merklist btn-merklist-small btn-merklist-full-width add-to-merkliste \" data-type=\"produkt\" data-id=\"3638\">\n                            <div>\n                                Liste de suivi                            <\/div>\n                        <\/div>\n                    <\/div>\n                            <\/div>\n        <\/div>\n    <\/div>\n<\/a>\n\n<a href=\"https:\/\/sperrag.ch\/fr\/produit\/sperracolor-plac-arctic-blue-fr\/\" data-fancybox data-src=\"https:\/\/sperrag.ch\/wp-content\/uploads\/1326172_Sperracolor-Plac_Arctic_Blue-web.jpg\" data-caption=\"ca.\u2009RAL 5024\" class=\"product-card  not-open-modal\" data-paginationmobilepage=\"\" data-modalpostid=\"3656\" data-parentpageid=\"3557\">\n    <div class=\"product-card-inner-container\">\n        <h4 class=\"heading-h5 mb_0\">Sperracolor\u00ae Plac<br>Arctic Blue<\/h4>\n\n        <div class=\"product-card-cols\">\n            <div class=\"product-card-image\" style=\"background-image: url('https:\/\/sperrag.ch\/wp-content\/uploads\/1326172_Sperracolor-Plac_Arctic_Blue-web.jpg')\">\n                <div class=\"product-number-block\">\n                    <span>8<\/span>\n\n                                    <\/div>\n            <\/div>\n\n            <div class=\"product-meta-block\">\n                                    <p class=\"text-medium text-black mb_0\">ca.\u2009RAL 5024<\/p>\n                \n                                    <div class=\"button-block\">\n                        <div class=\"btn-merklist btn-merklist-small btn-merklist-full-width add-to-merkliste \" data-type=\"produkt\" data-id=\"3656\">\n                            <div>\n                                Liste de suivi                            <\/div>\n                        <\/div>\n                    <\/div>\n                            <\/div>\n        <\/div>\n    <\/div>\n<\/a>\n\n<a href=\"https:\/\/sperrag.ch\/fr\/produit\/sperracolor-plac-berry-red-fr\/\" data-fancybox data-src=\"https:\/\/sperrag.ch\/wp-content\/uploads\/1326180_Sperracolor-Plac_Berry_Red-web.jpg\" data-caption=\"ca.\u2009RAL 4002\" class=\"product-card  not-open-modal\" data-paginationmobilepage=\"\" data-modalpostid=\"3700\" data-parentpageid=\"3557\">\n    <div class=\"product-card-inner-container\">\n        <h4 class=\"heading-h5 mb_0\">Sperracolor\u00ae Plac<br>Berry Red<\/h4>\n\n        <div class=\"product-card-cols\">\n            <div class=\"product-card-image\" style=\"background-image: url('https:\/\/sperrag.ch\/wp-content\/uploads\/1326180_Sperracolor-Plac_Berry_Red-web.jpg')\">\n                <div class=\"product-number-block\">\n                    <span>9<\/span>\n\n                                    <\/div>\n            <\/div>\n\n            <div class=\"product-meta-block\">\n                                    <p class=\"text-medium text-black mb_0\">ca.\u2009RAL 4002<\/p>\n                \n                                    <div class=\"button-block\">\n                        <div class=\"btn-merklist btn-merklist-small btn-merklist-full-width add-to-merkliste \" data-type=\"produkt\" data-id=\"3700\">\n                            <div>\n                                Liste de suivi                            <\/div>\n                        <\/div>\n                    <\/div>\n                            <\/div>\n        <\/div>\n    <\/div>\n<\/a>\n\n<a href=\"https:\/\/sperrag.ch\/fr\/produit\/sperracolor-plac-date-brown-fr\/\" data-fancybox data-src=\"https:\/\/sperrag.ch\/wp-content\/uploads\/1326167_Sperracolor-Plac_Date_Brown-web.jpg\" data-caption=\"ca.\u2009RAL 8025\" class=\"product-card  not-open-modal\" data-paginationmobilepage=\"\" data-modalpostid=\"3604\" data-parentpageid=\"3557\">\n    <div class=\"product-card-inner-container\">\n        <h4 class=\"heading-h5 mb_0\">Sperracolor\u00ae Plac<br>Date Brown<\/h4>\n\n        <div class=\"product-card-cols\">\n            <div class=\"product-card-image\" style=\"background-image: url('https:\/\/sperrag.ch\/wp-content\/uploads\/1326167_Sperracolor-Plac_Date_Brown-web.jpg')\">\n                <div class=\"product-number-block\">\n                    <span>10<\/span>\n\n                                    <\/div>\n            <\/div>\n\n            <div class=\"product-meta-block\">\n                                    <p class=\"text-medium text-black mb_0\">ca.\u2009RAL 8025<\/p>\n                \n                                    <div class=\"button-block\">\n                        <div class=\"btn-merklist btn-merklist-small btn-merklist-full-width add-to-merkliste \" data-type=\"produkt\" data-id=\"3604\">\n                            <div>\n                                Liste de suivi                            <\/div>\n                        <\/div>\n                    <\/div>\n                            <\/div>\n        <\/div>\n    <\/div>\n<\/a>\n\n<a href=\"https:\/\/sperrag.ch\/fr\/produit\/sperracolor-plac-lime-green\/\" data-fancybox data-src=\"https:\/\/sperrag.ch\/wp-content\/uploads\/1326174_Sperracolor-Plac_Lime_Green-web.jpg\" data-caption=\"ca.\u2009RAL 6019\" class=\"product-card  not-open-modal\" data-paginationmobilepage=\"\" data-modalpostid=\"3696\" data-parentpageid=\"3557\">\n    <div class=\"product-card-inner-container\">\n        <h4 class=\"heading-h5 mb_0\">Sperracolor\u00ae Plac<br>Lime Green<\/h4>\n\n        <div class=\"product-card-cols\">\n            <div class=\"product-card-image\" style=\"background-image: url('https:\/\/sperrag.ch\/wp-content\/uploads\/1326174_Sperracolor-Plac_Lime_Green-web.jpg')\">\n                <div class=\"product-number-block\">\n                    <span>11<\/span>\n\n                                    <\/div>\n            <\/div>\n\n            <div class=\"product-meta-block\">\n                                    <p class=\"text-medium text-black mb_0\">ca.\u2009RAL 6019<\/p>\n                \n                                    <div class=\"button-block\">\n                        <div class=\"btn-merklist btn-merklist-small btn-merklist-full-width add-to-merkliste \" data-type=\"produkt\" data-id=\"3696\">\n                            <div>\n                                Liste de suivi                            <\/div>\n                        <\/div>\n                    <\/div>\n                            <\/div>\n        <\/div>\n    <\/div>\n<\/a>\n\n<a href=\"https:\/\/sperrag.ch\/fr\/produit\/sperracolor-plac-fern-green-fr\/\" data-fancybox data-src=\"https:\/\/sperrag.ch\/wp-content\/uploads\/1326175_Sperracolor-Plac_Fern_Green-web.jpg\" data-caption=\"ca. RAL 6025\" class=\"product-card  not-open-modal\" data-paginationmobilepage=\"\" data-modalpostid=\"3694\" data-parentpageid=\"3557\">\n    <div class=\"product-card-inner-container\">\n        <h4 class=\"heading-h5 mb_0\">Sperracolor\u00ae Plac<br>Fern Green<\/h4>\n\n        <div class=\"product-card-cols\">\n            <div class=\"product-card-image\" style=\"background-image: url('https:\/\/sperrag.ch\/wp-content\/uploads\/1326175_Sperracolor-Plac_Fern_Green-web.jpg')\">\n                <div class=\"product-number-block\">\n                    <span>12<\/span>\n\n                                    <\/div>\n            <\/div>\n\n            <div class=\"product-meta-block\">\n                                    <p class=\"text-medium text-black mb_0\">ca. RAL 6025<\/p>\n                \n                                    <div class=\"button-block\">\n                        <div class=\"btn-merklist btn-merklist-small btn-merklist-full-width add-to-merkliste \" data-type=\"produkt\" data-id=\"3694\">\n                            <div>\n                                Liste de suivi                            <\/div>\n                        <\/div>\n                    <\/div>\n                            <\/div>\n        <\/div>\n    <\/div>\n<\/a>\n\n<a href=\"https:\/\/sperrag.ch\/fr\/produit\/sperracolor-plac-mountain-green-fr\/\" data-fancybox data-src=\"https:\/\/sperrag.ch\/wp-content\/uploads\/1326176_Sperracolor-Plac_Mountain_Green-web.jpg\" data-caption=\"ca. RAL 6029\" class=\"product-card  not-open-modal\" data-paginationmobilepage=\"\" data-modalpostid=\"3688\" data-parentpageid=\"3557\">\n    <div class=\"product-card-inner-container\">\n        <h4 class=\"heading-h5 mb_0\">Sperracolor\u00ae Plac<br>Mountain Green<\/h4>\n\n        <div class=\"product-card-cols\">\n            <div class=\"product-card-image\" style=\"background-image: url('https:\/\/sperrag.ch\/wp-content\/uploads\/1326176_Sperracolor-Plac_Mountain_Green-web.jpg')\">\n                <div class=\"product-number-block\">\n                    <span>13<\/span>\n\n                                    <\/div>\n            <\/div>\n\n            <div class=\"product-meta-block\">\n                                    <p class=\"text-medium text-black mb_0\">ca. RAL 6029<\/p>\n                \n                                    <div class=\"button-block\">\n                        <div class=\"btn-merklist btn-merklist-small btn-merklist-full-width add-to-merkliste \" data-type=\"produkt\" data-id=\"3688\">\n                            <div>\n                                Liste de suivi                            <\/div>\n                        <\/div>\n                    <\/div>\n                            <\/div>\n        <\/div>\n    <\/div>\n<\/a>\n\n<a href=\"https:\/\/sperrag.ch\/fr\/produit\/sperracolor-plac-hibiscus-red\/\" data-fancybox data-src=\"https:\/\/sperrag.ch\/wp-content\/uploads\/1326179_Sperracolor-Plac_Hibiscus_Red-web.jpg\" data-caption=\"ca.\u2009RAL 3020\" class=\"product-card  not-open-modal\" data-paginationmobilepage=\"\" data-modalpostid=\"3697\" data-parentpageid=\"3557\">\n    <div class=\"product-card-inner-container\">\n        <h4 class=\"heading-h5 mb_0\">Sperracolor\u00ae Plac<br>Hibiscus Red<\/h4>\n\n        <div class=\"product-card-cols\">\n            <div class=\"product-card-image\" style=\"background-image: url('https:\/\/sperrag.ch\/wp-content\/uploads\/1326179_Sperracolor-Plac_Hibiscus_Red-web.jpg')\">\n                <div class=\"product-number-block\">\n                    <span>14<\/span>\n\n                                    <\/div>\n            <\/div>\n\n            <div class=\"product-meta-block\">\n                                    <p class=\"text-medium text-black mb_0\">ca.\u2009RAL 3020<\/p>\n                \n                                    <div class=\"button-block\">\n                        <div class=\"btn-merklist btn-merklist-small btn-merklist-full-width add-to-merkliste \" data-type=\"produkt\" data-id=\"3697\">\n                            <div>\n                                Liste de suivi                            <\/div>\n                        <\/div>\n                    <\/div>\n                            <\/div>\n        <\/div>\n    <\/div>\n<\/a>\n\n<a href=\"https:\/\/sperrag.ch\/fr\/produit\/sperracolor-plac-calendula-orange-fr\/\" data-fancybox data-src=\"https:\/\/sperrag.ch\/wp-content\/uploads\/1326178_Sperracolor-Plac_Calendula_Orange-web.jpg\" data-caption=\"ca.\u2009RAL 2008\" class=\"product-card  not-open-modal\" data-paginationmobilepage=\"\" data-modalpostid=\"3698\" data-parentpageid=\"3557\">\n    <div class=\"product-card-inner-container\">\n        <h4 class=\"heading-h5 mb_0\">Sperracolor\u00ae Plac<br>Calendula Orange<\/h4>\n\n        <div class=\"product-card-cols\">\n            <div class=\"product-card-image\" style=\"background-image: url('https:\/\/sperrag.ch\/wp-content\/uploads\/1326178_Sperracolor-Plac_Calendula_Orange-web.jpg')\">\n                <div class=\"product-number-block\">\n                    <span>15<\/span>\n\n                                    <\/div>\n            <\/div>\n\n            <div class=\"product-meta-block\">\n                                    <p class=\"text-medium text-black mb_0\">ca.\u2009RAL 2008<\/p>\n                \n                                    <div class=\"button-block\">\n                        <div class=\"btn-merklist btn-merklist-small btn-merklist-full-width add-to-merkliste \" data-type=\"produkt\" data-id=\"3698\">\n                            <div>\n                                Liste de suivi                            <\/div>\n                        <\/div>\n                    <\/div>\n                            <\/div>\n        <\/div>\n    <\/div>\n<\/a>\n\n<a href=\"https:\/\/sperrag.ch\/fr\/produit\/sperracolor-plac-sunflower-yellow-fr\/\" data-fancybox data-src=\"https:\/\/sperrag.ch\/wp-content\/uploads\/1326177_Sperracolor-Plac_Sunflower_Yellow-web.jpg\" data-caption=\"ca.\u2009RAL 1018\" class=\"product-card  not-open-modal\" data-paginationmobilepage=\"\" data-modalpostid=\"3692\" data-parentpageid=\"3557\">\n    <div class=\"product-card-inner-container\">\n        <h4 class=\"heading-h5 mb_0\">Sperracolor\u00ae Plac<br>Sunflower Yellow<\/h4>\n\n        <div class=\"product-card-cols\">\n            <div class=\"product-card-image\" style=\"background-image: url('https:\/\/sperrag.ch\/wp-content\/uploads\/1326177_Sperracolor-Plac_Sunflower_Yellow-web.jpg')\">\n                <div class=\"product-number-block\">\n                    <span>16<\/span>\n\n                                    <\/div>\n            <\/div>\n\n            <div class=\"product-meta-block\">\n                                    <p class=\"text-medium text-black mb_0\">ca.\u2009RAL 1018<\/p>\n                \n                                    <div class=\"button-block\">\n                        <div class=\"btn-merklist btn-merklist-small btn-merklist-full-width add-to-merkliste \" data-type=\"produkt\" data-id=\"3692\">\n                            <div>\n                                Liste de suivi                            <\/div>\n                        <\/div>\n                    <\/div>\n                            <\/div>\n        <\/div>\n    <\/div>\n<\/a>\n\n<a href=\"https:\/\/sperrag.ch\/fr\/produit\/sperracolor-plac-sea-blue-fr\/\" data-fancybox data-src=\"https:\/\/sperrag.ch\/wp-content\/uploads\/1326173_Sperracolor-Plac_Sea_Blue-web.jpg\" data-caption=\"ca.\u2009RAL 5010\" class=\"product-card  not-open-modal\" data-paginationmobilepage=\"\" data-modalpostid=\"3663\" data-parentpageid=\"3557\">\n    <div class=\"product-card-inner-container\">\n        <h4 class=\"heading-h5 mb_0\">Sperracolor\u00ae Plac<br>Sea Blue<\/h4>\n\n        <div class=\"product-card-cols\">\n            <div class=\"product-card-image\" style=\"background-image: url('https:\/\/sperrag.ch\/wp-content\/uploads\/1326173_Sperracolor-Plac_Sea_Blue-web.jpg')\">\n                <div class=\"product-number-block\">\n                    <span>17<\/span>\n\n                                    <\/div>\n            <\/div>\n\n            <div class=\"product-meta-block\">\n                                    <p class=\"text-medium text-black mb_0\">ca.\u2009RAL 5010<\/p>\n                \n                                    <div class=\"button-block\">\n                        <div class=\"btn-merklist btn-merklist-small btn-merklist-full-width add-to-merkliste \" data-type=\"produkt\" data-id=\"3663\">\n                            <div>\n                                Liste de suivi                            <\/div>\n                        <\/div>\n                    <\/div>\n                            <\/div>\n        <\/div>\n    <\/div>\n<\/a>\n\n<a href=\"https:\/\/sperrag.ch\/fr\/produit\/sperracolor-plac-fuchsia-red-fr\/\" data-fancybox data-src=\"https:\/\/sperrag.ch\/wp-content\/uploads\/1326181_Sperracolor-Plac_Fuchsia_Red-web.jpg\" data-caption=\"ca.\u2009RAL 4003\" class=\"product-card  not-open-modal\" data-paginationmobilepage=\"\" data-modalpostid=\"3699\" data-parentpageid=\"3557\">\n    <div class=\"product-card-inner-container\">\n        <h4 class=\"heading-h5 mb_0\">Sperracolor\u00ae Plac<br>Fuchsia Red<\/h4>\n\n        <div class=\"product-card-cols\">\n            <div class=\"product-card-image\" style=\"background-image: url('https:\/\/sperrag.ch\/wp-content\/uploads\/1326181_Sperracolor-Plac_Fuchsia_Red-web.jpg')\">\n                <div class=\"product-number-block\">\n                    <span>18<\/span>\n\n                                    <\/div>\n            <\/div>\n\n            <div class=\"product-meta-block\">\n                                    <p class=\"text-medium text-black mb_0\">ca.\u2009RAL 4003<\/p>\n                \n                                    <div class=\"button-block\">\n                        <div class=\"btn-merklist btn-merklist-small btn-merklist-full-width add-to-merkliste \" data-type=\"produkt\" data-id=\"3699\">\n                            <div>\n                                Liste de suivi                            <\/div>\n                        <\/div>\n                    <\/div>\n                            <\/div>\n        <\/div>\n    <\/div>\n<\/a>\n                                    <\/div>\n                                \n                                                                    <div class=\"product-cards-mobile-wrapper sperracolor-plac-fr\" data-page=\"1\" data-maxnumpages=\"4\">\n                                        <div class=\"loading_fade\"><\/div>\n\n                                        <div class=\"product-cards-mobile\">\n                                            \n<a href=\"https:\/\/sperrag.ch\/fr\/produit\/sperracolor-plac-nature\/\" data-fancybox data-src=\"https:\/\/sperrag.ch\/wp-content\/uploads\/1326164_Sperracolor-Plac_Natur-web.jpg\" data-caption=\"\" class=\"product-card  not-open-modal\" data-paginationmobilepage=\"1\" data-modalpostid=\"3570\" data-parentpageid=\"3557\">\n    <div class=\"product-card-inner-container\">\n        <h4 class=\"heading-h5 mb_0\">Sperracolor\u00ae Plac<br>Nature<\/h4>\n\n        <div class=\"product-card-cols\">\n            <div class=\"product-card-image\" style=\"background-image: url('https:\/\/sperrag.ch\/wp-content\/uploads\/1326164_Sperracolor-Plac_Natur-web.jpg')\">\n                <div class=\"product-number-block\">\n                    <span>1<\/span>\n\n                                    <\/div>\n            <\/div>\n\n            <div class=\"product-meta-block\">\n                                    <p class=\"text-medium text-black mb_0\"><br><\/p>\n                \n                                    <div class=\"button-block\">\n                        <div class=\"btn-merklist btn-merklist-small btn-merklist-full-width add-to-merkliste \" data-type=\"produkt\" data-id=\"3570\">\n                            <div>\n                                Liste de suivi                            <\/div>\n                        <\/div>\n                    <\/div>\n                            <\/div>\n        <\/div>\n    <\/div>\n<\/a>\n\n<a href=\"https:\/\/sperrag.ch\/fr\/produit\/sperracolor-plac-magnolia-white-fr\/\" data-fancybox data-src=\"https:\/\/sperrag.ch\/wp-content\/uploads\/1326166_Sperracolor-Plac_Magnolia_White-web.jpg\" data-caption=\"ca.\u2009RAL 9001\" class=\"product-card  not-open-modal\" data-paginationmobilepage=\"1\" data-modalpostid=\"3647\" data-parentpageid=\"3557\">\n    <div class=\"product-card-inner-container\">\n        <h4 class=\"heading-h5 mb_0\">Sperracolor\u00ae Plac<br>Magnolia White<\/h4>\n\n        <div class=\"product-card-cols\">\n            <div class=\"product-card-image\" style=\"background-image: url('https:\/\/sperrag.ch\/wp-content\/uploads\/1326166_Sperracolor-Plac_Magnolia_White-web.jpg')\">\n                <div class=\"product-number-block\">\n                    <span>2<\/span>\n\n                                    <\/div>\n            <\/div>\n\n            <div class=\"product-meta-block\">\n                                    <p class=\"text-medium text-black mb_0\">ca.\u2009RAL 9001<\/p>\n                \n                                    <div class=\"button-block\">\n                        <div class=\"btn-merklist btn-merklist-small btn-merklist-full-width add-to-merkliste \" data-type=\"produkt\" data-id=\"3647\">\n                            <div>\n                                Liste de suivi                            <\/div>\n                        <\/div>\n                    <\/div>\n                            <\/div>\n        <\/div>\n    <\/div>\n<\/a>\n\n<a href=\"https:\/\/sperrag.ch\/fr\/produit\/sperracolor-plac-alabaster-white-fr\/\" data-fancybox data-src=\"https:\/\/sperrag.ch\/wp-content\/uploads\/1326165_Sperracolor-Plac_Alabaster_White-web.jpg\" data-caption=\"ca. RAL 9003\" class=\"product-card  not-open-modal\" data-paginationmobilepage=\"1\" data-modalpostid=\"3588\" data-parentpageid=\"3557\">\n    <div class=\"product-card-inner-container\">\n        <h4 class=\"heading-h5 mb_0\">Sperracolor\u00ae Plac<br>Alabaster White<\/h4>\n\n        <div class=\"product-card-cols\">\n            <div class=\"product-card-image\" style=\"background-image: url('https:\/\/sperrag.ch\/wp-content\/uploads\/1326165_Sperracolor-Plac_Alabaster_White-web.jpg')\">\n                <div class=\"product-number-block\">\n                    <span>3<\/span>\n\n                                    <\/div>\n            <\/div>\n\n            <div class=\"product-meta-block\">\n                                    <p class=\"text-medium text-black mb_0\">ca. RAL 9003<\/p>\n                \n                                    <div class=\"button-block\">\n                        <div class=\"btn-merklist btn-merklist-small btn-merklist-full-width add-to-merkliste \" data-type=\"produkt\" data-id=\"3588\">\n                            <div>\n                                Liste de suivi                            <\/div>\n                        <\/div>\n                    <\/div>\n                            <\/div>\n        <\/div>\n    <\/div>\n<\/a>\n\n<a href=\"https:\/\/sperrag.ch\/fr\/produit\/sperracolor-plac-silver-grey-fr\/\" data-fancybox data-src=\"https:\/\/sperrag.ch\/wp-content\/uploads\/1326171_Sperracolor-Plac_Silver_Grey-web.jpg\" data-caption=\"ca.\u2009RAL 7001\" class=\"product-card  not-open-modal\" data-paginationmobilepage=\"1\" data-modalpostid=\"3617\" data-parentpageid=\"3557\">\n    <div class=\"product-card-inner-container\">\n        <h4 class=\"heading-h5 mb_0\">Sperracolor\u00ae Plac<br>Silver Grey<\/h4>\n\n        <div class=\"product-card-cols\">\n            <div class=\"product-card-image\" style=\"background-image: url('https:\/\/sperrag.ch\/wp-content\/uploads\/1326171_Sperracolor-Plac_Silver_Grey-web.jpg')\">\n                <div class=\"product-number-block\">\n                    <span>4<\/span>\n\n                                    <\/div>\n            <\/div>\n\n            <div class=\"product-meta-block\">\n                                    <p class=\"text-medium text-black mb_0\">ca.\u2009RAL 7001<\/p>\n                \n                                    <div class=\"button-block\">\n                        <div class=\"btn-merklist btn-merklist-small btn-merklist-full-width add-to-merkliste \" data-type=\"produkt\" data-id=\"3617\">\n                            <div>\n                                Liste de suivi                            <\/div>\n                        <\/div>\n                    <\/div>\n                            <\/div>\n        <\/div>\n    <\/div>\n<\/a>\n\n<a href=\"https:\/\/sperrag.ch\/fr\/produit\/sperracolor-plac-basalt-grey-fr\/\" data-fancybox data-src=\"https:\/\/sperrag.ch\/wp-content\/uploads\/1326170_Sperracolor-Plac_Basalt_Grey-web.jpg\" data-caption=\"ca.\u2009RAL 7012\" class=\"product-card  not-open-modal\" data-paginationmobilepage=\"1\" data-modalpostid=\"3672\" data-parentpageid=\"3557\">\n    <div class=\"product-card-inner-container\">\n        <h4 class=\"heading-h5 mb_0\">Sperracolor\u00ae Plac<br>Basalt Grey<\/h4>\n\n        <div class=\"product-card-cols\">\n            <div class=\"product-card-image\" style=\"background-image: url('https:\/\/sperrag.ch\/wp-content\/uploads\/1326170_Sperracolor-Plac_Basalt_Grey-web.jpg')\">\n                <div class=\"product-number-block\">\n                    <span>5<\/span>\n\n                                    <\/div>\n            <\/div>\n\n            <div class=\"product-meta-block\">\n                                    <p class=\"text-medium text-black mb_0\">ca.\u2009RAL 7012<\/p>\n                \n                                    <div class=\"button-block\">\n                        <div class=\"btn-merklist btn-merklist-small btn-merklist-full-width add-to-merkliste \" data-type=\"produkt\" data-id=\"3672\">\n                            <div>\n                                Liste de suivi                            <\/div>\n                        <\/div>\n                    <\/div>\n                            <\/div>\n        <\/div>\n    <\/div>\n<\/a>\n\n<a href=\"https:\/\/sperrag.ch\/fr\/produit\/sperracolor-plac-lava-black-fr\/\" data-fancybox data-src=\"https:\/\/sperrag.ch\/wp-content\/uploads\/1326168_Sperracolor-Plac_Lava_Black-web.jpg\" data-caption=\"ca. RAL 8022\" class=\"product-card hidden not-open-modal\" data-paginationmobilepage=\"2\" data-modalpostid=\"3682\" data-parentpageid=\"3557\">\n    <div class=\"product-card-inner-container\">\n        <h4 class=\"heading-h5 mb_0\">Sperracolor\u00ae Plac<br>Lava Black<\/h4>\n\n        <div class=\"product-card-cols\">\n            <div class=\"product-card-image\" style=\"background-image: url('https:\/\/sperrag.ch\/wp-content\/uploads\/1326168_Sperracolor-Plac_Lava_Black-web.jpg')\">\n                <div class=\"product-number-block\">\n                    <span>6<\/span>\n\n                                    <\/div>\n            <\/div>\n\n            <div class=\"product-meta-block\">\n                                    <p class=\"text-medium text-black mb_0\">ca. RAL 8022<\/p>\n                \n                                    <div class=\"button-block\">\n                        <div class=\"btn-merklist btn-merklist-small btn-merklist-full-width add-to-merkliste \" data-type=\"produkt\" data-id=\"3682\">\n                            <div>\n                                Liste de suivi                            <\/div>\n                        <\/div>\n                    <\/div>\n                            <\/div>\n        <\/div>\n    <\/div>\n<\/a>\n\n<a href=\"https:\/\/sperrag.ch\/fr\/produit\/sperracolor-plac-moor-brown-fr\/\" data-fancybox data-src=\"https:\/\/sperrag.ch\/wp-content\/uploads\/1326169_Sperracolor-Plac_Moor_Brown-web.jpg\" data-caption=\"ca.\u2009RAL 8017\" class=\"product-card hidden not-open-modal\" data-paginationmobilepage=\"2\" data-modalpostid=\"3638\" data-parentpageid=\"3557\">\n    <div class=\"product-card-inner-container\">\n        <h4 class=\"heading-h5 mb_0\">Sperracolor\u00ae Plac<br>Moor Brown<\/h4>\n\n        <div class=\"product-card-cols\">\n            <div class=\"product-card-image\" style=\"background-image: url('https:\/\/sperrag.ch\/wp-content\/uploads\/1326169_Sperracolor-Plac_Moor_Brown-web.jpg')\">\n                <div class=\"product-number-block\">\n                    <span>7<\/span>\n\n                                    <\/div>\n            <\/div>\n\n            <div class=\"product-meta-block\">\n                                    <p class=\"text-medium text-black mb_0\">ca.\u2009RAL 8017<\/p>\n                \n                                    <div class=\"button-block\">\n                        <div class=\"btn-merklist btn-merklist-small btn-merklist-full-width add-to-merkliste \" data-type=\"produkt\" data-id=\"3638\">\n                            <div>\n                                Liste de suivi                            <\/div>\n                        <\/div>\n                    <\/div>\n                            <\/div>\n        <\/div>\n    <\/div>\n<\/a>\n\n<a href=\"https:\/\/sperrag.ch\/fr\/produit\/sperracolor-plac-arctic-blue-fr\/\" data-fancybox data-src=\"https:\/\/sperrag.ch\/wp-content\/uploads\/1326172_Sperracolor-Plac_Arctic_Blue-web.jpg\" data-caption=\"ca.\u2009RAL 5024\" class=\"product-card hidden not-open-modal\" data-paginationmobilepage=\"2\" data-modalpostid=\"3656\" data-parentpageid=\"3557\">\n    <div class=\"product-card-inner-container\">\n        <h4 class=\"heading-h5 mb_0\">Sperracolor\u00ae Plac<br>Arctic Blue<\/h4>\n\n        <div class=\"product-card-cols\">\n            <div class=\"product-card-image\" style=\"background-image: url('https:\/\/sperrag.ch\/wp-content\/uploads\/1326172_Sperracolor-Plac_Arctic_Blue-web.jpg')\">\n                <div class=\"product-number-block\">\n                    <span>8<\/span>\n\n                                    <\/div>\n            <\/div>\n\n            <div class=\"product-meta-block\">\n                                    <p class=\"text-medium text-black mb_0\">ca.\u2009RAL 5024<\/p>\n                \n                                    <div class=\"button-block\">\n                        <div class=\"btn-merklist btn-merklist-small btn-merklist-full-width add-to-merkliste \" data-type=\"produkt\" data-id=\"3656\">\n                            <div>\n                                Liste de suivi                            <\/div>\n                        <\/div>\n                    <\/div>\n                            <\/div>\n        <\/div>\n    <\/div>\n<\/a>\n\n<a href=\"https:\/\/sperrag.ch\/fr\/produit\/sperracolor-plac-berry-red-fr\/\" data-fancybox data-src=\"https:\/\/sperrag.ch\/wp-content\/uploads\/1326180_Sperracolor-Plac_Berry_Red-web.jpg\" data-caption=\"ca.\u2009RAL 4002\" class=\"product-card hidden not-open-modal\" data-paginationmobilepage=\"2\" data-modalpostid=\"3700\" data-parentpageid=\"3557\">\n    <div class=\"product-card-inner-container\">\n        <h4 class=\"heading-h5 mb_0\">Sperracolor\u00ae Plac<br>Berry Red<\/h4>\n\n        <div class=\"product-card-cols\">\n            <div class=\"product-card-image\" style=\"background-image: url('https:\/\/sperrag.ch\/wp-content\/uploads\/1326180_Sperracolor-Plac_Berry_Red-web.jpg')\">\n                <div class=\"product-number-block\">\n                    <span>9<\/span>\n\n                                    <\/div>\n            <\/div>\n\n            <div class=\"product-meta-block\">\n                                    <p class=\"text-medium text-black mb_0\">ca.\u2009RAL 4002<\/p>\n                \n                                    <div class=\"button-block\">\n                        <div class=\"btn-merklist btn-merklist-small btn-merklist-full-width add-to-merkliste \" data-type=\"produkt\" data-id=\"3700\">\n                            <div>\n                                Liste de suivi                            <\/div>\n                        <\/div>\n                    <\/div>\n                            <\/div>\n        <\/div>\n    <\/div>\n<\/a>\n\n<a href=\"https:\/\/sperrag.ch\/fr\/produit\/sperracolor-plac-date-brown-fr\/\" data-fancybox data-src=\"https:\/\/sperrag.ch\/wp-content\/uploads\/1326167_Sperracolor-Plac_Date_Brown-web.jpg\" data-caption=\"ca.\u2009RAL 8025\" class=\"product-card hidden not-open-modal\" data-paginationmobilepage=\"2\" data-modalpostid=\"3604\" data-parentpageid=\"3557\">\n    <div class=\"product-card-inner-container\">\n        <h4 class=\"heading-h5 mb_0\">Sperracolor\u00ae Plac<br>Date Brown<\/h4>\n\n        <div class=\"product-card-cols\">\n            <div class=\"product-card-image\" style=\"background-image: url('https:\/\/sperrag.ch\/wp-content\/uploads\/1326167_Sperracolor-Plac_Date_Brown-web.jpg')\">\n                <div class=\"product-number-block\">\n                    <span>10<\/span>\n\n                                    <\/div>\n            <\/div>\n\n            <div class=\"product-meta-block\">\n                                    <p class=\"text-medium text-black mb_0\">ca.\u2009RAL 8025<\/p>\n                \n                                    <div class=\"button-block\">\n                        <div class=\"btn-merklist btn-merklist-small btn-merklist-full-width add-to-merkliste \" data-type=\"produkt\" data-id=\"3604\">\n                            <div>\n                                Liste de suivi                            <\/div>\n                        <\/div>\n                    <\/div>\n                            <\/div>\n        <\/div>\n    <\/div>\n<\/a>\n\n<a href=\"https:\/\/sperrag.ch\/fr\/produit\/sperracolor-plac-lime-green\/\" data-fancybox data-src=\"https:\/\/sperrag.ch\/wp-content\/uploads\/1326174_Sperracolor-Plac_Lime_Green-web.jpg\" data-caption=\"ca.\u2009RAL 6019\" class=\"product-card hidden not-open-modal\" data-paginationmobilepage=\"3\" data-modalpostid=\"3696\" data-parentpageid=\"3557\">\n    <div class=\"product-card-inner-container\">\n        <h4 class=\"heading-h5 mb_0\">Sperracolor\u00ae Plac<br>Lime Green<\/h4>\n\n        <div class=\"product-card-cols\">\n            <div class=\"product-card-image\" style=\"background-image: url('https:\/\/sperrag.ch\/wp-content\/uploads\/1326174_Sperracolor-Plac_Lime_Green-web.jpg')\">\n                <div class=\"product-number-block\">\n                    <span>11<\/span>\n\n                                    <\/div>\n            <\/div>\n\n            <div class=\"product-meta-block\">\n                                    <p class=\"text-medium text-black mb_0\">ca.\u2009RAL 6019<\/p>\n                \n                                    <div class=\"button-block\">\n                        <div class=\"btn-merklist btn-merklist-small btn-merklist-full-width add-to-merkliste \" data-type=\"produkt\" data-id=\"3696\">\n                            <div>\n                                Liste de suivi                            <\/div>\n                        <\/div>\n                    <\/div>\n                            <\/div>\n        <\/div>\n    <\/div>\n<\/a>\n\n<a href=\"https:\/\/sperrag.ch\/fr\/produit\/sperracolor-plac-fern-green-fr\/\" data-fancybox data-src=\"https:\/\/sperrag.ch\/wp-content\/uploads\/1326175_Sperracolor-Plac_Fern_Green-web.jpg\" data-caption=\"ca. RAL 6025\" class=\"product-card hidden not-open-modal\" data-paginationmobilepage=\"3\" data-modalpostid=\"3694\" data-parentpageid=\"3557\">\n    <div class=\"product-card-inner-container\">\n        <h4 class=\"heading-h5 mb_0\">Sperracolor\u00ae Plac<br>Fern Green<\/h4>\n\n        <div class=\"product-card-cols\">\n            <div class=\"product-card-image\" style=\"background-image: url('https:\/\/sperrag.ch\/wp-content\/uploads\/1326175_Sperracolor-Plac_Fern_Green-web.jpg')\">\n                <div class=\"product-number-block\">\n                    <span>12<\/span>\n\n                                    <\/div>\n            <\/div>\n\n            <div class=\"product-meta-block\">\n                                    <p class=\"text-medium text-black mb_0\">ca. RAL 6025<\/p>\n                \n                                    <div class=\"button-block\">\n                        <div class=\"btn-merklist btn-merklist-small btn-merklist-full-width add-to-merkliste \" data-type=\"produkt\" data-id=\"3694\">\n                            <div>\n                                Liste de suivi                            <\/div>\n                        <\/div>\n                    <\/div>\n                            <\/div>\n        <\/div>\n    <\/div>\n<\/a>\n\n<a href=\"https:\/\/sperrag.ch\/fr\/produit\/sperracolor-plac-mountain-green-fr\/\" data-fancybox data-src=\"https:\/\/sperrag.ch\/wp-content\/uploads\/1326176_Sperracolor-Plac_Mountain_Green-web.jpg\" data-caption=\"ca. RAL 6029\" class=\"product-card hidden not-open-modal\" data-paginationmobilepage=\"3\" data-modalpostid=\"3688\" data-parentpageid=\"3557\">\n    <div class=\"product-card-inner-container\">\n        <h4 class=\"heading-h5 mb_0\">Sperracolor\u00ae Plac<br>Mountain Green<\/h4>\n\n        <div class=\"product-card-cols\">\n            <div class=\"product-card-image\" style=\"background-image: url('https:\/\/sperrag.ch\/wp-content\/uploads\/1326176_Sperracolor-Plac_Mountain_Green-web.jpg')\">\n                <div class=\"product-number-block\">\n                    <span>13<\/span>\n\n                                    <\/div>\n            <\/div>\n\n            <div class=\"product-meta-block\">\n                                    <p class=\"text-medium text-black mb_0\">ca. RAL 6029<\/p>\n                \n                                    <div class=\"button-block\">\n                        <div class=\"btn-merklist btn-merklist-small btn-merklist-full-width add-to-merkliste \" data-type=\"produkt\" data-id=\"3688\">\n                            <div>\n                                Liste de suivi                            <\/div>\n                        <\/div>\n                    <\/div>\n                            <\/div>\n        <\/div>\n    <\/div>\n<\/a>\n\n<a href=\"https:\/\/sperrag.ch\/fr\/produit\/sperracolor-plac-hibiscus-red\/\" data-fancybox data-src=\"https:\/\/sperrag.ch\/wp-content\/uploads\/1326179_Sperracolor-Plac_Hibiscus_Red-web.jpg\" data-caption=\"ca.\u2009RAL 3020\" class=\"product-card hidden not-open-modal\" data-paginationmobilepage=\"3\" data-modalpostid=\"3697\" data-parentpageid=\"3557\">\n    <div class=\"product-card-inner-container\">\n        <h4 class=\"heading-h5 mb_0\">Sperracolor\u00ae Plac<br>Hibiscus Red<\/h4>\n\n        <div class=\"product-card-cols\">\n            <div class=\"product-card-image\" style=\"background-image: url('https:\/\/sperrag.ch\/wp-content\/uploads\/1326179_Sperracolor-Plac_Hibiscus_Red-web.jpg')\">\n                <div class=\"product-number-block\">\n                    <span>14<\/span>\n\n                                    <\/div>\n            <\/div>\n\n            <div class=\"product-meta-block\">\n                                    <p class=\"text-medium text-black mb_0\">ca.\u2009RAL 3020<\/p>\n                \n                                    <div class=\"button-block\">\n                        <div class=\"btn-merklist btn-merklist-small btn-merklist-full-width add-to-merkliste \" data-type=\"produkt\" data-id=\"3697\">\n                            <div>\n                                Liste de suivi                            <\/div>\n                        <\/div>\n                    <\/div>\n                            <\/div>\n        <\/div>\n    <\/div>\n<\/a>\n\n<a href=\"https:\/\/sperrag.ch\/fr\/produit\/sperracolor-plac-calendula-orange-fr\/\" data-fancybox data-src=\"https:\/\/sperrag.ch\/wp-content\/uploads\/1326178_Sperracolor-Plac_Calendula_Orange-web.jpg\" data-caption=\"ca.\u2009RAL 2008\" class=\"product-card hidden not-open-modal\" data-paginationmobilepage=\"3\" data-modalpostid=\"3698\" data-parentpageid=\"3557\">\n    <div class=\"product-card-inner-container\">\n        <h4 class=\"heading-h5 mb_0\">Sperracolor\u00ae Plac<br>Calendula Orange<\/h4>\n\n        <div class=\"product-card-cols\">\n            <div class=\"product-card-image\" style=\"background-image: url('https:\/\/sperrag.ch\/wp-content\/uploads\/1326178_Sperracolor-Plac_Calendula_Orange-web.jpg')\">\n                <div class=\"product-number-block\">\n                    <span>15<\/span>\n\n                                    <\/div>\n            <\/div>\n\n            <div class=\"product-meta-block\">\n                                    <p class=\"text-medium text-black mb_0\">ca.\u2009RAL 2008<\/p>\n                \n                                    <div class=\"button-block\">\n                        <div class=\"btn-merklist btn-merklist-small btn-merklist-full-width add-to-merkliste \" data-type=\"produkt\" data-id=\"3698\">\n                            <div>\n                                Liste de suivi                            <\/div>\n                        <\/div>\n                    <\/div>\n                            <\/div>\n        <\/div>\n    <\/div>\n<\/a>\n\n<a href=\"https:\/\/sperrag.ch\/fr\/produit\/sperracolor-plac-sunflower-yellow-fr\/\" data-fancybox data-src=\"https:\/\/sperrag.ch\/wp-content\/uploads\/1326177_Sperracolor-Plac_Sunflower_Yellow-web.jpg\" data-caption=\"ca.\u2009RAL 1018\" class=\"product-card hidden not-open-modal\" data-paginationmobilepage=\"4\" data-modalpostid=\"3692\" data-parentpageid=\"3557\">\n    <div class=\"product-card-inner-container\">\n        <h4 class=\"heading-h5 mb_0\">Sperracolor\u00ae Plac<br>Sunflower Yellow<\/h4>\n\n        <div class=\"product-card-cols\">\n            <div class=\"product-card-image\" style=\"background-image: url('https:\/\/sperrag.ch\/wp-content\/uploads\/1326177_Sperracolor-Plac_Sunflower_Yellow-web.jpg')\">\n                <div class=\"product-number-block\">\n                    <span>16<\/span>\n\n                                    <\/div>\n            <\/div>\n\n            <div class=\"product-meta-block\">\n                                    <p class=\"text-medium text-black mb_0\">ca.\u2009RAL 1018<\/p>\n                \n                                    <div class=\"button-block\">\n                        <div class=\"btn-merklist btn-merklist-small btn-merklist-full-width add-to-merkliste \" data-type=\"produkt\" data-id=\"3692\">\n                            <div>\n                                Liste de suivi                            <\/div>\n                        <\/div>\n                    <\/div>\n                            <\/div>\n        <\/div>\n    <\/div>\n<\/a>\n\n<a href=\"https:\/\/sperrag.ch\/fr\/produit\/sperracolor-plac-sea-blue-fr\/\" data-fancybox data-src=\"https:\/\/sperrag.ch\/wp-content\/uploads\/1326173_Sperracolor-Plac_Sea_Blue-web.jpg\" data-caption=\"ca.\u2009RAL 5010\" class=\"product-card hidden not-open-modal\" data-paginationmobilepage=\"4\" data-modalpostid=\"3663\" data-parentpageid=\"3557\">\n    <div class=\"product-card-inner-container\">\n        <h4 class=\"heading-h5 mb_0\">Sperracolor\u00ae Plac<br>Sea Blue<\/h4>\n\n        <div class=\"product-card-cols\">\n            <div class=\"product-card-image\" style=\"background-image: url('https:\/\/sperrag.ch\/wp-content\/uploads\/1326173_Sperracolor-Plac_Sea_Blue-web.jpg')\">\n                <div class=\"product-number-block\">\n                    <span>17<\/span>\n\n                                    <\/div>\n            <\/div>\n\n            <div class=\"product-meta-block\">\n                                    <p class=\"text-medium text-black mb_0\">ca.\u2009RAL 5010<\/p>\n                \n                                    <div class=\"button-block\">\n                        <div class=\"btn-merklist btn-merklist-small btn-merklist-full-width add-to-merkliste \" data-type=\"produkt\" data-id=\"3663\">\n                            <div>\n                                Liste de suivi                            <\/div>\n                        <\/div>\n                    <\/div>\n                            <\/div>\n        <\/div>\n    <\/div>\n<\/a>\n\n<a href=\"https:\/\/sperrag.ch\/fr\/produit\/sperracolor-plac-fuchsia-red-fr\/\" data-fancybox data-src=\"https:\/\/sperrag.ch\/wp-content\/uploads\/1326181_Sperracolor-Plac_Fuchsia_Red-web.jpg\" data-caption=\"ca.\u2009RAL 4003\" class=\"product-card hidden not-open-modal\" data-paginationmobilepage=\"4\" data-modalpostid=\"3699\" data-parentpageid=\"3557\">\n    <div class=\"product-card-inner-container\">\n        <h4 class=\"heading-h5 mb_0\">Sperracolor\u00ae Plac<br>Fuchsia Red<\/h4>\n\n        <div class=\"product-card-cols\">\n            <div class=\"product-card-image\" style=\"background-image: url('https:\/\/sperrag.ch\/wp-content\/uploads\/1326181_Sperracolor-Plac_Fuchsia_Red-web.jpg')\">\n                <div class=\"product-number-block\">\n                    <span>18<\/span>\n\n                                    <\/div>\n            <\/div>\n\n            <div class=\"product-meta-block\">\n                                    <p class=\"text-medium text-black mb_0\">ca.\u2009RAL 4003<\/p>\n                \n                                    <div class=\"button-block\">\n                        <div class=\"btn-merklist btn-merklist-small btn-merklist-full-width add-to-merkliste \" data-type=\"produkt\" data-id=\"3699\">\n                            <div>\n                                Liste de suivi                            <\/div>\n                        <\/div>\n                    <\/div>\n                            <\/div>\n        <\/div>\n    <\/div>\n<\/a>\n                                        <\/div>\n\n                                                                                    <div class=\"pagination_container\">\n                                                <div class=\"pagination_block\">\n                                                    <a href=\"#\" class=\"prev page-numbers disabled\" data-number=\"prev\">\n                <div>\n                    <span class=\"arrow_left\"><i class=\"fa-regular fa-chevron-left\"><\/i><\/span>\n                <\/div>\n            <\/a><div><a href=\"#\" class=\"current page-numbers\" data-number=\"1\">1<\/a><a href=\"#\" class=\"page-numbers\" data-number=\"2\">2<\/a><a href=\"#\" class=\"page-numbers\" data-number=\"3\">3<\/a><a href=\"#\" class=\"page-numbers\" data-number=\"4\">4<\/a><\/div><a href=\"#\" class=\"next page-numbers\" data-number=\"next\">\n                                <div>\n                                    <span class=\"arrow_right\"><i class=\"fa-regular fa-chevron-right\"><\/i><\/span>\n                                <\/div>\n                            <\/a>                                                <\/div>\n                                            <\/div>\n                                                                            <\/div>\n                                                            <\/div>\n                        <\/div>\n                                            <div class=\"accordion-item\" id=\"sperracolor-specialites\">\n                            <div class=\"accordion-item-header-container\">\n                                <h2 class=\"accordion-item-header-text mb_0 \" data-number=\"20\">\n                                    Sperracolor\u00ae Specialit\u00e9s                                <\/h2>\n                            <\/div>\n\n                            <div class=\"accordion-content-block\" >\n                                                                    <div class=\"rubrik-info-block sub-cat-rubrik-info-block\">\n                                        <div class=\"rubrik-text-block\">\n                                            \n                                                                                            <div class=\"description_block\"><h5>SPERRACOLOR\u00ae FUTURA SMOOTH<\/h5>\n<p>Le rev\u00eatement en polypropyl\u00e8ne l\u00e9g\u00e8rement -structur\u00e9 est \u00e0 la fois r\u00e9sistant mais garde son -\u00e9lasticit\u00e9. Hygi\u00e9nique et facile \u00e0 nettoyer, il a une bonne r\u00e9sistance aux UV.<\/p>\n<h5>WISA\u00ae-MULTIWALL<\/h5>\n<p><span style=\"font-size: 16px;\">Le rev\u00eatement en polypropyl\u00e8ne l\u00e9g\u00e8rement -structur\u00e9 est \u00e0 la fois r\u00e9sistant mais garde son \u00e9lasticit\u00e9. Hygi\u00e9nique et facile \u00e0 nettoyer, il a une bonne r\u00e9sistance aux UV.<\/span><\/p>\n<h5>SPERRACOLOR\u00ae HPL EGGER W980<\/h5>\n<p><span style=\"font-size: 16px;\">Contreplaqu\u00e9 bouleau recouvert deux faces d\u2019un stratifi\u00e9 HPL EGGER W980 qui ne se raye -pratiquement pas, m\u00eame en cas de forte sollicitation. Avec sa surface r\u00e9sistante et de haute qualit\u00e9, le produit est pr\u00eat \u00e0 \u00eatre utilis\u00e9 \u00e0 l\u2019int\u00e9rieur.<\/span><\/p>\n<h5>SPERRACOLOR\u00ae PATTERN LEATHER NOIR<\/h5>\n<p><span style=\"font-size: 16px;\">Contreplaqu\u00e9 bouleau recouvert sur les deux faces d\u2019un film ph\u00e9nolique noir 220\u2009g\/m\u00b2, un c\u00f4t\u00e9 avec gaufrage effet cuir, verso lisse. Que ce soit pour attirer l\u2019attention sur un mur, comme \u00e9l\u00e9ment de mobilier ou comme emballage luxueux, ce panneau a partout un aspect tr\u00e8s noble avec sa surface en cuir.<\/span><\/p>\n<\/div>\n                                                                                    <\/div>\n\n                                        <div class=\"rubrik-medium-block\">\n                                                                                    <\/div>\n                                    <\/div>\n                                \n                                                                    <div class=\"product-cards\">\n                                        \n<a href=\"https:\/\/sperrag.ch\/fr\/produit\/sperracolor-futura-smooth-noir\/\" data-fancybox data-src=\"https:\/\/sperrag.ch\/wp-content\/uploads\/1163625_Sperracolor_Futura-Smooth_Schwarz-web.jpg\" data-caption=\"env. RAL 9004\" class=\"product-card  not-open-modal\" data-paginationmobilepage=\"\" data-modalpostid=\"3591\" data-parentpageid=\"3557\">\n    <div class=\"product-card-inner-container\">\n        <h4 class=\"heading-h5 mb_0\">Sperracolor\u00ae Futura Smooth <br>noir<\/h4>\n\n        <div class=\"product-card-cols\">\n            <div class=\"product-card-image\" style=\"background-image: url('https:\/\/sperrag.ch\/wp-content\/uploads\/1163625_Sperracolor_Futura-Smooth_Schwarz-web.jpg')\">\n                <div class=\"product-number-block\">\n                    <span>1<\/span>\n\n                                    <\/div>\n            <\/div>\n\n            <div class=\"product-meta-block\">\n                                    <p class=\"text-medium text-black mb_0\">env. RAL 9004<\/p>\n                \n                                    <div class=\"button-block\">\n                        <div class=\"btn-merklist btn-merklist-small btn-merklist-full-width add-to-merkliste \" data-type=\"produkt\" data-id=\"3591\">\n                            <div>\n                                Liste de suivi                            <\/div>\n                        <\/div>\n                    <\/div>\n                            <\/div>\n        <\/div>\n    <\/div>\n<\/a>\n\n<a href=\"https:\/\/sperrag.ch\/fr\/produit\/sperracolor-futura-smooth-gris-brun\/\" data-fancybox data-src=\"https:\/\/sperrag.ch\/wp-content\/uploads\/1163624_Sperracolor_Futura-Smooth_Graubraun-web.jpg\" data-caption=\"env. RAL 8019\" class=\"product-card  not-open-modal\" data-paginationmobilepage=\"\" data-modalpostid=\"3574\" data-parentpageid=\"3557\">\n    <div class=\"product-card-inner-container\">\n        <h4 class=\"heading-h5 mb_0\">Sperracolor\u00ae Futura Smooth <br>gris-brun<\/h4>\n\n        <div class=\"product-card-cols\">\n            <div class=\"product-card-image\" style=\"background-image: url('https:\/\/sperrag.ch\/wp-content\/uploads\/1163624_Sperracolor_Futura-Smooth_Graubraun-web.jpg')\">\n                <div class=\"product-number-block\">\n                    <span>2<\/span>\n\n                                    <\/div>\n            <\/div>\n\n            <div class=\"product-meta-block\">\n                                    <p class=\"text-medium text-black mb_0\">env. RAL 8019<\/p>\n                \n                                    <div class=\"button-block\">\n                        <div class=\"btn-merklist btn-merklist-small btn-merklist-full-width add-to-merkliste \" data-type=\"produkt\" data-id=\"3574\">\n                            <div>\n                                Liste de suivi                            <\/div>\n                        <\/div>\n                    <\/div>\n                            <\/div>\n        <\/div>\n    <\/div>\n<\/a>\n\n<a href=\"https:\/\/sperrag.ch\/fr\/produit\/wisa-multiwall-bouleau-blanc\/\" data-fancybox data-src=\"https:\/\/sperrag.ch\/wp-content\/uploads\/1163651_WISA-multiwall_Birke-weiss-web.jpg\" data-caption=\"&nbsp;\" class=\"product-card  not-open-modal\" data-paginationmobilepage=\"\" data-modalpostid=\"3571\" data-parentpageid=\"3557\">\n    <div class=\"product-card-inner-container\">\n        <h4 class=\"heading-h5 mb_0\">WISA\u00ae-Multiwall<br>bouleau blanc<\/h4>\n\n        <div class=\"product-card-cols\">\n            <div class=\"product-card-image\" style=\"background-image: url('https:\/\/sperrag.ch\/wp-content\/uploads\/1163651_WISA-multiwall_Birke-weiss-web.jpg')\">\n                <div class=\"product-number-block\">\n                    <span>3<\/span>\n\n                                    <\/div>\n            <\/div>\n\n            <div class=\"product-meta-block\">\n                                    <p class=\"text-medium text-black mb_0\"><p>&nbsp;<\/p><\/p>\n                \n                                    <div class=\"button-block\">\n                        <div class=\"btn-merklist btn-merklist-small btn-merklist-full-width add-to-merkliste \" data-type=\"produkt\" data-id=\"3571\">\n                            <div>\n                                Liste de suivi                            <\/div>\n                        <\/div>\n                    <\/div>\n                            <\/div>\n        <\/div>\n    <\/div>\n<\/a>\n\n<a href=\"https:\/\/sperrag.ch\/fr\/produit\/sperracolor-hpl-egger-w980-st07-perle-fine\/\" data-fancybox data-src=\"https:\/\/sperrag.ch\/wp-content\/uploads\/1329714_Sperracolor-HPL-W980-ST07-web-1.jpg\" data-caption=\"&nbsp;\" class=\"product-card  not-open-modal\" data-paginationmobilepage=\"\" data-modalpostid=\"10016\" data-parentpageid=\"3557\">\n    <div class=\"product-card-inner-container\">\n        <h4 class=\"heading-h5 mb_0\">Sperracolor\u00ae HPL Egger W980 <br>ST07 perle fine<\/h4>\n\n        <div class=\"product-card-cols\">\n            <div class=\"product-card-image\" style=\"background-image: url('https:\/\/sperrag.ch\/wp-content\/uploads\/1329714_Sperracolor-HPL-W980-ST07-web-1.jpg')\">\n                <div class=\"product-number-block\">\n                    <span>4<\/span>\n\n                                    <\/div>\n            <\/div>\n\n            <div class=\"product-meta-block\">\n                                    <p class=\"text-medium text-black mb_0\"><p>&nbsp;<\/p><\/p>\n                \n                                    <div class=\"button-block\">\n                        <div class=\"btn-merklist btn-merklist-small btn-merklist-full-width add-to-merkliste \" data-type=\"produkt\" data-id=\"10016\">\n                            <div>\n                                Liste de suivi                            <\/div>\n                        <\/div>\n                    <\/div>\n                            <\/div>\n        <\/div>\n    <\/div>\n<\/a>\n\n<a href=\"https:\/\/sperrag.ch\/fr\/produit\/sperracolor-hpl-egger-w980-sm-matt\/\" data-fancybox data-src=\"https:\/\/sperrag.ch\/wp-content\/uploads\/1329413_Sperracolor-HPL-W980-SM-1783-web.jpg\" data-caption=\"&nbsp;\" class=\"product-card  not-open-modal\" data-paginationmobilepage=\"\" data-modalpostid=\"6309\" data-parentpageid=\"3557\">\n    <div class=\"product-card-inner-container\">\n        <h4 class=\"heading-h5 mb_0\">Sperracolor\u00ae HPL Egger W980 <br>SM matt<\/h4>\n\n        <div class=\"product-card-cols\">\n            <div class=\"product-card-image\" style=\"background-image: url('https:\/\/sperrag.ch\/wp-content\/uploads\/1329413_Sperracolor-HPL-W980-SM-1783-web.jpg')\">\n                <div class=\"product-number-block\">\n                    <span>5<\/span>\n\n                                    <\/div>\n            <\/div>\n\n            <div class=\"product-meta-block\">\n                                    <p class=\"text-medium text-black mb_0\"><p>&nbsp;<\/p><\/p>\n                \n                                    <div class=\"button-block\">\n                        <div class=\"btn-merklist btn-merklist-small btn-merklist-full-width add-to-merkliste \" data-type=\"produkt\" data-id=\"6309\">\n                            <div>\n                                Liste de suivi                            <\/div>\n                        <\/div>\n                    <\/div>\n                            <\/div>\n        <\/div>\n    <\/div>\n<\/a>\n\n<a href=\"https:\/\/sperrag.ch\/fr\/produit\/sperracolor-pattern-leather-noir\/\" data-fancybox data-src=\"https:\/\/sperrag.ch\/wp-content\/uploads\/1329578_Sperracolor_pattern_leather_schwarz-web.jpg\" data-caption=\"&nbsp;\" class=\"product-card  not-open-modal\" data-paginationmobilepage=\"\" data-modalpostid=\"7730\" data-parentpageid=\"3557\">\n    <div class=\"product-card-inner-container\">\n        <h4 class=\"heading-h5 mb_0\">Sperracolor\u00ae Pattern Leather noir<\/h4>\n\n        <div class=\"product-card-cols\">\n            <div class=\"product-card-image\" style=\"background-image: url('https:\/\/sperrag.ch\/wp-content\/uploads\/1329578_Sperracolor_pattern_leather_schwarz-web.jpg')\">\n                <div class=\"product-number-block\">\n                    <span>6<\/span>\n\n                                            <div class=\"product-new\">\n                            NEW                        <\/div>\n                                    <\/div>\n            <\/div>\n\n            <div class=\"product-meta-block\">\n                                    <p class=\"text-medium text-black mb_0\">&nbsp;<\/p>\n                \n                                    <div class=\"button-block\">\n                        <div class=\"btn-merklist btn-merklist-small btn-merklist-full-width add-to-merkliste \" data-type=\"produkt\" data-id=\"7730\">\n                            <div>\n                                Liste de suivi                            <\/div>\n                        <\/div>\n                    <\/div>\n                            <\/div>\n        <\/div>\n    <\/div>\n<\/a>\n                                    <\/div>\n                                \n                                                                    <div class=\"product-cards-mobile-wrapper sperracolor-specialites\" data-page=\"1\" data-maxnumpages=\"2\">\n                                        <div class=\"loading_fade\"><\/div>\n\n                                        <div class=\"product-cards-mobile\">\n                                            \n<a href=\"https:\/\/sperrag.ch\/fr\/produit\/sperracolor-futura-smooth-noir\/\" data-fancybox data-src=\"https:\/\/sperrag.ch\/wp-content\/uploads\/1163625_Sperracolor_Futura-Smooth_Schwarz-web.jpg\" data-caption=\"env. RAL 9004\" class=\"product-card  not-open-modal\" data-paginationmobilepage=\"1\" data-modalpostid=\"3591\" data-parentpageid=\"3557\">\n    <div class=\"product-card-inner-container\">\n        <h4 class=\"heading-h5 mb_0\">Sperracolor\u00ae Futura Smooth <br>noir<\/h4>\n\n        <div class=\"product-card-cols\">\n            <div class=\"product-card-image\" style=\"background-image: url('https:\/\/sperrag.ch\/wp-content\/uploads\/1163625_Sperracolor_Futura-Smooth_Schwarz-web.jpg')\">\n                <div class=\"product-number-block\">\n                    <span>1<\/span>\n\n                                    <\/div>\n            <\/div>\n\n            <div class=\"product-meta-block\">\n                                    <p class=\"text-medium text-black mb_0\">env. RAL 9004<\/p>\n                \n                                    <div class=\"button-block\">\n                        <div class=\"btn-merklist btn-merklist-small btn-merklist-full-width add-to-merkliste \" data-type=\"produkt\" data-id=\"3591\">\n                            <div>\n                                Liste de suivi                            <\/div>\n                        <\/div>\n                    <\/div>\n                            <\/div>\n        <\/div>\n    <\/div>\n<\/a>\n\n<a href=\"https:\/\/sperrag.ch\/fr\/produit\/sperracolor-futura-smooth-gris-brun\/\" data-fancybox data-src=\"https:\/\/sperrag.ch\/wp-content\/uploads\/1163624_Sperracolor_Futura-Smooth_Graubraun-web.jpg\" data-caption=\"env. RAL 8019\" class=\"product-card  not-open-modal\" data-paginationmobilepage=\"1\" data-modalpostid=\"3574\" data-parentpageid=\"3557\">\n    <div class=\"product-card-inner-container\">\n        <h4 class=\"heading-h5 mb_0\">Sperracolor\u00ae Futura Smooth <br>gris-brun<\/h4>\n\n        <div class=\"product-card-cols\">\n            <div class=\"product-card-image\" style=\"background-image: url('https:\/\/sperrag.ch\/wp-content\/uploads\/1163624_Sperracolor_Futura-Smooth_Graubraun-web.jpg')\">\n                <div class=\"product-number-block\">\n                    <span>2<\/span>\n\n                                    <\/div>\n            <\/div>\n\n            <div class=\"product-meta-block\">\n                                    <p class=\"text-medium text-black mb_0\">env. RAL 8019<\/p>\n                \n                                    <div class=\"button-block\">\n                        <div class=\"btn-merklist btn-merklist-small btn-merklist-full-width add-to-merkliste \" data-type=\"produkt\" data-id=\"3574\">\n                            <div>\n                                Liste de suivi                            <\/div>\n                        <\/div>\n                    <\/div>\n                            <\/div>\n        <\/div>\n    <\/div>\n<\/a>\n\n<a href=\"https:\/\/sperrag.ch\/fr\/produit\/wisa-multiwall-bouleau-blanc\/\" data-fancybox data-src=\"https:\/\/sperrag.ch\/wp-content\/uploads\/1163651_WISA-multiwall_Birke-weiss-web.jpg\" data-caption=\"&nbsp;\" class=\"product-card  not-open-modal\" data-paginationmobilepage=\"1\" data-modalpostid=\"3571\" data-parentpageid=\"3557\">\n    <div class=\"product-card-inner-container\">\n        <h4 class=\"heading-h5 mb_0\">WISA\u00ae-Multiwall<br>bouleau blanc<\/h4>\n\n        <div class=\"product-card-cols\">\n            <div class=\"product-card-image\" style=\"background-image: url('https:\/\/sperrag.ch\/wp-content\/uploads\/1163651_WISA-multiwall_Birke-weiss-web.jpg')\">\n                <div class=\"product-number-block\">\n                    <span>3<\/span>\n\n                                    <\/div>\n            <\/div>\n\n            <div class=\"product-meta-block\">\n                                    <p class=\"text-medium text-black mb_0\"><p>&nbsp;<\/p><\/p>\n                \n                                    <div class=\"button-block\">\n                        <div class=\"btn-merklist btn-merklist-small btn-merklist-full-width add-to-merkliste \" data-type=\"produkt\" data-id=\"3571\">\n                            <div>\n                                Liste de suivi                            <\/div>\n                        <\/div>\n                    <\/div>\n                            <\/div>\n        <\/div>\n    <\/div>\n<\/a>\n\n<a href=\"https:\/\/sperrag.ch\/fr\/produit\/sperracolor-hpl-egger-w980-st07-perle-fine\/\" data-fancybox data-src=\"https:\/\/sperrag.ch\/wp-content\/uploads\/1329714_Sperracolor-HPL-W980-ST07-web-1.jpg\" data-caption=\"&nbsp;\" class=\"product-card  not-open-modal\" data-paginationmobilepage=\"1\" data-modalpostid=\"10016\" data-parentpageid=\"3557\">\n    <div class=\"product-card-inner-container\">\n        <h4 class=\"heading-h5 mb_0\">Sperracolor\u00ae HPL Egger W980 <br>ST07 perle fine<\/h4>\n\n        <div class=\"product-card-cols\">\n            <div class=\"product-card-image\" style=\"background-image: url('https:\/\/sperrag.ch\/wp-content\/uploads\/1329714_Sperracolor-HPL-W980-ST07-web-1.jpg')\">\n                <div class=\"product-number-block\">\n                    <span>4<\/span>\n\n                                    <\/div>\n            <\/div>\n\n            <div class=\"product-meta-block\">\n                                    <p class=\"text-medium text-black mb_0\"><p>&nbsp;<\/p><\/p>\n                \n                                    <div class=\"button-block\">\n                        <div class=\"btn-merklist btn-merklist-small btn-merklist-full-width add-to-merkliste \" data-type=\"produkt\" data-id=\"10016\">\n                            <div>\n                                Liste de suivi                            <\/div>\n                        <\/div>\n                    <\/div>\n                            <\/div>\n        <\/div>\n    <\/div>\n<\/a>\n\n<a href=\"https:\/\/sperrag.ch\/fr\/produit\/sperracolor-hpl-egger-w980-sm-matt\/\" data-fancybox data-src=\"https:\/\/sperrag.ch\/wp-content\/uploads\/1329413_Sperracolor-HPL-W980-SM-1783-web.jpg\" data-caption=\"&nbsp;\" class=\"product-card  not-open-modal\" data-paginationmobilepage=\"1\" data-modalpostid=\"6309\" data-parentpageid=\"3557\">\n    <div class=\"product-card-inner-container\">\n        <h4 class=\"heading-h5 mb_0\">Sperracolor\u00ae HPL Egger W980 <br>SM matt<\/h4>\n\n        <div class=\"product-card-cols\">\n            <div class=\"product-card-image\" style=\"background-image: url('https:\/\/sperrag.ch\/wp-content\/uploads\/1329413_Sperracolor-HPL-W980-SM-1783-web.jpg')\">\n                <div class=\"product-number-block\">\n                    <span>5<\/span>\n\n                                    <\/div>\n            <\/div>\n\n            <div class=\"product-meta-block\">\n                                    <p class=\"text-medium text-black mb_0\"><p>&nbsp;<\/p><\/p>\n                \n                                    <div class=\"button-block\">\n                        <div class=\"btn-merklist btn-merklist-small btn-merklist-full-width add-to-merkliste \" data-type=\"produkt\" data-id=\"6309\">\n                            <div>\n                                Liste de suivi                            <\/div>\n                        <\/div>\n                    <\/div>\n                            <\/div>\n        <\/div>\n    <\/div>\n<\/a>\n\n<a href=\"https:\/\/sperrag.ch\/fr\/produit\/sperracolor-pattern-leather-noir\/\" data-fancybox data-src=\"https:\/\/sperrag.ch\/wp-content\/uploads\/1329578_Sperracolor_pattern_leather_schwarz-web.jpg\" data-caption=\"&nbsp;\" class=\"product-card hidden not-open-modal\" data-paginationmobilepage=\"2\" data-modalpostid=\"7730\" data-parentpageid=\"3557\">\n    <div class=\"product-card-inner-container\">\n        <h4 class=\"heading-h5 mb_0\">Sperracolor\u00ae Pattern Leather noir<\/h4>\n\n        <div class=\"product-card-cols\">\n            <div class=\"product-card-image\" style=\"background-image: url('https:\/\/sperrag.ch\/wp-content\/uploads\/1329578_Sperracolor_pattern_leather_schwarz-web.jpg')\">\n                <div class=\"product-number-block\">\n                    <span>6<\/span>\n\n                                            <div class=\"product-new\">\n                            NEW                        <\/div>\n                                    <\/div>\n            <\/div>\n\n            <div class=\"product-meta-block\">\n                                    <p class=\"text-medium text-black mb_0\">&nbsp;<\/p>\n                \n                                    <div class=\"button-block\">\n                        <div class=\"btn-merklist btn-merklist-small btn-merklist-full-width add-to-merkliste \" data-type=\"produkt\" data-id=\"7730\">\n                            <div>\n                                Liste de suivi                            <\/div>\n                        <\/div>\n                    <\/div>\n                            <\/div>\n        <\/div>\n    <\/div>\n<\/a>\n                                        <\/div>\n\n                                                                                    <div class=\"pagination_container\">\n                                                <div class=\"pagination_block\">\n                                                    <a href=\"#\" class=\"prev page-numbers disabled\" data-number=\"prev\">\n                <div>\n                    <span class=\"arrow_left\"><i class=\"fa-regular fa-chevron-left\"><\/i><\/span>\n                <\/div>\n            <\/a><div><a href=\"#\" class=\"current page-numbers\" data-number=\"1\">1<\/a><a href=\"#\" class=\"page-numbers\" data-number=\"2\">2<\/a><\/div><a href=\"#\" class=\"next page-numbers\" data-number=\"next\">\n                                <div>\n                                    <span class=\"arrow_right\"><i class=\"fa-regular fa-chevron-right\"><\/i><\/span>\n                                <\/div>\n                            <\/a>                                                <\/div>\n                                            <\/div>\n                                                                            <\/div>\n                                                            <\/div>\n                        <\/div>\n                                    <\/div>\n            <\/div>\n        <\/section>\n    \n\n\n\n\n\n\n\n    <section class=\"divider-block white-bg super-small\"><\/section>\n\n\n\n\n\n","protected":false},"featured_media":9951,"template":"","produkt_rubrik":[157],"class_list":["post-3557","produkt","type-produkt","status-publish","has-post-thumbnail","hentry","produkt_rubrik-derives-du-bois"],"acf":[],"yoast_head":"<!-- This site is optimized with the Yoast SEO plugin v27.5 - https:\/\/yoast.com\/product\/yoast-seo-wordpress\/ -->\n<title>Sperracolor\u00ae - sperrag<\/title>\n<meta name=\"description\" content=\"Sperracolor\u00ae ist ein Birkensperrholz aus gesch\u00e4lten Furnieren, mit ausgesuchten Deckfurnieren.\" \/>\n<meta name=\"robots\" content=\"index, follow, max-snippet:-1, max-image-preview:large, max-video-preview:-1\" \/>\n<link rel=\"canonical\" href=\"https:\/\/sperrag.ch\/fr\/produit\/sperracolor\/\" \/>\n<meta property=\"og:locale\" content=\"fr_FR\" \/>\n<meta property=\"og:type\" content=\"article\" \/>\n<meta property=\"og:title\" content=\"Sperracolor\u00ae - sperrag\" \/>\n<meta property=\"og:description\" content=\"Sperracolor\u00ae ist ein Birkensperrholz aus gesch\u00e4lten Furnieren, mit ausgesuchten Deckfurnieren.\" \/>\n<meta property=\"og:url\" content=\"https:\/\/sperrag.ch\/fr\/produit\/sperracolor\/\" \/>\n<meta property=\"og:site_name\" content=\"sperrag\" \/>\n<meta property=\"article:modified_time\" content=\"2025-08-20T12:06:06+00:00\" \/>\n<meta property=\"og:image\" content=\"https:\/\/sperrag.ch\/wp-content\/uploads\/1164341_Sperracolor_Eco-Transparent_Tomatenrot-1.jpg\" \/>\n\t<meta property=\"og:image:width\" content=\"1000\" \/>\n\t<meta property=\"og:image:height\" content=\"667\" \/>\n\t<meta property=\"og:image:type\" content=\"image\/jpeg\" \/>\n<meta name=\"twitter:card\" content=\"summary_large_image\" \/>\n<meta name=\"twitter:label1\" content=\"Est. reading time\" \/>\n\t<meta name=\"twitter:data1\" content=\"1 minute\" \/>\n<script type=\"application\/ld+json\" class=\"yoast-schema-graph\">{\"@context\":\"https:\\\/\\\/schema.org\",\"@graph\":[{\"@type\":\"WebPage\",\"@id\":\"https:\\\/\\\/sperrag.ch\\\/fr\\\/produit\\\/sperracolor\\\/\",\"url\":\"https:\\\/\\\/sperrag.ch\\\/fr\\\/produit\\\/sperracolor\\\/\",\"name\":\"Sperracolor\u00ae - sperrag\",\"isPartOf\":{\"@id\":\"https:\\\/\\\/sperrag.ch\\\/#website\"},\"primaryImageOfPage\":{\"@id\":\"https:\\\/\\\/sperrag.ch\\\/fr\\\/produit\\\/sperracolor\\\/#primaryimage\"},\"image\":{\"@id\":\"https:\\\/\\\/sperrag.ch\\\/fr\\\/produit\\\/sperracolor\\\/#primaryimage\"},\"thumbnailUrl\":\"https:\\\/\\\/sperrag.ch\\\/wp-content\\\/uploads\\\/1164341_Sperracolor_Eco-Transparent_Tomatenrot-1.jpg\",\"datePublished\":\"2022-04-17T13:09:05+00:00\",\"dateModified\":\"2025-08-20T12:06:06+00:00\",\"description\":\"Sperracolor\u00ae ist ein Birkensperrholz aus gesch\u00e4lten Furnieren, mit ausgesuchten Deckfurnieren.\",\"breadcrumb\":{\"@id\":\"https:\\\/\\\/sperrag.ch\\\/fr\\\/produit\\\/sperracolor\\\/#breadcrumb\"},\"inLanguage\":\"fr-FR\",\"potentialAction\":[{\"@type\":\"ReadAction\",\"target\":[\"https:\\\/\\\/sperrag.ch\\\/fr\\\/produit\\\/sperracolor\\\/\"]}]},{\"@type\":\"ImageObject\",\"inLanguage\":\"fr-FR\",\"@id\":\"https:\\\/\\\/sperrag.ch\\\/fr\\\/produit\\\/sperracolor\\\/#primaryimage\",\"url\":\"https:\\\/\\\/sperrag.ch\\\/wp-content\\\/uploads\\\/1164341_Sperracolor_Eco-Transparent_Tomatenrot-1.jpg\",\"contentUrl\":\"https:\\\/\\\/sperrag.ch\\\/wp-content\\\/uploads\\\/1164341_Sperracolor_Eco-Transparent_Tomatenrot-1.jpg\",\"width\":1000,\"height\":667,\"caption\":\"Sperracolor\u00ae Eco-Transparent_Tomatenrot\"},{\"@type\":\"BreadcrumbList\",\"@id\":\"https:\\\/\\\/sperrag.ch\\\/fr\\\/produit\\\/sperracolor\\\/#breadcrumb\",\"itemListElement\":[{\"@type\":\"ListItem\",\"position\":1,\"name\":\"Home\",\"item\":\"https:\\\/\\\/sperrag.ch\\\/fr\\\/\"},{\"@type\":\"ListItem\",\"position\":2,\"name\":\"Produkte\",\"item\":\"https:\\\/\\\/sperrag.ch\\\/produkt\\\/\"},{\"@type\":\"ListItem\",\"position\":3,\"name\":\"Sperracolor\u00ae\"}]},{\"@type\":\"WebSite\",\"@id\":\"https:\\\/\\\/sperrag.ch\\\/#website\",\"url\":\"https:\\\/\\\/sperrag.ch\\\/\",\"name\":\"sperrag\",\"description\":\"\",\"publisher\":{\"@id\":\"https:\\\/\\\/sperrag.ch\\\/#organization\"},\"potentialAction\":[{\"@type\":\"SearchAction\",\"target\":{\"@type\":\"EntryPoint\",\"urlTemplate\":\"https:\\\/\\\/sperrag.ch\\\/?s={search_term_string}\"},\"query-input\":{\"@type\":\"PropertyValueSpecification\",\"valueRequired\":true,\"valueName\":\"search_term_string\"}}],\"inLanguage\":\"fr-FR\"},{\"@type\":\"Organization\",\"@id\":\"https:\\\/\\\/sperrag.ch\\\/#organization\",\"name\":\"sperrag ag\",\"url\":\"https:\\\/\\\/sperrag.ch\\\/\",\"logo\":{\"@type\":\"ImageObject\",\"inLanguage\":\"fr-FR\",\"@id\":\"https:\\\/\\\/sperrag.ch\\\/#\\\/schema\\\/logo\\\/image\\\/\",\"url\":\"https:\\\/\\\/sperrag.ch\\\/wp-content\\\/uploads\\\/Sperrag_logo.svg\",\"contentUrl\":\"https:\\\/\\\/sperrag.ch\\\/wp-content\\\/uploads\\\/Sperrag_logo.svg\",\"width\":421,\"height\":89,\"caption\":\"sperrag ag\"},\"image\":{\"@id\":\"https:\\\/\\\/sperrag.ch\\\/#\\\/schema\\\/logo\\\/image\\\/\"},\"sameAs\":[\"https:\\\/\\\/www.linkedin.com\\\/company\\\/sperrag-ag\"]}]}<\/script>\n<!-- \/ Yoast SEO plugin. -->","yoast_head_json":{"title":"Sperracolor\u00ae - sperrag","description":"Sperracolor\u00ae ist ein Birkensperrholz aus gesch\u00e4lten Furnieren, mit ausgesuchten Deckfurnieren.","robots":{"index":"index","follow":"follow","max-snippet":"max-snippet:-1","max-image-preview":"max-image-preview:large","max-video-preview":"max-video-preview:-1"},"canonical":"https:\/\/sperrag.ch\/fr\/produit\/sperracolor\/","og_locale":"fr_FR","og_type":"article","og_title":"Sperracolor\u00ae - sperrag","og_description":"Sperracolor\u00ae ist ein Birkensperrholz aus gesch\u00e4lten Furnieren, mit ausgesuchten Deckfurnieren.","og_url":"https:\/\/sperrag.ch\/fr\/produit\/sperracolor\/","og_site_name":"sperrag","article_modified_time":"2025-08-20T12:06:06+00:00","og_image":[{"width":1000,"height":667,"url":"https:\/\/sperrag.ch\/wp-content\/uploads\/1164341_Sperracolor_Eco-Transparent_Tomatenrot-1.jpg","type":"image\/jpeg"}],"twitter_card":"summary_large_image","twitter_misc":{"Est. reading time":"1 minute"},"schema":{"@context":"https:\/\/schema.org","@graph":[{"@type":"WebPage","@id":"https:\/\/sperrag.ch\/fr\/produit\/sperracolor\/","url":"https:\/\/sperrag.ch\/fr\/produit\/sperracolor\/","name":"Sperracolor\u00ae - sperrag","isPartOf":{"@id":"https:\/\/sperrag.ch\/#website"},"primaryImageOfPage":{"@id":"https:\/\/sperrag.ch\/fr\/produit\/sperracolor\/#primaryimage"},"image":{"@id":"https:\/\/sperrag.ch\/fr\/produit\/sperracolor\/#primaryimage"},"thumbnailUrl":"https:\/\/sperrag.ch\/wp-content\/uploads\/1164341_Sperracolor_Eco-Transparent_Tomatenrot-1.jpg","datePublished":"2022-04-17T13:09:05+00:00","dateModified":"2025-08-20T12:06:06+00:00","description":"Sperracolor\u00ae ist ein Birkensperrholz aus gesch\u00e4lten Furnieren, mit ausgesuchten Deckfurnieren.","breadcrumb":{"@id":"https:\/\/sperrag.ch\/fr\/produit\/sperracolor\/#breadcrumb"},"inLanguage":"fr-FR","potentialAction":[{"@type":"ReadAction","target":["https:\/\/sperrag.ch\/fr\/produit\/sperracolor\/"]}]},{"@type":"ImageObject","inLanguage":"fr-FR","@id":"https:\/\/sperrag.ch\/fr\/produit\/sperracolor\/#primaryimage","url":"https:\/\/sperrag.ch\/wp-content\/uploads\/1164341_Sperracolor_Eco-Transparent_Tomatenrot-1.jpg","contentUrl":"https:\/\/sperrag.ch\/wp-content\/uploads\/1164341_Sperracolor_Eco-Transparent_Tomatenrot-1.jpg","width":1000,"height":667,"caption":"Sperracolor\u00ae Eco-Transparent_Tomatenrot"},{"@type":"BreadcrumbList","@id":"https:\/\/sperrag.ch\/fr\/produit\/sperracolor\/#breadcrumb","itemListElement":[{"@type":"ListItem","position":1,"name":"Home","item":"https:\/\/sperrag.ch\/fr\/"},{"@type":"ListItem","position":2,"name":"Produkte","item":"https:\/\/sperrag.ch\/produkt\/"},{"@type":"ListItem","position":3,"name":"Sperracolor\u00ae"}]},{"@type":"WebSite","@id":"https:\/\/sperrag.ch\/#website","url":"https:\/\/sperrag.ch\/","name":"sperrag","description":"","publisher":{"@id":"https:\/\/sperrag.ch\/#organization"},"potentialAction":[{"@type":"SearchAction","target":{"@type":"EntryPoint","urlTemplate":"https:\/\/sperrag.ch\/?s={search_term_string}"},"query-input":{"@type":"PropertyValueSpecification","valueRequired":true,"valueName":"search_term_string"}}],"inLanguage":"fr-FR"},{"@type":"Organization","@id":"https:\/\/sperrag.ch\/#organization","name":"sperrag ag","url":"https:\/\/sperrag.ch\/","logo":{"@type":"ImageObject","inLanguage":"fr-FR","@id":"https:\/\/sperrag.ch\/#\/schema\/logo\/image\/","url":"https:\/\/sperrag.ch\/wp-content\/uploads\/Sperrag_logo.svg","contentUrl":"https:\/\/sperrag.ch\/wp-content\/uploads\/Sperrag_logo.svg","width":421,"height":89,"caption":"sperrag ag"},"image":{"@id":"https:\/\/sperrag.ch\/#\/schema\/logo\/image\/"},"sameAs":["https:\/\/www.linkedin.com\/company\/sperrag-ag"]}]}},"_links":{"self":[{"href":"https:\/\/sperrag.ch\/fr\/wp-json\/wp\/v2\/produkt\/3557","targetHints":{"allow":["GET"]}}],"collection":[{"href":"https:\/\/sperrag.ch\/fr\/wp-json\/wp\/v2\/produkt"}],"about":[{"href":"https:\/\/sperrag.ch\/fr\/wp-json\/wp\/v2\/types\/produkt"}],"wp:featuredmedia":[{"embeddable":true,"href":"https:\/\/sperrag.ch\/fr\/wp-json\/wp\/v2\/media\/9951"}],"wp:attachment":[{"href":"https:\/\/sperrag.ch\/fr\/wp-json\/wp\/v2\/media?parent=3557"}],"wp:term":[{"taxonomy":"produkt_rubrik","embeddable":true,"href":"https:\/\/sperrag.ch\/fr\/wp-json\/wp\/v2\/produkt_rubrik?post=3557"}],"curies":[{"name":"wp","href":"https:\/\/api.w.org\/{rel}","templated":true}]}}