{"id":3679,"date":"2023-04-09T11:16:51","date_gmt":"2023-04-09T09:16:51","guid":{"rendered":"https:\/\/dev.sperrag.bertastrasse1.ch\/produkt\/edelfurnierte-platten-und-furnierblaetter\/"},"modified":"2025-08-18T15:20:26","modified_gmt":"2025-08-18T13:20:26","slug":"panneaux-plaques-essence","status":"publish","type":"produkt","link":"https:\/\/sperrag.ch\/fr\/produit\/panneaux-plaques-essence\/","title":{"rendered":"Panneaux plaqu\u00e9s d&rsquo;essences nobles et feuilles de placages"},"content":{"rendered":"\n    <section class=\"header-modal-block scrollMagic-block\" data-uid=\"69f4ba8d4f33c\">\n                    <p class=\"subtitle-modal\"> <a href=\"https:\/\/sperrag.ch\/fr\/gammes-de-produits\/\" class=\"\">Gammes de produits<\/a><span> > <\/span><a href=\"https:\/\/sperrag.ch\/fr\/gammes-de-produits\/?el=derives-du-bois\" class=\"\">D\u00e9riv\u00e9s du bois<\/a> <\/p>\n        \n        <h1 class=\"mb_0\">Panneaux plaqu\u00e9s d&rsquo;essences nobles et feuilles de placages\n<\/h1>\n    <\/section>\n\n\n\n\n\n\n\n    <section class=\"product-with-info-block white-bg\" id=\"\">\n        <div class=\"cols-block\">\n            <div class=\"left-part-block scrollMagic-block\" data-uid=\"69f4ba8d53beb\">\n                                    <img decoding=\"async\" src=\"https:\/\/sperrag.ch\/wp-content\/uploads\/Edelfurnierte_Kirschbaum-Euro-800x534.jpg\" alt=\"Les pr\u00e9cieux\">\n                            <\/div>\n\n            <div class=\"right-part-block scrollMagic-block delay-animation\" data-uid=\"69f4ba8d53beb-1\">\n                                    <h4>Les pr\u00e9cieux<\/h4>\n                \n                                    <div class=\"description_block\">\n                        <p><span class=\"TextRun SCXW207415768 BCX0\" lang=\"FR-CH\" xml:lang=\"FR-CH\" data-contrast=\"none\"><span class=\"NormalTextRun SCXW207415768 BCX0\">Divers panneaux en mat\u00e9riau d\u00e9riv\u00e9 du bois ainsi que des panneaux de support ignifuges sont <\/span><span class=\"NormalTextRun SCXW207415768 BCX0\">plaqu\u00e9s <\/span><span class=\"NormalTextRun SCXW207415768 BCX0\">avec des placages <\/span><span class=\"NormalTextRun SCXW207415768 BCX0\">nobles <\/span><span class=\"NormalTextRun SCXW207415768 BCX0\">en bois <\/span><span class=\"NormalTextRun SCXW207415768 BCX0\">v\u00e9ritable. Chaque panneau est unique et embellit chaque meuble d&rsquo;une mani\u00e8re exceptionnelle.<\/span><span class=\"NormalTextRun SCXW207415768 BCX0\"> Choisissez entre les qualit\u00e9s A\/B, la qualit\u00e9 standard courante ou la qualit\u00e9 de face A avec des placages assortis s\u00e9lectionn\u00e9s.<\/span><span class=\"NormalTextRun SCXW207415768 BCX0\"> Les panneaux sont disponibles dans diverses essences de bois, formats et qualit\u00e9s. Demandez-nous.<\/span><\/span><\/p>\n                    <\/div>\n                \n                <div class=\"mediums-block\">\n                                <a href=\"https:\/\/sperrag.ch\/wp-content\/uploads\/Flyer_Edelfurnierte_Platten_FR-2.pdf\" class=\"medium-block \" target=\"_blank\">\n                                                <div>\n                        <i class=\"fa-thin fa-file-pdf\"><\/i>\n                    <\/div>\n                \n                <div>\n                    <span><strong>Flyer panneaux plaqu\u00e9s d\u2019essences nobles<\/strong><\/span>\n                    <p class=\"mb_0\"><\/p>\n                <\/div>\n            <\/a>\n                                        <a href=\"https:\/\/sperrag.ch\/wp-content\/uploads\/europlac-holz.pdf\" class=\"medium-block \" target=\"_blank\">\n                                                <div>\n                        <i class=\"fa-thin fa-file-pdf\"><\/i>\n                    <\/div>\n                \n                <div>\n                    <span><strong>Brochure Europlac<\/strong><\/span>\n                    <p class=\"mb_0\"><\/p>\n                <\/div>\n            <\/a>\n                                        <a href=\"https:\/\/sperrag.ch\/wp-content\/uploads\/Flyer_Furnieraufbereitung-fr.pdf\" class=\"medium-block \" target=\"_blank\">\n                                                <div>\n                        <i class=\"fa-thin fa-file-pdf\"><\/i>\n                    <\/div>\n                \n                <div>\n                    <span><strong>Configuration des placages<\/strong><\/span>\n                    <p class=\"mb_0\"><\/p>\n                <\/div>\n            <\/a>\n            <\/div>\n            <\/div>\n        <\/div>\n    <\/section>\n\n\n\n\n\n\n\n\n\n            <section class=\"products-slider-sub-category-block white-bg scrollMagic-block\" id=\"\" data-uid=\"69f4ba8d63278\">\n            <div class=\"accordion-block products\">\n                <div class=\"accordion-inner-container\">\n                                            <div class=\"accordion-item\" id=\"panneaux-agglomeres-plaques-feuillus\">\n                            <div class=\"accordion-item-header-container\">\n                                <h2 class=\"accordion-item-header-text mb_0 \" data-number=\"0\">\n                                    Panneaux agglom\u00e9r\u00e9s plaqu\u00e9s feuillus                                <\/h2>\n                            <\/div>\n\n                            <div class=\"accordion-content-block\" >\n                                                                    <div class=\"rubrik-info-block sub-cat-rubrik-info-block\">\n                                        <div class=\"rubrik-text-block\">\n                                                                                            <h4 class=\"\">Feuillus\n<\/h4>\n                                            \n                                                                                            <div class=\"description_block\"><p>Panneaux agglom\u00e9res replaqu\u00e9s d&rsquo;un v\u00e9ritable placage de bois feuillus. Epaisseur du placage 0,6 mm. Plus de sorte d&rsquo;essences de bois et divers supports, formats et qualit\u00e9s sur demande possible. L&rsquo;original peut sensiblement varier \u00e0 l&rsquo;image present\u00e9e.<\/p>\n<\/div>\n                                                                                    <\/div>\n\n                                        <div class=\"rubrik-medium-block\">\n                                                                                    <\/div>\n                                    <\/div>\n                                \n                                                                    <div class=\"product-cards\">\n                                        \n<a href=\"https:\/\/sperrag.ch\/fr\/produit\/bouleau-tranche\/\" data-fancybox data-src=\"https:\/\/sperrag.ch\/wp-content\/uploads\/Edelfurnierte_Birke-gemessert.jpg\" data-caption=\"Qualit\u00e9 A\/B\" class=\"product-card  not-open-modal\" data-paginationmobilepage=\"\" data-modalpostid=\"3538\" data-parentpageid=\"3679\">\n    <div class=\"product-card-inner-container\">\n        <h4 class=\"heading-h5 mb_0\">Bouleau tranch\u00e9<\/h4>\n\n        <div class=\"product-card-cols\">\n            <div class=\"product-card-image\" style=\"background-image: url('https:\/\/sperrag.ch\/wp-content\/uploads\/Edelfurnierte_Birke-gemessert.jpg')\">\n                <div class=\"product-number-block\">\n                    <span>1<\/span>\n\n                                    <\/div>\n            <\/div>\n\n            <div class=\"product-meta-block\">\n                                    <p class=\"text-medium text-black mb_0\">Qualit\u00e9 A\/B<\/p>\n                \n                                    <div class=\"button-block\">\n                        <div class=\"btn-merklist btn-merklist-small btn-merklist-full-width add-to-merkliste \" data-type=\"produkt\" data-id=\"3538\">\n                            <div>\n                                Liste de suivi                            <\/div>\n                        <\/div>\n                    <\/div>\n                            <\/div>\n        <\/div>\n    <\/div>\n<\/a>\n\n<a href=\"https:\/\/sperrag.ch\/fr\/produit\/cerisier-ami\/\" data-fancybox data-src=\"https:\/\/sperrag.ch\/wp-content\/uploads\/Edelfurnierte_Kirschbaum-USA.jpg\" data-caption=\"Qualit\u00e9 A\/B\" class=\"product-card  not-open-modal\" data-paginationmobilepage=\"\" data-modalpostid=\"5161\" data-parentpageid=\"3679\">\n    <div class=\"product-card-inner-container\">\n        <h4 class=\"heading-h5 mb_0\">Cerisier ami<\/h4>\n\n        <div class=\"product-card-cols\">\n            <div class=\"product-card-image\" style=\"background-image: url('https:\/\/sperrag.ch\/wp-content\/uploads\/Edelfurnierte_Kirschbaum-USA.jpg')\">\n                <div class=\"product-number-block\">\n                    <span>2<\/span>\n\n                                    <\/div>\n            <\/div>\n\n            <div class=\"product-meta-block\">\n                                    <p class=\"text-medium text-black mb_0\">Qualit\u00e9 A\/B<\/p>\n                \n                                    <div class=\"button-block\">\n                        <div class=\"btn-merklist btn-merklist-small btn-merklist-full-width add-to-merkliste \" data-type=\"produkt\" data-id=\"5161\">\n                            <div>\n                                Liste de suivi                            <\/div>\n                        <\/div>\n                    <\/div>\n                            <\/div>\n        <\/div>\n    <\/div>\n<\/a>\n\n<a href=\"https:\/\/sperrag.ch\/fr\/produit\/cerisier-euro\/\" data-fancybox data-src=\"https:\/\/sperrag.ch\/wp-content\/uploads\/Edelfurnierte_Kirschbaum-Euro-1.jpg\" data-caption=\"Qualit\u00e9 A\/B\" class=\"product-card  not-open-modal\" data-paginationmobilepage=\"\" data-modalpostid=\"3564\" data-parentpageid=\"3679\">\n    <div class=\"product-card-inner-container\">\n        <h4 class=\"heading-h5 mb_0\">Cerisier euro<\/h4>\n\n        <div class=\"product-card-cols\">\n            <div class=\"product-card-image\" style=\"background-image: url('https:\/\/sperrag.ch\/wp-content\/uploads\/Edelfurnierte_Kirschbaum-Euro-1.jpg')\">\n                <div class=\"product-number-block\">\n                    <span>3<\/span>\n\n                                    <\/div>\n            <\/div>\n\n            <div class=\"product-meta-block\">\n                                    <p class=\"text-medium text-black mb_0\">Qualit\u00e9 A\/B<\/p>\n                \n                                    <div class=\"button-block\">\n                        <div class=\"btn-merklist btn-merklist-small btn-merklist-full-width add-to-merkliste \" data-type=\"produkt\" data-id=\"3564\">\n                            <div>\n                                Liste de suivi                            <\/div>\n                        <\/div>\n                    <\/div>\n                            <\/div>\n        <\/div>\n    <\/div>\n<\/a>\n\n<a href=\"https:\/\/sperrag.ch\/fr\/produit\/chene-euro\/\" data-fancybox data-src=\"https:\/\/sperrag.ch\/wp-content\/uploads\/Edelfurnierte_Eiche-Euro.jpg\" data-caption=\"Qualit\u00e9 A\/B\" class=\"product-card  not-open-modal\" data-paginationmobilepage=\"\" data-modalpostid=\"3546\" data-parentpageid=\"3679\">\n    <div class=\"product-card-inner-container\">\n        <h4 class=\"heading-h5 mb_0\">Ch\u00eane euro<\/h4>\n\n        <div class=\"product-card-cols\">\n            <div class=\"product-card-image\" style=\"background-image: url('https:\/\/sperrag.ch\/wp-content\/uploads\/Edelfurnierte_Eiche-Euro.jpg')\">\n                <div class=\"product-number-block\">\n                    <span>4<\/span>\n\n                                    <\/div>\n            <\/div>\n\n            <div class=\"product-meta-block\">\n                                    <p class=\"text-medium text-black mb_0\">Qualit\u00e9 A\/B<\/p>\n                \n                                    <div class=\"button-block\">\n                        <div class=\"btn-merklist btn-merklist-small btn-merklist-full-width add-to-merkliste \" data-type=\"produkt\" data-id=\"3546\">\n                            <div>\n                                Liste de suivi                            <\/div>\n                        <\/div>\n                    <\/div>\n                            <\/div>\n        <\/div>\n    <\/div>\n<\/a>\n\n<a href=\"https:\/\/sperrag.ch\/fr\/produit\/erable-euro\/\" data-fancybox data-src=\"https:\/\/sperrag.ch\/wp-content\/uploads\/Edelfurnierte_Ahorn-Euro.jpg\" data-caption=\"Qualit\u00e9 A\/B\" class=\"product-card  not-open-modal\" data-paginationmobilepage=\"\" data-modalpostid=\"3525\" data-parentpageid=\"3679\">\n    <div class=\"product-card-inner-container\">\n        <h4 class=\"heading-h5 mb_0\">Erable euro<\/h4>\n\n        <div class=\"product-card-cols\">\n            <div class=\"product-card-image\" style=\"background-image: url('https:\/\/sperrag.ch\/wp-content\/uploads\/Edelfurnierte_Ahorn-Euro.jpg')\">\n                <div class=\"product-number-block\">\n                    <span>5<\/span>\n\n                                    <\/div>\n            <\/div>\n\n            <div class=\"product-meta-block\">\n                                    <p class=\"text-medium text-black mb_0\">Qualit\u00e9 A\/B<\/p>\n                \n                                    <div class=\"button-block\">\n                        <div class=\"btn-merklist btn-merklist-small btn-merklist-full-width add-to-merkliste \" data-type=\"produkt\" data-id=\"3525\">\n                            <div>\n                                Liste de suivi                            <\/div>\n                        <\/div>\n                    <\/div>\n                            <\/div>\n        <\/div>\n    <\/div>\n<\/a>\n\n<a href=\"https:\/\/sperrag.ch\/fr\/produit\/frene-2\/\" data-fancybox data-src=\"https:\/\/sperrag.ch\/wp-content\/uploads\/Edelfurnierte_Esche.jpg\" data-caption=\"Qualit\u00e9 A\/B\" class=\"product-card  not-open-modal\" data-paginationmobilepage=\"\" data-modalpostid=\"3554\" data-parentpageid=\"3679\">\n    <div class=\"product-card-inner-container\">\n        <h4 class=\"heading-h5 mb_0\">Fr\u00eane<\/h4>\n\n        <div class=\"product-card-cols\">\n            <div class=\"product-card-image\" style=\"background-image: url('https:\/\/sperrag.ch\/wp-content\/uploads\/Edelfurnierte_Esche.jpg')\">\n                <div class=\"product-number-block\">\n                    <span>6<\/span>\n\n                                    <\/div>\n            <\/div>\n\n            <div class=\"product-meta-block\">\n                                    <p class=\"text-medium text-black mb_0\">Qualit\u00e9 A\/B<\/p>\n                \n                                    <div class=\"button-block\">\n                        <div class=\"btn-merklist btn-merklist-small btn-merklist-full-width add-to-merkliste \" data-type=\"produkt\" data-id=\"3554\">\n                            <div>\n                                Liste de suivi                            <\/div>\n                        <\/div>\n                    <\/div>\n                            <\/div>\n        <\/div>\n    <\/div>\n<\/a>\n\n<a href=\"https:\/\/sperrag.ch\/fr\/produit\/hetre-etuve\/\" data-fancybox data-src=\"https:\/\/sperrag.ch\/wp-content\/uploads\/Edelfurnierte_Buche-gedaempft.jpg\" data-caption=\"Qualit\u00e9 A\/B\" class=\"product-card  not-open-modal\" data-paginationmobilepage=\"\" data-modalpostid=\"3541\" data-parentpageid=\"3679\">\n    <div class=\"product-card-inner-container\">\n        <h4 class=\"heading-h5 mb_0\">H\u00eatre \u00e9tuv\u00e9<\/h4>\n\n        <div class=\"product-card-cols\">\n            <div class=\"product-card-image\" style=\"background-image: url('https:\/\/sperrag.ch\/wp-content\/uploads\/Edelfurnierte_Buche-gedaempft.jpg')\">\n                <div class=\"product-number-block\">\n                    <span>7<\/span>\n\n                                    <\/div>\n            <\/div>\n\n            <div class=\"product-meta-block\">\n                                    <p class=\"text-medium text-black mb_0\">Qualit\u00e9 A\/B<\/p>\n                \n                                    <div class=\"button-block\">\n                        <div class=\"btn-merklist btn-merklist-small btn-merklist-full-width add-to-merkliste \" data-type=\"produkt\" data-id=\"3541\">\n                            <div>\n                                Liste de suivi                            <\/div>\n                        <\/div>\n                    <\/div>\n                            <\/div>\n        <\/div>\n    <\/div>\n<\/a>\n\n<a href=\"https:\/\/sperrag.ch\/fr\/produit\/mahagoni-sapelli-2-fr\/\" data-fancybox data-src=\"https:\/\/sperrag.ch\/wp-content\/uploads\/Edelfurnierte_Mahagoni.jpg\" data-caption=\"Acajou px marine Qual. AB\/B\" class=\"product-card  not-open-modal\" data-paginationmobilepage=\"\" data-modalpostid=\"3615\" data-parentpageid=\"3679\">\n    <div class=\"product-card-inner-container\">\n        <h4 class=\"heading-h5 mb_0\">Mahagoni Sapelli<\/h4>\n\n        <div class=\"product-card-cols\">\n            <div class=\"product-card-image\" style=\"background-image: url('https:\/\/sperrag.ch\/wp-content\/uploads\/Edelfurnierte_Mahagoni.jpg')\">\n                <div class=\"product-number-block\">\n                    <span>8<\/span>\n\n                                    <\/div>\n            <\/div>\n\n            <div class=\"product-meta-block\">\n                                    <p class=\"text-medium text-black mb_0\">Acajou px marine Qual. AB\/B<\/p>\n                \n                                    <div class=\"button-block\">\n                        <div class=\"btn-merklist btn-merklist-small btn-merklist-full-width add-to-merkliste \" data-type=\"produkt\" data-id=\"3615\">\n                            <div>\n                                Liste de suivi                            <\/div>\n                        <\/div>\n                    <\/div>\n                            <\/div>\n        <\/div>\n    <\/div>\n<\/a>\n\n<a href=\"https:\/\/sperrag.ch\/fr\/produit\/noyer-ami\/\" data-fancybox data-src=\"https:\/\/sperrag.ch\/wp-content\/uploads\/Edelfurnierte_Nussbaum-USA.jpg\" data-caption=\"Qualit\u00e9 A\/B\" class=\"product-card  not-open-modal\" data-paginationmobilepage=\"\" data-modalpostid=\"3636\" data-parentpageid=\"3679\">\n    <div class=\"product-card-inner-container\">\n        <h4 class=\"heading-h5 mb_0\">Noyer ami<\/h4>\n\n        <div class=\"product-card-cols\">\n            <div class=\"product-card-image\" style=\"background-image: url('https:\/\/sperrag.ch\/wp-content\/uploads\/Edelfurnierte_Nussbaum-USA.jpg')\">\n                <div class=\"product-number-block\">\n                    <span>9<\/span>\n\n                                    <\/div>\n            <\/div>\n\n            <div class=\"product-meta-block\">\n                                    <p class=\"text-medium text-black mb_0\">Qualit\u00e9 A\/B<\/p>\n                \n                                    <div class=\"button-block\">\n                        <div class=\"btn-merklist btn-merklist-small btn-merklist-full-width add-to-merkliste \" data-type=\"produkt\" data-id=\"3636\">\n                            <div>\n                                Liste de suivi                            <\/div>\n                        <\/div>\n                    <\/div>\n                            <\/div>\n        <\/div>\n    <\/div>\n<\/a>\n\n<a href=\"https:\/\/sperrag.ch\/fr\/produit\/noyer-euro\/\" data-fancybox data-src=\"https:\/\/sperrag.ch\/wp-content\/uploads\/Edelfurnierte_Nussbaum-Euro.jpg\" data-caption=\"Qualit\u00e9 A\/B\" class=\"product-card  not-open-modal\" data-paginationmobilepage=\"\" data-modalpostid=\"3627\" data-parentpageid=\"3679\">\n    <div class=\"product-card-inner-container\">\n        <h4 class=\"heading-h5 mb_0\">Noyer euro<\/h4>\n\n        <div class=\"product-card-cols\">\n            <div class=\"product-card-image\" style=\"background-image: url('https:\/\/sperrag.ch\/wp-content\/uploads\/Edelfurnierte_Nussbaum-Euro.jpg')\">\n                <div class=\"product-number-block\">\n                    <span>10<\/span>\n\n                                    <\/div>\n            <\/div>\n\n            <div class=\"product-meta-block\">\n                                    <p class=\"text-medium text-black mb_0\">Qualit\u00e9 A\/B<\/p>\n                \n                                    <div class=\"button-block\">\n                        <div class=\"btn-merklist btn-merklist-small btn-merklist-full-width add-to-merkliste \" data-type=\"produkt\" data-id=\"3627\">\n                            <div>\n                                Liste de suivi                            <\/div>\n                        <\/div>\n                    <\/div>\n                            <\/div>\n        <\/div>\n    <\/div>\n<\/a>\n                                    <\/div>\n                                \n                                                                    <div class=\"product-cards-mobile-wrapper panneaux-agglomeres-plaques-feuillus\" data-page=\"1\" data-maxnumpages=\"2\">\n                                        <div class=\"loading_fade\"><\/div>\n\n                                        <div class=\"product-cards-mobile\">\n                                            \n<a href=\"https:\/\/sperrag.ch\/fr\/produit\/bouleau-tranche\/\" data-fancybox data-src=\"https:\/\/sperrag.ch\/wp-content\/uploads\/Edelfurnierte_Birke-gemessert.jpg\" data-caption=\"Qualit\u00e9 A\/B\" class=\"product-card  not-open-modal\" data-paginationmobilepage=\"1\" data-modalpostid=\"3538\" data-parentpageid=\"3679\">\n    <div class=\"product-card-inner-container\">\n        <h4 class=\"heading-h5 mb_0\">Bouleau tranch\u00e9<\/h4>\n\n        <div class=\"product-card-cols\">\n            <div class=\"product-card-image\" style=\"background-image: url('https:\/\/sperrag.ch\/wp-content\/uploads\/Edelfurnierte_Birke-gemessert.jpg')\">\n                <div class=\"product-number-block\">\n                    <span>1<\/span>\n\n                                    <\/div>\n            <\/div>\n\n            <div class=\"product-meta-block\">\n                                    <p class=\"text-medium text-black mb_0\">Qualit\u00e9 A\/B<\/p>\n                \n                                    <div class=\"button-block\">\n                        <div class=\"btn-merklist btn-merklist-small btn-merklist-full-width add-to-merkliste \" data-type=\"produkt\" data-id=\"3538\">\n                            <div>\n                                Liste de suivi                            <\/div>\n                        <\/div>\n                    <\/div>\n                            <\/div>\n        <\/div>\n    <\/div>\n<\/a>\n\n<a href=\"https:\/\/sperrag.ch\/fr\/produit\/cerisier-ami\/\" data-fancybox data-src=\"https:\/\/sperrag.ch\/wp-content\/uploads\/Edelfurnierte_Kirschbaum-USA.jpg\" data-caption=\"Qualit\u00e9 A\/B\" class=\"product-card  not-open-modal\" data-paginationmobilepage=\"1\" data-modalpostid=\"5161\" data-parentpageid=\"3679\">\n    <div class=\"product-card-inner-container\">\n        <h4 class=\"heading-h5 mb_0\">Cerisier ami<\/h4>\n\n        <div class=\"product-card-cols\">\n            <div class=\"product-card-image\" style=\"background-image: url('https:\/\/sperrag.ch\/wp-content\/uploads\/Edelfurnierte_Kirschbaum-USA.jpg')\">\n                <div class=\"product-number-block\">\n                    <span>2<\/span>\n\n                                    <\/div>\n            <\/div>\n\n            <div class=\"product-meta-block\">\n                                    <p class=\"text-medium text-black mb_0\">Qualit\u00e9 A\/B<\/p>\n                \n                                    <div class=\"button-block\">\n                        <div class=\"btn-merklist btn-merklist-small btn-merklist-full-width add-to-merkliste \" data-type=\"produkt\" data-id=\"5161\">\n                            <div>\n                                Liste de suivi                            <\/div>\n                        <\/div>\n                    <\/div>\n                            <\/div>\n        <\/div>\n    <\/div>\n<\/a>\n\n<a href=\"https:\/\/sperrag.ch\/fr\/produit\/cerisier-euro\/\" data-fancybox data-src=\"https:\/\/sperrag.ch\/wp-content\/uploads\/Edelfurnierte_Kirschbaum-Euro-1.jpg\" data-caption=\"Qualit\u00e9 A\/B\" class=\"product-card  not-open-modal\" data-paginationmobilepage=\"1\" data-modalpostid=\"3564\" data-parentpageid=\"3679\">\n    <div class=\"product-card-inner-container\">\n        <h4 class=\"heading-h5 mb_0\">Cerisier euro<\/h4>\n\n        <div class=\"product-card-cols\">\n            <div class=\"product-card-image\" style=\"background-image: url('https:\/\/sperrag.ch\/wp-content\/uploads\/Edelfurnierte_Kirschbaum-Euro-1.jpg')\">\n                <div class=\"product-number-block\">\n                    <span>3<\/span>\n\n                                    <\/div>\n            <\/div>\n\n            <div class=\"product-meta-block\">\n                                    <p class=\"text-medium text-black mb_0\">Qualit\u00e9 A\/B<\/p>\n                \n                                    <div class=\"button-block\">\n                        <div class=\"btn-merklist btn-merklist-small btn-merklist-full-width add-to-merkliste \" data-type=\"produkt\" data-id=\"3564\">\n                            <div>\n                                Liste de suivi                            <\/div>\n                        <\/div>\n                    <\/div>\n                            <\/div>\n        <\/div>\n    <\/div>\n<\/a>\n\n<a href=\"https:\/\/sperrag.ch\/fr\/produit\/chene-euro\/\" data-fancybox data-src=\"https:\/\/sperrag.ch\/wp-content\/uploads\/Edelfurnierte_Eiche-Euro.jpg\" data-caption=\"Qualit\u00e9 A\/B\" class=\"product-card  not-open-modal\" data-paginationmobilepage=\"1\" data-modalpostid=\"3546\" data-parentpageid=\"3679\">\n    <div class=\"product-card-inner-container\">\n        <h4 class=\"heading-h5 mb_0\">Ch\u00eane euro<\/h4>\n\n        <div class=\"product-card-cols\">\n            <div class=\"product-card-image\" style=\"background-image: url('https:\/\/sperrag.ch\/wp-content\/uploads\/Edelfurnierte_Eiche-Euro.jpg')\">\n                <div class=\"product-number-block\">\n                    <span>4<\/span>\n\n                                    <\/div>\n            <\/div>\n\n            <div class=\"product-meta-block\">\n                                    <p class=\"text-medium text-black mb_0\">Qualit\u00e9 A\/B<\/p>\n                \n                                    <div class=\"button-block\">\n                        <div class=\"btn-merklist btn-merklist-small btn-merklist-full-width add-to-merkliste \" data-type=\"produkt\" data-id=\"3546\">\n                            <div>\n                                Liste de suivi                            <\/div>\n                        <\/div>\n                    <\/div>\n                            <\/div>\n        <\/div>\n    <\/div>\n<\/a>\n\n<a href=\"https:\/\/sperrag.ch\/fr\/produit\/erable-euro\/\" data-fancybox data-src=\"https:\/\/sperrag.ch\/wp-content\/uploads\/Edelfurnierte_Ahorn-Euro.jpg\" data-caption=\"Qualit\u00e9 A\/B\" class=\"product-card  not-open-modal\" data-paginationmobilepage=\"1\" data-modalpostid=\"3525\" data-parentpageid=\"3679\">\n    <div class=\"product-card-inner-container\">\n        <h4 class=\"heading-h5 mb_0\">Erable euro<\/h4>\n\n        <div class=\"product-card-cols\">\n            <div class=\"product-card-image\" style=\"background-image: url('https:\/\/sperrag.ch\/wp-content\/uploads\/Edelfurnierte_Ahorn-Euro.jpg')\">\n                <div class=\"product-number-block\">\n                    <span>5<\/span>\n\n                                    <\/div>\n            <\/div>\n\n            <div class=\"product-meta-block\">\n                                    <p class=\"text-medium text-black mb_0\">Qualit\u00e9 A\/B<\/p>\n                \n                                    <div class=\"button-block\">\n                        <div class=\"btn-merklist btn-merklist-small btn-merklist-full-width add-to-merkliste \" data-type=\"produkt\" data-id=\"3525\">\n                            <div>\n                                Liste de suivi                            <\/div>\n                        <\/div>\n                    <\/div>\n                            <\/div>\n        <\/div>\n    <\/div>\n<\/a>\n\n<a href=\"https:\/\/sperrag.ch\/fr\/produit\/frene-2\/\" data-fancybox data-src=\"https:\/\/sperrag.ch\/wp-content\/uploads\/Edelfurnierte_Esche.jpg\" data-caption=\"Qualit\u00e9 A\/B\" class=\"product-card hidden not-open-modal\" data-paginationmobilepage=\"2\" data-modalpostid=\"3554\" data-parentpageid=\"3679\">\n    <div class=\"product-card-inner-container\">\n        <h4 class=\"heading-h5 mb_0\">Fr\u00eane<\/h4>\n\n        <div class=\"product-card-cols\">\n            <div class=\"product-card-image\" style=\"background-image: url('https:\/\/sperrag.ch\/wp-content\/uploads\/Edelfurnierte_Esche.jpg')\">\n                <div class=\"product-number-block\">\n                    <span>6<\/span>\n\n                                    <\/div>\n            <\/div>\n\n            <div class=\"product-meta-block\">\n                                    <p class=\"text-medium text-black mb_0\">Qualit\u00e9 A\/B<\/p>\n                \n                                    <div class=\"button-block\">\n                        <div class=\"btn-merklist btn-merklist-small btn-merklist-full-width add-to-merkliste \" data-type=\"produkt\" data-id=\"3554\">\n                            <div>\n                                Liste de suivi                            <\/div>\n                        <\/div>\n                    <\/div>\n                            <\/div>\n        <\/div>\n    <\/div>\n<\/a>\n\n<a href=\"https:\/\/sperrag.ch\/fr\/produit\/hetre-etuve\/\" data-fancybox data-src=\"https:\/\/sperrag.ch\/wp-content\/uploads\/Edelfurnierte_Buche-gedaempft.jpg\" data-caption=\"Qualit\u00e9 A\/B\" class=\"product-card hidden not-open-modal\" data-paginationmobilepage=\"2\" data-modalpostid=\"3541\" data-parentpageid=\"3679\">\n    <div class=\"product-card-inner-container\">\n        <h4 class=\"heading-h5 mb_0\">H\u00eatre \u00e9tuv\u00e9<\/h4>\n\n        <div class=\"product-card-cols\">\n            <div class=\"product-card-image\" style=\"background-image: url('https:\/\/sperrag.ch\/wp-content\/uploads\/Edelfurnierte_Buche-gedaempft.jpg')\">\n                <div class=\"product-number-block\">\n                    <span>7<\/span>\n\n                                    <\/div>\n            <\/div>\n\n            <div class=\"product-meta-block\">\n                                    <p class=\"text-medium text-black mb_0\">Qualit\u00e9 A\/B<\/p>\n                \n                                    <div class=\"button-block\">\n                        <div class=\"btn-merklist btn-merklist-small btn-merklist-full-width add-to-merkliste \" data-type=\"produkt\" data-id=\"3541\">\n                            <div>\n                                Liste de suivi                            <\/div>\n                        <\/div>\n                    <\/div>\n                            <\/div>\n        <\/div>\n    <\/div>\n<\/a>\n\n<a href=\"https:\/\/sperrag.ch\/fr\/produit\/mahagoni-sapelli-2-fr\/\" data-fancybox data-src=\"https:\/\/sperrag.ch\/wp-content\/uploads\/Edelfurnierte_Mahagoni.jpg\" data-caption=\"Acajou px marine Qual. AB\/B\" class=\"product-card hidden not-open-modal\" data-paginationmobilepage=\"2\" data-modalpostid=\"3615\" data-parentpageid=\"3679\">\n    <div class=\"product-card-inner-container\">\n        <h4 class=\"heading-h5 mb_0\">Mahagoni Sapelli<\/h4>\n\n        <div class=\"product-card-cols\">\n            <div class=\"product-card-image\" style=\"background-image: url('https:\/\/sperrag.ch\/wp-content\/uploads\/Edelfurnierte_Mahagoni.jpg')\">\n                <div class=\"product-number-block\">\n                    <span>8<\/span>\n\n                                    <\/div>\n            <\/div>\n\n            <div class=\"product-meta-block\">\n                                    <p class=\"text-medium text-black mb_0\">Acajou px marine Qual. AB\/B<\/p>\n                \n                                    <div class=\"button-block\">\n                        <div class=\"btn-merklist btn-merklist-small btn-merklist-full-width add-to-merkliste \" data-type=\"produkt\" data-id=\"3615\">\n                            <div>\n                                Liste de suivi                            <\/div>\n                        <\/div>\n                    <\/div>\n                            <\/div>\n        <\/div>\n    <\/div>\n<\/a>\n\n<a href=\"https:\/\/sperrag.ch\/fr\/produit\/noyer-ami\/\" data-fancybox data-src=\"https:\/\/sperrag.ch\/wp-content\/uploads\/Edelfurnierte_Nussbaum-USA.jpg\" data-caption=\"Qualit\u00e9 A\/B\" class=\"product-card hidden not-open-modal\" data-paginationmobilepage=\"2\" data-modalpostid=\"3636\" data-parentpageid=\"3679\">\n    <div class=\"product-card-inner-container\">\n        <h4 class=\"heading-h5 mb_0\">Noyer ami<\/h4>\n\n        <div class=\"product-card-cols\">\n            <div class=\"product-card-image\" style=\"background-image: url('https:\/\/sperrag.ch\/wp-content\/uploads\/Edelfurnierte_Nussbaum-USA.jpg')\">\n                <div class=\"product-number-block\">\n                    <span>9<\/span>\n\n                                    <\/div>\n            <\/div>\n\n            <div class=\"product-meta-block\">\n                                    <p class=\"text-medium text-black mb_0\">Qualit\u00e9 A\/B<\/p>\n                \n                                    <div class=\"button-block\">\n                        <div class=\"btn-merklist btn-merklist-small btn-merklist-full-width add-to-merkliste \" data-type=\"produkt\" data-id=\"3636\">\n                            <div>\n                                Liste de suivi                            <\/div>\n                        <\/div>\n                    <\/div>\n                            <\/div>\n        <\/div>\n    <\/div>\n<\/a>\n\n<a href=\"https:\/\/sperrag.ch\/fr\/produit\/noyer-euro\/\" data-fancybox data-src=\"https:\/\/sperrag.ch\/wp-content\/uploads\/Edelfurnierte_Nussbaum-Euro.jpg\" data-caption=\"Qualit\u00e9 A\/B\" class=\"product-card hidden not-open-modal\" data-paginationmobilepage=\"2\" data-modalpostid=\"3627\" data-parentpageid=\"3679\">\n    <div class=\"product-card-inner-container\">\n        <h4 class=\"heading-h5 mb_0\">Noyer euro<\/h4>\n\n        <div class=\"product-card-cols\">\n            <div class=\"product-card-image\" style=\"background-image: url('https:\/\/sperrag.ch\/wp-content\/uploads\/Edelfurnierte_Nussbaum-Euro.jpg')\">\n                <div class=\"product-number-block\">\n                    <span>10<\/span>\n\n                                    <\/div>\n            <\/div>\n\n            <div class=\"product-meta-block\">\n                                    <p class=\"text-medium text-black mb_0\">Qualit\u00e9 A\/B<\/p>\n                \n                                    <div class=\"button-block\">\n                        <div class=\"btn-merklist btn-merklist-small btn-merklist-full-width add-to-merkliste \" data-type=\"produkt\" data-id=\"3627\">\n                            <div>\n                                Liste de suivi                            <\/div>\n                        <\/div>\n                    <\/div>\n                            <\/div>\n        <\/div>\n    <\/div>\n<\/a>\n                                        <\/div>\n\n                                                                                    <div class=\"pagination_container\">\n                                                <div class=\"pagination_block\">\n                                                    <a href=\"#\" class=\"prev page-numbers disabled\" data-number=\"prev\">\n                <div>\n                    <span class=\"arrow_left\"><i class=\"fa-regular fa-chevron-left\"><\/i><\/span>\n                <\/div>\n            <\/a><div><a href=\"#\" class=\"current page-numbers\" data-number=\"1\">1<\/a><a href=\"#\" class=\"page-numbers\" data-number=\"2\">2<\/a><\/div><a href=\"#\" class=\"next page-numbers\" data-number=\"next\">\n                                <div>\n                                    <span class=\"arrow_right\"><i class=\"fa-regular fa-chevron-right\"><\/i><\/span>\n                                <\/div>\n                            <\/a>                                                <\/div>\n                                            <\/div>\n                                                                            <\/div>\n                                                            <\/div>\n                        <\/div>\n                                            <div class=\"accordion-item\" id=\"panneaux-agglomeres-plaques-resineux\">\n                            <div class=\"accordion-item-header-container\">\n                                <h2 class=\"accordion-item-header-text mb_0 \" data-number=\"12\">\n                                    Panneaux agglom\u00e9r\u00e9s plaqu\u00e9s r\u00e9sineux                                <\/h2>\n                            <\/div>\n\n                            <div class=\"accordion-content-block\" >\n                                                                    <div class=\"rubrik-info-block sub-cat-rubrik-info-block\">\n                                        <div class=\"rubrik-text-block\">\n                                                                                            <h4 class=\"\">R\u00e9sineux\n<\/h4>\n                                            \n                                                                                            <div class=\"description_block\"><p>Panneaux agglom\u00e9res replaqu\u00e9s d&rsquo;un v\u00e9ritable placage de bois r\u00e9sineux. Epaisseur du placage 0,9 mm. Plus de sorte d&rsquo;essences de bois et divers supports, formats et qualit\u00e9s sur demande possible. l&rsquo;original peut sensiblement varier \u00e0 l&rsquo;image present\u00e9e.<\/p>\n<\/div>\n                                                                                    <\/div>\n\n                                        <div class=\"rubrik-medium-block\">\n                                                                                    <\/div>\n                                    <\/div>\n                                \n                                                                    <div class=\"product-cards\">\n                                        \n<a href=\"https:\/\/sperrag.ch\/fr\/produit\/epicea-2\/\" data-fancybox data-src=\"https:\/\/sperrag.ch\/wp-content\/uploads\/Edelfurnierte_Kirschbaum-USA.jpg\" data-caption=\"Qualit\u00e9 A\/B\" class=\"product-card  not-open-modal\" data-paginationmobilepage=\"\" data-modalpostid=\"3586\" data-parentpageid=\"3679\">\n    <div class=\"product-card-inner-container\">\n        <h4 class=\"heading-h5 mb_0\">\u00c9pic\u00e9a<\/h4>\n\n        <div class=\"product-card-cols\">\n            <div class=\"product-card-image\" style=\"background-image: url('https:\/\/sperrag.ch\/wp-content\/uploads\/Edelfurnierte_Kirschbaum-USA.jpg')\">\n                <div class=\"product-number-block\">\n                    <span>1<\/span>\n\n                                    <\/div>\n            <\/div>\n\n            <div class=\"product-meta-block\">\n                                    <p class=\"text-medium text-black mb_0\">Qualit\u00e9 A\/B<\/p>\n                \n                                    <div class=\"button-block\">\n                        <div class=\"btn-merklist btn-merklist-small btn-merklist-full-width add-to-merkliste \" data-type=\"produkt\" data-id=\"3586\">\n                            <div>\n                                Liste de suivi                            <\/div>\n                        <\/div>\n                    <\/div>\n                            <\/div>\n        <\/div>\n    <\/div>\n<\/a>\n\n<a href=\"https:\/\/sperrag.ch\/fr\/produit\/epicea-avec-noeuds\/\" data-fancybox data-src=\"https:\/\/sperrag.ch\/wp-content\/uploads\/Edelfurnierte_Fichte-astig.jpg\" data-caption=\"Qualit\u00e9 A\/B\" class=\"product-card  not-open-modal\" data-paginationmobilepage=\"\" data-modalpostid=\"3533\" data-parentpageid=\"3679\">\n    <div class=\"product-card-inner-container\">\n        <h4 class=\"heading-h5 mb_0\">\u00c9pic\u00e9a avec noeuds<\/h4>\n\n        <div class=\"product-card-cols\">\n            <div class=\"product-card-image\" style=\"background-image: url('https:\/\/sperrag.ch\/wp-content\/uploads\/Edelfurnierte_Fichte-astig.jpg')\">\n                <div class=\"product-number-block\">\n                    <span>2<\/span>\n\n                                    <\/div>\n            <\/div>\n\n            <div class=\"product-meta-block\">\n                                    <p class=\"text-medium text-black mb_0\">Qualit\u00e9 A\/B<\/p>\n                \n                                    <div class=\"button-block\">\n                        <div class=\"btn-merklist btn-merklist-small btn-merklist-full-width add-to-merkliste \" data-type=\"produkt\" data-id=\"3533\">\n                            <div>\n                                Liste de suivi                            <\/div>\n                        <\/div>\n                    <\/div>\n                            <\/div>\n        <\/div>\n    <\/div>\n<\/a>\n\n<a href=\"https:\/\/sperrag.ch\/fr\/produit\/meleze\/\" data-fancybox data-src=\"https:\/\/sperrag.ch\/wp-content\/uploads\/Edelfurnierte_Laerche.jpg\" data-caption=\"Qualit\u00e9 A\/B\" class=\"product-card  not-open-modal\" data-paginationmobilepage=\"\" data-modalpostid=\"3543\" data-parentpageid=\"3679\">\n    <div class=\"product-card-inner-container\">\n        <h4 class=\"heading-h5 mb_0\">M\u00e9l\u00e8ze<\/h4>\n\n        <div class=\"product-card-cols\">\n            <div class=\"product-card-image\" style=\"background-image: url('https:\/\/sperrag.ch\/wp-content\/uploads\/Edelfurnierte_Laerche.jpg')\">\n                <div class=\"product-number-block\">\n                    <span>3<\/span>\n\n                                    <\/div>\n            <\/div>\n\n            <div class=\"product-meta-block\">\n                                    <p class=\"text-medium text-black mb_0\">Qualit\u00e9 A\/B<\/p>\n                \n                                    <div class=\"button-block\">\n                        <div class=\"btn-merklist btn-merklist-small btn-merklist-full-width add-to-merkliste \" data-type=\"produkt\" data-id=\"3543\">\n                            <div>\n                                Liste de suivi                            <\/div>\n                        <\/div>\n                    <\/div>\n                            <\/div>\n        <\/div>\n    <\/div>\n<\/a>\n\n<a href=\"https:\/\/sperrag.ch\/fr\/produit\/pin-deroule-fr\/\" data-fancybox data-src=\"https:\/\/sperrag.ch\/wp-content\/uploads\/Edelfurnierte_Kiefer.jpg\" data-caption=\"Qualit\u00e9 A\/B\" class=\"product-card  not-open-modal\" data-paginationmobilepage=\"\" data-modalpostid=\"3537\" data-parentpageid=\"3679\">\n    <div class=\"product-card-inner-container\">\n        <h4 class=\"heading-h5 mb_0\">Pin d\u00e9roul\u00e9<\/h4>\n\n        <div class=\"product-card-cols\">\n            <div class=\"product-card-image\" style=\"background-image: url('https:\/\/sperrag.ch\/wp-content\/uploads\/Edelfurnierte_Kiefer.jpg')\">\n                <div class=\"product-number-block\">\n                    <span>4<\/span>\n\n                                    <\/div>\n            <\/div>\n\n            <div class=\"product-meta-block\">\n                                    <p class=\"text-medium text-black mb_0\">Qualit\u00e9 A\/B<\/p>\n                \n                                    <div class=\"button-block\">\n                        <div class=\"btn-merklist btn-merklist-small btn-merklist-full-width add-to-merkliste \" data-type=\"produkt\" data-id=\"3537\">\n                            <div>\n                                Liste de suivi                            <\/div>\n                        <\/div>\n                    <\/div>\n                            <\/div>\n        <\/div>\n    <\/div>\n<\/a>\n\n<a href=\"https:\/\/sperrag.ch\/fr\/produit\/sapin-fr\/\" data-fancybox data-src=\"https:\/\/sperrag.ch\/wp-content\/uploads\/Edelfurnierte_Tanne.jpg\" data-caption=\"Qualit\u00e9 A\/B\" class=\"product-card  not-open-modal\" data-paginationmobilepage=\"\" data-modalpostid=\"3545\" data-parentpageid=\"3679\">\n    <div class=\"product-card-inner-container\">\n        <h4 class=\"heading-h5 mb_0\">Sapin<\/h4>\n\n        <div class=\"product-card-cols\">\n            <div class=\"product-card-image\" style=\"background-image: url('https:\/\/sperrag.ch\/wp-content\/uploads\/Edelfurnierte_Tanne.jpg')\">\n                <div class=\"product-number-block\">\n                    <span>5<\/span>\n\n                                    <\/div>\n            <\/div>\n\n            <div class=\"product-meta-block\">\n                                    <p class=\"text-medium text-black mb_0\">Qualit\u00e9 A\/B<\/p>\n                \n                                    <div class=\"button-block\">\n                        <div class=\"btn-merklist btn-merklist-small btn-merklist-full-width add-to-merkliste \" data-type=\"produkt\" data-id=\"3545\">\n                            <div>\n                                Liste de suivi                            <\/div>\n                        <\/div>\n                    <\/div>\n                            <\/div>\n        <\/div>\n    <\/div>\n<\/a>\n                                    <\/div>\n                                \n                                                                    <div class=\"product-cards-mobile-wrapper panneaux-agglomeres-plaques-resineux\" data-page=\"1\" data-maxnumpages=\"1\">\n                                        <div class=\"loading_fade\"><\/div>\n\n                                        <div class=\"product-cards-mobile\">\n                                            \n<a href=\"https:\/\/sperrag.ch\/fr\/produit\/epicea-2\/\" data-fancybox data-src=\"https:\/\/sperrag.ch\/wp-content\/uploads\/Edelfurnierte_Kirschbaum-USA.jpg\" data-caption=\"Qualit\u00e9 A\/B\" class=\"product-card  not-open-modal\" data-paginationmobilepage=\"1\" data-modalpostid=\"3586\" data-parentpageid=\"3679\">\n    <div class=\"product-card-inner-container\">\n        <h4 class=\"heading-h5 mb_0\">\u00c9pic\u00e9a<\/h4>\n\n        <div class=\"product-card-cols\">\n            <div class=\"product-card-image\" style=\"background-image: url('https:\/\/sperrag.ch\/wp-content\/uploads\/Edelfurnierte_Kirschbaum-USA.jpg')\">\n                <div class=\"product-number-block\">\n                    <span>1<\/span>\n\n                                    <\/div>\n            <\/div>\n\n            <div class=\"product-meta-block\">\n                                    <p class=\"text-medium text-black mb_0\">Qualit\u00e9 A\/B<\/p>\n                \n                                    <div class=\"button-block\">\n                        <div class=\"btn-merklist btn-merklist-small btn-merklist-full-width add-to-merkliste \" data-type=\"produkt\" data-id=\"3586\">\n                            <div>\n                                Liste de suivi                            <\/div>\n                        <\/div>\n                    <\/div>\n                            <\/div>\n        <\/div>\n    <\/div>\n<\/a>\n\n<a href=\"https:\/\/sperrag.ch\/fr\/produit\/epicea-avec-noeuds\/\" data-fancybox data-src=\"https:\/\/sperrag.ch\/wp-content\/uploads\/Edelfurnierte_Fichte-astig.jpg\" data-caption=\"Qualit\u00e9 A\/B\" class=\"product-card  not-open-modal\" data-paginationmobilepage=\"1\" data-modalpostid=\"3533\" data-parentpageid=\"3679\">\n    <div class=\"product-card-inner-container\">\n        <h4 class=\"heading-h5 mb_0\">\u00c9pic\u00e9a avec noeuds<\/h4>\n\n        <div class=\"product-card-cols\">\n            <div class=\"product-card-image\" style=\"background-image: url('https:\/\/sperrag.ch\/wp-content\/uploads\/Edelfurnierte_Fichte-astig.jpg')\">\n                <div class=\"product-number-block\">\n                    <span>2<\/span>\n\n                                    <\/div>\n            <\/div>\n\n            <div class=\"product-meta-block\">\n                                    <p class=\"text-medium text-black mb_0\">Qualit\u00e9 A\/B<\/p>\n                \n                                    <div class=\"button-block\">\n                        <div class=\"btn-merklist btn-merklist-small btn-merklist-full-width add-to-merkliste \" data-type=\"produkt\" data-id=\"3533\">\n                            <div>\n                                Liste de suivi                            <\/div>\n                        <\/div>\n                    <\/div>\n                            <\/div>\n        <\/div>\n    <\/div>\n<\/a>\n\n<a href=\"https:\/\/sperrag.ch\/fr\/produit\/meleze\/\" data-fancybox data-src=\"https:\/\/sperrag.ch\/wp-content\/uploads\/Edelfurnierte_Laerche.jpg\" data-caption=\"Qualit\u00e9 A\/B\" class=\"product-card  not-open-modal\" data-paginationmobilepage=\"1\" data-modalpostid=\"3543\" data-parentpageid=\"3679\">\n    <div class=\"product-card-inner-container\">\n        <h4 class=\"heading-h5 mb_0\">M\u00e9l\u00e8ze<\/h4>\n\n        <div class=\"product-card-cols\">\n            <div class=\"product-card-image\" style=\"background-image: url('https:\/\/sperrag.ch\/wp-content\/uploads\/Edelfurnierte_Laerche.jpg')\">\n                <div class=\"product-number-block\">\n                    <span>3<\/span>\n\n                                    <\/div>\n            <\/div>\n\n            <div class=\"product-meta-block\">\n                                    <p class=\"text-medium text-black mb_0\">Qualit\u00e9 A\/B<\/p>\n                \n                                    <div class=\"button-block\">\n                        <div class=\"btn-merklist btn-merklist-small btn-merklist-full-width add-to-merkliste \" data-type=\"produkt\" data-id=\"3543\">\n                            <div>\n                                Liste de suivi                            <\/div>\n                        <\/div>\n                    <\/div>\n                            <\/div>\n        <\/div>\n    <\/div>\n<\/a>\n\n<a href=\"https:\/\/sperrag.ch\/fr\/produit\/pin-deroule-fr\/\" data-fancybox data-src=\"https:\/\/sperrag.ch\/wp-content\/uploads\/Edelfurnierte_Kiefer.jpg\" data-caption=\"Qualit\u00e9 A\/B\" class=\"product-card  not-open-modal\" data-paginationmobilepage=\"1\" data-modalpostid=\"3537\" data-parentpageid=\"3679\">\n    <div class=\"product-card-inner-container\">\n        <h4 class=\"heading-h5 mb_0\">Pin d\u00e9roul\u00e9<\/h4>\n\n        <div class=\"product-card-cols\">\n            <div class=\"product-card-image\" style=\"background-image: url('https:\/\/sperrag.ch\/wp-content\/uploads\/Edelfurnierte_Kiefer.jpg')\">\n                <div class=\"product-number-block\">\n                    <span>4<\/span>\n\n                                    <\/div>\n            <\/div>\n\n            <div class=\"product-meta-block\">\n                                    <p class=\"text-medium text-black mb_0\">Qualit\u00e9 A\/B<\/p>\n                \n                                    <div class=\"button-block\">\n                        <div class=\"btn-merklist btn-merklist-small btn-merklist-full-width add-to-merkliste \" data-type=\"produkt\" data-id=\"3537\">\n                            <div>\n                                Liste de suivi                            <\/div>\n                        <\/div>\n                    <\/div>\n                            <\/div>\n        <\/div>\n    <\/div>\n<\/a>\n\n<a href=\"https:\/\/sperrag.ch\/fr\/produit\/sapin-fr\/\" data-fancybox data-src=\"https:\/\/sperrag.ch\/wp-content\/uploads\/Edelfurnierte_Tanne.jpg\" data-caption=\"Qualit\u00e9 A\/B\" class=\"product-card  not-open-modal\" data-paginationmobilepage=\"1\" data-modalpostid=\"3545\" data-parentpageid=\"3679\">\n    <div class=\"product-card-inner-container\">\n        <h4 class=\"heading-h5 mb_0\">Sapin<\/h4>\n\n        <div class=\"product-card-cols\">\n            <div class=\"product-card-image\" style=\"background-image: url('https:\/\/sperrag.ch\/wp-content\/uploads\/Edelfurnierte_Tanne.jpg')\">\n                <div class=\"product-number-block\">\n                    <span>5<\/span>\n\n                                    <\/div>\n            <\/div>\n\n            <div class=\"product-meta-block\">\n                                    <p class=\"text-medium text-black mb_0\">Qualit\u00e9 A\/B<\/p>\n                \n                                    <div class=\"button-block\">\n                        <div class=\"btn-merklist btn-merklist-small btn-merklist-full-width add-to-merkliste \" data-type=\"produkt\" data-id=\"3545\">\n                            <div>\n                                Liste de suivi                            <\/div>\n                        <\/div>\n                    <\/div>\n                            <\/div>\n        <\/div>\n    <\/div>\n<\/a>\n                                        <\/div>\n\n                                                                            <\/div>\n                                                            <\/div>\n                        <\/div>\n                                            <div class=\"accordion-item\" id=\"panneaux-bois-croise-peuplier\">\n                            <div class=\"accordion-item-header-container\">\n                                <h2 class=\"accordion-item-header-text mb_0 \" data-number=\"7\">\n                                    Panneaux bois crois\u00e9 peuplier                                <\/h2>\n                            <\/div>\n\n                            <div class=\"accordion-content-block\" >\n                                                                    <div class=\"rubrik-info-block sub-cat-rubrik-info-block\">\n                                        <div class=\"rubrik-text-block\">\n                                                                                            <h4 class=\"\">Feuillus et r\u00e9sineux\n<\/h4>\n                                            \n                                                                                            <div class=\"description_block\"><p>Support de contreplaqu\u00e9 peuplier replaqu\u00e9s d&rsquo;un v\u00e9ritable placage de bois. Plus de sorte d&rsquo;essences de bois et divers supports, formats et qualit\u00e9s sur demande possible. L&rsquo;original peut sensiblement varier \u00e0 l&rsquo;image present\u00e9e.<\/p>\n<\/div>\n                                                                                    <\/div>\n\n                                        <div class=\"rubrik-medium-block\">\n                                                                                    <\/div>\n                                    <\/div>\n                                \n                                                                    <div class=\"product-cards\">\n                                        \n<a href=\"https:\/\/sperrag.ch\/fr\/produit\/chene-euro\/\" data-fancybox data-src=\"https:\/\/sperrag.ch\/wp-content\/uploads\/Edelfurnierte_Eiche-Euro.jpg\" data-caption=\"Qualit\u00e9 A\/B\" class=\"product-card  not-open-modal\" data-paginationmobilepage=\"\" data-modalpostid=\"3546\" data-parentpageid=\"3679\">\n    <div class=\"product-card-inner-container\">\n        <h4 class=\"heading-h5 mb_0\">Ch\u00eane euro<\/h4>\n\n        <div class=\"product-card-cols\">\n            <div class=\"product-card-image\" style=\"background-image: url('https:\/\/sperrag.ch\/wp-content\/uploads\/Edelfurnierte_Eiche-Euro.jpg')\">\n                <div class=\"product-number-block\">\n                    <span>1<\/span>\n\n                                    <\/div>\n            <\/div>\n\n            <div class=\"product-meta-block\">\n                                    <p class=\"text-medium text-black mb_0\">Qualit\u00e9 A\/B<\/p>\n                \n                                    <div class=\"button-block\">\n                        <div class=\"btn-merklist btn-merklist-small btn-merklist-full-width add-to-merkliste \" data-type=\"produkt\" data-id=\"3546\">\n                            <div>\n                                Liste de suivi                            <\/div>\n                        <\/div>\n                    <\/div>\n                            <\/div>\n        <\/div>\n    <\/div>\n<\/a>\n\n<a href=\"https:\/\/sperrag.ch\/fr\/produit\/epicea-2\/\" data-fancybox data-src=\"https:\/\/sperrag.ch\/wp-content\/uploads\/Edelfurnierte_Kirschbaum-USA.jpg\" data-caption=\"Qualit\u00e9 A\/B\" class=\"product-card  not-open-modal\" data-paginationmobilepage=\"\" data-modalpostid=\"3586\" data-parentpageid=\"3679\">\n    <div class=\"product-card-inner-container\">\n        <h4 class=\"heading-h5 mb_0\">\u00c9pic\u00e9a<\/h4>\n\n        <div class=\"product-card-cols\">\n            <div class=\"product-card-image\" style=\"background-image: url('https:\/\/sperrag.ch\/wp-content\/uploads\/Edelfurnierte_Kirschbaum-USA.jpg')\">\n                <div class=\"product-number-block\">\n                    <span>2<\/span>\n\n                                    <\/div>\n            <\/div>\n\n            <div class=\"product-meta-block\">\n                                    <p class=\"text-medium text-black mb_0\">Qualit\u00e9 A\/B<\/p>\n                \n                                    <div class=\"button-block\">\n                        <div class=\"btn-merklist btn-merklist-small btn-merklist-full-width add-to-merkliste \" data-type=\"produkt\" data-id=\"3586\">\n                            <div>\n                                Liste de suivi                            <\/div>\n                        <\/div>\n                    <\/div>\n                            <\/div>\n        <\/div>\n    <\/div>\n<\/a>\n\n<a href=\"https:\/\/sperrag.ch\/fr\/produit\/epicea-avec-noeuds\/\" data-fancybox data-src=\"https:\/\/sperrag.ch\/wp-content\/uploads\/Edelfurnierte_Fichte-astig.jpg\" data-caption=\"Qualit\u00e9 A\/B\" class=\"product-card  not-open-modal\" data-paginationmobilepage=\"\" data-modalpostid=\"3533\" data-parentpageid=\"3679\">\n    <div class=\"product-card-inner-container\">\n        <h4 class=\"heading-h5 mb_0\">\u00c9pic\u00e9a avec noeuds<\/h4>\n\n        <div class=\"product-card-cols\">\n            <div class=\"product-card-image\" style=\"background-image: url('https:\/\/sperrag.ch\/wp-content\/uploads\/Edelfurnierte_Fichte-astig.jpg')\">\n                <div class=\"product-number-block\">\n                    <span>3<\/span>\n\n                                    <\/div>\n            <\/div>\n\n            <div class=\"product-meta-block\">\n                                    <p class=\"text-medium text-black mb_0\">Qualit\u00e9 A\/B<\/p>\n                \n                                    <div class=\"button-block\">\n                        <div class=\"btn-merklist btn-merklist-small btn-merklist-full-width add-to-merkliste \" data-type=\"produkt\" data-id=\"3533\">\n                            <div>\n                                Liste de suivi                            <\/div>\n                        <\/div>\n                    <\/div>\n                            <\/div>\n        <\/div>\n    <\/div>\n<\/a>\n\n<a href=\"https:\/\/sperrag.ch\/fr\/produit\/erable-euro\/\" data-fancybox data-src=\"https:\/\/sperrag.ch\/wp-content\/uploads\/Edelfurnierte_Ahorn-Euro.jpg\" data-caption=\"Qualit\u00e9 A\/B\" class=\"product-card  not-open-modal\" data-paginationmobilepage=\"\" data-modalpostid=\"3525\" data-parentpageid=\"3679\">\n    <div class=\"product-card-inner-container\">\n        <h4 class=\"heading-h5 mb_0\">Erable euro<\/h4>\n\n        <div class=\"product-card-cols\">\n            <div class=\"product-card-image\" style=\"background-image: url('https:\/\/sperrag.ch\/wp-content\/uploads\/Edelfurnierte_Ahorn-Euro.jpg')\">\n                <div class=\"product-number-block\">\n                    <span>4<\/span>\n\n                                    <\/div>\n            <\/div>\n\n            <div class=\"product-meta-block\">\n                                    <p class=\"text-medium text-black mb_0\">Qualit\u00e9 A\/B<\/p>\n                \n                                    <div class=\"button-block\">\n                        <div class=\"btn-merklist btn-merklist-small btn-merklist-full-width add-to-merkliste \" data-type=\"produkt\" data-id=\"3525\">\n                            <div>\n                                Liste de suivi                            <\/div>\n                        <\/div>\n                    <\/div>\n                            <\/div>\n        <\/div>\n    <\/div>\n<\/a>\n\n<a href=\"https:\/\/sperrag.ch\/fr\/produit\/frene-2\/\" data-fancybox data-src=\"https:\/\/sperrag.ch\/wp-content\/uploads\/Edelfurnierte_Esche.jpg\" data-caption=\"Qualit\u00e9 A\/B\" class=\"product-card  not-open-modal\" data-paginationmobilepage=\"\" data-modalpostid=\"3554\" data-parentpageid=\"3679\">\n    <div class=\"product-card-inner-container\">\n        <h4 class=\"heading-h5 mb_0\">Fr\u00eane<\/h4>\n\n        <div class=\"product-card-cols\">\n            <div class=\"product-card-image\" style=\"background-image: url('https:\/\/sperrag.ch\/wp-content\/uploads\/Edelfurnierte_Esche.jpg')\">\n                <div class=\"product-number-block\">\n                    <span>5<\/span>\n\n                                    <\/div>\n            <\/div>\n\n            <div class=\"product-meta-block\">\n                                    <p class=\"text-medium text-black mb_0\">Qualit\u00e9 A\/B<\/p>\n                \n                                    <div class=\"button-block\">\n                        <div class=\"btn-merklist btn-merklist-small btn-merklist-full-width add-to-merkliste \" data-type=\"produkt\" data-id=\"3554\">\n                            <div>\n                                Liste de suivi                            <\/div>\n                        <\/div>\n                    <\/div>\n                            <\/div>\n        <\/div>\n    <\/div>\n<\/a>\n\n<a href=\"https:\/\/sperrag.ch\/fr\/produit\/hetre-etuve\/\" data-fancybox data-src=\"https:\/\/sperrag.ch\/wp-content\/uploads\/Edelfurnierte_Buche-gedaempft.jpg\" data-caption=\"Qualit\u00e9 A\/B\" class=\"product-card  not-open-modal\" data-paginationmobilepage=\"\" data-modalpostid=\"3541\" data-parentpageid=\"3679\">\n    <div class=\"product-card-inner-container\">\n        <h4 class=\"heading-h5 mb_0\">H\u00eatre \u00e9tuv\u00e9<\/h4>\n\n        <div class=\"product-card-cols\">\n            <div class=\"product-card-image\" style=\"background-image: url('https:\/\/sperrag.ch\/wp-content\/uploads\/Edelfurnierte_Buche-gedaempft.jpg')\">\n                <div class=\"product-number-block\">\n                    <span>6<\/span>\n\n                                    <\/div>\n            <\/div>\n\n            <div class=\"product-meta-block\">\n                                    <p class=\"text-medium text-black mb_0\">Qualit\u00e9 A\/B<\/p>\n                \n                                    <div class=\"button-block\">\n                        <div class=\"btn-merklist btn-merklist-small btn-merklist-full-width add-to-merkliste \" data-type=\"produkt\" data-id=\"3541\">\n                            <div>\n                                Liste de suivi                            <\/div>\n                        <\/div>\n                    <\/div>\n                            <\/div>\n        <\/div>\n    <\/div>\n<\/a>\n\n<a href=\"https:\/\/sperrag.ch\/fr\/produit\/limba-fr\/\" data-fancybox data-src=\"https:\/\/sperrag.ch\/wp-content\/uploads\/Edelfurnierte_Limba.jpg\" data-caption=\"Qualit\u00e9 A\/B\" class=\"product-card  not-open-modal\" data-paginationmobilepage=\"\" data-modalpostid=\"3602\" data-parentpageid=\"3679\">\n    <div class=\"product-card-inner-container\">\n        <h4 class=\"heading-h5 mb_0\">Limba<\/h4>\n\n        <div class=\"product-card-cols\">\n            <div class=\"product-card-image\" style=\"background-image: url('https:\/\/sperrag.ch\/wp-content\/uploads\/Edelfurnierte_Limba.jpg')\">\n                <div class=\"product-number-block\">\n                    <span>7<\/span>\n\n                                    <\/div>\n            <\/div>\n\n            <div class=\"product-meta-block\">\n                                    <p class=\"text-medium text-black mb_0\">Qualit\u00e9 A\/B<\/p>\n                \n                                    <div class=\"button-block\">\n                        <div class=\"btn-merklist btn-merklist-small btn-merklist-full-width add-to-merkliste \" data-type=\"produkt\" data-id=\"3602\">\n                            <div>\n                                Liste de suivi                            <\/div>\n                        <\/div>\n                    <\/div>\n                            <\/div>\n        <\/div>\n    <\/div>\n<\/a>\n\n<a href=\"https:\/\/sperrag.ch\/fr\/produit\/mahagoni-sapelli-2-fr\/\" data-fancybox data-src=\"https:\/\/sperrag.ch\/wp-content\/uploads\/Edelfurnierte_Mahagoni.jpg\" data-caption=\"Acajou px marine Qual. AB\/B\" class=\"product-card  not-open-modal\" data-paginationmobilepage=\"\" data-modalpostid=\"3615\" data-parentpageid=\"3679\">\n    <div class=\"product-card-inner-container\">\n        <h4 class=\"heading-h5 mb_0\">Mahagoni Sapelli<\/h4>\n\n        <div class=\"product-card-cols\">\n            <div class=\"product-card-image\" style=\"background-image: url('https:\/\/sperrag.ch\/wp-content\/uploads\/Edelfurnierte_Mahagoni.jpg')\">\n                <div class=\"product-number-block\">\n                    <span>8<\/span>\n\n                                    <\/div>\n            <\/div>\n\n            <div class=\"product-meta-block\">\n                                    <p class=\"text-medium text-black mb_0\">Acajou px marine Qual. AB\/B<\/p>\n                \n                                    <div class=\"button-block\">\n                        <div class=\"btn-merklist btn-merklist-small btn-merklist-full-width add-to-merkliste \" data-type=\"produkt\" data-id=\"3615\">\n                            <div>\n                                Liste de suivi                            <\/div>\n                        <\/div>\n                    <\/div>\n                            <\/div>\n        <\/div>\n    <\/div>\n<\/a>\n\n<a href=\"https:\/\/sperrag.ch\/fr\/produit\/meleze\/\" data-fancybox data-src=\"https:\/\/sperrag.ch\/wp-content\/uploads\/Edelfurnierte_Laerche.jpg\" data-caption=\"Qualit\u00e9 A\/B\" class=\"product-card  not-open-modal\" data-paginationmobilepage=\"\" data-modalpostid=\"3543\" data-parentpageid=\"3679\">\n    <div class=\"product-card-inner-container\">\n        <h4 class=\"heading-h5 mb_0\">M\u00e9l\u00e8ze<\/h4>\n\n        <div class=\"product-card-cols\">\n            <div class=\"product-card-image\" style=\"background-image: url('https:\/\/sperrag.ch\/wp-content\/uploads\/Edelfurnierte_Laerche.jpg')\">\n                <div class=\"product-number-block\">\n                    <span>9<\/span>\n\n                                    <\/div>\n            <\/div>\n\n            <div class=\"product-meta-block\">\n                                    <p class=\"text-medium text-black mb_0\">Qualit\u00e9 A\/B<\/p>\n                \n                                    <div class=\"button-block\">\n                        <div class=\"btn-merklist btn-merklist-small btn-merklist-full-width add-to-merkliste \" data-type=\"produkt\" data-id=\"3543\">\n                            <div>\n                                Liste de suivi                            <\/div>\n                        <\/div>\n                    <\/div>\n                            <\/div>\n        <\/div>\n    <\/div>\n<\/a>\n                                    <\/div>\n                                \n                                                                    <div class=\"product-cards-mobile-wrapper panneaux-bois-croise-peuplier\" data-page=\"1\" data-maxnumpages=\"2\">\n                                        <div class=\"loading_fade\"><\/div>\n\n                                        <div class=\"product-cards-mobile\">\n                                            \n<a href=\"https:\/\/sperrag.ch\/fr\/produit\/chene-euro\/\" data-fancybox data-src=\"https:\/\/sperrag.ch\/wp-content\/uploads\/Edelfurnierte_Eiche-Euro.jpg\" data-caption=\"Qualit\u00e9 A\/B\" class=\"product-card  not-open-modal\" data-paginationmobilepage=\"1\" data-modalpostid=\"3546\" data-parentpageid=\"3679\">\n    <div class=\"product-card-inner-container\">\n        <h4 class=\"heading-h5 mb_0\">Ch\u00eane euro<\/h4>\n\n        <div class=\"product-card-cols\">\n            <div class=\"product-card-image\" style=\"background-image: url('https:\/\/sperrag.ch\/wp-content\/uploads\/Edelfurnierte_Eiche-Euro.jpg')\">\n                <div class=\"product-number-block\">\n                    <span>1<\/span>\n\n                                    <\/div>\n            <\/div>\n\n            <div class=\"product-meta-block\">\n                                    <p class=\"text-medium text-black mb_0\">Qualit\u00e9 A\/B<\/p>\n                \n                                    <div class=\"button-block\">\n                        <div class=\"btn-merklist btn-merklist-small btn-merklist-full-width add-to-merkliste \" data-type=\"produkt\" data-id=\"3546\">\n                            <div>\n                                Liste de suivi                            <\/div>\n                        <\/div>\n                    <\/div>\n                            <\/div>\n        <\/div>\n    <\/div>\n<\/a>\n\n<a href=\"https:\/\/sperrag.ch\/fr\/produit\/epicea-2\/\" data-fancybox data-src=\"https:\/\/sperrag.ch\/wp-content\/uploads\/Edelfurnierte_Kirschbaum-USA.jpg\" data-caption=\"Qualit\u00e9 A\/B\" class=\"product-card  not-open-modal\" data-paginationmobilepage=\"1\" data-modalpostid=\"3586\" data-parentpageid=\"3679\">\n    <div class=\"product-card-inner-container\">\n        <h4 class=\"heading-h5 mb_0\">\u00c9pic\u00e9a<\/h4>\n\n        <div class=\"product-card-cols\">\n            <div class=\"product-card-image\" style=\"background-image: url('https:\/\/sperrag.ch\/wp-content\/uploads\/Edelfurnierte_Kirschbaum-USA.jpg')\">\n                <div class=\"product-number-block\">\n                    <span>2<\/span>\n\n                                    <\/div>\n            <\/div>\n\n            <div class=\"product-meta-block\">\n                                    <p class=\"text-medium text-black mb_0\">Qualit\u00e9 A\/B<\/p>\n                \n                                    <div class=\"button-block\">\n                        <div class=\"btn-merklist btn-merklist-small btn-merklist-full-width add-to-merkliste \" data-type=\"produkt\" data-id=\"3586\">\n                            <div>\n                                Liste de suivi                            <\/div>\n                        <\/div>\n                    <\/div>\n                            <\/div>\n        <\/div>\n    <\/div>\n<\/a>\n\n<a href=\"https:\/\/sperrag.ch\/fr\/produit\/epicea-avec-noeuds\/\" data-fancybox data-src=\"https:\/\/sperrag.ch\/wp-content\/uploads\/Edelfurnierte_Fichte-astig.jpg\" data-caption=\"Qualit\u00e9 A\/B\" class=\"product-card  not-open-modal\" data-paginationmobilepage=\"1\" data-modalpostid=\"3533\" data-parentpageid=\"3679\">\n    <div class=\"product-card-inner-container\">\n        <h4 class=\"heading-h5 mb_0\">\u00c9pic\u00e9a avec noeuds<\/h4>\n\n        <div class=\"product-card-cols\">\n            <div class=\"product-card-image\" style=\"background-image: url('https:\/\/sperrag.ch\/wp-content\/uploads\/Edelfurnierte_Fichte-astig.jpg')\">\n                <div class=\"product-number-block\">\n                    <span>3<\/span>\n\n                                    <\/div>\n            <\/div>\n\n            <div class=\"product-meta-block\">\n                                    <p class=\"text-medium text-black mb_0\">Qualit\u00e9 A\/B<\/p>\n                \n                                    <div class=\"button-block\">\n                        <div class=\"btn-merklist btn-merklist-small btn-merklist-full-width add-to-merkliste \" data-type=\"produkt\" data-id=\"3533\">\n                            <div>\n                                Liste de suivi                            <\/div>\n                        <\/div>\n                    <\/div>\n                            <\/div>\n        <\/div>\n    <\/div>\n<\/a>\n\n<a href=\"https:\/\/sperrag.ch\/fr\/produit\/erable-euro\/\" data-fancybox data-src=\"https:\/\/sperrag.ch\/wp-content\/uploads\/Edelfurnierte_Ahorn-Euro.jpg\" data-caption=\"Qualit\u00e9 A\/B\" class=\"product-card  not-open-modal\" data-paginationmobilepage=\"1\" data-modalpostid=\"3525\" data-parentpageid=\"3679\">\n    <div class=\"product-card-inner-container\">\n        <h4 class=\"heading-h5 mb_0\">Erable euro<\/h4>\n\n        <div class=\"product-card-cols\">\n            <div class=\"product-card-image\" style=\"background-image: url('https:\/\/sperrag.ch\/wp-content\/uploads\/Edelfurnierte_Ahorn-Euro.jpg')\">\n                <div class=\"product-number-block\">\n                    <span>4<\/span>\n\n                                    <\/div>\n            <\/div>\n\n            <div class=\"product-meta-block\">\n                                    <p class=\"text-medium text-black mb_0\">Qualit\u00e9 A\/B<\/p>\n                \n                                    <div class=\"button-block\">\n                        <div class=\"btn-merklist btn-merklist-small btn-merklist-full-width add-to-merkliste \" data-type=\"produkt\" data-id=\"3525\">\n                            <div>\n                                Liste de suivi                            <\/div>\n                        <\/div>\n                    <\/div>\n                            <\/div>\n        <\/div>\n    <\/div>\n<\/a>\n\n<a href=\"https:\/\/sperrag.ch\/fr\/produit\/frene-2\/\" data-fancybox data-src=\"https:\/\/sperrag.ch\/wp-content\/uploads\/Edelfurnierte_Esche.jpg\" data-caption=\"Qualit\u00e9 A\/B\" class=\"product-card  not-open-modal\" data-paginationmobilepage=\"1\" data-modalpostid=\"3554\" data-parentpageid=\"3679\">\n    <div class=\"product-card-inner-container\">\n        <h4 class=\"heading-h5 mb_0\">Fr\u00eane<\/h4>\n\n        <div class=\"product-card-cols\">\n            <div class=\"product-card-image\" style=\"background-image: url('https:\/\/sperrag.ch\/wp-content\/uploads\/Edelfurnierte_Esche.jpg')\">\n                <div class=\"product-number-block\">\n                    <span>5<\/span>\n\n                                    <\/div>\n            <\/div>\n\n            <div class=\"product-meta-block\">\n                                    <p class=\"text-medium text-black mb_0\">Qualit\u00e9 A\/B<\/p>\n                \n                                    <div class=\"button-block\">\n                        <div class=\"btn-merklist btn-merklist-small btn-merklist-full-width add-to-merkliste \" data-type=\"produkt\" data-id=\"3554\">\n                            <div>\n                                Liste de suivi                            <\/div>\n                        <\/div>\n                    <\/div>\n                            <\/div>\n        <\/div>\n    <\/div>\n<\/a>\n\n<a href=\"https:\/\/sperrag.ch\/fr\/produit\/hetre-etuve\/\" data-fancybox data-src=\"https:\/\/sperrag.ch\/wp-content\/uploads\/Edelfurnierte_Buche-gedaempft.jpg\" data-caption=\"Qualit\u00e9 A\/B\" class=\"product-card hidden not-open-modal\" data-paginationmobilepage=\"2\" data-modalpostid=\"3541\" data-parentpageid=\"3679\">\n    <div class=\"product-card-inner-container\">\n        <h4 class=\"heading-h5 mb_0\">H\u00eatre \u00e9tuv\u00e9<\/h4>\n\n        <div class=\"product-card-cols\">\n            <div class=\"product-card-image\" style=\"background-image: url('https:\/\/sperrag.ch\/wp-content\/uploads\/Edelfurnierte_Buche-gedaempft.jpg')\">\n                <div class=\"product-number-block\">\n                    <span>6<\/span>\n\n                                    <\/div>\n            <\/div>\n\n            <div class=\"product-meta-block\">\n                                    <p class=\"text-medium text-black mb_0\">Qualit\u00e9 A\/B<\/p>\n                \n                                    <div class=\"button-block\">\n                        <div class=\"btn-merklist btn-merklist-small btn-merklist-full-width add-to-merkliste \" data-type=\"produkt\" data-id=\"3541\">\n                            <div>\n                                Liste de suivi                            <\/div>\n                        <\/div>\n                    <\/div>\n                            <\/div>\n        <\/div>\n    <\/div>\n<\/a>\n\n<a href=\"https:\/\/sperrag.ch\/fr\/produit\/limba-fr\/\" data-fancybox data-src=\"https:\/\/sperrag.ch\/wp-content\/uploads\/Edelfurnierte_Limba.jpg\" data-caption=\"Qualit\u00e9 A\/B\" class=\"product-card hidden not-open-modal\" data-paginationmobilepage=\"2\" data-modalpostid=\"3602\" data-parentpageid=\"3679\">\n    <div class=\"product-card-inner-container\">\n        <h4 class=\"heading-h5 mb_0\">Limba<\/h4>\n\n        <div class=\"product-card-cols\">\n            <div class=\"product-card-image\" style=\"background-image: url('https:\/\/sperrag.ch\/wp-content\/uploads\/Edelfurnierte_Limba.jpg')\">\n                <div class=\"product-number-block\">\n                    <span>7<\/span>\n\n                                    <\/div>\n            <\/div>\n\n            <div class=\"product-meta-block\">\n                                    <p class=\"text-medium text-black mb_0\">Qualit\u00e9 A\/B<\/p>\n                \n                                    <div class=\"button-block\">\n                        <div class=\"btn-merklist btn-merklist-small btn-merklist-full-width add-to-merkliste \" data-type=\"produkt\" data-id=\"3602\">\n                            <div>\n                                Liste de suivi                            <\/div>\n                        <\/div>\n                    <\/div>\n                            <\/div>\n        <\/div>\n    <\/div>\n<\/a>\n\n<a href=\"https:\/\/sperrag.ch\/fr\/produit\/mahagoni-sapelli-2-fr\/\" data-fancybox data-src=\"https:\/\/sperrag.ch\/wp-content\/uploads\/Edelfurnierte_Mahagoni.jpg\" data-caption=\"Acajou px marine Qual. AB\/B\" class=\"product-card hidden not-open-modal\" data-paginationmobilepage=\"2\" data-modalpostid=\"3615\" data-parentpageid=\"3679\">\n    <div class=\"product-card-inner-container\">\n        <h4 class=\"heading-h5 mb_0\">Mahagoni Sapelli<\/h4>\n\n        <div class=\"product-card-cols\">\n            <div class=\"product-card-image\" style=\"background-image: url('https:\/\/sperrag.ch\/wp-content\/uploads\/Edelfurnierte_Mahagoni.jpg')\">\n                <div class=\"product-number-block\">\n                    <span>8<\/span>\n\n                                    <\/div>\n            <\/div>\n\n            <div class=\"product-meta-block\">\n                                    <p class=\"text-medium text-black mb_0\">Acajou px marine Qual. AB\/B<\/p>\n                \n                                    <div class=\"button-block\">\n                        <div class=\"btn-merklist btn-merklist-small btn-merklist-full-width add-to-merkliste \" data-type=\"produkt\" data-id=\"3615\">\n                            <div>\n                                Liste de suivi                            <\/div>\n                        <\/div>\n                    <\/div>\n                            <\/div>\n        <\/div>\n    <\/div>\n<\/a>\n\n<a href=\"https:\/\/sperrag.ch\/fr\/produit\/meleze\/\" data-fancybox data-src=\"https:\/\/sperrag.ch\/wp-content\/uploads\/Edelfurnierte_Laerche.jpg\" data-caption=\"Qualit\u00e9 A\/B\" class=\"product-card hidden not-open-modal\" data-paginationmobilepage=\"2\" data-modalpostid=\"3543\" data-parentpageid=\"3679\">\n    <div class=\"product-card-inner-container\">\n        <h4 class=\"heading-h5 mb_0\">M\u00e9l\u00e8ze<\/h4>\n\n        <div class=\"product-card-cols\">\n            <div class=\"product-card-image\" style=\"background-image: url('https:\/\/sperrag.ch\/wp-content\/uploads\/Edelfurnierte_Laerche.jpg')\">\n                <div class=\"product-number-block\">\n                    <span>9<\/span>\n\n                                    <\/div>\n            <\/div>\n\n            <div class=\"product-meta-block\">\n                                    <p class=\"text-medium text-black mb_0\">Qualit\u00e9 A\/B<\/p>\n                \n                                    <div class=\"button-block\">\n                        <div class=\"btn-merklist btn-merklist-small btn-merklist-full-width add-to-merkliste \" data-type=\"produkt\" data-id=\"3543\">\n                            <div>\n                                Liste de suivi                            <\/div>\n                        <\/div>\n                    <\/div>\n                            <\/div>\n        <\/div>\n    <\/div>\n<\/a>\n                                        <\/div>\n\n                                                                                    <div class=\"pagination_container\">\n                                                <div class=\"pagination_block\">\n                                                    <a href=\"#\" class=\"prev page-numbers disabled\" data-number=\"prev\">\n                <div>\n                    <span class=\"arrow_left\"><i class=\"fa-regular fa-chevron-left\"><\/i><\/span>\n                <\/div>\n            <\/a><div><a href=\"#\" class=\"current page-numbers\" data-number=\"1\">1<\/a><a href=\"#\" class=\"page-numbers\" data-number=\"2\">2<\/a><\/div><a href=\"#\" class=\"next page-numbers\" data-number=\"next\">\n                                <div>\n                                    <span class=\"arrow_right\"><i class=\"fa-regular fa-chevron-right\"><\/i><\/span>\n                                <\/div>\n                            <\/a>                                                <\/div>\n                                            <\/div>\n                                                                            <\/div>\n                                                            <\/div>\n                        <\/div>\n                                            <div class=\"accordion-item\" id=\"panneaux-bois-croise-bouleau\">\n                            <div class=\"accordion-item-header-container\">\n                                <h2 class=\"accordion-item-header-text mb_0 \" data-number=\"11\">\n                                    Panneaux bois crois\u00e9 bouleau                                <\/h2>\n                            <\/div>\n\n                            <div class=\"accordion-content-block\" >\n                                                                    <div class=\"rubrik-info-block sub-cat-rubrik-info-block\">\n                                        <div class=\"rubrik-text-block\">\n                                                                                            <h4 class=\"\">Feuillus et r\u00e9sineux\n<\/h4>\n                                            \n                                                                                            <div class=\"description_block\"><p>Support de contreplaqu\u00e9 peuplier replaqu\u00e9s d&rsquo;un v\u00e9ritable placage de bois. Plus de sorte d&rsquo;essences de bois et divers supports, formats et qualit\u00e9s sur demande possible. L&rsquo;original peut sensiblement varier \u00e0 l&rsquo;image present\u00e9e.<\/p>\n<\/div>\n                                                                                    <\/div>\n\n                                        <div class=\"rubrik-medium-block\">\n                                                                                    <\/div>\n                                    <\/div>\n                                \n                                                                    <div class=\"product-cards\">\n                                        \n<a href=\"https:\/\/sperrag.ch\/fr\/produit\/bouleau-tranche\/\" data-fancybox data-src=\"https:\/\/sperrag.ch\/wp-content\/uploads\/Edelfurnierte_Birke-gemessert.jpg\" data-caption=\"Qualit\u00e9 A\/B\" class=\"product-card  not-open-modal\" data-paginationmobilepage=\"\" data-modalpostid=\"3538\" data-parentpageid=\"3679\">\n    <div class=\"product-card-inner-container\">\n        <h4 class=\"heading-h5 mb_0\">Bouleau tranch\u00e9<\/h4>\n\n        <div class=\"product-card-cols\">\n            <div class=\"product-card-image\" style=\"background-image: url('https:\/\/sperrag.ch\/wp-content\/uploads\/Edelfurnierte_Birke-gemessert.jpg')\">\n                <div class=\"product-number-block\">\n                    <span>1<\/span>\n\n                                    <\/div>\n            <\/div>\n\n            <div class=\"product-meta-block\">\n                                    <p class=\"text-medium text-black mb_0\">Qualit\u00e9 A\/B<\/p>\n                \n                                    <div class=\"button-block\">\n                        <div class=\"btn-merklist btn-merklist-small btn-merklist-full-width add-to-merkliste \" data-type=\"produkt\" data-id=\"3538\">\n                            <div>\n                                Liste de suivi                            <\/div>\n                        <\/div>\n                    <\/div>\n                            <\/div>\n        <\/div>\n    <\/div>\n<\/a>\n\n<a href=\"https:\/\/sperrag.ch\/fr\/produit\/erable-euro\/\" data-fancybox data-src=\"https:\/\/sperrag.ch\/wp-content\/uploads\/Edelfurnierte_Ahorn-Euro.jpg\" data-caption=\"Qualit\u00e9 A\/B\" class=\"product-card  not-open-modal\" data-paginationmobilepage=\"\" data-modalpostid=\"3525\" data-parentpageid=\"3679\">\n    <div class=\"product-card-inner-container\">\n        <h4 class=\"heading-h5 mb_0\">Erable euro<\/h4>\n\n        <div class=\"product-card-cols\">\n            <div class=\"product-card-image\" style=\"background-image: url('https:\/\/sperrag.ch\/wp-content\/uploads\/Edelfurnierte_Ahorn-Euro.jpg')\">\n                <div class=\"product-number-block\">\n                    <span>2<\/span>\n\n                                    <\/div>\n            <\/div>\n\n            <div class=\"product-meta-block\">\n                                    <p class=\"text-medium text-black mb_0\">Qualit\u00e9 A\/B<\/p>\n                \n                                    <div class=\"button-block\">\n                        <div class=\"btn-merklist btn-merklist-small btn-merklist-full-width add-to-merkliste \" data-type=\"produkt\" data-id=\"3525\">\n                            <div>\n                                Liste de suivi                            <\/div>\n                        <\/div>\n                    <\/div>\n                            <\/div>\n        <\/div>\n    <\/div>\n<\/a>\n                                    <\/div>\n                                \n                                                                    <div class=\"product-cards-mobile-wrapper panneaux-bois-croise-bouleau\" data-page=\"1\" data-maxnumpages=\"1\">\n                                        <div class=\"loading_fade\"><\/div>\n\n                                        <div class=\"product-cards-mobile\">\n                                            \n<a href=\"https:\/\/sperrag.ch\/fr\/produit\/bouleau-tranche\/\" data-fancybox data-src=\"https:\/\/sperrag.ch\/wp-content\/uploads\/Edelfurnierte_Birke-gemessert.jpg\" data-caption=\"Qualit\u00e9 A\/B\" class=\"product-card  not-open-modal\" data-paginationmobilepage=\"1\" data-modalpostid=\"3538\" data-parentpageid=\"3679\">\n    <div class=\"product-card-inner-container\">\n        <h4 class=\"heading-h5 mb_0\">Bouleau tranch\u00e9<\/h4>\n\n        <div class=\"product-card-cols\">\n            <div class=\"product-card-image\" style=\"background-image: url('https:\/\/sperrag.ch\/wp-content\/uploads\/Edelfurnierte_Birke-gemessert.jpg')\">\n                <div class=\"product-number-block\">\n                    <span>1<\/span>\n\n                                    <\/div>\n            <\/div>\n\n            <div class=\"product-meta-block\">\n                                    <p class=\"text-medium text-black mb_0\">Qualit\u00e9 A\/B<\/p>\n                \n                                    <div class=\"button-block\">\n                        <div class=\"btn-merklist btn-merklist-small btn-merklist-full-width add-to-merkliste \" data-type=\"produkt\" data-id=\"3538\">\n                            <div>\n                                Liste de suivi                            <\/div>\n                        <\/div>\n                    <\/div>\n                            <\/div>\n        <\/div>\n    <\/div>\n<\/a>\n\n<a href=\"https:\/\/sperrag.ch\/fr\/produit\/erable-euro\/\" data-fancybox data-src=\"https:\/\/sperrag.ch\/wp-content\/uploads\/Edelfurnierte_Ahorn-Euro.jpg\" data-caption=\"Qualit\u00e9 A\/B\" class=\"product-card  not-open-modal\" data-paginationmobilepage=\"1\" data-modalpostid=\"3525\" data-parentpageid=\"3679\">\n    <div class=\"product-card-inner-container\">\n        <h4 class=\"heading-h5 mb_0\">Erable euro<\/h4>\n\n        <div class=\"product-card-cols\">\n            <div class=\"product-card-image\" style=\"background-image: url('https:\/\/sperrag.ch\/wp-content\/uploads\/Edelfurnierte_Ahorn-Euro.jpg')\">\n                <div class=\"product-number-block\">\n                    <span>2<\/span>\n\n                                    <\/div>\n            <\/div>\n\n            <div class=\"product-meta-block\">\n                                    <p class=\"text-medium text-black mb_0\">Qualit\u00e9 A\/B<\/p>\n                \n                                    <div class=\"button-block\">\n                        <div class=\"btn-merklist btn-merklist-small btn-merklist-full-width add-to-merkliste \" data-type=\"produkt\" data-id=\"3525\">\n                            <div>\n                                Liste de suivi                            <\/div>\n                        <\/div>\n                    <\/div>\n                            <\/div>\n        <\/div>\n    <\/div>\n<\/a>\n                                        <\/div>\n\n                                                                            <\/div>\n                                                            <\/div>\n                        <\/div>\n                                            <div class=\"accordion-item\" id=\"panneaux-forts-blocs-5\">\n                            <div class=\"accordion-item-header-container\">\n                                <h2 class=\"accordion-item-header-text mb_0 \" data-number=\"4\">\n                                    Panneaux forts blocs 5-plis d&rsquo;essences nobles                                <\/h2>\n                            <\/div>\n\n                            <div class=\"accordion-content-block\" >\n                                                                    <div class=\"rubrik-info-block sub-cat-rubrik-info-block\">\n                                        <div class=\"rubrik-text-block\">\n                                                                                            <h4 class=\"\">R\u00e9sineux\n<\/h4>\n                                            \n                                                                                            <div class=\"description_block\"><p>Support de panneaux forts blocs replaqu\u00e9s d&rsquo;un v\u00e9ritable placage de bois. Plus de sorte d&rsquo;essences de bois et divers supports, formats et qualit\u00e9s sur demande possible. L&rsquo;original peut sensiblement varier \u00e0 l&rsquo;image present\u00e9e.<\/p>\n<\/div>\n                                                                                    <\/div>\n\n                                        <div class=\"rubrik-medium-block\">\n                                                                                    <\/div>\n                                    <\/div>\n                                \n                                                                    <div class=\"product-cards\">\n                                        \n<a href=\"https:\/\/sperrag.ch\/fr\/produit\/epicea\/\" data-fancybox data-src=\"https:\/\/sperrag.ch\/wp-content\/uploads\/Edelfurnierte_Fichte.jpg\" data-caption=\"Divers qualit\u00e9s\" class=\"product-card  not-open-modal\" data-paginationmobilepage=\"\" data-modalpostid=\"3526\" data-parentpageid=\"3679\">\n    <div class=\"product-card-inner-container\">\n        <h4 class=\"heading-h5 mb_0\">\u00c9pic\u00e9a<\/h4>\n\n        <div class=\"product-card-cols\">\n            <div class=\"product-card-image\" style=\"background-image: url('https:\/\/sperrag.ch\/wp-content\/uploads\/Edelfurnierte_Fichte.jpg')\">\n                <div class=\"product-number-block\">\n                    <span>1<\/span>\n\n                                    <\/div>\n            <\/div>\n\n            <div class=\"product-meta-block\">\n                                    <p class=\"text-medium text-black mb_0\">Divers qualit\u00e9s<\/p>\n                \n                                    <div class=\"button-block\">\n                        <div class=\"btn-merklist btn-merklist-small btn-merklist-full-width add-to-merkliste \" data-type=\"produkt\" data-id=\"3526\">\n                            <div>\n                                Liste de suivi                            <\/div>\n                        <\/div>\n                    <\/div>\n                            <\/div>\n        <\/div>\n    <\/div>\n<\/a>\n                                    <\/div>\n                                \n                                                                    <div class=\"product-cards-mobile-wrapper panneaux-forts-blocs-5\" data-page=\"1\" data-maxnumpages=\"1\">\n                                        <div class=\"loading_fade\"><\/div>\n\n                                        <div class=\"product-cards-mobile\">\n                                            \n<a href=\"https:\/\/sperrag.ch\/fr\/produit\/epicea\/\" data-fancybox data-src=\"https:\/\/sperrag.ch\/wp-content\/uploads\/Edelfurnierte_Fichte.jpg\" data-caption=\"Divers qualit\u00e9s\" class=\"product-card  not-open-modal\" data-paginationmobilepage=\"1\" data-modalpostid=\"3526\" data-parentpageid=\"3679\">\n    <div class=\"product-card-inner-container\">\n        <h4 class=\"heading-h5 mb_0\">\u00c9pic\u00e9a<\/h4>\n\n        <div class=\"product-card-cols\">\n            <div class=\"product-card-image\" style=\"background-image: url('https:\/\/sperrag.ch\/wp-content\/uploads\/Edelfurnierte_Fichte.jpg')\">\n                <div class=\"product-number-block\">\n                    <span>1<\/span>\n\n                                    <\/div>\n            <\/div>\n\n            <div class=\"product-meta-block\">\n                                    <p class=\"text-medium text-black mb_0\">Divers qualit\u00e9s<\/p>\n                \n                                    <div class=\"button-block\">\n                        <div class=\"btn-merklist btn-merklist-small btn-merklist-full-width add-to-merkliste \" data-type=\"produkt\" data-id=\"3526\">\n                            <div>\n                                Liste de suivi                            <\/div>\n                        <\/div>\n                    <\/div>\n                            <\/div>\n        <\/div>\n    <\/div>\n<\/a>\n                                        <\/div>\n\n                                                                            <\/div>\n                                                            <\/div>\n                        <\/div>\n                                            <div class=\"accordion-item\" id=\"rustica-fr\">\n                            <div class=\"accordion-item-header-container\">\n                                <h2 class=\"accordion-item-header-text mb_0 \" data-number=\"3\">\n                                    Rustica                                <\/h2>\n                            <\/div>\n\n                            <div class=\"accordion-content-block\" >\n                                                                    <div class=\"rubrik-info-block sub-cat-rubrik-info-block\">\n                                        <div class=\"rubrik-text-block\">\n                                                                                            <h4 class=\"\">Pour une oasis de bien \u00eatre rustique\n<\/h4>\n                                            \n                                                                                            <div class=\"description_block\"><p><span class=\"TextRun SCXW31529838 BCX0\" lang=\"FR-FR\" xml:lang=\"FR-FR\" data-contrast=\"auto\"><span class=\"NormalTextRun SCXW31529838 BCX0\">Dans la s\u00e9rie <\/span><span class=\"NormalTextRun SpellingErrorV2Themed SCXW31529838 BCX0\">Rustica<\/span><span class=\"NormalTextRun SCXW31529838 BCX0\">, des placages s\u00e9lectionn\u00e9s sont assembl\u00e9s \u00e0 l&rsquo;aspect bois massif. Le caract\u00e8re naturel du mat\u00e9riau bois est ainsi soulign\u00e9 par les placages rustiques en ch\u00eane. Les diff\u00e9rentes structures de surface et possibilit\u00e9s de traitement conf\u00e8rent aux panneaux en bois un toucher unique et captivant. Il en r\u00e9sulte une atmosph\u00e8re agr\u00e9able et bienfaisante. Id\u00e9al pour les meubles exclusifs de caract\u00e8re ou les am\u00e9nagements int\u00e9rieurs tendance. Les images peuvent diff\u00e9rer de l&rsquo;original.<\/span><\/span><\/p>\n<\/div>\n                                                                                    <\/div>\n\n                                        <div class=\"rubrik-medium-block\">\n                                            <div class=\"mediums-block\">\n                                <a href=\"https:\/\/sperrag.ch\/wp-content\/uploads\/Flyer_Rustica_FR.pdf\" class=\"medium-block small_mb\" target=\"_blank\">\n                                                <div>\n                        <i class=\"fa-thin fa-file-pdf\"><\/i>\n                    <\/div>\n                \n                <div>\n                    <span><strong>Flyer Rustica<\/strong><\/span>\n                    <p class=\"mb_0\"><\/p>\n                <\/div>\n            <\/a>\n            <\/div>\n                                        <\/div>\n                                    <\/div>\n                                \n                                                                    <div class=\"product-cards\">\n                                        \n<a href=\"https:\/\/sperrag.ch\/fr\/produit\/chene-euro-rustica\/\" data-fancybox data-src=\"https:\/\/sperrag.ch\/wp-content\/uploads\/RusticaEichekleinastig3.jpg\" data-caption=\"Petit n\u0153uds\" class=\"product-card  not-open-modal\" data-paginationmobilepage=\"\" data-modalpostid=\"3531\" data-parentpageid=\"3679\">\n    <div class=\"product-card-inner-container\">\n        <h4 class=\"heading-h5 mb_0\">Ch\u00eane euro<\/h4>\n\n        <div class=\"product-card-cols\">\n            <div class=\"product-card-image\" style=\"background-image: url('https:\/\/sperrag.ch\/wp-content\/uploads\/RusticaEichekleinastig3.jpg')\">\n                <div class=\"product-number-block\">\n                    <span>1<\/span>\n\n                                    <\/div>\n            <\/div>\n\n            <div class=\"product-meta-block\">\n                                    <p class=\"text-medium text-black mb_0\">Petit n\u0153uds<\/p>\n                \n                                    <div class=\"button-block\">\n                        <div class=\"btn-merklist btn-merklist-small btn-merklist-full-width add-to-merkliste \" data-type=\"produkt\" data-id=\"3531\">\n                            <div>\n                                Liste de suivi                            <\/div>\n                        <\/div>\n                    <\/div>\n                            <\/div>\n        <\/div>\n    <\/div>\n<\/a>\n\n<a href=\"https:\/\/sperrag.ch\/fr\/produit\/chene-fendu-rustica\/\" data-fancybox data-src=\"https:\/\/sperrag.ch\/wp-content\/uploads\/RusticaRisseiche_natur_1.jpg\" data-caption=\"Nature\" class=\"product-card  not-open-modal\" data-paginationmobilepage=\"\" data-modalpostid=\"3524\" data-parentpageid=\"3679\">\n    <div class=\"product-card-inner-container\">\n        <h4 class=\"heading-h5 mb_0\">Ch\u00eane fendu<\/h4>\n\n        <div class=\"product-card-cols\">\n            <div class=\"product-card-image\" style=\"background-image: url('https:\/\/sperrag.ch\/wp-content\/uploads\/RusticaRisseiche_natur_1.jpg')\">\n                <div class=\"product-number-block\">\n                    <span>2<\/span>\n\n                                    <\/div>\n            <\/div>\n\n            <div class=\"product-meta-block\">\n                                    <p class=\"text-medium text-black mb_0\">Nature<\/p>\n                \n                                    <div class=\"button-block\">\n                        <div class=\"btn-merklist btn-merklist-small btn-merklist-full-width add-to-merkliste \" data-type=\"produkt\" data-id=\"3524\">\n                            <div>\n                                Liste de suivi                            <\/div>\n                        <\/div>\n                    <\/div>\n                            <\/div>\n        <\/div>\n    <\/div>\n<\/a>\n                                    <\/div>\n                                \n                                                                    <div class=\"product-cards-mobile-wrapper rustica-fr\" data-page=\"1\" data-maxnumpages=\"1\">\n                                        <div class=\"loading_fade\"><\/div>\n\n                                        <div class=\"product-cards-mobile\">\n                                            \n<a href=\"https:\/\/sperrag.ch\/fr\/produit\/chene-euro-rustica\/\" data-fancybox data-src=\"https:\/\/sperrag.ch\/wp-content\/uploads\/RusticaEichekleinastig3.jpg\" data-caption=\"Petit n\u0153uds\" class=\"product-card  not-open-modal\" data-paginationmobilepage=\"1\" data-modalpostid=\"3531\" data-parentpageid=\"3679\">\n    <div class=\"product-card-inner-container\">\n        <h4 class=\"heading-h5 mb_0\">Ch\u00eane euro<\/h4>\n\n        <div class=\"product-card-cols\">\n            <div class=\"product-card-image\" style=\"background-image: url('https:\/\/sperrag.ch\/wp-content\/uploads\/RusticaEichekleinastig3.jpg')\">\n                <div class=\"product-number-block\">\n                    <span>1<\/span>\n\n                                    <\/div>\n            <\/div>\n\n            <div class=\"product-meta-block\">\n                                    <p class=\"text-medium text-black mb_0\">Petit n\u0153uds<\/p>\n                \n                                    <div class=\"button-block\">\n                        <div class=\"btn-merklist btn-merklist-small btn-merklist-full-width add-to-merkliste \" data-type=\"produkt\" data-id=\"3531\">\n                            <div>\n                                Liste de suivi                            <\/div>\n                        <\/div>\n                    <\/div>\n                            <\/div>\n        <\/div>\n    <\/div>\n<\/a>\n\n<a href=\"https:\/\/sperrag.ch\/fr\/produit\/chene-fendu-rustica\/\" data-fancybox data-src=\"https:\/\/sperrag.ch\/wp-content\/uploads\/RusticaRisseiche_natur_1.jpg\" data-caption=\"Nature\" class=\"product-card  not-open-modal\" data-paginationmobilepage=\"1\" data-modalpostid=\"3524\" data-parentpageid=\"3679\">\n    <div class=\"product-card-inner-container\">\n        <h4 class=\"heading-h5 mb_0\">Ch\u00eane fendu<\/h4>\n\n        <div class=\"product-card-cols\">\n            <div class=\"product-card-image\" style=\"background-image: url('https:\/\/sperrag.ch\/wp-content\/uploads\/RusticaRisseiche_natur_1.jpg')\">\n                <div class=\"product-number-block\">\n                    <span>2<\/span>\n\n                                    <\/div>\n            <\/div>\n\n            <div class=\"product-meta-block\">\n                                    <p class=\"text-medium text-black mb_0\">Nature<\/p>\n                \n                                    <div class=\"button-block\">\n                        <div class=\"btn-merklist btn-merklist-small btn-merklist-full-width add-to-merkliste \" data-type=\"produkt\" data-id=\"3524\">\n                            <div>\n                                Liste de suivi                            <\/div>\n                        <\/div>\n                    <\/div>\n                            <\/div>\n        <\/div>\n    <\/div>\n<\/a>\n                                        <\/div>\n\n                                                                            <\/div>\n                                                            <\/div>\n                        <\/div>\n                                            <div class=\"accordion-item\" id=\"feuilles-de-placage\">\n                            <div class=\"accordion-item-header-container\">\n                                <h2 class=\"accordion-item-header-text mb_0 \" data-number=\"4\">\n                                    Feuilles de placage                                <\/h2>\n                            <\/div>\n\n                            <div class=\"accordion-content-block\" >\n                                                                    <div class=\"rubrik-info-block sub-cat-rubrik-info-block\">\n                                        <div class=\"rubrik-text-block\">\n                                                                                            <h4 class=\"\">Les flexibles\n<\/h4>\n                                            \n                                                                                            <div class=\"description_block\"><p><span data-contrast=\"none\">Placages s\u00e9lectionn\u00e9s, assembl\u00e9s et transform\u00e9s en panneaux flexibles. <\/span><span data-contrast=\"none\">\u00c9paisseur de placage de 1 mm avec non-tiss\u00e9 de haute qualit\u00e9 sur la face arri\u00e8re. <\/span><span data-contrast=\"none\">De nombreuses autres essences de bois sur demande. Les images peuvent diff\u00e9rer de l\u2019original.<\/span><\/p>\n<\/div>\n                                                                                    <\/div>\n\n                                        <div class=\"rubrik-medium-block\">\n                                            <div class=\"mediums-block\">\n                                <a href=\"https:\/\/sperrag.ch\/wp-content\/uploads\/Flyer_Euroflex_FR-1.pdf\" class=\"medium-block small_mb\" target=\"_blank\">\n                                                <div>\n                        <i class=\"fa-thin fa-file-pdf\"><\/i>\n                    <\/div>\n                \n                <div>\n                    <span><strong>Flyer Euroflex<\/strong><\/span>\n                    <p class=\"mb_0\"><\/p>\n                <\/div>\n            <\/a>\n            <\/div>\n                                        <\/div>\n                                    <\/div>\n                                \n                                                                    <div class=\"product-cards\">\n                                        \n<a href=\"https:\/\/sperrag.ch\/fr\/produit\/euroflex-chene-euro-mi-fil\/\" data-fancybox data-src=\"https:\/\/sperrag.ch\/wp-content\/uploads\/Euroflex_Eiche_Schlicht.jpg\" data-caption=\"Aspect planche\" class=\"product-card  not-open-modal\" data-paginationmobilepage=\"\" data-modalpostid=\"3549\" data-parentpageid=\"3679\">\n    <div class=\"product-card-inner-container\">\n        <h4 class=\"heading-h5 mb_0\">Ch\u00eane euro mi fil<\/h4>\n\n        <div class=\"product-card-cols\">\n            <div class=\"product-card-image\" style=\"background-image: url('https:\/\/sperrag.ch\/wp-content\/uploads\/Euroflex_Eiche_Schlicht.jpg')\">\n                <div class=\"product-number-block\">\n                    <span>1<\/span>\n\n                                    <\/div>\n            <\/div>\n\n            <div class=\"product-meta-block\">\n                                    <p class=\"text-medium text-black mb_0\">Aspect planche<\/p>\n                \n                                    <div class=\"button-block\">\n                        <div class=\"btn-merklist btn-merklist-small btn-merklist-full-width add-to-merkliste \" data-type=\"produkt\" data-id=\"3549\">\n                            <div>\n                                Liste de suivi                            <\/div>\n                        <\/div>\n                    <\/div>\n                            <\/div>\n        <\/div>\n    <\/div>\n<\/a>\n\n<a href=\"https:\/\/sperrag.ch\/fr\/produit\/chene-avec-petits-noeuds\/\" data-fancybox data-src=\"https:\/\/sperrag.ch\/wp-content\/uploads\/EUROFLEX-EKA1_Eiche-astig-1-1200x920.jpg\" data-caption=\"Aspect planche\" class=\"product-card  not-open-modal\" data-paginationmobilepage=\"\" data-modalpostid=\"4934\" data-parentpageid=\"3679\">\n    <div class=\"product-card-inner-container\">\n        <h4 class=\"heading-h5 mb_0\">Ch\u00eane euro petits noeuds<\/h4>\n\n        <div class=\"product-card-cols\">\n            <div class=\"product-card-image\" style=\"background-image: url('https:\/\/sperrag.ch\/wp-content\/uploads\/EUROFLEX-EKA1_Eiche-astig-1-1200x920.jpg')\">\n                <div class=\"product-number-block\">\n                    <span>2<\/span>\n\n                                    <\/div>\n            <\/div>\n\n            <div class=\"product-meta-block\">\n                                    <p class=\"text-medium text-black mb_0\">Aspect planche<\/p>\n                \n                                    <div class=\"button-block\">\n                        <div class=\"btn-merklist btn-merklist-small btn-merklist-full-width add-to-merkliste \" data-type=\"produkt\" data-id=\"4934\">\n                            <div>\n                                Liste de suivi                            <\/div>\n                        <\/div>\n                    <\/div>\n                            <\/div>\n        <\/div>\n    <\/div>\n<\/a>\n\n<a href=\"https:\/\/sperrag.ch\/fr\/produit\/chene-brut-nature\/\" data-fancybox data-src=\"https:\/\/sperrag.ch\/wp-content\/uploads\/Euroflex_Balkeneiche.jpg\" data-caption=\"Aspect planche\" class=\"product-card  not-open-modal\" data-paginationmobilepage=\"\" data-modalpostid=\"4931\" data-parentpageid=\"3679\">\n    <div class=\"product-card-inner-container\">\n        <h4 class=\"heading-h5 mb_0\">Ch\u00eane fendu nature<\/h4>\n\n        <div class=\"product-card-cols\">\n            <div class=\"product-card-image\" style=\"background-image: url('https:\/\/sperrag.ch\/wp-content\/uploads\/Euroflex_Balkeneiche.jpg')\">\n                <div class=\"product-number-block\">\n                    <span>3<\/span>\n\n                                    <\/div>\n            <\/div>\n\n            <div class=\"product-meta-block\">\n                                    <p class=\"text-medium text-black mb_0\">Aspect planche<\/p>\n                \n                                    <div class=\"button-block\">\n                        <div class=\"btn-merklist btn-merklist-small btn-merklist-full-width add-to-merkliste \" data-type=\"produkt\" data-id=\"4931\">\n                            <div>\n                                Liste de suivi                            <\/div>\n                        <\/div>\n                    <\/div>\n                            <\/div>\n        <\/div>\n    <\/div>\n<\/a>\n\n<a href=\"https:\/\/sperrag.ch\/fr\/produit\/epicea-a-noeuds\/\" data-fancybox data-src=\"https:\/\/sperrag.ch\/wp-content\/uploads\/EUROFLEX-FIA2_Fichte-astig-1-1200x923.jpg\" data-caption=\"Aspect planche\" class=\"product-card  not-open-modal\" data-paginationmobilepage=\"\" data-modalpostid=\"4932\" data-parentpageid=\"3679\">\n    <div class=\"product-card-inner-container\">\n        <h4 class=\"heading-h5 mb_0\">Epic\u00e9a avec noeuds<\/h4>\n\n        <div class=\"product-card-cols\">\n            <div class=\"product-card-image\" style=\"background-image: url('https:\/\/sperrag.ch\/wp-content\/uploads\/EUROFLEX-FIA2_Fichte-astig-1-1200x923.jpg')\">\n                <div class=\"product-number-block\">\n                    <span>4<\/span>\n\n                                    <\/div>\n            <\/div>\n\n            <div class=\"product-meta-block\">\n                                    <p class=\"text-medium text-black mb_0\">Aspect planche<\/p>\n                \n                                    <div class=\"button-block\">\n                        <div class=\"btn-merklist btn-merklist-small btn-merklist-full-width add-to-merkliste \" data-type=\"produkt\" data-id=\"4932\">\n                            <div>\n                                Liste de suivi                            <\/div>\n                        <\/div>\n                    <\/div>\n                            <\/div>\n        <\/div>\n    <\/div>\n<\/a>\n\n<a href=\"https:\/\/sperrag.ch\/fr\/produit\/epicea-mi-fil-fr\/\" data-fancybox data-src=\"https:\/\/sperrag.ch\/wp-content\/uploads\/EUROFLEX-FIC2_Fichte_Spruce-1-1200x923.jpg\" data-caption=\"Aspect planche\" class=\"product-card  not-open-modal\" data-paginationmobilepage=\"\" data-modalpostid=\"4937\" data-parentpageid=\"3679\">\n    <div class=\"product-card-inner-container\">\n        <h4 class=\"heading-h5 mb_0\">Epic\u00e9a mi fil<\/h4>\n\n        <div class=\"product-card-cols\">\n            <div class=\"product-card-image\" style=\"background-image: url('https:\/\/sperrag.ch\/wp-content\/uploads\/EUROFLEX-FIC2_Fichte_Spruce-1-1200x923.jpg')\">\n                <div class=\"product-number-block\">\n                    <span>5<\/span>\n\n                                    <\/div>\n            <\/div>\n\n            <div class=\"product-meta-block\">\n                                    <p class=\"text-medium text-black mb_0\">Aspect planche<\/p>\n                \n                                    <div class=\"button-block\">\n                        <div class=\"btn-merklist btn-merklist-small btn-merklist-full-width add-to-merkliste \" data-type=\"produkt\" data-id=\"4937\">\n                            <div>\n                                Liste de suivi                            <\/div>\n                        <\/div>\n                    <\/div>\n                            <\/div>\n        <\/div>\n    <\/div>\n<\/a>\n\n<a href=\"https:\/\/sperrag.ch\/fr\/produit\/frene-mi-fil\/\" data-fancybox data-src=\"https:\/\/sperrag.ch\/wp-content\/uploads\/EUROFLEX-ESC1-Esche-1-1200x917.jpg\" data-caption=\"Aspect planche\" class=\"product-card  not-open-modal\" data-paginationmobilepage=\"\" data-modalpostid=\"4936\" data-parentpageid=\"3679\">\n    <div class=\"product-card-inner-container\">\n        <h4 class=\"heading-h5 mb_0\">Fr\u00eane mi fil<\/h4>\n\n        <div class=\"product-card-cols\">\n            <div class=\"product-card-image\" style=\"background-image: url('https:\/\/sperrag.ch\/wp-content\/uploads\/EUROFLEX-ESC1-Esche-1-1200x917.jpg')\">\n                <div class=\"product-number-block\">\n                    <span>6<\/span>\n\n                                    <\/div>\n            <\/div>\n\n            <div class=\"product-meta-block\">\n                                    <p class=\"text-medium text-black mb_0\">Aspect planche<\/p>\n                \n                                    <div class=\"button-block\">\n                        <div class=\"btn-merklist btn-merklist-small btn-merklist-full-width add-to-merkliste \" data-type=\"produkt\" data-id=\"4936\">\n                            <div>\n                                Liste de suivi                            <\/div>\n                        <\/div>\n                    <\/div>\n                            <\/div>\n        <\/div>\n    <\/div>\n<\/a>\n\n<a href=\"https:\/\/sperrag.ch\/fr\/produit\/euroflex-mahagoni-mi-fil-fr\/\" data-fancybox data-src=\"https:\/\/sperrag.ch\/wp-content\/uploads\/EUROFLEX-MAS1-Magahoni-2-1200x920.jpg\" data-caption=\"Aspect planche\" class=\"product-card  not-open-modal\" data-paginationmobilepage=\"\" data-modalpostid=\"3576\" data-parentpageid=\"3679\">\n    <div class=\"product-card-inner-container\">\n        <h4 class=\"heading-h5 mb_0\">Mahagoni<\/h4>\n\n        <div class=\"product-card-cols\">\n            <div class=\"product-card-image\" style=\"background-image: url('https:\/\/sperrag.ch\/wp-content\/uploads\/EUROFLEX-MAS1-Magahoni-2-1200x920.jpg')\">\n                <div class=\"product-number-block\">\n                    <span>7<\/span>\n\n                                    <\/div>\n            <\/div>\n\n            <div class=\"product-meta-block\">\n                                    <p class=\"text-medium text-black mb_0\">Aspect planche<\/p>\n                \n                                    <div class=\"button-block\">\n                        <div class=\"btn-merklist btn-merklist-small btn-merklist-full-width add-to-merkliste \" data-type=\"produkt\" data-id=\"3576\">\n                            <div>\n                                Liste de suivi                            <\/div>\n                        <\/div>\n                    <\/div>\n                            <\/div>\n        <\/div>\n    <\/div>\n<\/a>\n\n<a href=\"https:\/\/sperrag.ch\/fr\/produit\/pin-cembro-fr\/\" data-fancybox data-src=\"https:\/\/sperrag.ch\/wp-content\/uploads\/EUROFLEX-KIE2_Kiefer_Pine-1-1200x929.jpg\" data-caption=\"Aspect planche\" class=\"product-card  not-open-modal\" data-paginationmobilepage=\"\" data-modalpostid=\"3523\" data-parentpageid=\"3679\">\n    <div class=\"product-card-inner-container\">\n        <h4 class=\"heading-h5 mb_0\">Pin cembro<\/h4>\n\n        <div class=\"product-card-cols\">\n            <div class=\"product-card-image\" style=\"background-image: url('https:\/\/sperrag.ch\/wp-content\/uploads\/EUROFLEX-KIE2_Kiefer_Pine-1-1200x929.jpg')\">\n                <div class=\"product-number-block\">\n                    <span>8<\/span>\n\n                                    <\/div>\n            <\/div>\n\n            <div class=\"product-meta-block\">\n                                    <p class=\"text-medium text-black mb_0\">Aspect planche<\/p>\n                \n                                    <div class=\"button-block\">\n                        <div class=\"btn-merklist btn-merklist-small btn-merklist-full-width add-to-merkliste \" data-type=\"produkt\" data-id=\"3523\">\n                            <div>\n                                Liste de suivi                            <\/div>\n                        <\/div>\n                    <\/div>\n                            <\/div>\n        <\/div>\n    <\/div>\n<\/a>\n\n<a href=\"https:\/\/sperrag.ch\/fr\/produit\/pin-mi-fil\/\" data-fancybox data-src=\"https:\/\/sperrag.ch\/wp-content\/uploads\/zirbelkiefer-1200x886.jpg\" data-caption=\"Aspect planche\" class=\"product-card  not-open-modal\" data-paginationmobilepage=\"\" data-modalpostid=\"4938\" data-parentpageid=\"3679\">\n    <div class=\"product-card-inner-container\">\n        <h4 class=\"heading-h5 mb_0\">Pin mi fil<\/h4>\n\n        <div class=\"product-card-cols\">\n            <div class=\"product-card-image\" style=\"background-image: url('https:\/\/sperrag.ch\/wp-content\/uploads\/zirbelkiefer-1200x886.jpg')\">\n                <div class=\"product-number-block\">\n                    <span>9<\/span>\n\n                                    <\/div>\n            <\/div>\n\n            <div class=\"product-meta-block\">\n                                    <p class=\"text-medium text-black mb_0\">Aspect planche<\/p>\n                \n                                    <div class=\"button-block\">\n                        <div class=\"btn-merklist btn-merklist-small btn-merklist-full-width add-to-merkliste \" data-type=\"produkt\" data-id=\"4938\">\n                            <div>\n                                Liste de suivi                            <\/div>\n                        <\/div>\n                    <\/div>\n                            <\/div>\n        <\/div>\n    <\/div>\n<\/a>\n                                    <\/div>\n                                \n                                                                    <div class=\"product-cards-mobile-wrapper feuilles-de-placage\" data-page=\"1\" data-maxnumpages=\"2\">\n                                        <div class=\"loading_fade\"><\/div>\n\n                                        <div class=\"product-cards-mobile\">\n                                            \n<a href=\"https:\/\/sperrag.ch\/fr\/produit\/euroflex-chene-euro-mi-fil\/\" data-fancybox data-src=\"https:\/\/sperrag.ch\/wp-content\/uploads\/Euroflex_Eiche_Schlicht.jpg\" data-caption=\"Aspect planche\" class=\"product-card  not-open-modal\" data-paginationmobilepage=\"1\" data-modalpostid=\"3549\" data-parentpageid=\"3679\">\n    <div class=\"product-card-inner-container\">\n        <h4 class=\"heading-h5 mb_0\">Ch\u00eane euro mi fil<\/h4>\n\n        <div class=\"product-card-cols\">\n            <div class=\"product-card-image\" style=\"background-image: url('https:\/\/sperrag.ch\/wp-content\/uploads\/Euroflex_Eiche_Schlicht.jpg')\">\n                <div class=\"product-number-block\">\n                    <span>1<\/span>\n\n                                    <\/div>\n            <\/div>\n\n            <div class=\"product-meta-block\">\n                                    <p class=\"text-medium text-black mb_0\">Aspect planche<\/p>\n                \n                                    <div class=\"button-block\">\n                        <div class=\"btn-merklist btn-merklist-small btn-merklist-full-width add-to-merkliste \" data-type=\"produkt\" data-id=\"3549\">\n                            <div>\n                                Liste de suivi                            <\/div>\n                        <\/div>\n                    <\/div>\n                            <\/div>\n        <\/div>\n    <\/div>\n<\/a>\n\n<a href=\"https:\/\/sperrag.ch\/fr\/produit\/chene-avec-petits-noeuds\/\" data-fancybox data-src=\"https:\/\/sperrag.ch\/wp-content\/uploads\/EUROFLEX-EKA1_Eiche-astig-1-1200x920.jpg\" data-caption=\"Aspect planche\" class=\"product-card  not-open-modal\" data-paginationmobilepage=\"1\" data-modalpostid=\"4934\" data-parentpageid=\"3679\">\n    <div class=\"product-card-inner-container\">\n        <h4 class=\"heading-h5 mb_0\">Ch\u00eane euro petits noeuds<\/h4>\n\n        <div class=\"product-card-cols\">\n            <div class=\"product-card-image\" style=\"background-image: url('https:\/\/sperrag.ch\/wp-content\/uploads\/EUROFLEX-EKA1_Eiche-astig-1-1200x920.jpg')\">\n                <div class=\"product-number-block\">\n                    <span>2<\/span>\n\n                                    <\/div>\n            <\/div>\n\n            <div class=\"product-meta-block\">\n                                    <p class=\"text-medium text-black mb_0\">Aspect planche<\/p>\n                \n                                    <div class=\"button-block\">\n                        <div class=\"btn-merklist btn-merklist-small btn-merklist-full-width add-to-merkliste \" data-type=\"produkt\" data-id=\"4934\">\n                            <div>\n                                Liste de suivi                            <\/div>\n                        <\/div>\n                    <\/div>\n                            <\/div>\n        <\/div>\n    <\/div>\n<\/a>\n\n<a href=\"https:\/\/sperrag.ch\/fr\/produit\/chene-brut-nature\/\" data-fancybox data-src=\"https:\/\/sperrag.ch\/wp-content\/uploads\/Euroflex_Balkeneiche.jpg\" data-caption=\"Aspect planche\" class=\"product-card  not-open-modal\" data-paginationmobilepage=\"1\" data-modalpostid=\"4931\" data-parentpageid=\"3679\">\n    <div class=\"product-card-inner-container\">\n        <h4 class=\"heading-h5 mb_0\">Ch\u00eane fendu nature<\/h4>\n\n        <div class=\"product-card-cols\">\n            <div class=\"product-card-image\" style=\"background-image: url('https:\/\/sperrag.ch\/wp-content\/uploads\/Euroflex_Balkeneiche.jpg')\">\n                <div class=\"product-number-block\">\n                    <span>3<\/span>\n\n                                    <\/div>\n            <\/div>\n\n            <div class=\"product-meta-block\">\n                                    <p class=\"text-medium text-black mb_0\">Aspect planche<\/p>\n                \n                                    <div class=\"button-block\">\n                        <div class=\"btn-merklist btn-merklist-small btn-merklist-full-width add-to-merkliste \" data-type=\"produkt\" data-id=\"4931\">\n                            <div>\n                                Liste de suivi                            <\/div>\n                        <\/div>\n                    <\/div>\n                            <\/div>\n        <\/div>\n    <\/div>\n<\/a>\n\n<a href=\"https:\/\/sperrag.ch\/fr\/produit\/epicea-a-noeuds\/\" data-fancybox data-src=\"https:\/\/sperrag.ch\/wp-content\/uploads\/EUROFLEX-FIA2_Fichte-astig-1-1200x923.jpg\" data-caption=\"Aspect planche\" class=\"product-card  not-open-modal\" data-paginationmobilepage=\"1\" data-modalpostid=\"4932\" data-parentpageid=\"3679\">\n    <div class=\"product-card-inner-container\">\n        <h4 class=\"heading-h5 mb_0\">Epic\u00e9a avec noeuds<\/h4>\n\n        <div class=\"product-card-cols\">\n            <div class=\"product-card-image\" style=\"background-image: url('https:\/\/sperrag.ch\/wp-content\/uploads\/EUROFLEX-FIA2_Fichte-astig-1-1200x923.jpg')\">\n                <div class=\"product-number-block\">\n                    <span>4<\/span>\n\n                                    <\/div>\n            <\/div>\n\n            <div class=\"product-meta-block\">\n                                    <p class=\"text-medium text-black mb_0\">Aspect planche<\/p>\n                \n                                    <div class=\"button-block\">\n                        <div class=\"btn-merklist btn-merklist-small btn-merklist-full-width add-to-merkliste \" data-type=\"produkt\" data-id=\"4932\">\n                            <div>\n                                Liste de suivi                            <\/div>\n                        <\/div>\n                    <\/div>\n                            <\/div>\n        <\/div>\n    <\/div>\n<\/a>\n\n<a href=\"https:\/\/sperrag.ch\/fr\/produit\/epicea-mi-fil-fr\/\" data-fancybox data-src=\"https:\/\/sperrag.ch\/wp-content\/uploads\/EUROFLEX-FIC2_Fichte_Spruce-1-1200x923.jpg\" data-caption=\"Aspect planche\" class=\"product-card  not-open-modal\" data-paginationmobilepage=\"1\" data-modalpostid=\"4937\" data-parentpageid=\"3679\">\n    <div class=\"product-card-inner-container\">\n        <h4 class=\"heading-h5 mb_0\">Epic\u00e9a mi fil<\/h4>\n\n        <div class=\"product-card-cols\">\n            <div class=\"product-card-image\" style=\"background-image: url('https:\/\/sperrag.ch\/wp-content\/uploads\/EUROFLEX-FIC2_Fichte_Spruce-1-1200x923.jpg')\">\n                <div class=\"product-number-block\">\n                    <span>5<\/span>\n\n                                    <\/div>\n            <\/div>\n\n            <div class=\"product-meta-block\">\n                                    <p class=\"text-medium text-black mb_0\">Aspect planche<\/p>\n                \n                                    <div class=\"button-block\">\n                        <div class=\"btn-merklist btn-merklist-small btn-merklist-full-width add-to-merkliste \" data-type=\"produkt\" data-id=\"4937\">\n                            <div>\n                                Liste de suivi                            <\/div>\n                        <\/div>\n                    <\/div>\n                            <\/div>\n        <\/div>\n    <\/div>\n<\/a>\n\n<a href=\"https:\/\/sperrag.ch\/fr\/produit\/frene-mi-fil\/\" data-fancybox data-src=\"https:\/\/sperrag.ch\/wp-content\/uploads\/EUROFLEX-ESC1-Esche-1-1200x917.jpg\" data-caption=\"Aspect planche\" class=\"product-card hidden not-open-modal\" data-paginationmobilepage=\"2\" data-modalpostid=\"4936\" data-parentpageid=\"3679\">\n    <div class=\"product-card-inner-container\">\n        <h4 class=\"heading-h5 mb_0\">Fr\u00eane mi fil<\/h4>\n\n        <div class=\"product-card-cols\">\n            <div class=\"product-card-image\" style=\"background-image: url('https:\/\/sperrag.ch\/wp-content\/uploads\/EUROFLEX-ESC1-Esche-1-1200x917.jpg')\">\n                <div class=\"product-number-block\">\n                    <span>6<\/span>\n\n                                    <\/div>\n            <\/div>\n\n            <div class=\"product-meta-block\">\n                                    <p class=\"text-medium text-black mb_0\">Aspect planche<\/p>\n                \n                                    <div class=\"button-block\">\n                        <div class=\"btn-merklist btn-merklist-small btn-merklist-full-width add-to-merkliste \" data-type=\"produkt\" data-id=\"4936\">\n                            <div>\n                                Liste de suivi                            <\/div>\n                        <\/div>\n                    <\/div>\n                            <\/div>\n        <\/div>\n    <\/div>\n<\/a>\n\n<a href=\"https:\/\/sperrag.ch\/fr\/produit\/euroflex-mahagoni-mi-fil-fr\/\" data-fancybox data-src=\"https:\/\/sperrag.ch\/wp-content\/uploads\/EUROFLEX-MAS1-Magahoni-2-1200x920.jpg\" data-caption=\"Aspect planche\" class=\"product-card hidden not-open-modal\" data-paginationmobilepage=\"2\" data-modalpostid=\"3576\" data-parentpageid=\"3679\">\n    <div class=\"product-card-inner-container\">\n        <h4 class=\"heading-h5 mb_0\">Mahagoni<\/h4>\n\n        <div class=\"product-card-cols\">\n            <div class=\"product-card-image\" style=\"background-image: url('https:\/\/sperrag.ch\/wp-content\/uploads\/EUROFLEX-MAS1-Magahoni-2-1200x920.jpg')\">\n                <div class=\"product-number-block\">\n                    <span>7<\/span>\n\n                                    <\/div>\n            <\/div>\n\n            <div class=\"product-meta-block\">\n                                    <p class=\"text-medium text-black mb_0\">Aspect planche<\/p>\n                \n                                    <div class=\"button-block\">\n                        <div class=\"btn-merklist btn-merklist-small btn-merklist-full-width add-to-merkliste \" data-type=\"produkt\" data-id=\"3576\">\n                            <div>\n                                Liste de suivi                            <\/div>\n                        <\/div>\n                    <\/div>\n                            <\/div>\n        <\/div>\n    <\/div>\n<\/a>\n\n<a href=\"https:\/\/sperrag.ch\/fr\/produit\/pin-cembro-fr\/\" data-fancybox data-src=\"https:\/\/sperrag.ch\/wp-content\/uploads\/EUROFLEX-KIE2_Kiefer_Pine-1-1200x929.jpg\" data-caption=\"Aspect planche\" class=\"product-card hidden not-open-modal\" data-paginationmobilepage=\"2\" data-modalpostid=\"3523\" data-parentpageid=\"3679\">\n    <div class=\"product-card-inner-container\">\n        <h4 class=\"heading-h5 mb_0\">Pin cembro<\/h4>\n\n        <div class=\"product-card-cols\">\n            <div class=\"product-card-image\" style=\"background-image: url('https:\/\/sperrag.ch\/wp-content\/uploads\/EUROFLEX-KIE2_Kiefer_Pine-1-1200x929.jpg')\">\n                <div class=\"product-number-block\">\n                    <span>8<\/span>\n\n                                    <\/div>\n            <\/div>\n\n            <div class=\"product-meta-block\">\n                                    <p class=\"text-medium text-black mb_0\">Aspect planche<\/p>\n                \n                                    <div class=\"button-block\">\n                        <div class=\"btn-merklist btn-merklist-small btn-merklist-full-width add-to-merkliste \" data-type=\"produkt\" data-id=\"3523\">\n                            <div>\n                                Liste de suivi                            <\/div>\n                        <\/div>\n                    <\/div>\n                            <\/div>\n        <\/div>\n    <\/div>\n<\/a>\n\n<a href=\"https:\/\/sperrag.ch\/fr\/produit\/pin-mi-fil\/\" data-fancybox data-src=\"https:\/\/sperrag.ch\/wp-content\/uploads\/zirbelkiefer-1200x886.jpg\" data-caption=\"Aspect planche\" class=\"product-card hidden not-open-modal\" data-paginationmobilepage=\"2\" data-modalpostid=\"4938\" data-parentpageid=\"3679\">\n    <div class=\"product-card-inner-container\">\n        <h4 class=\"heading-h5 mb_0\">Pin mi fil<\/h4>\n\n        <div class=\"product-card-cols\">\n            <div class=\"product-card-image\" style=\"background-image: url('https:\/\/sperrag.ch\/wp-content\/uploads\/zirbelkiefer-1200x886.jpg')\">\n                <div class=\"product-number-block\">\n                    <span>9<\/span>\n\n                                    <\/div>\n            <\/div>\n\n            <div class=\"product-meta-block\">\n                                    <p class=\"text-medium text-black mb_0\">Aspect planche<\/p>\n                \n                                    <div class=\"button-block\">\n                        <div class=\"btn-merklist btn-merklist-small btn-merklist-full-width add-to-merkliste \" data-type=\"produkt\" data-id=\"4938\">\n                            <div>\n                                Liste de suivi                            <\/div>\n                        <\/div>\n                    <\/div>\n                            <\/div>\n        <\/div>\n    <\/div>\n<\/a>\n                                        <\/div>\n\n                                                                                    <div class=\"pagination_container\">\n                                                <div class=\"pagination_block\">\n                                                    <a href=\"#\" class=\"prev page-numbers disabled\" data-number=\"prev\">\n                <div>\n                    <span class=\"arrow_left\"><i class=\"fa-regular fa-chevron-left\"><\/i><\/span>\n                <\/div>\n            <\/a><div><a href=\"#\" class=\"current page-numbers\" data-number=\"1\">1<\/a><a href=\"#\" class=\"page-numbers\" data-number=\"2\">2<\/a><\/div><a href=\"#\" class=\"next page-numbers\" data-number=\"next\">\n                                <div>\n                                    <span class=\"arrow_right\"><i class=\"fa-regular fa-chevron-right\"><\/i><\/span>\n                                <\/div>\n                            <\/a>                                                <\/div>\n                                            <\/div>\n                                                                            <\/div>\n                                                            <\/div>\n                        <\/div>\n                                    <\/div>\n            <\/div>\n        <\/section>\n    \n\n\n\n\n\n\n\n    <section class=\"divider-block white-bg super-small\"><\/section>\n\n\n\n\n\n","protected":false},"featured_media":2518,"template":"","produkt_rubrik":[157],"class_list":["post-3679","produkt","type-produkt","status-publish","has-post-thumbnail","hentry","produkt_rubrik-derives-du-bois"],"acf":[],"yoast_head":"<!-- This site is optimized with the Yoast SEO plugin v27.5 - https:\/\/yoast.com\/product\/yoast-seo-wordpress\/ -->\n<title>Panneaux plaqu\u00e9s d&#039;essences nobles et feuilles de placages - sperrag<\/title>\n<meta name=\"description\" content=\"Panneaux agglom\u00e9res et contreplaqu\u00e9s replaqu\u00e9s d&#039;un v\u00e9ritable placage de bois.\" \/>\n<meta name=\"robots\" content=\"index, follow, max-snippet:-1, max-image-preview:large, max-video-preview:-1\" \/>\n<link rel=\"canonical\" href=\"https:\/\/sperrag.ch\/fr\/produit\/panneaux-plaques-essence\/\" \/>\n<meta property=\"og:locale\" content=\"fr_FR\" \/>\n<meta property=\"og:type\" content=\"article\" \/>\n<meta property=\"og:title\" content=\"Panneaux plaqu\u00e9s d&#039;essences nobles et feuilles de placages - sperrag\" \/>\n<meta property=\"og:description\" content=\"Panneaux agglom\u00e9res et contreplaqu\u00e9s replaqu\u00e9s d&#039;un v\u00e9ritable placage de bois.\" \/>\n<meta property=\"og:url\" content=\"https:\/\/sperrag.ch\/fr\/produit\/panneaux-plaques-essence\/\" \/>\n<meta property=\"og:site_name\" content=\"sperrag\" \/>\n<meta property=\"article:modified_time\" content=\"2025-08-18T13:20:26+00:00\" \/>\n<meta property=\"og:image\" content=\"https:\/\/sperrag.ch\/wp-content\/uploads\/Edelfurnierte_Kirschbaum-Euro.jpg\" \/>\n\t<meta property=\"og:image:width\" content=\"1000\" \/>\n\t<meta property=\"og:image:height\" content=\"667\" \/>\n\t<meta property=\"og:image:type\" content=\"image\/jpeg\" \/>\n<meta name=\"twitter:card\" content=\"summary_large_image\" \/>\n<script type=\"application\/ld+json\" class=\"yoast-schema-graph\">{\"@context\":\"https:\\\/\\\/schema.org\",\"@graph\":[{\"@type\":\"WebPage\",\"@id\":\"https:\\\/\\\/sperrag.ch\\\/fr\\\/produit\\\/panneaux-plaques-essence\\\/\",\"url\":\"https:\\\/\\\/sperrag.ch\\\/fr\\\/produit\\\/panneaux-plaques-essence\\\/\",\"name\":\"Panneaux plaqu\u00e9s d'essences nobles et feuilles de placages - sperrag\",\"isPartOf\":{\"@id\":\"https:\\\/\\\/sperrag.ch\\\/#website\"},\"primaryImageOfPage\":{\"@id\":\"https:\\\/\\\/sperrag.ch\\\/fr\\\/produit\\\/panneaux-plaques-essence\\\/#primaryimage\"},\"image\":{\"@id\":\"https:\\\/\\\/sperrag.ch\\\/fr\\\/produit\\\/panneaux-plaques-essence\\\/#primaryimage\"},\"thumbnailUrl\":\"https:\\\/\\\/sperrag.ch\\\/wp-content\\\/uploads\\\/Edelfurnierte_Kirschbaum-Euro.jpg\",\"datePublished\":\"2023-04-09T09:16:51+00:00\",\"dateModified\":\"2025-08-18T13:20:26+00:00\",\"description\":\"Panneaux agglom\u00e9res et contreplaqu\u00e9s replaqu\u00e9s d'un v\u00e9ritable placage de bois.\",\"breadcrumb\":{\"@id\":\"https:\\\/\\\/sperrag.ch\\\/fr\\\/produit\\\/panneaux-plaques-essence\\\/#breadcrumb\"},\"inLanguage\":\"fr-FR\",\"potentialAction\":[{\"@type\":\"ReadAction\",\"target\":[\"https:\\\/\\\/sperrag.ch\\\/fr\\\/produit\\\/panneaux-plaques-essence\\\/\"]}]},{\"@type\":\"ImageObject\",\"inLanguage\":\"fr-FR\",\"@id\":\"https:\\\/\\\/sperrag.ch\\\/fr\\\/produit\\\/panneaux-plaques-essence\\\/#primaryimage\",\"url\":\"https:\\\/\\\/sperrag.ch\\\/wp-content\\\/uploads\\\/Edelfurnierte_Kirschbaum-Euro.jpg\",\"contentUrl\":\"https:\\\/\\\/sperrag.ch\\\/wp-content\\\/uploads\\\/Edelfurnierte_Kirschbaum-Euro.jpg\",\"width\":1000,\"height\":667},{\"@type\":\"BreadcrumbList\",\"@id\":\"https:\\\/\\\/sperrag.ch\\\/fr\\\/produit\\\/panneaux-plaques-essence\\\/#breadcrumb\",\"itemListElement\":[{\"@type\":\"ListItem\",\"position\":1,\"name\":\"Home\",\"item\":\"https:\\\/\\\/sperrag.ch\\\/fr\\\/\"},{\"@type\":\"ListItem\",\"position\":2,\"name\":\"Produkte\",\"item\":\"https:\\\/\\\/sperrag.ch\\\/produkt\\\/\"},{\"@type\":\"ListItem\",\"position\":3,\"name\":\"Panneaux plaqu\u00e9s d&#8217;essences nobles et feuilles de placages\"}]},{\"@type\":\"WebSite\",\"@id\":\"https:\\\/\\\/sperrag.ch\\\/#website\",\"url\":\"https:\\\/\\\/sperrag.ch\\\/\",\"name\":\"sperrag\",\"description\":\"\",\"publisher\":{\"@id\":\"https:\\\/\\\/sperrag.ch\\\/#organization\"},\"potentialAction\":[{\"@type\":\"SearchAction\",\"target\":{\"@type\":\"EntryPoint\",\"urlTemplate\":\"https:\\\/\\\/sperrag.ch\\\/?s={search_term_string}\"},\"query-input\":{\"@type\":\"PropertyValueSpecification\",\"valueRequired\":true,\"valueName\":\"search_term_string\"}}],\"inLanguage\":\"fr-FR\"},{\"@type\":\"Organization\",\"@id\":\"https:\\\/\\\/sperrag.ch\\\/#organization\",\"name\":\"sperrag ag\",\"url\":\"https:\\\/\\\/sperrag.ch\\\/\",\"logo\":{\"@type\":\"ImageObject\",\"inLanguage\":\"fr-FR\",\"@id\":\"https:\\\/\\\/sperrag.ch\\\/#\\\/schema\\\/logo\\\/image\\\/\",\"url\":\"https:\\\/\\\/sperrag.ch\\\/wp-content\\\/uploads\\\/Sperrag_logo.svg\",\"contentUrl\":\"https:\\\/\\\/sperrag.ch\\\/wp-content\\\/uploads\\\/Sperrag_logo.svg\",\"width\":421,\"height\":89,\"caption\":\"sperrag ag\"},\"image\":{\"@id\":\"https:\\\/\\\/sperrag.ch\\\/#\\\/schema\\\/logo\\\/image\\\/\"},\"sameAs\":[\"https:\\\/\\\/www.linkedin.com\\\/company\\\/sperrag-ag\"]}]}<\/script>\n<!-- \/ Yoast SEO plugin. -->","yoast_head_json":{"title":"Panneaux plaqu\u00e9s d'essences nobles et feuilles de placages - sperrag","description":"Panneaux agglom\u00e9res et contreplaqu\u00e9s replaqu\u00e9s d'un v\u00e9ritable placage de bois.","robots":{"index":"index","follow":"follow","max-snippet":"max-snippet:-1","max-image-preview":"max-image-preview:large","max-video-preview":"max-video-preview:-1"},"canonical":"https:\/\/sperrag.ch\/fr\/produit\/panneaux-plaques-essence\/","og_locale":"fr_FR","og_type":"article","og_title":"Panneaux plaqu\u00e9s d'essences nobles et feuilles de placages - sperrag","og_description":"Panneaux agglom\u00e9res et contreplaqu\u00e9s replaqu\u00e9s d'un v\u00e9ritable placage de bois.","og_url":"https:\/\/sperrag.ch\/fr\/produit\/panneaux-plaques-essence\/","og_site_name":"sperrag","article_modified_time":"2025-08-18T13:20:26+00:00","og_image":[{"width":1000,"height":667,"url":"https:\/\/sperrag.ch\/wp-content\/uploads\/Edelfurnierte_Kirschbaum-Euro.jpg","type":"image\/jpeg"}],"twitter_card":"summary_large_image","schema":{"@context":"https:\/\/schema.org","@graph":[{"@type":"WebPage","@id":"https:\/\/sperrag.ch\/fr\/produit\/panneaux-plaques-essence\/","url":"https:\/\/sperrag.ch\/fr\/produit\/panneaux-plaques-essence\/","name":"Panneaux plaqu\u00e9s d'essences nobles et feuilles de placages - sperrag","isPartOf":{"@id":"https:\/\/sperrag.ch\/#website"},"primaryImageOfPage":{"@id":"https:\/\/sperrag.ch\/fr\/produit\/panneaux-plaques-essence\/#primaryimage"},"image":{"@id":"https:\/\/sperrag.ch\/fr\/produit\/panneaux-plaques-essence\/#primaryimage"},"thumbnailUrl":"https:\/\/sperrag.ch\/wp-content\/uploads\/Edelfurnierte_Kirschbaum-Euro.jpg","datePublished":"2023-04-09T09:16:51+00:00","dateModified":"2025-08-18T13:20:26+00:00","description":"Panneaux agglom\u00e9res et contreplaqu\u00e9s replaqu\u00e9s d'un v\u00e9ritable placage de bois.","breadcrumb":{"@id":"https:\/\/sperrag.ch\/fr\/produit\/panneaux-plaques-essence\/#breadcrumb"},"inLanguage":"fr-FR","potentialAction":[{"@type":"ReadAction","target":["https:\/\/sperrag.ch\/fr\/produit\/panneaux-plaques-essence\/"]}]},{"@type":"ImageObject","inLanguage":"fr-FR","@id":"https:\/\/sperrag.ch\/fr\/produit\/panneaux-plaques-essence\/#primaryimage","url":"https:\/\/sperrag.ch\/wp-content\/uploads\/Edelfurnierte_Kirschbaum-Euro.jpg","contentUrl":"https:\/\/sperrag.ch\/wp-content\/uploads\/Edelfurnierte_Kirschbaum-Euro.jpg","width":1000,"height":667},{"@type":"BreadcrumbList","@id":"https:\/\/sperrag.ch\/fr\/produit\/panneaux-plaques-essence\/#breadcrumb","itemListElement":[{"@type":"ListItem","position":1,"name":"Home","item":"https:\/\/sperrag.ch\/fr\/"},{"@type":"ListItem","position":2,"name":"Produkte","item":"https:\/\/sperrag.ch\/produkt\/"},{"@type":"ListItem","position":3,"name":"Panneaux plaqu\u00e9s d&#8217;essences nobles et feuilles de placages"}]},{"@type":"WebSite","@id":"https:\/\/sperrag.ch\/#website","url":"https:\/\/sperrag.ch\/","name":"sperrag","description":"","publisher":{"@id":"https:\/\/sperrag.ch\/#organization"},"potentialAction":[{"@type":"SearchAction","target":{"@type":"EntryPoint","urlTemplate":"https:\/\/sperrag.ch\/?s={search_term_string}"},"query-input":{"@type":"PropertyValueSpecification","valueRequired":true,"valueName":"search_term_string"}}],"inLanguage":"fr-FR"},{"@type":"Organization","@id":"https:\/\/sperrag.ch\/#organization","name":"sperrag ag","url":"https:\/\/sperrag.ch\/","logo":{"@type":"ImageObject","inLanguage":"fr-FR","@id":"https:\/\/sperrag.ch\/#\/schema\/logo\/image\/","url":"https:\/\/sperrag.ch\/wp-content\/uploads\/Sperrag_logo.svg","contentUrl":"https:\/\/sperrag.ch\/wp-content\/uploads\/Sperrag_logo.svg","width":421,"height":89,"caption":"sperrag ag"},"image":{"@id":"https:\/\/sperrag.ch\/#\/schema\/logo\/image\/"},"sameAs":["https:\/\/www.linkedin.com\/company\/sperrag-ag"]}]}},"_links":{"self":[{"href":"https:\/\/sperrag.ch\/fr\/wp-json\/wp\/v2\/produkt\/3679","targetHints":{"allow":["GET"]}}],"collection":[{"href":"https:\/\/sperrag.ch\/fr\/wp-json\/wp\/v2\/produkt"}],"about":[{"href":"https:\/\/sperrag.ch\/fr\/wp-json\/wp\/v2\/types\/produkt"}],"wp:featuredmedia":[{"embeddable":true,"href":"https:\/\/sperrag.ch\/fr\/wp-json\/wp\/v2\/media\/2518"}],"wp:attachment":[{"href":"https:\/\/sperrag.ch\/fr\/wp-json\/wp\/v2\/media?parent=3679"}],"wp:term":[{"taxonomy":"produkt_rubrik","embeddable":true,"href":"https:\/\/sperrag.ch\/fr\/wp-json\/wp\/v2\/produkt_rubrik?post=3679"}],"curies":[{"name":"wp","href":"https:\/\/api.w.org\/{rel}","templated":true}]}}