{"id":8619,"date":"2024-10-31T11:22:00","date_gmt":"2024-10-31T10:22:00","guid":{"rendered":"https:\/\/sperrag.ch\/?post_type=produkt&#038;p=8619"},"modified":"2025-08-18T15:21:48","modified_gmt":"2025-08-18T13:21:48","slug":"ebauche-de-porte","status":"publish","type":"produkt","link":"https:\/\/sperrag.ch\/fr\/produit\/ebauche-de-porte\/","title":{"rendered":"\u00c9bauches de portes"},"content":{"rendered":"\n    <section class=\"header-modal-block scrollMagic-block\" data-uid=\"69f40c8e82394\">\n                    <p class=\"subtitle-modal\"> <a href=\"https:\/\/sperrag.ch\/fr\/gammes-de-produits\/\" class=\"\">Gammes de produits<\/a><span> > <\/span><a href=\"https:\/\/sperrag.ch\/fr\/gammes-de-produits\/?el=derives-du-bois\" class=\"\">D\u00e9riv\u00e9s du bois<\/a> <\/p>\n        \n        <h1 class=\"mb_0\">\u00c9bauches de portes\n<\/h1>\n    <\/section>\n\n\n\n\n\n\n\n    <section class=\"product-with-info-block white-bg\" id=\"\">\n        <div class=\"cols-block\">\n            <div class=\"left-part-block scrollMagic-block\" data-uid=\"69f40c8e852fe\">\n                                    <img decoding=\"async\" src=\"https:\/\/sperrag.ch\/wp-content\/uploads\/sperrag-Flexiporte.6-800x287.jpg\" alt=\"\u00c9bauches de portes de haute qualit\u00e9\">\n                            <\/div>\n\n            <div class=\"right-part-block scrollMagic-block delay-animation\" data-uid=\"69f40c8e852fe-1\">\n                                    <h4>\u00c9bauches de portes de haute qualit\u00e9<\/h4>\n                \n                                    <div class=\"description_block\">\n                        <p>En compl\u00e9ment de nos d\u00e9riv\u00e9s du bois, vous trouverez ici des \u00e9bauches de portes sp\u00e9ciales pour des solutions individuelles.<\/p>\n                    <\/div>\n                \n                <div class=\"mediums-block\">\n                                <a href=\"https:\/\/sperrag.ch\/wp-content\/uploads\/Flyer_sperrag_Tuerrohlinge-fr.pdf\" class=\"medium-block \" target=\"_blank\">\n                                                <div>\n                        <i class=\"fa-thin fa-file-pdf\"><\/i>\n                    <\/div>\n                \n                <div>\n                    <span><strong>Flyer \u00c9bauches de portes<\/strong><\/span>\n                    <p class=\"mb_0\"><\/p>\n                <\/div>\n            <\/a>\n            <\/div>\n            <\/div>\n        <\/div>\n    <\/section>\n\n\n\n\n\n\n\n\n\n            <section class=\"products-slider-sub-category-block white-bg scrollMagic-block\" id=\"\" data-uid=\"69f40c8e869d7\">\n            <div class=\"accordion-block products\">\n                <div class=\"accordion-inner-container\">\n                                            <div class=\"accordion-item\" id=\"ebauche-pour-des-portes-coulissantes-legeres-et-individuelles\">\n                            <div class=\"accordion-item-header-container\">\n                                <h2 class=\"accordion-item-header-text mb_0 \" data-number=\"0\">\n                                    \u00c9bauche pour des portes coulissantes l\u00e9g\u00e8res et individuelles                                <\/h2>\n                            <\/div>\n\n                            <div class=\"accordion-content-block\" >\n                                                                    <div class=\"rubrik-info-block sub-cat-rubrik-info-block\">\n                                        <div class=\"rubrik-text-block\">\n                                                                                            <h4 class=\"\">\u00c9bauche pour des portes coulissantes l\u00e9g\u00e8res et individuelles\n<\/h4>\n                                            \n                                                                                            <div class=\"description_block\"><p>AeroSlide est la solution\u00a0 parfaite pour les portes coulissantes l\u00e9g\u00e8res et individuelles. Avec un peu plus de 400 kg\/m3, AeroSlide fait partie des poids plume parmi les panneaux bruts pour portes et permet ainsi une manipulation ais\u00e9e m\u00eame pour les grands formats. Le panneau a une surface HDF d\u2019environ 3,5 mm d\u2019\u00e9paisseur qui est calibr\u00e9e et ponc\u00e9e. Le noyau est en XPS (polystyr\u00e8ne expans\u00e9) avec un cadre p\u00e9riph\u00e9rique en Albasia about\u00e9 avec une possibilit\u00e9 de raccourcissement de 200 mm en longueur et de 100 mm en largeur. Le stabilisateur est compos\u00e9 de bois stratifi\u00e9 d\u2019environ 30 mm de large.<\/p>\n<\/div>\n                                                                                    <\/div>\n\n                                        <div class=\"rubrik-medium-block\">\n                                                                                    <\/div>\n                                    <\/div>\n                                \n                                                                    <div class=\"product-cards\">\n                                        \n<a href=\"https:\/\/sperrag.ch\/fr\/produit\/ebauche-pour-des-portes-coulissantes-individuelles\/\" data-fancybox data-src=\"https:\/\/sperrag.ch\/wp-content\/uploads\/IMG_5932-1200x1164.png\" data-caption=\"AeroSlide\" class=\"product-card  not-open-modal\" data-paginationmobilepage=\"\" data-modalpostid=\"8621\" data-parentpageid=\"8619\">\n    <div class=\"product-card-inner-container\">\n        <h4 class=\"heading-h5 mb_0\">\u00c9bauche pour des portes coulissantes l\u00e9g\u00e8res et individuelles<\/h4>\n\n        <div class=\"product-card-cols\">\n            <div class=\"product-card-image\" style=\"background-image: url('https:\/\/sperrag.ch\/wp-content\/uploads\/IMG_5932-1200x1164.png')\">\n                <div class=\"product-number-block\">\n                    <span>1<\/span>\n\n                                    <\/div>\n            <\/div>\n\n            <div class=\"product-meta-block\">\n                                    <p class=\"text-medium text-black mb_0\">AeroSlide<\/p>\n                \n                                    <div class=\"button-block\">\n                        <div class=\"btn-merklist btn-merklist-small btn-merklist-full-width add-to-merkliste \" data-type=\"produkt\" data-id=\"8621\">\n                            <div>\n                                Liste de suivi                            <\/div>\n                        <\/div>\n                    <\/div>\n                            <\/div>\n        <\/div>\n    <\/div>\n<\/a>\n                                    <\/div>\n                                \n                                                                    <div class=\"product-cards-mobile-wrapper ebauche-pour-des-portes-coulissantes-legeres-et-individuelles\" data-page=\"1\" data-maxnumpages=\"1\">\n                                        <div class=\"loading_fade\"><\/div>\n\n                                        <div class=\"product-cards-mobile\">\n                                            \n<a href=\"https:\/\/sperrag.ch\/fr\/produit\/ebauche-pour-des-portes-coulissantes-individuelles\/\" data-fancybox data-src=\"https:\/\/sperrag.ch\/wp-content\/uploads\/IMG_5932-1200x1164.png\" data-caption=\"AeroSlide\" class=\"product-card  not-open-modal\" data-paginationmobilepage=\"1\" data-modalpostid=\"8621\" data-parentpageid=\"8619\">\n    <div class=\"product-card-inner-container\">\n        <h4 class=\"heading-h5 mb_0\">\u00c9bauche pour des portes coulissantes l\u00e9g\u00e8res et individuelles<\/h4>\n\n        <div class=\"product-card-cols\">\n            <div class=\"product-card-image\" style=\"background-image: url('https:\/\/sperrag.ch\/wp-content\/uploads\/IMG_5932-1200x1164.png')\">\n                <div class=\"product-number-block\">\n                    <span>1<\/span>\n\n                                    <\/div>\n            <\/div>\n\n            <div class=\"product-meta-block\">\n                                    <p class=\"text-medium text-black mb_0\">AeroSlide<\/p>\n                \n                                    <div class=\"button-block\">\n                        <div class=\"btn-merklist btn-merklist-small btn-merklist-full-width add-to-merkliste \" data-type=\"produkt\" data-id=\"8621\">\n                            <div>\n                                Liste de suivi                            <\/div>\n                        <\/div>\n                    <\/div>\n                            <\/div>\n        <\/div>\n    <\/div>\n<\/a>\n                                        <\/div>\n\n                                                                            <\/div>\n                                                            <\/div>\n                        <\/div>\n                                            <div class=\"accordion-item\" id=\"ebauche-de-porte-exterieure\">\n                            <div class=\"accordion-item-header-container\">\n                                <h2 class=\"accordion-item-header-text mb_0 \" data-number=\"3\">\n                                    \u00c9bauche de porte ext\u00e9rieure                                <\/h2>\n                            <\/div>\n\n                            <div class=\"accordion-content-block\" >\n                                                                    <div class=\"rubrik-info-block sub-cat-rubrik-info-block\">\n                                        <div class=\"rubrik-text-block\">\n                                                                                            <h4 class=\"\">\u00c9bauche de porte ext\u00e9rieure\n<\/h4>\n                                            \n                                                                                            <div class=\"description_block\"><p>sperrag Flexiporte est une \u00e9bauche pour les portes ext\u00e9rieures. Elle garantit une qualit\u00e9 sup\u00e9rieure \u00e0 un prix \u00e9quitable. La surface MDF ne n\u00e9cessite pas d\u2019appr\u00eat ou de durcisseur pour bois comme couche de fond. Des surfaces laqu\u00e9es fonc\u00e9es sont possibles \u00e0 tout moment. sperrag Flexiporte dispose d\u2019un cadre en acier sur les quatre c\u00f4t\u00e9s, soud\u00e9 dans les coins et renforc\u00e9 c\u00f4t\u00e9 serrure. Le rev\u00eatement de 9 mm d\u2019\u00e9paisseur peuvent \u00eatre frais\u00e9s. La construction est ouverte \u00e0 la diffusion de vapeur d\u2019eau et r\u00e9duit la dur\u00e9e de vie des outils gr\u00e2ce \u00e0 l\u2019absence d\u2019insert en aluminium. Le cadre en acier est recouvert d\u2019une couche de fond antirouille. Aucune ferrure contre la d\u00e9formation est n\u00e9cessaire. Le fabricant garantit la stabilit\u00e9 climatique, m\u00eame en cas de surfaces fonc\u00e9es. sperrag Flexiporte r\u00e9pond aux exigences de protection contre l\u2019effraction selon la norme DIN EN 1627 avec RC2 et RC2N.<\/p>\n<\/div>\n                                                                                    <\/div>\n\n                                        <div class=\"rubrik-medium-block\">\n                                                                                    <\/div>\n                                    <\/div>\n                                \n                                                                    <div class=\"product-cards\">\n                                        \n<a href=\"https:\/\/sperrag.ch\/fr\/produit\/ebauche-de-porte-exterieure\/\" data-fancybox data-src=\"https:\/\/sperrag.ch\/wp-content\/uploads\/sperrag-Flexiporte.5.jpg\" data-caption=\"sperrag Flexiporte\" class=\"product-card  not-open-modal\" data-paginationmobilepage=\"\" data-modalpostid=\"8620\" data-parentpageid=\"8619\">\n    <div class=\"product-card-inner-container\">\n        <h4 class=\"heading-h5 mb_0\">\u00c9bauche de porte ext\u00e9rieure<\/h4>\n\n        <div class=\"product-card-cols\">\n            <div class=\"product-card-image\" style=\"background-image: url('https:\/\/sperrag.ch\/wp-content\/uploads\/sperrag-Flexiporte.5.jpg')\">\n                <div class=\"product-number-block\">\n                    <span>1<\/span>\n\n                                    <\/div>\n            <\/div>\n\n            <div class=\"product-meta-block\">\n                                    <p class=\"text-medium text-black mb_0\">sperrag Flexiporte<\/p>\n                \n                                    <div class=\"button-block\">\n                        <div class=\"btn-merklist btn-merklist-small btn-merklist-full-width add-to-merkliste \" data-type=\"produkt\" data-id=\"8620\">\n                            <div>\n                                Liste de suivi                            <\/div>\n                        <\/div>\n                    <\/div>\n                            <\/div>\n        <\/div>\n    <\/div>\n<\/a>\n                                    <\/div>\n                                \n                                                                    <div class=\"product-cards-mobile-wrapper ebauche-de-porte-exterieure\" data-page=\"1\" data-maxnumpages=\"1\">\n                                        <div class=\"loading_fade\"><\/div>\n\n                                        <div class=\"product-cards-mobile\">\n                                            \n<a href=\"https:\/\/sperrag.ch\/fr\/produit\/ebauche-de-porte-exterieure\/\" data-fancybox data-src=\"https:\/\/sperrag.ch\/wp-content\/uploads\/sperrag-Flexiporte.5.jpg\" data-caption=\"sperrag Flexiporte\" class=\"product-card  not-open-modal\" data-paginationmobilepage=\"1\" data-modalpostid=\"8620\" data-parentpageid=\"8619\">\n    <div class=\"product-card-inner-container\">\n        <h4 class=\"heading-h5 mb_0\">\u00c9bauche de porte ext\u00e9rieure<\/h4>\n\n        <div class=\"product-card-cols\">\n            <div class=\"product-card-image\" style=\"background-image: url('https:\/\/sperrag.ch\/wp-content\/uploads\/sperrag-Flexiporte.5.jpg')\">\n                <div class=\"product-number-block\">\n                    <span>1<\/span>\n\n                                    <\/div>\n            <\/div>\n\n            <div class=\"product-meta-block\">\n                                    <p class=\"text-medium text-black mb_0\">sperrag Flexiporte<\/p>\n                \n                                    <div class=\"button-block\">\n                        <div class=\"btn-merklist btn-merklist-small btn-merklist-full-width add-to-merkliste \" data-type=\"produkt\" data-id=\"8620\">\n                            <div>\n                                Liste de suivi                            <\/div>\n                        <\/div>\n                    <\/div>\n                            <\/div>\n        <\/div>\n    <\/div>\n<\/a>\n                                        <\/div>\n\n                                                                            <\/div>\n                                                            <\/div>\n                        <\/div>\n                                    <\/div>\n            <\/div>\n        <\/section>\n    \n\n\n\n\n\n\n\n    <section class=\"divider-block white-bg super-small\"><\/section>\n\n\n\n\n\n","protected":false},"featured_media":8616,"template":"","produkt_rubrik":[157],"class_list":["post-8619","produkt","type-produkt","status-publish","has-post-thumbnail","hentry","produkt_rubrik-derives-du-bois"],"acf":[],"yoast_head":"<!-- This site is optimized with the Yoast SEO plugin v27.5 - https:\/\/yoast.com\/product\/yoast-seo-wordpress\/ -->\n<title>\u00c9bauches de portes - sperrag<\/title>\n<meta name=\"description\" content=\"\u00e9bauches de portes pour solutions individuelles\" \/>\n<meta name=\"robots\" content=\"index, follow, max-snippet:-1, max-image-preview:large, max-video-preview:-1\" \/>\n<link rel=\"canonical\" href=\"https:\/\/sperrag.ch\/fr\/produit\/ebauche-de-porte\/\" \/>\n<meta property=\"og:locale\" content=\"fr_FR\" \/>\n<meta property=\"og:type\" content=\"article\" \/>\n<meta property=\"og:title\" content=\"\u00c9bauches de portes - sperrag\" \/>\n<meta property=\"og:description\" content=\"\u00e9bauches de portes pour solutions individuelles\" \/>\n<meta property=\"og:url\" content=\"https:\/\/sperrag.ch\/fr\/produit\/ebauche-de-porte\/\" \/>\n<meta property=\"og:site_name\" content=\"sperrag\" \/>\n<meta property=\"article:modified_time\" content=\"2025-08-18T13:21:48+00:00\" \/>\n<meta property=\"og:image\" content=\"https:\/\/sperrag.ch\/wp-content\/uploads\/sperrag-Flexiporte.6.jpg\" \/>\n\t<meta property=\"og:image:width\" content=\"2109\" \/>\n\t<meta property=\"og:image:height\" content=\"757\" \/>\n\t<meta property=\"og:image:type\" content=\"image\/jpeg\" \/>\n<meta name=\"twitter:card\" content=\"summary_large_image\" \/>\n<script type=\"application\/ld+json\" class=\"yoast-schema-graph\">{\"@context\":\"https:\\\/\\\/schema.org\",\"@graph\":[{\"@type\":\"WebPage\",\"@id\":\"https:\\\/\\\/sperrag.ch\\\/fr\\\/produit\\\/ebauche-de-porte\\\/\",\"url\":\"https:\\\/\\\/sperrag.ch\\\/fr\\\/produit\\\/ebauche-de-porte\\\/\",\"name\":\"\u00c9bauches de portes - sperrag\",\"isPartOf\":{\"@id\":\"https:\\\/\\\/sperrag.ch\\\/#website\"},\"primaryImageOfPage\":{\"@id\":\"https:\\\/\\\/sperrag.ch\\\/fr\\\/produit\\\/ebauche-de-porte\\\/#primaryimage\"},\"image\":{\"@id\":\"https:\\\/\\\/sperrag.ch\\\/fr\\\/produit\\\/ebauche-de-porte\\\/#primaryimage\"},\"thumbnailUrl\":\"https:\\\/\\\/sperrag.ch\\\/wp-content\\\/uploads\\\/sperrag-Flexiporte.6.jpg\",\"datePublished\":\"2024-10-31T10:22:00+00:00\",\"dateModified\":\"2025-08-18T13:21:48+00:00\",\"description\":\"\u00e9bauches de portes pour solutions individuelles\",\"breadcrumb\":{\"@id\":\"https:\\\/\\\/sperrag.ch\\\/fr\\\/produit\\\/ebauche-de-porte\\\/#breadcrumb\"},\"inLanguage\":\"fr-FR\",\"potentialAction\":[{\"@type\":\"ReadAction\",\"target\":[\"https:\\\/\\\/sperrag.ch\\\/fr\\\/produit\\\/ebauche-de-porte\\\/\"]}]},{\"@type\":\"ImageObject\",\"inLanguage\":\"fr-FR\",\"@id\":\"https:\\\/\\\/sperrag.ch\\\/fr\\\/produit\\\/ebauche-de-porte\\\/#primaryimage\",\"url\":\"https:\\\/\\\/sperrag.ch\\\/wp-content\\\/uploads\\\/sperrag-Flexiporte.6.jpg\",\"contentUrl\":\"https:\\\/\\\/sperrag.ch\\\/wp-content\\\/uploads\\\/sperrag-Flexiporte.6.jpg\",\"width\":2109,\"height\":757},{\"@type\":\"BreadcrumbList\",\"@id\":\"https:\\\/\\\/sperrag.ch\\\/fr\\\/produit\\\/ebauche-de-porte\\\/#breadcrumb\",\"itemListElement\":[{\"@type\":\"ListItem\",\"position\":1,\"name\":\"Home\",\"item\":\"https:\\\/\\\/sperrag.ch\\\/fr\\\/\"},{\"@type\":\"ListItem\",\"position\":2,\"name\":\"Produkte\",\"item\":\"https:\\\/\\\/sperrag.ch\\\/produkt\\\/\"},{\"@type\":\"ListItem\",\"position\":3,\"name\":\"\u00c9bauches de portes\"}]},{\"@type\":\"WebSite\",\"@id\":\"https:\\\/\\\/sperrag.ch\\\/#website\",\"url\":\"https:\\\/\\\/sperrag.ch\\\/\",\"name\":\"sperrag\",\"description\":\"\",\"publisher\":{\"@id\":\"https:\\\/\\\/sperrag.ch\\\/#organization\"},\"potentialAction\":[{\"@type\":\"SearchAction\",\"target\":{\"@type\":\"EntryPoint\",\"urlTemplate\":\"https:\\\/\\\/sperrag.ch\\\/?s={search_term_string}\"},\"query-input\":{\"@type\":\"PropertyValueSpecification\",\"valueRequired\":true,\"valueName\":\"search_term_string\"}}],\"inLanguage\":\"fr-FR\"},{\"@type\":\"Organization\",\"@id\":\"https:\\\/\\\/sperrag.ch\\\/#organization\",\"name\":\"sperrag ag\",\"url\":\"https:\\\/\\\/sperrag.ch\\\/\",\"logo\":{\"@type\":\"ImageObject\",\"inLanguage\":\"fr-FR\",\"@id\":\"https:\\\/\\\/sperrag.ch\\\/#\\\/schema\\\/logo\\\/image\\\/\",\"url\":\"https:\\\/\\\/sperrag.ch\\\/wp-content\\\/uploads\\\/Sperrag_logo.svg\",\"contentUrl\":\"https:\\\/\\\/sperrag.ch\\\/wp-content\\\/uploads\\\/Sperrag_logo.svg\",\"width\":421,\"height\":89,\"caption\":\"sperrag ag\"},\"image\":{\"@id\":\"https:\\\/\\\/sperrag.ch\\\/#\\\/schema\\\/logo\\\/image\\\/\"},\"sameAs\":[\"https:\\\/\\\/www.linkedin.com\\\/company\\\/sperrag-ag\"]}]}<\/script>\n<!-- \/ Yoast SEO plugin. -->","yoast_head_json":{"title":"\u00c9bauches de portes - sperrag","description":"\u00e9bauches de portes pour solutions individuelles","robots":{"index":"index","follow":"follow","max-snippet":"max-snippet:-1","max-image-preview":"max-image-preview:large","max-video-preview":"max-video-preview:-1"},"canonical":"https:\/\/sperrag.ch\/fr\/produit\/ebauche-de-porte\/","og_locale":"fr_FR","og_type":"article","og_title":"\u00c9bauches de portes - sperrag","og_description":"\u00e9bauches de portes pour solutions individuelles","og_url":"https:\/\/sperrag.ch\/fr\/produit\/ebauche-de-porte\/","og_site_name":"sperrag","article_modified_time":"2025-08-18T13:21:48+00:00","og_image":[{"width":2109,"height":757,"url":"https:\/\/sperrag.ch\/wp-content\/uploads\/sperrag-Flexiporte.6.jpg","type":"image\/jpeg"}],"twitter_card":"summary_large_image","schema":{"@context":"https:\/\/schema.org","@graph":[{"@type":"WebPage","@id":"https:\/\/sperrag.ch\/fr\/produit\/ebauche-de-porte\/","url":"https:\/\/sperrag.ch\/fr\/produit\/ebauche-de-porte\/","name":"\u00c9bauches de portes - sperrag","isPartOf":{"@id":"https:\/\/sperrag.ch\/#website"},"primaryImageOfPage":{"@id":"https:\/\/sperrag.ch\/fr\/produit\/ebauche-de-porte\/#primaryimage"},"image":{"@id":"https:\/\/sperrag.ch\/fr\/produit\/ebauche-de-porte\/#primaryimage"},"thumbnailUrl":"https:\/\/sperrag.ch\/wp-content\/uploads\/sperrag-Flexiporte.6.jpg","datePublished":"2024-10-31T10:22:00+00:00","dateModified":"2025-08-18T13:21:48+00:00","description":"\u00e9bauches de portes pour solutions individuelles","breadcrumb":{"@id":"https:\/\/sperrag.ch\/fr\/produit\/ebauche-de-porte\/#breadcrumb"},"inLanguage":"fr-FR","potentialAction":[{"@type":"ReadAction","target":["https:\/\/sperrag.ch\/fr\/produit\/ebauche-de-porte\/"]}]},{"@type":"ImageObject","inLanguage":"fr-FR","@id":"https:\/\/sperrag.ch\/fr\/produit\/ebauche-de-porte\/#primaryimage","url":"https:\/\/sperrag.ch\/wp-content\/uploads\/sperrag-Flexiporte.6.jpg","contentUrl":"https:\/\/sperrag.ch\/wp-content\/uploads\/sperrag-Flexiporte.6.jpg","width":2109,"height":757},{"@type":"BreadcrumbList","@id":"https:\/\/sperrag.ch\/fr\/produit\/ebauche-de-porte\/#breadcrumb","itemListElement":[{"@type":"ListItem","position":1,"name":"Home","item":"https:\/\/sperrag.ch\/fr\/"},{"@type":"ListItem","position":2,"name":"Produkte","item":"https:\/\/sperrag.ch\/produkt\/"},{"@type":"ListItem","position":3,"name":"\u00c9bauches de portes"}]},{"@type":"WebSite","@id":"https:\/\/sperrag.ch\/#website","url":"https:\/\/sperrag.ch\/","name":"sperrag","description":"","publisher":{"@id":"https:\/\/sperrag.ch\/#organization"},"potentialAction":[{"@type":"SearchAction","target":{"@type":"EntryPoint","urlTemplate":"https:\/\/sperrag.ch\/?s={search_term_string}"},"query-input":{"@type":"PropertyValueSpecification","valueRequired":true,"valueName":"search_term_string"}}],"inLanguage":"fr-FR"},{"@type":"Organization","@id":"https:\/\/sperrag.ch\/#organization","name":"sperrag ag","url":"https:\/\/sperrag.ch\/","logo":{"@type":"ImageObject","inLanguage":"fr-FR","@id":"https:\/\/sperrag.ch\/#\/schema\/logo\/image\/","url":"https:\/\/sperrag.ch\/wp-content\/uploads\/Sperrag_logo.svg","contentUrl":"https:\/\/sperrag.ch\/wp-content\/uploads\/Sperrag_logo.svg","width":421,"height":89,"caption":"sperrag ag"},"image":{"@id":"https:\/\/sperrag.ch\/#\/schema\/logo\/image\/"},"sameAs":["https:\/\/www.linkedin.com\/company\/sperrag-ag"]}]}},"_links":{"self":[{"href":"https:\/\/sperrag.ch\/fr\/wp-json\/wp\/v2\/produkt\/8619","targetHints":{"allow":["GET"]}}],"collection":[{"href":"https:\/\/sperrag.ch\/fr\/wp-json\/wp\/v2\/produkt"}],"about":[{"href":"https:\/\/sperrag.ch\/fr\/wp-json\/wp\/v2\/types\/produkt"}],"wp:featuredmedia":[{"embeddable":true,"href":"https:\/\/sperrag.ch\/fr\/wp-json\/wp\/v2\/media\/8616"}],"wp:attachment":[{"href":"https:\/\/sperrag.ch\/fr\/wp-json\/wp\/v2\/media?parent=8619"}],"wp:term":[{"taxonomy":"produkt_rubrik","embeddable":true,"href":"https:\/\/sperrag.ch\/fr\/wp-json\/wp\/v2\/produkt_rubrik?post=8619"}],"curies":[{"name":"wp","href":"https:\/\/api.w.org\/{rel}","templated":true}]}}